{"id":2675,"date":"2023-02-22T14:10:01","date_gmt":"2023-02-22T13:10:01","guid":{"rendered":"https:\/\/almarinavillas.com\/promociones-especiales\/"},"modified":"2025-11-24T11:12:07","modified_gmt":"2025-11-24T10:12:07","slug":"promociones-especiales","status":"publish","type":"page","link":"https:\/\/almarinavillas.com\/es\/promociones-especiales\/","title":{"rendered":"Promociones especiales"},"content":{"rendered":"<p>[et_pb_section fb_built=\u00bb1&#8243; fullwidth=\u00bbon\u00bb admin_label=\u00bbHeader Section\u00bb _builder_version=\u00bb4.19.5&#8243; _module_preset=\u00bbdefault\u00bb global_colors_info=\u00bb{}\u00bb theme_builder_area=\u00bbpost_content\u00bb][et_pb_fullwidth_header title=\u00bbPromociones especiales\u00bb text_orientation=\u00bbcenter\u00bb _builder_version=\u00bb4.27.4&#8243; _module_preset=\u00bbdefault\u00bb title_font=\u00bb|700|||||||\u00bb title_font_size=\u00bb55px\u00bb background_enable_color=\u00bboff\u00bb use_background_color_gradient=\u00bbon\u00bb background_color_gradient_stops=\u00bbrgba(0,0,0,0) 0%|rgba(0,0,0,0.65) 100%\u00bb background_color_gradient_overlays_image=\u00bbon\u00bb background_image=\u00bbhttps:\/\/almarinavillas.com\/wp-content\/uploads\/sites\/21\/2025\/11\/Sin-titulo-25-x-15-cm-1.png\u00bb custom_padding=\u00bb100px||100px||true|false\u00bb custom_padding_tablet=\u00bb75px||75px||true|false\u00bb custom_padding_phone=\u00bb50px||50px||true|true\u00bb custom_padding_last_edited=\u00bbon|phone\u00bb hover_enabled=\u00bb0&#8243; title_font_size_tablet=\u00bb50px\u00bb title_font_size_phone=\u00bb35px\u00bb title_font_size_last_edited=\u00bbon|tablet\u00bb subhead_font_size_tablet=\u00bb16px\u00bb subhead_font_size_phone=\u00bb16px\u00bb subhead_font_size_last_edited=\u00bbon|desktop\u00bb global_colors_info=\u00bb{}\u00bb header_font_size_tablet=\u00bb50px\u00bb header_font_size_phone=\u00bb35px\u00bb header_font_size_last_edited=\u00bbon|phone\u00bb theme_builder_area=\u00bbpost_content\u00bb title_text=\u00bbSin t\u00edtulo (25 x 15 cm) (1)\u00bb sticky_enabled=\u00bb0&#8243;][\/et_pb_fullwidth_header][\/et_pb_section][et_pb_section fb_built=\u00bb1&#8243; custom_padding_last_edited=\u00bbon|phone\u00bb admin_label=\u00bbTitle Section\u00bb _builder_version=\u00bb4.19.5&#8243; _module_preset=\u00bbdefault\u00bb background_color=\u00bb#F7F7F7&#8243; custom_padding=\u00bb60px||0px||false|false\u00bb custom_padding_tablet=\u00bb50px||0px||false|false\u00bb custom_padding_phone=\u00bb40px||0px||false|false\u00bb global_colors_info=\u00bb{}\u00bb theme_builder_area=\u00bbpost_content\u00bb][et_pb_row _builder_version=\u00bb4.18.0&#8243; _module_preset=\u00bbdefault\u00bb width=\u00bb90%\u00bb width_tablet=\u00bb90%\u00bb width_phone=\u00bb85%\u00bb width_last_edited=\u00bbon|phone\u00bb custom_padding=\u00bb10px||0px||false|false\u00bb global_colors_info=\u00bb{}\u00bb theme_builder_area=\u00bbpost_content\u00bb][et_pb_column type=\u00bb4_4&#8243; _builder_version=\u00bb4.18.0&#8243; _module_preset=\u00bbdefault\u00bb global_colors_info=\u00bb{}\u00bb theme_builder_area=\u00bbpost_content\u00bb][et_pb_text _builder_version=\u00bb4.27.4&#8243; _module_preset=\u00bbdefault\u00bb text_font=\u00bbFigtree||||||||\u00bb text_text_color=\u00bb#0E083A\u00bb text_font_size=\u00bb21px\u00bb text_line_height=\u00bb1.8em\u00bb text_orientation=\u00bbcenter\u00bb width=\u00bb75%\u00bb width_tablet=\u00bb75%\u00bb width_phone=\u00bb95%\u00bb width_last_edited=\u00bbon|phone\u00bb module_alignment=\u00bbcenter\u00bb custom_margin_tablet=\u00bb||20px||false|false\u00bb custom_margin_phone=\u00bb||20px||false|false\u00bb custom_margin_last_edited=\u00bbon|tablet\u00bb custom_padding_tablet=\u00bb||||false|false\u00bb custom_padding_phone=\u00bb||||false|false\u00bb custom_padding_last_edited=\u00bbon|tablet\u00bb global_colors_info=\u00bb{}\u00bb theme_builder_area=\u00bbpost_content\u00bb]<\/p>\n<blockquote><\/blockquote>\n<h3><strong><span style=\"font-size: medium;font-family: inherit\">\u00faltimo minuto;  <\/span><\/strong><span style=\"font-size: medium;font-family: inherit\">Descubre las Villas de Lujo y las Villas con Encanto de la Costa Blanca con las mejores ofertas de alquiler de \u00faltima hora. Para estancias en los pr\u00f3ximos 15 d\u00edas.   <\/span><strong><span style=\"font-size: medium;font-family: inherit\"><\/span><\/strong><\/h3>\n<h3><strong><span style=\"font-size: medium;font-family: inherit\">Estancias de larga duraci\u00f3n; <\/span><\/strong><span style=\"font-size: medium;font-family: inherit\">Para los m\u00e1s afortunados, para los que puedan disfrutar de una estancia de m\u00e1s de 30 d\u00edas en una de nuestras maravillosas Villas, ten\u00e9is un descuento especial que se aplicar\u00e1 autom\u00e1ticamente al reservar en nuestra web. <\/span> <span style=\"font-size: medium;font-family: inherit\"><\/span><\/h3>\n<p><span style=\"font-size: large\"><a href=\"mailto:bookings@almarinavillas.com\"><strong><span style=\"font-family: inherit\">bookings@almarinavillas.com<\/span><\/strong><\/a><\/span><\/p>\n<blockquote><\/blockquote>\n<p>[\/et_pb_text][\/et_pb_column][\/et_pb_row][\/et_pb_section][et_pb_section fb_built=\u00bb1&#8243; custom_padding_last_edited=\u00bbon|phone\u00bb admin_label=\u00bbSearch Results Section\u00bb _builder_version=\u00bb4.27.0&#8243; _module_preset=\u00bbdefault\u00bb background_color=\u00bb#f7f7f7&#8243; custom_padding=\u00bb0px||71px||false|false\u00bb custom_padding_tablet=\u00bb0px||50px||false|false\u00bb custom_padding_phone=\u00bb0px||40px||false|false\u00bb global_colors_info=\u00bb{}\u00bb theme_builder_area=\u00bbpost_content\u00bb][et_pb_row custom_padding_last_edited=\u00bbon|phone\u00bb _builder_version=\u00bb4.19.5&#8243; _module_preset=\u00bbdefault\u00bb width=\u00bb90%\u00bb width_tablet=\u00bb90%\u00bb width_phone=\u00bb95%\u00bb width_last_edited=\u00bbon|phone\u00bb custom_padding=\u00bb||0px||false|false\u00bb custom_padding_tablet=\u00bb0px||||false|false\u00bb custom_padding_phone=\u00bb0px||||false|false\u00bb global_colors_info=\u00bb{}\u00bb theme_builder_area=\u00bbpost_content\u00bb][et_pb_column type=\u00bb4_4&#8243; _builder_version=\u00bb4.18.0&#8243; _module_preset=\u00bbdefault\u00bb global_colors_info=\u00bb{}\u00bb theme_builder_area=\u00bbpost_content\u00bb][et_pb_code _builder_version=\u00bb4.27.0&#8243; _module_preset=\u00bbdefault\u00bb locked=\u00bboff\u00bb global_colors_info=\u00bb{}\u00bb theme_builder_area=\u00bbpost_content\u00bb]<div id=\"properties-list\" class=\"_villas-365-bootstrap _villas-365-properties _villas-365-properties-grid\">\n\t<div class=\"_villas-365-properties-header\">\n\t\t\t<\/div>\n\n\t<div class=\"container mt-4\">\n\t\t\t\t\t\t\t\t\t\t\t<div class=\"row\">\n\t\t\t\t\t\t\t\t\t\t\t\t<div class=\"_villas-365-property col-md mb-3\">\n\t\t\t\t\t\t\t\t\t\t\t<div class=\"_villas-365-property-inner\">\n\t<div class=\"row h-100\">\n\t\t<div class=\"col-12\">\n\t\t\t<div class=\"row\">\n\t\t\t\t<div class=\"col-12 mb-2\">\n\t\t\t\t\t<div class=\"_villas-365-property-image\">\n\t\t\t\t\t\t\t\t\t\t\t\t<div class=\"_villas-365-property-image-overlay\"><\/div>\n\t\t\t\t\t\t<a href=\"https:\/\/almarinavillas.com\/es\/propiedad\/10-vertigo-by-almarina-villas\/\" class=\"unstyled-link _villas-365-property-image-link\" style=\"background-image:url('https:\/\/secure.365villas.com\/getimage\/uploads\/config\/alvaroaznar\/property\/gallery\/10\/20250203_054721_47jpg.jpg');\" target=\"_blank\">\n\t\t\t\t\t\t\t<img decoding=\"async\" src=\"https:\/\/secure.365villas.com\/getimage\/uploads\/config\/alvaroaznar\/property\/gallery\/10\/20250203_054721_47jpg.jpg\" alt=\"\" class=\"img-fluid d-block d-lg-none\">\n\t\t\t\t\t\t<\/a>\n\t\t\t\t\t\t\t\t\t\t\t\t\t\t\t\t\t\t\t\t\t\t\t\t\t<a href=\"https:\/\/almarinavillas.com\/es\/promociones-especiales\/\" class=\"_villas-365-property-info-label _villas-365-property-discount \" target=\"_blank\">\n\t\t\t\t\t\t\t\t<div class=\"_villas-365-property-discount-label\">Descuento<\/div><div class=\"_villas-365-property-discount-icon\"><i class=\"fa fa-fw fa-info-circle\"><\/i><\/div><div class=\"_villas-365-property-discount-text\">FROM 5% TO 15% WEEKLY STAYS \/ ESTANCIAS SEMANALES VILLA LUJO<\/div>\n\t\t\t\t\t\t\t<\/a>\n\t\t\t\t\t\t\t\t\t\t\t\t\t\t\t\t\t\t\n\t\t\t\t\t\t\t\t\t\t\t\t<div class=\"_villas-365-property-price\" title=\"\u20ac643.00 per night, \u20ac4,501.00 per week\">\n\t\t\t\t\t\t\t<span class=\"_villas-365-property-price-from-text\">Desde<\/span>\n\t\t\t\t\t\t\t<br><span class=\"_villas-365-property-price-value\">\u20ac643.00<\/span>\/noche\t\t\t\t\t\t<\/div>\n\t\t\t\t\t\t\n\t\t\t\t\t\t\t\t\t\t\t<\/div>\n\t\t\t\t<\/div>\n\t\t\t\t<div class=\"col-12\">\n\t\t\t\t\t<div class=\"_villas-365-property-inner-text\">\n\t\t\t\t\t\t<div class=\"row h-100\">\n\t\t\t\t\t\t\t<div class=\"col-12\">\n\t\t\t\t\t\t\t\t<div class=\"row\">\n\t\t\t\t\t\t\t\t\t\t\t\t\t\t\t\t\t\t<div class=\"col-12\">\n\t\t\t\t\t\t\t\t\t\t<h5 class=\"_villas-365-property-name\">\n\t\t\t\t\t\t\t\t\t\t\t<a href=\"https:\/\/almarinavillas.com\/es\/propiedad\/10-vertigo-by-almarina-villas\/\" target=\"_blank\">Vertigo -  By Almarina Villas<\/a>\n\t\t\t\t\t\t\t\t\t\t<\/h5>\n\t\t\t\t\t\t\t\t\t<\/div>\n\t\t\t\t\t\t\t\t\t\n\t\t\t\t\t\t\t\t\t\t\t\t\t\t\t\t\t\t<div class=\"col-12\">\n\t\t\t\t\t\t\t\t\t\t<div class=\"_villas-365-property-summary\">\n\t\t\t\t\t\t\t\t\t\t\t<strong>FROM 5% TO 15% WEEKLY STAYS \/ ESTANCIAS SEMANALES VILLA LUJO<\/strong><br><span>5% de descuento entre 1 Ago. 2026 y 4 Oct. 2026<\/span>\t\t\t\t\t\t\t\t\t\t<\/div>\n\t\t\t\t\t\t\t\t\t<\/div>\n\t\t\t\t\t\t\t\t\t\n\t\t\t\t\t\t\t\t\t\t\t\t\t\t\t\t\t\t<div class=\"col-6\">\n\t\t\t\t\t\t\t\t\t\t<div class=\"_villas-365-property-rooms\">\n\t\t<span class=\"_villas-365-property-room\"><i class=\"_villas-365-property-room-icon fas fa-user\"><\/i> 10<\/span>\n\t\t<span class=\"_villas-365-property-room\"><i class=\"_villas-365-property-room-icon fas fa-bed\"><\/i> 5<\/span>\n\t\t<span class=\"_villas-365-property-room\"><i class=\"_villas-365-property-room-icon fas fa-bath\"><\/i> 5<\/span>\n\t<\/div>\n\t\t\t\t\t\t\t\t\t<\/div>\n\t\t\t\t\t\t\t\t\t\n\t\t\t\t\t\t\t\t\t<div class=\"col-6 text-right\">\n\t\t\t\t\t\t\t\t\t\t<a href=\"https:\/\/almarinavillas.com\/es\/propiedad\/10-vertigo-by-almarina-villas\/\" target=\"_blank\"\" class=\"_villas-365-property-button _villas-365-property-outline-button btn btn-outline-primary\">Reservar<\/a>\n\t\t\t\t\t\t\t\t\t<\/div>\n\t\t\t\t\t\t\t\t<\/div>\n\t\t\t\t\t\t\t<\/div>\n\t\t\t\t\t\t<\/div>\n\t\t\t\t\t<\/div>\n\t\t\t\t<\/div>\n\t\t\t<\/div>\n\t\t<\/div>\n\t<\/div>\n<\/div>\t\t\t\t\t\t\t\t\t<\/div>\n\t\t\t\t\t\t\t\t<div class=\"_villas-365-property col-md mb-3\">\n\t\t\t\t\t\t\t\t\t\t\t<div class=\"_villas-365-property-inner\">\n\t<div class=\"row h-100\">\n\t\t<div class=\"col-12\">\n\t\t\t<div class=\"row\">\n\t\t\t\t<div class=\"col-12 mb-2\">\n\t\t\t\t\t<div class=\"_villas-365-property-image\">\n\t\t\t\t\t\t\t\t\t\t\t\t<div class=\"_villas-365-property-image-overlay\"><\/div>\n\t\t\t\t\t\t<a href=\"https:\/\/almarinavillas.com\/es\/propiedad\/61-caray-by-almarina-villas\/\" class=\"unstyled-link _villas-365-property-image-link\" style=\"background-image:url('https:\/\/secure.365villas.com\/getimage\/uploads\/config\/alvaroaznar\/property\/gallery\/61\/20260604_091857_8372jpg.jpg');\" target=\"_blank\">\n\t\t\t\t\t\t\t<img decoding=\"async\" src=\"https:\/\/secure.365villas.com\/getimage\/uploads\/config\/alvaroaznar\/property\/gallery\/61\/20260604_091857_8372jpg.jpg\" alt=\"\" class=\"img-fluid d-block d-lg-none\">\n\t\t\t\t\t\t<\/a>\n\t\t\t\t\t\t\t\t\t\t\t\t\t\t\t\t\t\t\t\t\t\t\t\t\t<a href=\"https:\/\/almarinavillas.com\/es\/promociones-especiales\/\" class=\"_villas-365-property-info-label _villas-365-property-discount \" target=\"_blank\">\n\t\t\t\t\t\t\t\t<div class=\"_villas-365-property-discount-label\">Descuento<\/div><div class=\"_villas-365-property-discount-icon\"><i class=\"fa fa-fw fa-info-circle\"><\/i><\/div><div class=\"_villas-365-property-discount-text\">30TH AUG TO SEPTEMBER 6TH SPECIAL DISCOUNT<\/div>\n\t\t\t\t\t\t\t<\/a>\n\t\t\t\t\t\t\t\t\t\t\t\t\t\t\t\t\t\t\n\t\t\t\t\t\t\t\t\t\t\t\t<div class=\"_villas-365-property-price\" title=\"\u20ac440.00 per night, \u20ac3,080.00 per week\">\n\t\t\t\t\t\t\t<span class=\"_villas-365-property-price-from-text\">Desde<\/span>\n\t\t\t\t\t\t\t<br><span class=\"_villas-365-property-price-value\">\u20ac440.00<\/span>\/noche\t\t\t\t\t\t<\/div>\n\t\t\t\t\t\t\n\t\t\t\t\t\t\t\t\t\t\t<\/div>\n\t\t\t\t<\/div>\n\t\t\t\t<div class=\"col-12\">\n\t\t\t\t\t<div class=\"_villas-365-property-inner-text\">\n\t\t\t\t\t\t<div class=\"row h-100\">\n\t\t\t\t\t\t\t<div class=\"col-12\">\n\t\t\t\t\t\t\t\t<div class=\"row\">\n\t\t\t\t\t\t\t\t\t\t\t\t\t\t\t\t\t\t<div class=\"col-12\">\n\t\t\t\t\t\t\t\t\t\t<h5 class=\"_villas-365-property-name\">\n\t\t\t\t\t\t\t\t\t\t\t<a href=\"https:\/\/almarinavillas.com\/es\/propiedad\/61-caray-by-almarina-villas\/\" target=\"_blank\">Casa Caray - Managed by Almarina Villas<\/a>\n\t\t\t\t\t\t\t\t\t\t<\/h5>\n\t\t\t\t\t\t\t\t\t<\/div>\n\t\t\t\t\t\t\t\t\t\n\t\t\t\t\t\t\t\t\t\t\t\t\t\t\t\t\t\t<div class=\"col-12\">\n\t\t\t\t\t\t\t\t\t\t<div class=\"_villas-365-property-summary\">\n\t\t\t\t\t\t\t\t\t\t\t<strong>30TH AUG TO SEPTEMBER 6TH SPECIAL DISCOUNT<\/strong><br><span>20% de descuento entre 30 Ago. 2026 y 6 Sept. 2026<\/span>\t\t\t\t\t\t\t\t\t\t<\/div>\n\t\t\t\t\t\t\t\t\t<\/div>\n\t\t\t\t\t\t\t\t\t\n\t\t\t\t\t\t\t\t\t\t\t\t\t\t\t\t\t\t<div class=\"col-6\">\n\t\t\t\t\t\t\t\t\t\t<div class=\"_villas-365-property-rooms\">\n\t\t<span class=\"_villas-365-property-room\"><i class=\"_villas-365-property-room-icon fas fa-user\"><\/i> 10<\/span>\n\t\t<span class=\"_villas-365-property-room\"><i class=\"_villas-365-property-room-icon fas fa-bed\"><\/i> 5<\/span>\n\t\t<span class=\"_villas-365-property-room\"><i class=\"_villas-365-property-room-icon fas fa-bath\"><\/i> 7<\/span>\n\t<\/div>\n\t\t\t\t\t\t\t\t\t<\/div>\n\t\t\t\t\t\t\t\t\t\n\t\t\t\t\t\t\t\t\t<div class=\"col-6 text-right\">\n\t\t\t\t\t\t\t\t\t\t<a href=\"https:\/\/almarinavillas.com\/es\/propiedad\/61-caray-by-almarina-villas\/\" target=\"_blank\"\" class=\"_villas-365-property-button _villas-365-property-outline-button btn btn-outline-primary\">Reservar<\/a>\n\t\t\t\t\t\t\t\t\t<\/div>\n\t\t\t\t\t\t\t\t<\/div>\n\t\t\t\t\t\t\t<\/div>\n\t\t\t\t\t\t<\/div>\n\t\t\t\t\t<\/div>\n\t\t\t\t<\/div>\n\t\t\t<\/div>\n\t\t<\/div>\n\t<\/div>\n<\/div>\t\t\t\t\t\t\t\t\t<\/div>\n\t\t\t\t\t\t\t\t<div class=\"_villas-365-property col-md mb-3\">\n\t\t\t\t\t\t\t\t\t\t\t<div class=\"_villas-365-property-inner\">\n\t<div class=\"row h-100\">\n\t\t<div class=\"col-12\">\n\t\t\t<div class=\"row\">\n\t\t\t\t<div class=\"col-12 mb-2\">\n\t\t\t\t\t<div class=\"_villas-365-property-image\">\n\t\t\t\t\t\t\t\t\t\t\t\t<div class=\"_villas-365-property-image-overlay\"><\/div>\n\t\t\t\t\t\t<a href=\"https:\/\/almarinavillas.com\/es\/propiedad\/57-miramar-by-almarina-villas\/\" class=\"unstyled-link _villas-365-property-image-link\" style=\"background-image:url('https:\/\/secure.365villas.com\/getimage\/uploads\/config\/alvaroaznar\/property\/gallery\/57\/20260516_091826_7811jpg.jpg');\" target=\"_blank\">\n\t\t\t\t\t\t\t<img decoding=\"async\" src=\"https:\/\/secure.365villas.com\/getimage\/uploads\/config\/alvaroaznar\/property\/gallery\/57\/20260516_091826_7811jpg.jpg\" alt=\"\" class=\"img-fluid d-block d-lg-none\">\n\t\t\t\t\t\t<\/a>\n\t\t\t\t\t\t\t\t\t\t\t\t\t\t\t\t\t\t\t\t\t\t\t\t\t<a href=\"https:\/\/almarinavillas.com\/es\/promociones-especiales\/\" class=\"_villas-365-property-info-label _villas-365-property-discount \" target=\"_blank\">\n\t\t\t\t\t\t\t\t<div class=\"_villas-365-property-discount-label\">Descuento<\/div><div class=\"_villas-365-property-discount-icon\"><i class=\"fa fa-fw fa-info-circle\"><\/i><\/div><div class=\"_villas-365-property-discount-text\">SPECIAL DISCOUNT 30 AUGUST - SEPT 7TH<\/div>\n\t\t\t\t\t\t\t<\/a>\n\t\t\t\t\t\t\t\t\t\t\t\t\t\t\t\t\t\t\n\t\t\t\t\t\t\t\t\t\t\t\t<div class=\"_villas-365-property-price\" title=\"\u20ac290.00 per night, \u20ac2,030.00 per week\">\n\t\t\t\t\t\t\t<span class=\"_villas-365-property-price-from-text\">Desde<\/span>\n\t\t\t\t\t\t\t<br><span class=\"_villas-365-property-price-value\">\u20ac290.00<\/span>\/noche\t\t\t\t\t\t<\/div>\n\t\t\t\t\t\t\n\t\t\t\t\t\t\t\t\t\t\t<\/div>\n\t\t\t\t<\/div>\n\t\t\t\t<div class=\"col-12\">\n\t\t\t\t\t<div class=\"_villas-365-property-inner-text\">\n\t\t\t\t\t\t<div class=\"row h-100\">\n\t\t\t\t\t\t\t<div class=\"col-12\">\n\t\t\t\t\t\t\t\t<div class=\"row\">\n\t\t\t\t\t\t\t\t\t\t\t\t\t\t\t\t\t\t<div class=\"col-12\">\n\t\t\t\t\t\t\t\t\t\t<h5 class=\"_villas-365-property-name\">\n\t\t\t\t\t\t\t\t\t\t\t<a href=\"https:\/\/almarinavillas.com\/es\/propiedad\/57-miramar-by-almarina-villas\/\" target=\"_blank\">Miramar - By Almarina Villas<\/a>\n\t\t\t\t\t\t\t\t\t\t<\/h5>\n\t\t\t\t\t\t\t\t\t<\/div>\n\t\t\t\t\t\t\t\t\t\n\t\t\t\t\t\t\t\t\t\t\t\t\t\t\t\t\t\t<div class=\"col-12\">\n\t\t\t\t\t\t\t\t\t\t<div class=\"_villas-365-property-summary\">\n\t\t\t\t\t\t\t\t\t\t\t<strong>SPECIAL DISCOUNT 30 AUGUST - SEPT 7TH<\/strong><br><span>25% de descuento entre 30 Ago. 2026 y 7 Sept. 2026<\/span>\t\t\t\t\t\t\t\t\t\t<\/div>\n\t\t\t\t\t\t\t\t\t<\/div>\n\t\t\t\t\t\t\t\t\t\n\t\t\t\t\t\t\t\t\t\t\t\t\t\t\t\t\t\t<div class=\"col-6\">\n\t\t\t\t\t\t\t\t\t\t<div class=\"_villas-365-property-rooms\">\n\t\t<span class=\"_villas-365-property-room\"><i class=\"_villas-365-property-room-icon fas fa-user\"><\/i> 8<\/span>\n\t\t<span class=\"_villas-365-property-room\"><i class=\"_villas-365-property-room-icon fas fa-bed\"><\/i> 4<\/span>\n\t\t<span class=\"_villas-365-property-room\"><i class=\"_villas-365-property-room-icon fas fa-bath\"><\/i> 4<\/span>\n\t<\/div>\n\t\t\t\t\t\t\t\t\t<\/div>\n\t\t\t\t\t\t\t\t\t\n\t\t\t\t\t\t\t\t\t<div class=\"col-6 text-right\">\n\t\t\t\t\t\t\t\t\t\t<a href=\"https:\/\/almarinavillas.com\/es\/propiedad\/57-miramar-by-almarina-villas\/\" target=\"_blank\"\" class=\"_villas-365-property-button _villas-365-property-outline-button btn btn-outline-primary\">Reservar<\/a>\n\t\t\t\t\t\t\t\t\t<\/div>\n\t\t\t\t\t\t\t\t<\/div>\n\t\t\t\t\t\t\t<\/div>\n\t\t\t\t\t\t<\/div>\n\t\t\t\t\t<\/div>\n\t\t\t\t<\/div>\n\t\t\t<\/div>\n\t\t<\/div>\n\t<\/div>\n<\/div>\t\t\t\t\t\t\t\t\t<\/div>\n\t\t\t\t\t\t\t<\/div>\n\t\t\t\t\t\t<div class=\"row\">\n\t\t\t\t\t\t\t\t\t\t\t\t<div class=\"_villas-365-property col-md mb-3\">\n\t\t\t\t\t\t\t\t\t\t\t<div class=\"_villas-365-property-inner\">\n\t<div class=\"row h-100\">\n\t\t<div class=\"col-12\">\n\t\t\t<div class=\"row\">\n\t\t\t\t<div class=\"col-12 mb-2\">\n\t\t\t\t\t<div class=\"_villas-365-property-image\">\n\t\t\t\t\t\t\t\t\t\t\t\t<div class=\"_villas-365-property-image-overlay\"><\/div>\n\t\t\t\t\t\t<a href=\"https:\/\/almarinavillas.com\/es\/propiedad\/8-coral-by-almarina-villas\/\" class=\"unstyled-link _villas-365-property-image-link\" style=\"background-image:url('https:\/\/secure.365villas.com\/getimage\/uploads\/config\/alvaroaznar\/property\/gallery\/8\/20250205_081947_8957jpg.jpg');\" target=\"_blank\">\n\t\t\t\t\t\t\t<img decoding=\"async\" src=\"https:\/\/secure.365villas.com\/getimage\/uploads\/config\/alvaroaznar\/property\/gallery\/8\/20250205_081947_8957jpg.jpg\" alt=\"\" class=\"img-fluid d-block d-lg-none\">\n\t\t\t\t\t\t<\/a>\n\t\t\t\t\t\t\t\t\t\t\t\t\t\t\t\t\t\t\t\t\t\t\t\t\t<a href=\"https:\/\/almarinavillas.com\/es\/promociones-especiales\/\" class=\"_villas-365-property-info-label _villas-365-property-discount \" target=\"_blank\">\n\t\t\t\t\t\t\t\t<div class=\"_villas-365-property-discount-label\">Descuento<\/div><div class=\"_villas-365-property-discount-icon\"><i class=\"fa fa-fw fa-info-circle\"><\/i><\/div><div class=\"_villas-365-property-discount-text\">SPECIAL DISCOUNT - 30TH AUG- 10 SEPT<\/div>\n\t\t\t\t\t\t\t<\/a>\n\t\t\t\t\t\t\t\t\t\t\t\t\t\t\t\t\t\t\n\t\t\t\t\t\t\t\t\t\t\t\t<div class=\"_villas-365-property-price\" title=\"\u20ac480.00 per night, \u20ac3,360.00 per week\">\n\t\t\t\t\t\t\t<span class=\"_villas-365-property-price-from-text\">Desde<\/span>\n\t\t\t\t\t\t\t<br><span class=\"_villas-365-property-price-value\">\u20ac480.00<\/span>\/noche\t\t\t\t\t\t<\/div>\n\t\t\t\t\t\t\n\t\t\t\t\t\t\t\t\t\t\t<\/div>\n\t\t\t\t<\/div>\n\t\t\t\t<div class=\"col-12\">\n\t\t\t\t\t<div class=\"_villas-365-property-inner-text\">\n\t\t\t\t\t\t<div class=\"row h-100\">\n\t\t\t\t\t\t\t<div class=\"col-12\">\n\t\t\t\t\t\t\t\t<div class=\"row\">\n\t\t\t\t\t\t\t\t\t\t\t\t\t\t\t\t\t\t<div class=\"col-12\">\n\t\t\t\t\t\t\t\t\t\t<h5 class=\"_villas-365-property-name\">\n\t\t\t\t\t\t\t\t\t\t\t<a href=\"https:\/\/almarinavillas.com\/es\/propiedad\/8-coral-by-almarina-villas\/\" target=\"_blank\">Coral - By Almarina Villas<\/a>\n\t\t\t\t\t\t\t\t\t\t<\/h5>\n\t\t\t\t\t\t\t\t\t<\/div>\n\t\t\t\t\t\t\t\t\t\n\t\t\t\t\t\t\t\t\t\t\t\t\t\t\t\t\t\t<div class=\"col-12\">\n\t\t\t\t\t\t\t\t\t\t<div class=\"_villas-365-property-summary\">\n\t\t\t\t\t\t\t\t\t\t\t<strong>SPECIAL DISCOUNT - 30TH AUG- 10 SEPT<\/strong><br><span>20% de descuento entre 30 Ago. 2026 y 10 Sept. 2026<\/span>\t\t\t\t\t\t\t\t\t\t<\/div>\n\t\t\t\t\t\t\t\t\t<\/div>\n\t\t\t\t\t\t\t\t\t\n\t\t\t\t\t\t\t\t\t\t\t\t\t\t\t\t\t\t<div class=\"col-6\">\n\t\t\t\t\t\t\t\t\t\t<div class=\"_villas-365-property-rooms\">\n\t\t<span class=\"_villas-365-property-room\"><i class=\"_villas-365-property-room-icon fas fa-user\"><\/i> 10<\/span>\n\t\t<span class=\"_villas-365-property-room\"><i class=\"_villas-365-property-room-icon fas fa-bed\"><\/i> 5<\/span>\n\t\t<span class=\"_villas-365-property-room\"><i class=\"_villas-365-property-room-icon fas fa-bath\"><\/i> 4<\/span>\n\t<\/div>\n\t\t\t\t\t\t\t\t\t<\/div>\n\t\t\t\t\t\t\t\t\t\n\t\t\t\t\t\t\t\t\t<div class=\"col-6 text-right\">\n\t\t\t\t\t\t\t\t\t\t<a href=\"https:\/\/almarinavillas.com\/es\/propiedad\/8-coral-by-almarina-villas\/\" target=\"_blank\"\" class=\"_villas-365-property-button _villas-365-property-outline-button btn btn-outline-primary\">Reservar<\/a>\n\t\t\t\t\t\t\t\t\t<\/div>\n\t\t\t\t\t\t\t\t<\/div>\n\t\t\t\t\t\t\t<\/div>\n\t\t\t\t\t\t<\/div>\n\t\t\t\t\t<\/div>\n\t\t\t\t<\/div>\n\t\t\t<\/div>\n\t\t<\/div>\n\t<\/div>\n<\/div>\t\t\t\t\t\t\t\t\t<\/div>\n\t\t\t\t\t\t\t\t<div class=\"_villas-365-property col-md mb-3\">\n\t\t\t\t\t\t\t\t\t\t\t<div class=\"_villas-365-property-inner\">\n\t<div class=\"row h-100\">\n\t\t<div class=\"col-12\">\n\t\t\t<div class=\"row\">\n\t\t\t\t<div class=\"col-12 mb-2\">\n\t\t\t\t\t<div class=\"_villas-365-property-image\">\n\t\t\t\t\t\t\t\t\t\t\t\t<div class=\"_villas-365-property-image-overlay\"><\/div>\n\t\t\t\t\t\t<a href=\"https:\/\/almarinavillas.com\/es\/propiedad\/42-el-faro-by-almarina-villas\/\" class=\"unstyled-link _villas-365-property-image-link\" style=\"background-image:url('https:\/\/secure.365villas.com\/getimage\/uploads\/config\/alvaroaznar\/property\/gallery\/42\/20260618_090954_9828jpg.jpg');\" target=\"_blank\">\n\t\t\t\t\t\t\t<img decoding=\"async\" src=\"https:\/\/secure.365villas.com\/getimage\/uploads\/config\/alvaroaznar\/property\/gallery\/42\/20260618_090954_9828jpg.jpg\" alt=\"\" class=\"img-fluid d-block d-lg-none\">\n\t\t\t\t\t\t<\/a>\n\t\t\t\t\t\t\t\t\t\t\t\t\t\t\t\t\t\t\t\t\t\t\t\t\t<a href=\"https:\/\/almarinavillas.com\/es\/promociones-especiales\/\" class=\"_villas-365-property-info-label _villas-365-property-discount \" target=\"_blank\">\n\t\t\t\t\t\t\t\t<div class=\"_villas-365-property-discount-label\">Descuento<\/div><div class=\"_villas-365-property-discount-icon\"><i class=\"fa fa-fw fa-info-circle\"><\/i><\/div><div class=\"_villas-365-property-discount-text\">DTO ESPECIAL 30 AUG - SEPT 10<\/div>\n\t\t\t\t\t\t\t<\/a>\n\t\t\t\t\t\t\t\t\t\t\t\t\t\t\t\t\t\t\n\t\t\t\t\t\t\t\t\t\t\t\t<div class=\"_villas-365-property-price\" title=\"\u20ac291.00 per night, \u20ac2,037.00 per week\">\n\t\t\t\t\t\t\t<span class=\"_villas-365-property-price-from-text\">Desde<\/span>\n\t\t\t\t\t\t\t<br><span class=\"_villas-365-property-price-value\">\u20ac291.00<\/span>\/noche\t\t\t\t\t\t<\/div>\n\t\t\t\t\t\t\n\t\t\t\t\t\t\t\t\t\t\t<\/div>\n\t\t\t\t<\/div>\n\t\t\t\t<div class=\"col-12\">\n\t\t\t\t\t<div class=\"_villas-365-property-inner-text\">\n\t\t\t\t\t\t<div class=\"row h-100\">\n\t\t\t\t\t\t\t<div class=\"col-12\">\n\t\t\t\t\t\t\t\t<div class=\"row\">\n\t\t\t\t\t\t\t\t\t\t\t\t\t\t\t\t\t\t<div class=\"col-12\">\n\t\t\t\t\t\t\t\t\t\t<h5 class=\"_villas-365-property-name\">\n\t\t\t\t\t\t\t\t\t\t\t<a href=\"https:\/\/almarinavillas.com\/es\/propiedad\/42-el-faro-by-almarina-villas\/\" target=\"_blank\">El Faro - By Almarina Villas<\/a>\n\t\t\t\t\t\t\t\t\t\t<\/h5>\n\t\t\t\t\t\t\t\t\t<\/div>\n\t\t\t\t\t\t\t\t\t\n\t\t\t\t\t\t\t\t\t\t\t\t\t\t\t\t\t\t<div class=\"col-12\">\n\t\t\t\t\t\t\t\t\t\t<div class=\"_villas-365-property-summary\">\n\t\t\t\t\t\t\t\t\t\t\t<strong>DTO ESPECIAL 30 AUG - SEPT 10<\/strong><br><span>15% de descuento entre 30 Ago. 2026 y 10 Sept. 2026<\/span>\t\t\t\t\t\t\t\t\t\t<\/div>\n\t\t\t\t\t\t\t\t\t<\/div>\n\t\t\t\t\t\t\t\t\t\n\t\t\t\t\t\t\t\t\t\t\t\t\t\t\t\t\t\t<div class=\"col-6\">\n\t\t\t\t\t\t\t\t\t\t<div class=\"_villas-365-property-rooms\">\n\t\t<span class=\"_villas-365-property-room\"><i class=\"_villas-365-property-room-icon fas fa-user\"><\/i> 10<\/span>\n\t\t<span class=\"_villas-365-property-room\"><i class=\"_villas-365-property-room-icon fas fa-bed\"><\/i> 5<\/span>\n\t\t<span class=\"_villas-365-property-room\"><i class=\"_villas-365-property-room-icon fas fa-bath\"><\/i> 5<\/span>\n\t<\/div>\n\t\t\t\t\t\t\t\t\t<\/div>\n\t\t\t\t\t\t\t\t\t\n\t\t\t\t\t\t\t\t\t<div class=\"col-6 text-right\">\n\t\t\t\t\t\t\t\t\t\t<a href=\"https:\/\/almarinavillas.com\/es\/propiedad\/42-el-faro-by-almarina-villas\/\" target=\"_blank\"\" class=\"_villas-365-property-button _villas-365-property-outline-button btn btn-outline-primary\">Reservar<\/a>\n\t\t\t\t\t\t\t\t\t<\/div>\n\t\t\t\t\t\t\t\t<\/div>\n\t\t\t\t\t\t\t<\/div>\n\t\t\t\t\t\t<\/div>\n\t\t\t\t\t<\/div>\n\t\t\t\t<\/div>\n\t\t\t<\/div>\n\t\t<\/div>\n\t<\/div>\n<\/div>\t\t\t\t\t\t\t\t\t<\/div>\n\t\t\t\t\t\t\t\t<div class=\"_villas-365-property col-md mb-3\">\n\t\t\t\t\t\t\t\t\t\t\t<div class=\"_villas-365-property-inner\">\n\t<div class=\"row h-100\">\n\t\t<div class=\"col-12\">\n\t\t\t<div class=\"row\">\n\t\t\t\t<div class=\"col-12 mb-2\">\n\t\t\t\t\t<div class=\"_villas-365-property-image\">\n\t\t\t\t\t\t\t\t\t\t\t\t<div class=\"_villas-365-property-image-overlay\"><\/div>\n\t\t\t\t\t\t<a href=\"https:\/\/almarinavillas.com\/es\/propiedad\/38-puerto-del-sol-by-almarina-villas\/\" class=\"unstyled-link _villas-365-property-image-link\" style=\"background-image:url('https:\/\/secure.365villas.com\/getimage\/uploads\/config\/alvaroaznar\/property\/gallery\/38\/20250225_045126_8803jpg.jpg');\" target=\"_blank\">\n\t\t\t\t\t\t\t<img decoding=\"async\" src=\"https:\/\/secure.365villas.com\/getimage\/uploads\/config\/alvaroaznar\/property\/gallery\/38\/20250225_045126_8803jpg.jpg\" alt=\"\" class=\"img-fluid d-block d-lg-none\">\n\t\t\t\t\t\t<\/a>\n\t\t\t\t\t\t\t\t\t\t\t\t\t\t\t\t\t\t\t\t\t\t\t\t\t<a href=\"https:\/\/almarinavillas.com\/es\/promociones-especiales\/\" class=\"_villas-365-property-info-label _villas-365-property-discount \" target=\"_blank\">\n\t\t\t\t\t\t\t\t<div class=\"_villas-365-property-discount-label\">Descuento<\/div><div class=\"_villas-365-property-discount-icon\"><i class=\"fa fa-fw fa-info-circle\"><\/i><\/div><div class=\"_villas-365-property-discount-text\">SPECIAL DISCOUNT SUMMER END<\/div>\n\t\t\t\t\t\t\t<\/a>\n\t\t\t\t\t\t\t\t\t\t\t\t\t\t\t\t\t\t\n\t\t\t\t\t\t\t\t\t\t\t\t<div class=\"_villas-365-property-price\" title=\"\u20ac292.00 per night, \u20ac2,044.00 per week\">\n\t\t\t\t\t\t\t<span class=\"_villas-365-property-price-from-text\">Desde<\/span>\n\t\t\t\t\t\t\t<br><span class=\"_villas-365-property-price-value\">\u20ac292.00<\/span>\/noche\t\t\t\t\t\t<\/div>\n\t\t\t\t\t\t\n\t\t\t\t\t\t\t\t\t\t\t<\/div>\n\t\t\t\t<\/div>\n\t\t\t\t<div class=\"col-12\">\n\t\t\t\t\t<div class=\"_villas-365-property-inner-text\">\n\t\t\t\t\t\t<div class=\"row h-100\">\n\t\t\t\t\t\t\t<div class=\"col-12\">\n\t\t\t\t\t\t\t\t<div class=\"row\">\n\t\t\t\t\t\t\t\t\t\t\t\t\t\t\t\t\t\t<div class=\"col-12\">\n\t\t\t\t\t\t\t\t\t\t<h5 class=\"_villas-365-property-name\">\n\t\t\t\t\t\t\t\t\t\t\t<a href=\"https:\/\/almarinavillas.com\/es\/propiedad\/38-puerto-del-sol-by-almarina-villas\/\" target=\"_blank\">Puerto del Sol - By Almarina Villas<\/a>\n\t\t\t\t\t\t\t\t\t\t<\/h5>\n\t\t\t\t\t\t\t\t\t<\/div>\n\t\t\t\t\t\t\t\t\t\n\t\t\t\t\t\t\t\t\t\t\t\t\t\t\t\t\t\t<div class=\"col-12\">\n\t\t\t\t\t\t\t\t\t\t<div class=\"_villas-365-property-summary\">\n\t\t\t\t\t\t\t\t\t\t\t<strong>SPECIAL DISCOUNT SUMMER END<\/strong><br><span>15% de descuento entre 30 Ago. 2026 y 24 Sept. 2026<\/span>\t\t\t\t\t\t\t\t\t\t<\/div>\n\t\t\t\t\t\t\t\t\t<\/div>\n\t\t\t\t\t\t\t\t\t\n\t\t\t\t\t\t\t\t\t\t\t\t\t\t\t\t\t\t<div class=\"col-6\">\n\t\t\t\t\t\t\t\t\t\t<div class=\"_villas-365-property-rooms\">\n\t\t<span class=\"_villas-365-property-room\"><i class=\"_villas-365-property-room-icon fas fa-user\"><\/i> 8<\/span>\n\t\t<span class=\"_villas-365-property-room\"><i class=\"_villas-365-property-room-icon fas fa-bed\"><\/i> 4<\/span>\n\t\t<span class=\"_villas-365-property-room\"><i class=\"_villas-365-property-room-icon fas fa-bath\"><\/i> 3<\/span>\n\t<\/div>\n\t\t\t\t\t\t\t\t\t<\/div>\n\t\t\t\t\t\t\t\t\t\n\t\t\t\t\t\t\t\t\t<div class=\"col-6 text-right\">\n\t\t\t\t\t\t\t\t\t\t<a href=\"https:\/\/almarinavillas.com\/es\/propiedad\/38-puerto-del-sol-by-almarina-villas\/\" target=\"_blank\"\" class=\"_villas-365-property-button _villas-365-property-outline-button btn btn-outline-primary\">Reservar<\/a>\n\t\t\t\t\t\t\t\t\t<\/div>\n\t\t\t\t\t\t\t\t<\/div>\n\t\t\t\t\t\t\t<\/div>\n\t\t\t\t\t\t<\/div>\n\t\t\t\t\t<\/div>\n\t\t\t\t<\/div>\n\t\t\t<\/div>\n\t\t<\/div>\n\t<\/div>\n<\/div>\t\t\t\t\t\t\t\t\t<\/div>\n\t\t\t\t\t\t\t<\/div>\n\t\t\t\t\t\t<div class=\"row\">\n\t\t\t\t\t\t\t\t\t\t\t\t<div class=\"_villas-365-property col-md mb-3\">\n\t\t\t\t\t\t\t\t\t\t\t<div class=\"_villas-365-property-inner\">\n\t<div class=\"row h-100\">\n\t\t<div class=\"col-12\">\n\t\t\t<div class=\"row\">\n\t\t\t\t<div class=\"col-12 mb-2\">\n\t\t\t\t\t<div class=\"_villas-365-property-image\">\n\t\t\t\t\t\t\t\t\t\t\t\t<div class=\"_villas-365-property-image-overlay\"><\/div>\n\t\t\t\t\t\t<a href=\"https:\/\/almarinavillas.com\/es\/propiedad\/17-son-de-mar-by-almarina-villas\/\" class=\"unstyled-link _villas-365-property-image-link\" style=\"background-image:url('https:\/\/secure.365villas.com\/getimage\/uploads\/config\/alvaroaznar\/property\/gallery\/17\/20220718_120415jpg.jpg');\" target=\"_blank\">\n\t\t\t\t\t\t\t<img decoding=\"async\" src=\"https:\/\/secure.365villas.com\/getimage\/uploads\/config\/alvaroaznar\/property\/gallery\/17\/20220718_120415jpg.jpg\" alt=\"\" class=\"img-fluid d-block d-lg-none\">\n\t\t\t\t\t\t<\/a>\n\t\t\t\t\t\t\t\t\t\t\t\t\t\t\t\t\t\t\t\t\t\t\t\t\t<a href=\"https:\/\/almarinavillas.com\/es\/promociones-especiales\/\" class=\"_villas-365-property-info-label _villas-365-property-discount \" target=\"_blank\">\n\t\t\t\t\t\t\t\t<div class=\"_villas-365-property-discount-label\">Descuento<\/div><div class=\"_villas-365-property-discount-icon\"><i class=\"fa fa-fw fa-info-circle\"><\/i><\/div><div class=\"_villas-365-property-discount-text\">Summer ends<\/div>\n\t\t\t\t\t\t\t<\/a>\n\t\t\t\t\t\t\t\t\t\t\t\t\t\t\t\t\t\t\n\t\t\t\t\t\t\t\t\t\t\t\t<div class=\"_villas-365-property-price\" title=\"\u20ac174.00 per night, \u20ac1,218.00 per week\">\n\t\t\t\t\t\t\t<span class=\"_villas-365-property-price-from-text\">Desde<\/span>\n\t\t\t\t\t\t\t<br><span class=\"_villas-365-property-price-value\">\u20ac174.00<\/span>\/noche\t\t\t\t\t\t<\/div>\n\t\t\t\t\t\t\n\t\t\t\t\t\t\t\t\t\t\t<\/div>\n\t\t\t\t<\/div>\n\t\t\t\t<div class=\"col-12\">\n\t\t\t\t\t<div class=\"_villas-365-property-inner-text\">\n\t\t\t\t\t\t<div class=\"row h-100\">\n\t\t\t\t\t\t\t<div class=\"col-12\">\n\t\t\t\t\t\t\t\t<div class=\"row\">\n\t\t\t\t\t\t\t\t\t\t\t\t\t\t\t\t\t\t<div class=\"col-12\">\n\t\t\t\t\t\t\t\t\t\t<h5 class=\"_villas-365-property-name\">\n\t\t\t\t\t\t\t\t\t\t\t<a href=\"https:\/\/almarinavillas.com\/es\/propiedad\/17-son-de-mar-by-almarina-villas\/\" target=\"_blank\">Son de Mar - By Almarina Villas<\/a>\n\t\t\t\t\t\t\t\t\t\t<\/h5>\n\t\t\t\t\t\t\t\t\t<\/div>\n\t\t\t\t\t\t\t\t\t\n\t\t\t\t\t\t\t\t\t\t\t\t\t\t\t\t\t\t<div class=\"col-12\">\n\t\t\t\t\t\t\t\t\t\t<div class=\"_villas-365-property-summary\">\n\t\t\t\t\t\t\t\t\t\t\t<strong>Summer ends<\/strong><br><span>15% de descuento entre 31 Ago. 2026 y 16 Sept. 2026<\/span>\t\t\t\t\t\t\t\t\t\t<\/div>\n\t\t\t\t\t\t\t\t\t<\/div>\n\t\t\t\t\t\t\t\t\t\n\t\t\t\t\t\t\t\t\t\t\t\t\t\t\t\t\t\t<div class=\"col-6\">\n\t\t\t\t\t\t\t\t\t\t<div class=\"_villas-365-property-rooms\">\n\t\t<span class=\"_villas-365-property-room\"><i class=\"_villas-365-property-room-icon fas fa-user\"><\/i> 8<\/span>\n\t\t<span class=\"_villas-365-property-room\"><i class=\"_villas-365-property-room-icon fas fa-bed\"><\/i> 3<\/span>\n\t\t<span class=\"_villas-365-property-room\"><i class=\"_villas-365-property-room-icon fas fa-bath\"><\/i> 3<\/span>\n\t<\/div>\n\t\t\t\t\t\t\t\t\t<\/div>\n\t\t\t\t\t\t\t\t\t\n\t\t\t\t\t\t\t\t\t<div class=\"col-6 text-right\">\n\t\t\t\t\t\t\t\t\t\t<a href=\"https:\/\/almarinavillas.com\/es\/propiedad\/17-son-de-mar-by-almarina-villas\/\" target=\"_blank\"\" class=\"_villas-365-property-button _villas-365-property-outline-button btn btn-outline-primary\">Reservar<\/a>\n\t\t\t\t\t\t\t\t\t<\/div>\n\t\t\t\t\t\t\t\t<\/div>\n\t\t\t\t\t\t\t<\/div>\n\t\t\t\t\t\t<\/div>\n\t\t\t\t\t<\/div>\n\t\t\t\t<\/div>\n\t\t\t<\/div>\n\t\t<\/div>\n\t<\/div>\n<\/div>\t\t\t\t\t\t\t\t\t<\/div>\n\t\t\t\t\t\t\t\t<div class=\"_villas-365-property col-md mb-3\">\n\t\t\t\t\t\t\t\t\t\t\t<div class=\"_villas-365-property-inner\">\n\t<div class=\"row h-100\">\n\t\t<div class=\"col-12\">\n\t\t\t<div class=\"row\">\n\t\t\t\t<div class=\"col-12 mb-2\">\n\t\t\t\t\t<div class=\"_villas-365-property-image\">\n\t\t\t\t\t\t\t\t\t\t\t\t<div class=\"_villas-365-property-image-overlay\"><\/div>\n\t\t\t\t\t\t<a href=\"https:\/\/almarinavillas.com\/es\/propiedad\/16-al-vent-by-almarina-villas\/\" class=\"unstyled-link _villas-365-property-image-link\" style=\"background-image:url('https:\/\/secure.365villas.com\/getimage\/uploads\/config\/alvaroaznar\/property\/gallery\/16\/20250226_075250_412jpg.jpg');\" target=\"_blank\">\n\t\t\t\t\t\t\t<img decoding=\"async\" src=\"https:\/\/secure.365villas.com\/getimage\/uploads\/config\/alvaroaznar\/property\/gallery\/16\/20250226_075250_412jpg.jpg\" alt=\"\" class=\"img-fluid d-block d-lg-none\">\n\t\t\t\t\t\t<\/a>\n\t\t\t\t\t\t\t\t\t\t\t\t\t\t\t\t\t\t\t\t\t\t\t\t\t<a href=\"https:\/\/almarinavillas.com\/es\/promociones-especiales\/\" class=\"_villas-365-property-info-label _villas-365-property-discount \" target=\"_blank\">\n\t\t\t\t\t\t\t\t<div class=\"_villas-365-property-discount-label\">Descuento<\/div><div class=\"_villas-365-property-discount-icon\"><i class=\"fa fa-fw fa-info-circle\"><\/i><\/div><div class=\"_villas-365-property-discount-text\">10% ESPECIAL ALMARINA - ULTIMOS DIAS \/ LAST MINUTE SEPTEMBER<\/div>\n\t\t\t\t\t\t\t<\/a>\n\t\t\t\t\t\t\t\t\t\t\t\t\t\t\t\t\t\t\n\t\t\t\t\t\t\t\t\t\t\t\t<div class=\"_villas-365-property-price\" title=\"\u20ac232.00 per night, \u20ac1,624.00 per week\">\n\t\t\t\t\t\t\t<span class=\"_villas-365-property-price-from-text\">Desde<\/span>\n\t\t\t\t\t\t\t<br><span class=\"_villas-365-property-price-value\">\u20ac232.00<\/span>\/noche\t\t\t\t\t\t<\/div>\n\t\t\t\t\t\t\n\t\t\t\t\t\t\t\t\t\t\t<\/div>\n\t\t\t\t<\/div>\n\t\t\t\t<div class=\"col-12\">\n\t\t\t\t\t<div class=\"_villas-365-property-inner-text\">\n\t\t\t\t\t\t<div class=\"row h-100\">\n\t\t\t\t\t\t\t<div class=\"col-12\">\n\t\t\t\t\t\t\t\t<div class=\"row\">\n\t\t\t\t\t\t\t\t\t\t\t\t\t\t\t\t\t\t<div class=\"col-12\">\n\t\t\t\t\t\t\t\t\t\t<h5 class=\"_villas-365-property-name\">\n\t\t\t\t\t\t\t\t\t\t\t<a href=\"https:\/\/almarinavillas.com\/es\/propiedad\/16-al-vent-by-almarina-villas\/\" target=\"_blank\">Al Vent - By Almarina Villas<\/a>\n\t\t\t\t\t\t\t\t\t\t<\/h5>\n\t\t\t\t\t\t\t\t\t<\/div>\n\t\t\t\t\t\t\t\t\t\n\t\t\t\t\t\t\t\t\t\t\t\t\t\t\t\t\t\t<div class=\"col-12\">\n\t\t\t\t\t\t\t\t\t\t<div class=\"_villas-365-property-summary\">\n\t\t\t\t\t\t\t\t\t\t\t<strong>10% ESPECIAL ALMARINA - ULTIMOS DIAS \/ LAST MINUTE SEPTEMBER<\/strong><br><span>10% de descuento entre 31 Ago. 2026 y 30 Sept. 2026<\/span>\t\t\t\t\t\t\t\t\t\t<\/div>\n\t\t\t\t\t\t\t\t\t<\/div>\n\t\t\t\t\t\t\t\t\t\n\t\t\t\t\t\t\t\t\t\t\t\t\t\t\t\t\t\t<div class=\"col-6\">\n\t\t\t\t\t\t\t\t\t\t<div class=\"_villas-365-property-rooms\">\n\t\t<span class=\"_villas-365-property-room\"><i class=\"_villas-365-property-room-icon fas fa-user\"><\/i> 8<\/span>\n\t\t<span class=\"_villas-365-property-room\"><i class=\"_villas-365-property-room-icon fas fa-bed\"><\/i> 4<\/span>\n\t\t<span class=\"_villas-365-property-room\"><i class=\"_villas-365-property-room-icon fas fa-bath\"><\/i> 3<\/span>\n\t<\/div>\n\t\t\t\t\t\t\t\t\t<\/div>\n\t\t\t\t\t\t\t\t\t\n\t\t\t\t\t\t\t\t\t<div class=\"col-6 text-right\">\n\t\t\t\t\t\t\t\t\t\t<a href=\"https:\/\/almarinavillas.com\/es\/propiedad\/16-al-vent-by-almarina-villas\/\" target=\"_blank\"\" class=\"_villas-365-property-button _villas-365-property-outline-button btn btn-outline-primary\">Reservar<\/a>\n\t\t\t\t\t\t\t\t\t<\/div>\n\t\t\t\t\t\t\t\t<\/div>\n\t\t\t\t\t\t\t<\/div>\n\t\t\t\t\t\t<\/div>\n\t\t\t\t\t<\/div>\n\t\t\t\t<\/div>\n\t\t\t<\/div>\n\t\t<\/div>\n\t<\/div>\n<\/div>\t\t\t\t\t\t\t\t\t<\/div>\n\t\t\t\t\t\t\t\t<div class=\"_villas-365-property col-md mb-3\">\n\t\t\t\t\t\t\t\t\t\t\t<div class=\"_villas-365-property-inner\">\n\t<div class=\"row h-100\">\n\t\t<div class=\"col-12\">\n\t\t\t<div class=\"row\">\n\t\t\t\t<div class=\"col-12 mb-2\">\n\t\t\t\t\t<div class=\"_villas-365-property-image\">\n\t\t\t\t\t\t\t\t\t\t\t\t<div class=\"_villas-365-property-image-overlay\"><\/div>\n\t\t\t\t\t\t<a href=\"https:\/\/almarinavillas.com\/es\/propiedad\/25-baha-del-portet-by-almarina-villas\/\" class=\"unstyled-link _villas-365-property-image-link\" style=\"background-image:url('https:\/\/secure.365villas.com\/getimage\/uploads\/config\/alvaroaznar\/property\/gallery\/25\/20250226_070832_9079jpg.jpg');\" target=\"_blank\">\n\t\t\t\t\t\t\t<img decoding=\"async\" src=\"https:\/\/secure.365villas.com\/getimage\/uploads\/config\/alvaroaznar\/property\/gallery\/25\/20250226_070832_9079jpg.jpg\" alt=\"\" class=\"img-fluid d-block d-lg-none\">\n\t\t\t\t\t\t<\/a>\n\t\t\t\t\t\t\t\t\t\t\t\t\t\t\t\t\t\t\t\t\t\t\t\t\t<a href=\"https:\/\/almarinavillas.com\/es\/promociones-especiales\/\" class=\"_villas-365-property-info-label _villas-365-property-discount \" target=\"_blank\">\n\t\t\t\t\t\t\t\t<div class=\"_villas-365-property-discount-label\">Descuento<\/div><div class=\"_villas-365-property-discount-icon\"><i class=\"fa fa-fw fa-info-circle\"><\/i><\/div><div class=\"_villas-365-property-discount-text\">20% Promo final de verano \/ Summer end PRMO<\/div>\n\t\t\t\t\t\t\t<\/a>\n\t\t\t\t\t\t\t\t\t\t\t\t\t\t\t\t\t\t\n\t\t\t\t\t\t\t\t\t\t\t\t<div class=\"_villas-365-property-price\" title=\"\u20ac115.00 per night, \u20ac805.00 per week\">\n\t\t\t\t\t\t\t<span class=\"_villas-365-property-price-from-text\">Desde<\/span>\n\t\t\t\t\t\t\t<br><span class=\"_villas-365-property-price-value\">\u20ac115.00<\/span>\/noche\t\t\t\t\t\t<\/div>\n\t\t\t\t\t\t\n\t\t\t\t\t\t\t\t\t\t\t<\/div>\n\t\t\t\t<\/div>\n\t\t\t\t<div class=\"col-12\">\n\t\t\t\t\t<div class=\"_villas-365-property-inner-text\">\n\t\t\t\t\t\t<div class=\"row h-100\">\n\t\t\t\t\t\t\t<div class=\"col-12\">\n\t\t\t\t\t\t\t\t<div class=\"row\">\n\t\t\t\t\t\t\t\t\t\t\t\t\t\t\t\t\t\t<div class=\"col-12\">\n\t\t\t\t\t\t\t\t\t\t<h5 class=\"_villas-365-property-name\">\n\t\t\t\t\t\t\t\t\t\t\t<a href=\"https:\/\/almarinavillas.com\/es\/propiedad\/25-baha-del-portet-by-almarina-villas\/\" target=\"_blank\">Bah\u00eda del Portet - By Almarina Villas<\/a>\n\t\t\t\t\t\t\t\t\t\t<\/h5>\n\t\t\t\t\t\t\t\t\t<\/div>\n\t\t\t\t\t\t\t\t\t\n\t\t\t\t\t\t\t\t\t\t\t\t\t\t\t\t\t\t<div class=\"col-12\">\n\t\t\t\t\t\t\t\t\t\t<div class=\"_villas-365-property-summary\">\n\t\t\t\t\t\t\t\t\t\t\t<strong>20% Promo final de verano \/ Summer end PRMO<\/strong><br><span>20% de descuento entre 1 Sept. 2026 y 15 Sept. 2026<\/span>\t\t\t\t\t\t\t\t\t\t<\/div>\n\t\t\t\t\t\t\t\t\t<\/div>\n\t\t\t\t\t\t\t\t\t\n\t\t\t\t\t\t\t\t\t\t\t\t\t\t\t\t\t\t<div class=\"col-6\">\n\t\t\t\t\t\t\t\t\t\t<div class=\"_villas-365-property-rooms\">\n\t\t<span class=\"_villas-365-property-room\"><i class=\"_villas-365-property-room-icon fas fa-user\"><\/i> 5<\/span>\n\t\t<span class=\"_villas-365-property-room\"><i class=\"_villas-365-property-room-icon fas fa-bed\"><\/i> 2<\/span>\n\t\t<span class=\"_villas-365-property-room\"><i class=\"_villas-365-property-room-icon fas fa-bath\"><\/i> 2<\/span>\n\t<\/div>\n\t\t\t\t\t\t\t\t\t<\/div>\n\t\t\t\t\t\t\t\t\t\n\t\t\t\t\t\t\t\t\t<div class=\"col-6 text-right\">\n\t\t\t\t\t\t\t\t\t\t<a href=\"https:\/\/almarinavillas.com\/es\/propiedad\/25-baha-del-portet-by-almarina-villas\/\" target=\"_blank\"\" class=\"_villas-365-property-button _villas-365-property-outline-button btn btn-outline-primary\">Reservar<\/a>\n\t\t\t\t\t\t\t\t\t<\/div>\n\t\t\t\t\t\t\t\t<\/div>\n\t\t\t\t\t\t\t<\/div>\n\t\t\t\t\t\t<\/div>\n\t\t\t\t\t<\/div>\n\t\t\t\t<\/div>\n\t\t\t<\/div>\n\t\t<\/div>\n\t<\/div>\n<\/div>\t\t\t\t\t\t\t\t\t<\/div>\n\t\t\t\t\t\t\t<\/div>\n\t\t\t\t\t\t<div class=\"row\">\n\t\t\t\t\t\t\t\t\t\t\t\t<div class=\"_villas-365-property col-md mb-3\">\n\t\t\t\t\t\t\t\t\t\t\t<div class=\"_villas-365-property-inner\">\n\t<div class=\"row h-100\">\n\t\t<div class=\"col-12\">\n\t\t\t<div class=\"row\">\n\t\t\t\t<div class=\"col-12 mb-2\">\n\t\t\t\t\t<div class=\"_villas-365-property-image\">\n\t\t\t\t\t\t\t\t\t\t\t\t<div class=\"_villas-365-property-image-overlay\"><\/div>\n\t\t\t\t\t\t<a href=\"https:\/\/almarinavillas.com\/es\/propiedad\/37-esmeralda-by-almarina-villas\/\" class=\"unstyled-link _villas-365-property-image-link\" style=\"background-image:url('https:\/\/secure.365villas.com\/getimage\/uploads\/config\/alvaroaznar\/property\/gallery\/37\/20231126_120608_411jpg.jpg');\" target=\"_blank\">\n\t\t\t\t\t\t\t<img decoding=\"async\" src=\"https:\/\/secure.365villas.com\/getimage\/uploads\/config\/alvaroaznar\/property\/gallery\/37\/20231126_120608_411jpg.jpg\" alt=\"\" class=\"img-fluid d-block d-lg-none\">\n\t\t\t\t\t\t<\/a>\n\t\t\t\t\t\t\t\t\t\t\t\t\t\t\t\t\t\t\t\t\t\t\t\t\t<a href=\"https:\/\/almarinavillas.com\/es\/promociones-especiales\/\" class=\"_villas-365-property-info-label _villas-365-property-discount \" target=\"_blank\">\n\t\t\t\t\t\t\t\t<div class=\"_villas-365-property-discount-label\">Descuento<\/div><div class=\"_villas-365-property-discount-icon\"><i class=\"fa fa-fw fa-info-circle\"><\/i><\/div><div class=\"_villas-365-property-discount-text\">SPECIAL SEPTEMBER LAST MINUTE -15%<\/div>\n\t\t\t\t\t\t\t<\/a>\n\t\t\t\t\t\t\t\t\t\t\t\t\t\t\t\t\t\t\n\t\t\t\t\t\t\t\t\t\t\t\t<div class=\"_villas-365-property-price\" title=\"\u20ac237.00 per night, \u20ac1,659.00 per week\">\n\t\t\t\t\t\t\t<span class=\"_villas-365-property-price-from-text\">Desde<\/span>\n\t\t\t\t\t\t\t<br><span class=\"_villas-365-property-price-value\">\u20ac237.00<\/span>\/noche\t\t\t\t\t\t<\/div>\n\t\t\t\t\t\t\n\t\t\t\t\t\t\t\t\t\t\t<\/div>\n\t\t\t\t<\/div>\n\t\t\t\t<div class=\"col-12\">\n\t\t\t\t\t<div class=\"_villas-365-property-inner-text\">\n\t\t\t\t\t\t<div class=\"row h-100\">\n\t\t\t\t\t\t\t<div class=\"col-12\">\n\t\t\t\t\t\t\t\t<div class=\"row\">\n\t\t\t\t\t\t\t\t\t\t\t\t\t\t\t\t\t\t<div class=\"col-12\">\n\t\t\t\t\t\t\t\t\t\t<h5 class=\"_villas-365-property-name\">\n\t\t\t\t\t\t\t\t\t\t\t<a href=\"https:\/\/almarinavillas.com\/es\/propiedad\/37-esmeralda-by-almarina-villas\/\" target=\"_blank\">Esmeralda - By Almarina Villas<\/a>\n\t\t\t\t\t\t\t\t\t\t<\/h5>\n\t\t\t\t\t\t\t\t\t<\/div>\n\t\t\t\t\t\t\t\t\t\n\t\t\t\t\t\t\t\t\t\t\t\t\t\t\t\t\t\t<div class=\"col-12\">\n\t\t\t\t\t\t\t\t\t\t<div class=\"_villas-365-property-summary\">\n\t\t\t\t\t\t\t\t\t\t\t<strong>SPECIAL SEPTEMBER LAST MINUTE -15%<\/strong><br><span>15% de descuento entre 1 Sept. 2026 y 20 Sept. 2026<\/span>\t\t\t\t\t\t\t\t\t\t<\/div>\n\t\t\t\t\t\t\t\t\t<\/div>\n\t\t\t\t\t\t\t\t\t\n\t\t\t\t\t\t\t\t\t\t\t\t\t\t\t\t\t\t<div class=\"col-6\">\n\t\t\t\t\t\t\t\t\t\t<div class=\"_villas-365-property-rooms\">\n\t\t<span class=\"_villas-365-property-room\"><i class=\"_villas-365-property-room-icon fas fa-user\"><\/i> 8<\/span>\n\t\t<span class=\"_villas-365-property-room\"><i class=\"_villas-365-property-room-icon fas fa-bed\"><\/i> 4<\/span>\n\t\t<span class=\"_villas-365-property-room\"><i class=\"_villas-365-property-room-icon fas fa-bath\"><\/i> 3<\/span>\n\t<\/div>\n\t\t\t\t\t\t\t\t\t<\/div>\n\t\t\t\t\t\t\t\t\t\n\t\t\t\t\t\t\t\t\t<div class=\"col-6 text-right\">\n\t\t\t\t\t\t\t\t\t\t<a href=\"https:\/\/almarinavillas.com\/es\/propiedad\/37-esmeralda-by-almarina-villas\/\" target=\"_blank\"\" class=\"_villas-365-property-button _villas-365-property-outline-button btn btn-outline-primary\">Reservar<\/a>\n\t\t\t\t\t\t\t\t\t<\/div>\n\t\t\t\t\t\t\t\t<\/div>\n\t\t\t\t\t\t\t<\/div>\n\t\t\t\t\t\t<\/div>\n\t\t\t\t\t<\/div>\n\t\t\t\t<\/div>\n\t\t\t<\/div>\n\t\t<\/div>\n\t<\/div>\n<\/div>\t\t\t\t\t\t\t\t\t<\/div>\n\t\t\t\t\t\t\t\t<div class=\"_villas-365-property col-md mb-3\">\n\t\t\t\t\t\t\t\t\t\t\t<div class=\"_villas-365-property-inner\">\n\t<div class=\"row h-100\">\n\t\t<div class=\"col-12\">\n\t\t\t<div class=\"row\">\n\t\t\t\t<div class=\"col-12 mb-2\">\n\t\t\t\t\t<div class=\"_villas-365-property-image\">\n\t\t\t\t\t\t\t\t\t\t\t\t<div class=\"_villas-365-property-image-overlay\"><\/div>\n\t\t\t\t\t\t<a href=\"https:\/\/almarinavillas.com\/es\/propiedad\/47-bisserot-by-almarina-villas\/\" class=\"unstyled-link _villas-365-property-image-link\" style=\"background-image:url('https:\/\/secure.365villas.com\/getimage\/uploads\/config\/alvaroaznar\/property\/gallery\/47\/20250219_034024_4950jpg.jpg');\" target=\"_blank\">\n\t\t\t\t\t\t\t<img decoding=\"async\" src=\"https:\/\/secure.365villas.com\/getimage\/uploads\/config\/alvaroaznar\/property\/gallery\/47\/20250219_034024_4950jpg.jpg\" alt=\"\" class=\"img-fluid d-block d-lg-none\">\n\t\t\t\t\t\t<\/a>\n\t\t\t\t\t\t\t\t\t\t\t\t\t\t\t\t\t\t\t\t\t\t\t\t\t<a href=\"https:\/\/almarinavillas.com\/es\/promociones-especiales\/\" class=\"_villas-365-property-info-label _villas-365-property-discount \" target=\"_blank\">\n\t\t\t\t\t\t\t\t<div class=\"_villas-365-property-discount-label\">Descuento<\/div><div class=\"_villas-365-property-discount-icon\"><i class=\"fa fa-fw fa-info-circle\"><\/i><\/div><div class=\"_villas-365-property-discount-text\">20% ESPECIAL ALMARINA - ULTIMOS DIAS \/ LAST MINUTE SEPTEMBER<\/div>\n\t\t\t\t\t\t\t<\/a>\n\t\t\t\t\t\t\t\t\t\t\t\t\t\t\t\t\t\t\n\t\t\t\t\t\t\t\t\t\t\t\t<div class=\"_villas-365-property-price\" title=\"\u20ac192.00 per night, \u20ac1,344.00 per week\">\n\t\t\t\t\t\t\t<span class=\"_villas-365-property-price-from-text\">Desde<\/span>\n\t\t\t\t\t\t\t<br><span class=\"_villas-365-property-price-value\">\u20ac192.00<\/span>\/noche\t\t\t\t\t\t<\/div>\n\t\t\t\t\t\t\n\t\t\t\t\t\t\t\t\t\t\t<\/div>\n\t\t\t\t<\/div>\n\t\t\t\t<div class=\"col-12\">\n\t\t\t\t\t<div class=\"_villas-365-property-inner-text\">\n\t\t\t\t\t\t<div class=\"row h-100\">\n\t\t\t\t\t\t\t<div class=\"col-12\">\n\t\t\t\t\t\t\t\t<div class=\"row\">\n\t\t\t\t\t\t\t\t\t\t\t\t\t\t\t\t\t\t<div class=\"col-12\">\n\t\t\t\t\t\t\t\t\t\t<h5 class=\"_villas-365-property-name\">\n\t\t\t\t\t\t\t\t\t\t\t<a href=\"https:\/\/almarinavillas.com\/es\/propiedad\/47-bisserot-by-almarina-villas\/\" target=\"_blank\">Bisserot - By Almarina Villas<\/a>\n\t\t\t\t\t\t\t\t\t\t<\/h5>\n\t\t\t\t\t\t\t\t\t<\/div>\n\t\t\t\t\t\t\t\t\t\n\t\t\t\t\t\t\t\t\t\t\t\t\t\t\t\t\t\t<div class=\"col-12\">\n\t\t\t\t\t\t\t\t\t\t<div class=\"_villas-365-property-summary\">\n\t\t\t\t\t\t\t\t\t\t\t<strong>20% ESPECIAL ALMARINA - ULTIMOS DIAS \/ LAST MINUTE SEPTEMBER<\/strong><br><span>20% de descuento entre 1 Sept. 2026 y 24 Sept. 2026<\/span>\t\t\t\t\t\t\t\t\t\t<\/div>\n\t\t\t\t\t\t\t\t\t<\/div>\n\t\t\t\t\t\t\t\t\t\n\t\t\t\t\t\t\t\t\t\t\t\t\t\t\t\t\t\t<div class=\"col-6\">\n\t\t\t\t\t\t\t\t\t\t<div class=\"_villas-365-property-rooms\">\n\t\t<span class=\"_villas-365-property-room\"><i class=\"_villas-365-property-room-icon fas fa-user\"><\/i> 7<\/span>\n\t\t<span class=\"_villas-365-property-room\"><i class=\"_villas-365-property-room-icon fas fa-bed\"><\/i> 4<\/span>\n\t\t<span class=\"_villas-365-property-room\"><i class=\"_villas-365-property-room-icon fas fa-bath\"><\/i> 2<\/span>\n\t<\/div>\n\t\t\t\t\t\t\t\t\t<\/div>\n\t\t\t\t\t\t\t\t\t\n\t\t\t\t\t\t\t\t\t<div class=\"col-6 text-right\">\n\t\t\t\t\t\t\t\t\t\t<a href=\"https:\/\/almarinavillas.com\/es\/propiedad\/47-bisserot-by-almarina-villas\/\" target=\"_blank\"\" class=\"_villas-365-property-button _villas-365-property-outline-button btn btn-outline-primary\">Reservar<\/a>\n\t\t\t\t\t\t\t\t\t<\/div>\n\t\t\t\t\t\t\t\t<\/div>\n\t\t\t\t\t\t\t<\/div>\n\t\t\t\t\t\t<\/div>\n\t\t\t\t\t<\/div>\n\t\t\t\t<\/div>\n\t\t\t<\/div>\n\t\t<\/div>\n\t<\/div>\n<\/div>\t\t\t\t\t\t\t\t\t<\/div>\n\t\t\t\t\t\t\t\t<div class=\"_villas-365-property col-md mb-3\">\n\t\t\t\t\t\t\t\t\t\t\t<div class=\"_villas-365-property-inner\">\n\t<div class=\"row h-100\">\n\t\t<div class=\"col-12\">\n\t\t\t<div class=\"row\">\n\t\t\t\t<div class=\"col-12 mb-2\">\n\t\t\t\t\t<div class=\"_villas-365-property-image\">\n\t\t\t\t\t\t\t\t\t\t\t\t<div class=\"_villas-365-property-image-overlay\"><\/div>\n\t\t\t\t\t\t<a href=\"https:\/\/almarinavillas.com\/es\/propiedad\/3-aitana-by-almarina-villas\/\" class=\"unstyled-link _villas-365-property-image-link\" style=\"background-image:url('https:\/\/secure.365villas.com\/getimage\/uploads\/config\/alvaroaznar\/property\/gallery\/3\/20250203_051118_5104jpg.jpg');\" target=\"_blank\">\n\t\t\t\t\t\t\t<img decoding=\"async\" src=\"https:\/\/secure.365villas.com\/getimage\/uploads\/config\/alvaroaznar\/property\/gallery\/3\/20250203_051118_5104jpg.jpg\" alt=\"\" class=\"img-fluid d-block d-lg-none\">\n\t\t\t\t\t\t<\/a>\n\t\t\t\t\t\t\t\t\t\t\t\t\t\t\t\t\t\t\t\t\t\t\t\t\t<a href=\"https:\/\/almarinavillas.com\/es\/promociones-especiales\/\" class=\"_villas-365-property-info-label _villas-365-property-discount \" target=\"_blank\">\n\t\t\t\t\t\t\t\t<div class=\"_villas-365-property-discount-label\">Descuento<\/div><div class=\"_villas-365-property-discount-icon\"><i class=\"fa fa-fw fa-info-circle\"><\/i><\/div><div class=\"_villas-365-property-discount-text\">15% ESPECIAL ALMARINA - ULTIMOS DIAS \/ LAST MINUTE SEPTEMBER<\/div>\n\t\t\t\t\t\t\t<\/a>\n\t\t\t\t\t\t\t\t\t\t\t\t\t\t\t\t\t\t\n\t\t\t\t\t\t\t\t\t\t\t\t<div class=\"_villas-365-property-price\" title=\"\u20ac130.00 per night, \u20ac910.00 per week\">\n\t\t\t\t\t\t\t<span class=\"_villas-365-property-price-from-text\">Desde<\/span>\n\t\t\t\t\t\t\t<br><span class=\"_villas-365-property-price-value\">\u20ac130.00<\/span>\/noche\t\t\t\t\t\t<\/div>\n\t\t\t\t\t\t\n\t\t\t\t\t\t\t\t\t\t\t<\/div>\n\t\t\t\t<\/div>\n\t\t\t\t<div class=\"col-12\">\n\t\t\t\t\t<div class=\"_villas-365-property-inner-text\">\n\t\t\t\t\t\t<div class=\"row h-100\">\n\t\t\t\t\t\t\t<div class=\"col-12\">\n\t\t\t\t\t\t\t\t<div class=\"row\">\n\t\t\t\t\t\t\t\t\t\t\t\t\t\t\t\t\t\t<div class=\"col-12\">\n\t\t\t\t\t\t\t\t\t\t<h5 class=\"_villas-365-property-name\">\n\t\t\t\t\t\t\t\t\t\t\t<a href=\"https:\/\/almarinavillas.com\/es\/propiedad\/3-aitana-by-almarina-villas\/\" target=\"_blank\">Aitana - By Almarina Villas<\/a>\n\t\t\t\t\t\t\t\t\t\t<\/h5>\n\t\t\t\t\t\t\t\t\t<\/div>\n\t\t\t\t\t\t\t\t\t\n\t\t\t\t\t\t\t\t\t\t\t\t\t\t\t\t\t\t<div class=\"col-12\">\n\t\t\t\t\t\t\t\t\t\t<div class=\"_villas-365-property-summary\">\n\t\t\t\t\t\t\t\t\t\t\t<strong>15% ESPECIAL ALMARINA - ULTIMOS DIAS \/ LAST MINUTE SEPTEMBER<\/strong><br><span>15% de descuento entre 1 Sept. 2026 y 24 Sept. 2026<\/span>\t\t\t\t\t\t\t\t\t\t<\/div>\n\t\t\t\t\t\t\t\t\t<\/div>\n\t\t\t\t\t\t\t\t\t\n\t\t\t\t\t\t\t\t\t\t\t\t\t\t\t\t\t\t<div class=\"col-6\">\n\t\t\t\t\t\t\t\t\t\t<div class=\"_villas-365-property-rooms\">\n\t\t<span class=\"_villas-365-property-room\"><i class=\"_villas-365-property-room-icon fas fa-user\"><\/i> 6<\/span>\n\t\t<span class=\"_villas-365-property-room\"><i class=\"_villas-365-property-room-icon fas fa-bed\"><\/i> 3<\/span>\n\t\t<span class=\"_villas-365-property-room\"><i class=\"_villas-365-property-room-icon fas fa-bath\"><\/i> 1<\/span>\n\t<\/div>\n\t\t\t\t\t\t\t\t\t<\/div>\n\t\t\t\t\t\t\t\t\t\n\t\t\t\t\t\t\t\t\t<div class=\"col-6 text-right\">\n\t\t\t\t\t\t\t\t\t\t<a href=\"https:\/\/almarinavillas.com\/es\/propiedad\/3-aitana-by-almarina-villas\/\" target=\"_blank\"\" class=\"_villas-365-property-button _villas-365-property-outline-button btn btn-outline-primary\">Reservar<\/a>\n\t\t\t\t\t\t\t\t\t<\/div>\n\t\t\t\t\t\t\t\t<\/div>\n\t\t\t\t\t\t\t<\/div>\n\t\t\t\t\t\t<\/div>\n\t\t\t\t\t<\/div>\n\t\t\t\t<\/div>\n\t\t\t<\/div>\n\t\t<\/div>\n\t<\/div>\n<\/div>\t\t\t\t\t\t\t\t\t<\/div>\n\t\t\t\t\t\t\t<\/div>\n\t\t\t\t\t\t<div class=\"row\">\n\t\t\t\t\t\t\t\t\t\t\t\t<div class=\"_villas-365-property col-md mb-3\">\n\t\t\t\t\t\t\t\t\t\t\t<div class=\"_villas-365-property-inner\">\n\t<div class=\"row h-100\">\n\t\t<div class=\"col-12\">\n\t\t\t<div class=\"row\">\n\t\t\t\t<div class=\"col-12 mb-2\">\n\t\t\t\t\t<div class=\"_villas-365-property-image\">\n\t\t\t\t\t\t\t\t\t\t\t\t<div class=\"_villas-365-property-image-overlay\"><\/div>\n\t\t\t\t\t\t<a href=\"https:\/\/almarinavillas.com\/es\/propiedad\/59-apolonia-by-almarina-villas\/\" class=\"unstyled-link _villas-365-property-image-link\" style=\"background-image:url('https:\/\/secure.365villas.com\/getimage\/uploads\/config\/alvaroaznar\/property\/gallery\/59\/20260227_112042_9912jpg.jpg');\" target=\"_blank\">\n\t\t\t\t\t\t\t<img decoding=\"async\" src=\"https:\/\/secure.365villas.com\/getimage\/uploads\/config\/alvaroaznar\/property\/gallery\/59\/20260227_112042_9912jpg.jpg\" alt=\"\" class=\"img-fluid d-block d-lg-none\">\n\t\t\t\t\t\t<\/a>\n\t\t\t\t\t\t\t\t\t\t\t\t\t\t\t\t\t\t\t\t\t\t\t\t\t<a href=\"https:\/\/almarinavillas.com\/es\/promociones-especiales\/\" class=\"_villas-365-property-info-label _villas-365-property-discount \" target=\"_blank\">\n\t\t\t\t\t\t\t\t<div class=\"_villas-365-property-discount-label\">Descuento<\/div><div class=\"_villas-365-property-discount-icon\"><i class=\"fa fa-fw fa-info-circle\"><\/i><\/div><div class=\"_villas-365-property-discount-text\">25% ESPECIAL ALMARINA - ULTIMOS DIAS \/ LAST MINUTE SEPTEMBER<\/div>\n\t\t\t\t\t\t\t<\/a>\n\t\t\t\t\t\t\t\t\t\t\t\t\t\t\t\t\t\t\n\t\t\t\t\t\t\t\t\t\t\t\t<div class=\"_villas-365-property-price\" title=\"\u20ac453.00 per night, \u20ac3,171.00 per week\">\n\t\t\t\t\t\t\t<span class=\"_villas-365-property-price-from-text\">Desde<\/span>\n\t\t\t\t\t\t\t<br><span class=\"_villas-365-property-price-value\">\u20ac453.00<\/span>\/noche\t\t\t\t\t\t<\/div>\n\t\t\t\t\t\t\n\t\t\t\t\t\t\t\t\t\t\t<\/div>\n\t\t\t\t<\/div>\n\t\t\t\t<div class=\"col-12\">\n\t\t\t\t\t<div class=\"_villas-365-property-inner-text\">\n\t\t\t\t\t\t<div class=\"row h-100\">\n\t\t\t\t\t\t\t<div class=\"col-12\">\n\t\t\t\t\t\t\t\t<div class=\"row\">\n\t\t\t\t\t\t\t\t\t\t\t\t\t\t\t\t\t\t<div class=\"col-12\">\n\t\t\t\t\t\t\t\t\t\t<h5 class=\"_villas-365-property-name\">\n\t\t\t\t\t\t\t\t\t\t\t<a href=\"https:\/\/almarinavillas.com\/es\/propiedad\/59-apolonia-by-almarina-villas\/\" target=\"_blank\">Apolonia - by Almarina Villas<\/a>\n\t\t\t\t\t\t\t\t\t\t<\/h5>\n\t\t\t\t\t\t\t\t\t<\/div>\n\t\t\t\t\t\t\t\t\t\n\t\t\t\t\t\t\t\t\t\t\t\t\t\t\t\t\t\t<div class=\"col-12\">\n\t\t\t\t\t\t\t\t\t\t<div class=\"_villas-365-property-summary\">\n\t\t\t\t\t\t\t\t\t\t\t<strong>25% ESPECIAL ALMARINA - ULTIMOS DIAS \/ LAST MINUTE SEPTEMBER<\/strong><br><span>25% de descuento entre 1 Sept. 2026 y 29 Sept. 2026<\/span>\t\t\t\t\t\t\t\t\t\t<\/div>\n\t\t\t\t\t\t\t\t\t<\/div>\n\t\t\t\t\t\t\t\t\t\n\t\t\t\t\t\t\t\t\t\t\t\t\t\t\t\t\t\t<div class=\"col-6\">\n\t\t\t\t\t\t\t\t\t\t<div class=\"_villas-365-property-rooms\">\n\t\t<span class=\"_villas-365-property-room\"><i class=\"_villas-365-property-room-icon fas fa-user\"><\/i> 10<\/span>\n\t\t<span class=\"_villas-365-property-room\"><i class=\"_villas-365-property-room-icon fas fa-bed\"><\/i> 5<\/span>\n\t\t<span class=\"_villas-365-property-room\"><i class=\"_villas-365-property-room-icon fas fa-bath\"><\/i> 4<\/span>\n\t<\/div>\n\t\t\t\t\t\t\t\t\t<\/div>\n\t\t\t\t\t\t\t\t\t\n\t\t\t\t\t\t\t\t\t<div class=\"col-6 text-right\">\n\t\t\t\t\t\t\t\t\t\t<a href=\"https:\/\/almarinavillas.com\/es\/propiedad\/59-apolonia-by-almarina-villas\/\" target=\"_blank\"\" class=\"_villas-365-property-button _villas-365-property-outline-button btn btn-outline-primary\">Reservar<\/a>\n\t\t\t\t\t\t\t\t\t<\/div>\n\t\t\t\t\t\t\t\t<\/div>\n\t\t\t\t\t\t\t<\/div>\n\t\t\t\t\t\t<\/div>\n\t\t\t\t\t<\/div>\n\t\t\t\t<\/div>\n\t\t\t<\/div>\n\t\t<\/div>\n\t<\/div>\n<\/div>\t\t\t\t\t\t\t\t\t<\/div>\n\t\t\t\t\t\t\t\t<div class=\"_villas-365-property col-md mb-3\">\n\t\t\t\t\t\t\t\t\t\t\t<div class=\"_villas-365-property-inner\">\n\t<div class=\"row h-100\">\n\t\t<div class=\"col-12\">\n\t\t\t<div class=\"row\">\n\t\t\t\t<div class=\"col-12 mb-2\">\n\t\t\t\t\t<div class=\"_villas-365-property-image\">\n\t\t\t\t\t\t\t\t\t\t\t\t<div class=\"_villas-365-property-image-overlay\"><\/div>\n\t\t\t\t\t\t<a href=\"https:\/\/almarinavillas.com\/es\/propiedad\/21-el-toro-by-almarina-villas\/\" class=\"unstyled-link _villas-365-property-image-link\" style=\"background-image:url('https:\/\/secure.365villas.com\/getimage\/uploads\/config\/alvaroaznar\/property\/gallery\/21\/20221104_145346jpg.jpg');\" target=\"_blank\">\n\t\t\t\t\t\t\t<img decoding=\"async\" src=\"https:\/\/secure.365villas.com\/getimage\/uploads\/config\/alvaroaznar\/property\/gallery\/21\/20221104_145346jpg.jpg\" alt=\"\" class=\"img-fluid d-block d-lg-none\">\n\t\t\t\t\t\t<\/a>\n\t\t\t\t\t\t\t\t\t\t\t\t\t\t\t\t\t\t\t\t\t\t\t\t\t<a href=\"https:\/\/almarinavillas.com\/es\/promociones-especiales\/\" class=\"_villas-365-property-info-label _villas-365-property-discount \" target=\"_blank\">\n\t\t\t\t\t\t\t\t<div class=\"_villas-365-property-discount-label\">Descuento<\/div><div class=\"_villas-365-property-discount-icon\"><i class=\"fa fa-fw fa-info-circle\"><\/i><\/div><div class=\"_villas-365-property-discount-text\">SUMMER ENDS<\/div>\n\t\t\t\t\t\t\t<\/a>\n\t\t\t\t\t\t\t\t\t\t\t\t\t\t\t\t\t\t\n\t\t\t\t\t\t\t\t\t\t\t\t<div class=\"_villas-365-property-price\" title=\"\u20ac264.00 per night, \u20ac1,848.00 per week\">\n\t\t\t\t\t\t\t<span class=\"_villas-365-property-price-from-text\">Desde<\/span>\n\t\t\t\t\t\t\t<br><span class=\"_villas-365-property-price-value\">\u20ac264.00<\/span>\/noche\t\t\t\t\t\t<\/div>\n\t\t\t\t\t\t\n\t\t\t\t\t\t\t\t\t\t\t<\/div>\n\t\t\t\t<\/div>\n\t\t\t\t<div class=\"col-12\">\n\t\t\t\t\t<div class=\"_villas-365-property-inner-text\">\n\t\t\t\t\t\t<div class=\"row h-100\">\n\t\t\t\t\t\t\t<div class=\"col-12\">\n\t\t\t\t\t\t\t\t<div class=\"row\">\n\t\t\t\t\t\t\t\t\t\t\t\t\t\t\t\t\t\t<div class=\"col-12\">\n\t\t\t\t\t\t\t\t\t\t<h5 class=\"_villas-365-property-name\">\n\t\t\t\t\t\t\t\t\t\t\t<a href=\"https:\/\/almarinavillas.com\/es\/propiedad\/21-el-toro-by-almarina-villas\/\" target=\"_blank\">El Toro - By Almarina Villas<\/a>\n\t\t\t\t\t\t\t\t\t\t<\/h5>\n\t\t\t\t\t\t\t\t\t<\/div>\n\t\t\t\t\t\t\t\t\t\n\t\t\t\t\t\t\t\t\t\t\t\t\t\t\t\t\t\t<div class=\"col-12\">\n\t\t\t\t\t\t\t\t\t\t<div class=\"_villas-365-property-summary\">\n\t\t\t\t\t\t\t\t\t\t\t<strong>SUMMER ENDS<\/strong><br><span>15% de descuento entre 1 Sept. 2026 y 30 Sept. 2026<\/span>\t\t\t\t\t\t\t\t\t\t<\/div>\n\t\t\t\t\t\t\t\t\t<\/div>\n\t\t\t\t\t\t\t\t\t\n\t\t\t\t\t\t\t\t\t\t\t\t\t\t\t\t\t\t<div class=\"col-6\">\n\t\t\t\t\t\t\t\t\t\t<div class=\"_villas-365-property-rooms\">\n\t\t<span class=\"_villas-365-property-room\"><i class=\"_villas-365-property-room-icon fas fa-user\"><\/i> 10<\/span>\n\t\t<span class=\"_villas-365-property-room\"><i class=\"_villas-365-property-room-icon fas fa-bed\"><\/i> 5<\/span>\n\t\t<span class=\"_villas-365-property-room\"><i class=\"_villas-365-property-room-icon fas fa-bath\"><\/i> 3<\/span>\n\t<\/div>\n\t\t\t\t\t\t\t\t\t<\/div>\n\t\t\t\t\t\t\t\t\t\n\t\t\t\t\t\t\t\t\t<div class=\"col-6 text-right\">\n\t\t\t\t\t\t\t\t\t\t<a href=\"https:\/\/almarinavillas.com\/es\/propiedad\/21-el-toro-by-almarina-villas\/\" target=\"_blank\"\" class=\"_villas-365-property-button _villas-365-property-outline-button btn btn-outline-primary\">Reservar<\/a>\n\t\t\t\t\t\t\t\t\t<\/div>\n\t\t\t\t\t\t\t\t<\/div>\n\t\t\t\t\t\t\t<\/div>\n\t\t\t\t\t\t<\/div>\n\t\t\t\t\t<\/div>\n\t\t\t\t<\/div>\n\t\t\t<\/div>\n\t\t<\/div>\n\t<\/div>\n<\/div>\t\t\t\t\t\t\t\t\t<\/div>\n\t\t\t\t\t\t\t\t<div class=\"_villas-365-property col-md mb-3\">\n\t\t\t\t\t\t\t\t\t\t\t<div class=\"_villas-365-property-inner\">\n\t<div class=\"row h-100\">\n\t\t<div class=\"col-12\">\n\t\t\t<div class=\"row\">\n\t\t\t\t<div class=\"col-12 mb-2\">\n\t\t\t\t\t<div class=\"_villas-365-property-image\">\n\t\t\t\t\t\t\t\t\t\t\t\t<div class=\"_villas-365-property-image-overlay\"><\/div>\n\t\t\t\t\t\t<a href=\"https:\/\/almarinavillas.com\/es\/propiedad\/41-botnico-by-almarina-villas\/\" class=\"unstyled-link _villas-365-property-image-link\" style=\"background-image:url('https:\/\/secure.365villas.com\/getimage\/uploads\/config\/alvaroaznar\/property\/gallery\/41\/20250218_002536_7550jpg.jpg');\" target=\"_blank\">\n\t\t\t\t\t\t\t<img decoding=\"async\" src=\"https:\/\/secure.365villas.com\/getimage\/uploads\/config\/alvaroaznar\/property\/gallery\/41\/20250218_002536_7550jpg.jpg\" alt=\"\" class=\"img-fluid d-block d-lg-none\">\n\t\t\t\t\t\t<\/a>\n\t\t\t\t\t\t\t\t\t\t\t\t\t\t\t\t\t\t\t\t\t\t\t\t\t<a href=\"https:\/\/almarinavillas.com\/es\/promociones-especiales\/\" class=\"_villas-365-property-info-label _villas-365-property-discount \" target=\"_blank\">\n\t\t\t\t\t\t\t\t<div class=\"_villas-365-property-discount-label\">Descuento<\/div><div class=\"_villas-365-property-discount-icon\"><i class=\"fa fa-fw fa-info-circle\"><\/i><\/div><div class=\"_villas-365-property-discount-text\">20% ESPECIAL ALMARINA - ULTIMOS DIAS \/ LAST MINUTE SEPTEMBER<\/div>\n\t\t\t\t\t\t\t<\/a>\n\t\t\t\t\t\t\t\t\t\t\t\t\t\t\t\t\t\t\n\t\t\t\t\t\t\t\t\t\t\t\t<div class=\"_villas-365-property-price\" title=\"\u20ac218.00 per night, \u20ac1,526.00 per week\">\n\t\t\t\t\t\t\t<span class=\"_villas-365-property-price-from-text\">Desde<\/span>\n\t\t\t\t\t\t\t<br><span class=\"_villas-365-property-price-value\">\u20ac218.00<\/span>\/noche\t\t\t\t\t\t<\/div>\n\t\t\t\t\t\t\n\t\t\t\t\t\t\t\t\t\t\t<\/div>\n\t\t\t\t<\/div>\n\t\t\t\t<div class=\"col-12\">\n\t\t\t\t\t<div class=\"_villas-365-property-inner-text\">\n\t\t\t\t\t\t<div class=\"row h-100\">\n\t\t\t\t\t\t\t<div class=\"col-12\">\n\t\t\t\t\t\t\t\t<div class=\"row\">\n\t\t\t\t\t\t\t\t\t\t\t\t\t\t\t\t\t\t<div class=\"col-12\">\n\t\t\t\t\t\t\t\t\t\t<h5 class=\"_villas-365-property-name\">\n\t\t\t\t\t\t\t\t\t\t\t<a href=\"https:\/\/almarinavillas.com\/es\/propiedad\/41-botnico-by-almarina-villas\/\" target=\"_blank\">Bot\u00e1nico - By Almarina Villas<\/a>\n\t\t\t\t\t\t\t\t\t\t<\/h5>\n\t\t\t\t\t\t\t\t\t<\/div>\n\t\t\t\t\t\t\t\t\t\n\t\t\t\t\t\t\t\t\t\t\t\t\t\t\t\t\t\t<div class=\"col-12\">\n\t\t\t\t\t\t\t\t\t\t<div class=\"_villas-365-property-summary\">\n\t\t\t\t\t\t\t\t\t\t\t<strong>20% ESPECIAL ALMARINA - ULTIMOS DIAS \/ LAST MINUTE SEPTEMBER<\/strong><br><span>15% de descuento entre 1 Sept. 2026 y 30 Sept. 2026<\/span>\t\t\t\t\t\t\t\t\t\t<\/div>\n\t\t\t\t\t\t\t\t\t<\/div>\n\t\t\t\t\t\t\t\t\t\n\t\t\t\t\t\t\t\t\t\t\t\t\t\t\t\t\t\t<div class=\"col-6\">\n\t\t\t\t\t\t\t\t\t\t<div class=\"_villas-365-property-rooms\">\n\t\t<span class=\"_villas-365-property-room\"><i class=\"_villas-365-property-room-icon fas fa-user\"><\/i> 10<\/span>\n\t\t<span class=\"_villas-365-property-room\"><i class=\"_villas-365-property-room-icon fas fa-bed\"><\/i> 5<\/span>\n\t\t<span class=\"_villas-365-property-room\"><i class=\"_villas-365-property-room-icon fas fa-bath\"><\/i> 3<\/span>\n\t<\/div>\n\t\t\t\t\t\t\t\t\t<\/div>\n\t\t\t\t\t\t\t\t\t\n\t\t\t\t\t\t\t\t\t<div class=\"col-6 text-right\">\n\t\t\t\t\t\t\t\t\t\t<a href=\"https:\/\/almarinavillas.com\/es\/propiedad\/41-botnico-by-almarina-villas\/\" target=\"_blank\"\" class=\"_villas-365-property-button _villas-365-property-outline-button btn btn-outline-primary\">Reservar<\/a>\n\t\t\t\t\t\t\t\t\t<\/div>\n\t\t\t\t\t\t\t\t<\/div>\n\t\t\t\t\t\t\t<\/div>\n\t\t\t\t\t\t<\/div>\n\t\t\t\t\t<\/div>\n\t\t\t\t<\/div>\n\t\t\t<\/div>\n\t\t<\/div>\n\t<\/div>\n<\/div>\t\t\t\t\t\t\t\t\t<\/div>\n\t\t\t\t\t\t\t<\/div>\n\t\t\t\t\t\t<div class=\"row\">\n\t\t\t\t\t\t\t\t\t\t\t\t<div class=\"_villas-365-property col-md mb-3\">\n\t\t\t\t\t\t\t\t\t\t\t<div class=\"_villas-365-property-inner\">\n\t<div class=\"row h-100\">\n\t\t<div class=\"col-12\">\n\t\t\t<div class=\"row\">\n\t\t\t\t<div class=\"col-12 mb-2\">\n\t\t\t\t\t<div class=\"_villas-365-property-image\">\n\t\t\t\t\t\t\t\t\t\t\t\t<div class=\"_villas-365-property-image-overlay\"><\/div>\n\t\t\t\t\t\t<a href=\"https:\/\/almarinavillas.com\/es\/propiedad\/56-armonia-by-almarina-villas\/\" class=\"unstyled-link _villas-365-property-image-link\" style=\"background-image:url('https:\/\/secure.365villas.com\/getimage\/uploads\/config\/alvaroaznar\/property\/gallery\/56\/20260515_092748_1560jpg.jpg');\" target=\"_blank\">\n\t\t\t\t\t\t\t<img decoding=\"async\" src=\"https:\/\/secure.365villas.com\/getimage\/uploads\/config\/alvaroaznar\/property\/gallery\/56\/20260515_092748_1560jpg.jpg\" alt=\"\" class=\"img-fluid d-block d-lg-none\">\n\t\t\t\t\t\t<\/a>\n\t\t\t\t\t\t\t\t\t\t\t\t\t\t\t\t\t\t\t\t\t\t\t\t\t<a href=\"https:\/\/almarinavillas.com\/es\/promociones-especiales\/\" class=\"_villas-365-property-info-label _villas-365-property-discount \" target=\"_blank\">\n\t\t\t\t\t\t\t\t<div class=\"_villas-365-property-discount-label\">Descuento<\/div><div class=\"_villas-365-property-discount-icon\"><i class=\"fa fa-fw fa-info-circle\"><\/i><\/div><div class=\"_villas-365-property-discount-text\">20% SUPER ESPECIAL ALMARINA - NUEVA VILLA \/ NEW VILLA SEPTEMBER<\/div>\n\t\t\t\t\t\t\t<\/a>\n\t\t\t\t\t\t\t\t\t\t\t\t\t\t\t\t\t\t\n\t\t\t\t\t\t\t\t\t\t\t\t<div class=\"_villas-365-property-price\" title=\"\u20ac208.00 per night, \u20ac1,456.00 per week\">\n\t\t\t\t\t\t\t<span class=\"_villas-365-property-price-from-text\">Desde<\/span>\n\t\t\t\t\t\t\t<br><span class=\"_villas-365-property-price-value\">\u20ac208.00<\/span>\/noche\t\t\t\t\t\t<\/div>\n\t\t\t\t\t\t\n\t\t\t\t\t\t\t\t\t\t\t<\/div>\n\t\t\t\t<\/div>\n\t\t\t\t<div class=\"col-12\">\n\t\t\t\t\t<div class=\"_villas-365-property-inner-text\">\n\t\t\t\t\t\t<div class=\"row h-100\">\n\t\t\t\t\t\t\t<div class=\"col-12\">\n\t\t\t\t\t\t\t\t<div class=\"row\">\n\t\t\t\t\t\t\t\t\t\t\t\t\t\t\t\t\t\t<div class=\"col-12\">\n\t\t\t\t\t\t\t\t\t\t<h5 class=\"_villas-365-property-name\">\n\t\t\t\t\t\t\t\t\t\t\t<a href=\"https:\/\/almarinavillas.com\/es\/propiedad\/56-armonia-by-almarina-villas\/\" target=\"_blank\">Armonia - By Almarina Villas<\/a>\n\t\t\t\t\t\t\t\t\t\t<\/h5>\n\t\t\t\t\t\t\t\t\t<\/div>\n\t\t\t\t\t\t\t\t\t\n\t\t\t\t\t\t\t\t\t\t\t\t\t\t\t\t\t\t<div class=\"col-12\">\n\t\t\t\t\t\t\t\t\t\t<div class=\"_villas-365-property-summary\">\n\t\t\t\t\t\t\t\t\t\t\t<strong>20% SUPER ESPECIAL ALMARINA - NUEVA VILLA \/ NEW VILLA SEPTEMBER<\/strong><br><span>20% de descuento entre 2 Sept. 2026 y 24 Sept. 2026<\/span>\t\t\t\t\t\t\t\t\t\t<\/div>\n\t\t\t\t\t\t\t\t\t<\/div>\n\t\t\t\t\t\t\t\t\t\n\t\t\t\t\t\t\t\t\t\t\t\t\t\t\t\t\t\t<div class=\"col-6\">\n\t\t\t\t\t\t\t\t\t\t<div class=\"_villas-365-property-rooms\">\n\t\t<span class=\"_villas-365-property-room\"><i class=\"_villas-365-property-room-icon fas fa-user\"><\/i> 8<\/span>\n\t\t<span class=\"_villas-365-property-room\"><i class=\"_villas-365-property-room-icon fas fa-bed\"><\/i> 4<\/span>\n\t\t<span class=\"_villas-365-property-room\"><i class=\"_villas-365-property-room-icon fas fa-bath\"><\/i> 3<\/span>\n\t<\/div>\n\t\t\t\t\t\t\t\t\t<\/div>\n\t\t\t\t\t\t\t\t\t\n\t\t\t\t\t\t\t\t\t<div class=\"col-6 text-right\">\n\t\t\t\t\t\t\t\t\t\t<a href=\"https:\/\/almarinavillas.com\/es\/propiedad\/56-armonia-by-almarina-villas\/\" target=\"_blank\"\" class=\"_villas-365-property-button _villas-365-property-outline-button btn btn-outline-primary\">Reservar<\/a>\n\t\t\t\t\t\t\t\t\t<\/div>\n\t\t\t\t\t\t\t\t<\/div>\n\t\t\t\t\t\t\t<\/div>\n\t\t\t\t\t\t<\/div>\n\t\t\t\t\t<\/div>\n\t\t\t\t<\/div>\n\t\t\t<\/div>\n\t\t<\/div>\n\t<\/div>\n<\/div>\t\t\t\t\t\t\t\t\t<\/div>\n\t\t\t\t\t\t\t\t<div class=\"_villas-365-property col-md mb-3\">\n\t\t\t\t\t\t\t\t\t\t\t<div class=\"_villas-365-property-inner\">\n\t<div class=\"row h-100\">\n\t\t<div class=\"col-12\">\n\t\t\t<div class=\"row\">\n\t\t\t\t<div class=\"col-12 mb-2\">\n\t\t\t\t\t<div class=\"_villas-365-property-image\">\n\t\t\t\t\t\t\t\t\t\t\t\t<div class=\"_villas-365-property-image-overlay\"><\/div>\n\t\t\t\t\t\t<a href=\"https:\/\/almarinavillas.com\/es\/propiedad\/15-mirador-by-almarina-villas\/\" class=\"unstyled-link _villas-365-property-image-link\" style=\"background-image:url('https:\/\/secure.365villas.com\/getimage\/uploads\/config\/alvaroaznar\/property\/gallery\/15\/20250527_142859_6321jpg.jpg');\" target=\"_blank\">\n\t\t\t\t\t\t\t<img decoding=\"async\" src=\"https:\/\/secure.365villas.com\/getimage\/uploads\/config\/alvaroaznar\/property\/gallery\/15\/20250527_142859_6321jpg.jpg\" alt=\"\" class=\"img-fluid d-block d-lg-none\">\n\t\t\t\t\t\t<\/a>\n\t\t\t\t\t\t\t\t\t\t\t\t\t\t\t\t\t\t\t\t\t\t\t\t\t<a href=\"https:\/\/almarinavillas.com\/es\/promociones-especiales\/\" class=\"_villas-365-property-info-label _villas-365-property-discount \" target=\"_blank\">\n\t\t\t\t\t\t\t\t<div class=\"_villas-365-property-discount-label\">Descuento<\/div><div class=\"_villas-365-property-discount-icon\"><i class=\"fa fa-fw fa-info-circle\"><\/i><\/div><div class=\"_villas-365-property-discount-text\">Summer ends<\/div>\n\t\t\t\t\t\t\t<\/a>\n\t\t\t\t\t\t\t\t\t\t\t\t\t\t\t\t\t\t\n\t\t\t\t\t\t\t\t\t\t\t\t<div class=\"_villas-365-property-price\" title=\"\u20ac266.00 per night, \u20ac1,862.00 per week\">\n\t\t\t\t\t\t\t<span class=\"_villas-365-property-price-from-text\">Desde<\/span>\n\t\t\t\t\t\t\t<br><span class=\"_villas-365-property-price-value\">\u20ac266.00<\/span>\/noche\t\t\t\t\t\t<\/div>\n\t\t\t\t\t\t\n\t\t\t\t\t\t\t\t\t\t\t<\/div>\n\t\t\t\t<\/div>\n\t\t\t\t<div class=\"col-12\">\n\t\t\t\t\t<div class=\"_villas-365-property-inner-text\">\n\t\t\t\t\t\t<div class=\"row h-100\">\n\t\t\t\t\t\t\t<div class=\"col-12\">\n\t\t\t\t\t\t\t\t<div class=\"row\">\n\t\t\t\t\t\t\t\t\t\t\t\t\t\t\t\t\t\t<div class=\"col-12\">\n\t\t\t\t\t\t\t\t\t\t<h5 class=\"_villas-365-property-name\">\n\t\t\t\t\t\t\t\t\t\t\t<a href=\"https:\/\/almarinavillas.com\/es\/propiedad\/15-mirador-by-almarina-villas\/\" target=\"_blank\">Mirador - By Almarina Villas<\/a>\n\t\t\t\t\t\t\t\t\t\t<\/h5>\n\t\t\t\t\t\t\t\t\t<\/div>\n\t\t\t\t\t\t\t\t\t\n\t\t\t\t\t\t\t\t\t\t\t\t\t\t\t\t\t\t<div class=\"col-12\">\n\t\t\t\t\t\t\t\t\t\t<div class=\"_villas-365-property-summary\">\n\t\t\t\t\t\t\t\t\t\t\t<strong>Summer ends<\/strong><br><span>15% de descuento entre 6 Sept. 2026 y 30 Sept. 2026<\/span>\t\t\t\t\t\t\t\t\t\t<\/div>\n\t\t\t\t\t\t\t\t\t<\/div>\n\t\t\t\t\t\t\t\t\t\n\t\t\t\t\t\t\t\t\t\t\t\t\t\t\t\t\t\t<div class=\"col-6\">\n\t\t\t\t\t\t\t\t\t\t<div class=\"_villas-365-property-rooms\">\n\t\t<span class=\"_villas-365-property-room\"><i class=\"_villas-365-property-room-icon fas fa-user\"><\/i> 8<\/span>\n\t\t<span class=\"_villas-365-property-room\"><i class=\"_villas-365-property-room-icon fas fa-bed\"><\/i> 4<\/span>\n\t\t<span class=\"_villas-365-property-room\"><i class=\"_villas-365-property-room-icon fas fa-bath\"><\/i> 3<\/span>\n\t<\/div>\n\t\t\t\t\t\t\t\t\t<\/div>\n\t\t\t\t\t\t\t\t\t\n\t\t\t\t\t\t\t\t\t<div class=\"col-6 text-right\">\n\t\t\t\t\t\t\t\t\t\t<a href=\"https:\/\/almarinavillas.com\/es\/propiedad\/15-mirador-by-almarina-villas\/\" target=\"_blank\"\" class=\"_villas-365-property-button _villas-365-property-outline-button btn btn-outline-primary\">Reservar<\/a>\n\t\t\t\t\t\t\t\t\t<\/div>\n\t\t\t\t\t\t\t\t<\/div>\n\t\t\t\t\t\t\t<\/div>\n\t\t\t\t\t\t<\/div>\n\t\t\t\t\t<\/div>\n\t\t\t\t<\/div>\n\t\t\t<\/div>\n\t\t<\/div>\n\t<\/div>\n<\/div>\t\t\t\t\t\t\t\t\t<\/div>\n\t\t\t\t\t\t\t\t<div class=\"_villas-365-property col-md mb-3\">\n\t\t\t\t\t\t\t\t\t\t\t<div class=\"_villas-365-property-inner\">\n\t<div class=\"row h-100\">\n\t\t<div class=\"col-12\">\n\t\t\t<div class=\"row\">\n\t\t\t\t<div class=\"col-12 mb-2\">\n\t\t\t\t\t<div class=\"_villas-365-property-image\">\n\t\t\t\t\t\t\t\t\t\t\t\t<div class=\"_villas-365-property-image-overlay\"><\/div>\n\t\t\t\t\t\t<a href=\"https:\/\/almarinavillas.com\/es\/propiedad\/30-el-olivo-by-almarina-villas\/\" class=\"unstyled-link _villas-365-property-image-link\" style=\"background-image:url('https:\/\/secure.365villas.com\/getimage\/uploads\/config\/alvaroaznar\/property\/gallery\/30\/20250205_075656_7560jpg.jpg');\" target=\"_blank\">\n\t\t\t\t\t\t\t<img decoding=\"async\" src=\"https:\/\/secure.365villas.com\/getimage\/uploads\/config\/alvaroaznar\/property\/gallery\/30\/20250205_075656_7560jpg.jpg\" alt=\"\" class=\"img-fluid d-block d-lg-none\">\n\t\t\t\t\t\t<\/a>\n\t\t\t\t\t\t\t\t\t\t\t\t\t\t\t\t\t\t\t\t\t\t\t\t\t<a href=\"https:\/\/almarinavillas.com\/es\/promociones-especiales\/\" class=\"_villas-365-property-info-label _villas-365-property-discount \" target=\"_blank\">\n\t\t\t\t\t\t\t\t<div class=\"_villas-365-property-discount-label\">Descuento<\/div><div class=\"_villas-365-property-discount-icon\"><i class=\"fa fa-fw fa-info-circle\"><\/i><\/div><div class=\"_villas-365-property-discount-text\">Summer ends<\/div>\n\t\t\t\t\t\t\t<\/a>\n\t\t\t\t\t\t\t\t\t\t\t\t\t\t\t\t\t\t\n\t\t\t\t\t\t\t\t\t\t\t\t<div class=\"_villas-365-property-price\" title=\"\u20ac200.00 per night, \u20ac1,400.00 per week\">\n\t\t\t\t\t\t\t<span class=\"_villas-365-property-price-from-text\">Desde<\/span>\n\t\t\t\t\t\t\t<br><span class=\"_villas-365-property-price-value\">\u20ac200.00<\/span>\/noche\t\t\t\t\t\t<\/div>\n\t\t\t\t\t\t\n\t\t\t\t\t\t\t\t\t\t\t<\/div>\n\t\t\t\t<\/div>\n\t\t\t\t<div class=\"col-12\">\n\t\t\t\t\t<div class=\"_villas-365-property-inner-text\">\n\t\t\t\t\t\t<div class=\"row h-100\">\n\t\t\t\t\t\t\t<div class=\"col-12\">\n\t\t\t\t\t\t\t\t<div class=\"row\">\n\t\t\t\t\t\t\t\t\t\t\t\t\t\t\t\t\t\t<div class=\"col-12\">\n\t\t\t\t\t\t\t\t\t\t<h5 class=\"_villas-365-property-name\">\n\t\t\t\t\t\t\t\t\t\t\t<a href=\"https:\/\/almarinavillas.com\/es\/propiedad\/30-el-olivo-by-almarina-villas\/\" target=\"_blank\">El Olivo - By Almarina Villas<\/a>\n\t\t\t\t\t\t\t\t\t\t<\/h5>\n\t\t\t\t\t\t\t\t\t<\/div>\n\t\t\t\t\t\t\t\t\t\n\t\t\t\t\t\t\t\t\t\t\t\t\t\t\t\t\t\t<div class=\"col-12\">\n\t\t\t\t\t\t\t\t\t\t<div class=\"_villas-365-property-summary\">\n\t\t\t\t\t\t\t\t\t\t\t<strong>Summer ends<\/strong><br><span>20% de descuento entre 7 Sept. 2026 y 12 Sept. 2026<\/span>\t\t\t\t\t\t\t\t\t\t<\/div>\n\t\t\t\t\t\t\t\t\t<\/div>\n\t\t\t\t\t\t\t\t\t\n\t\t\t\t\t\t\t\t\t\t\t\t\t\t\t\t\t\t<div class=\"col-6\">\n\t\t\t\t\t\t\t\t\t\t<div class=\"_villas-365-property-rooms\">\n\t\t<span class=\"_villas-365-property-room\"><i class=\"_villas-365-property-room-icon fas fa-user\"><\/i> 6<\/span>\n\t\t<span class=\"_villas-365-property-room\"><i class=\"_villas-365-property-room-icon fas fa-bed\"><\/i> 3<\/span>\n\t\t<span class=\"_villas-365-property-room\"><i class=\"_villas-365-property-room-icon fas fa-bath\"><\/i> 2<\/span>\n\t<\/div>\n\t\t\t\t\t\t\t\t\t<\/div>\n\t\t\t\t\t\t\t\t\t\n\t\t\t\t\t\t\t\t\t<div class=\"col-6 text-right\">\n\t\t\t\t\t\t\t\t\t\t<a href=\"https:\/\/almarinavillas.com\/es\/propiedad\/30-el-olivo-by-almarina-villas\/\" target=\"_blank\"\" class=\"_villas-365-property-button _villas-365-property-outline-button btn btn-outline-primary\">Reservar<\/a>\n\t\t\t\t\t\t\t\t\t<\/div>\n\t\t\t\t\t\t\t\t<\/div>\n\t\t\t\t\t\t\t<\/div>\n\t\t\t\t\t\t<\/div>\n\t\t\t\t\t<\/div>\n\t\t\t\t<\/div>\n\t\t\t<\/div>\n\t\t<\/div>\n\t<\/div>\n<\/div>\t\t\t\t\t\t\t\t\t<\/div>\n\t\t\t\t\t\t\t<\/div>\n\t\t\t\t\t\t<div class=\"row\">\n\t\t\t\t\t\t\t\t\t\t\t\t<div class=\"_villas-365-property col-md mb-3\">\n\t\t\t\t\t\t\t\t\t\t\t<div class=\"_villas-365-property-inner\">\n\t<div class=\"row h-100\">\n\t\t<div class=\"col-12\">\n\t\t\t<div class=\"row\">\n\t\t\t\t<div class=\"col-12 mb-2\">\n\t\t\t\t\t<div class=\"_villas-365-property-image\">\n\t\t\t\t\t\t\t\t\t\t\t\t<div class=\"_villas-365-property-image-overlay\"><\/div>\n\t\t\t\t\t\t<a href=\"https:\/\/almarinavillas.com\/es\/propiedad\/50-baladrar-views-by-almarina-villas\/\" class=\"unstyled-link _villas-365-property-image-link\" style=\"background-image:url('https:\/\/secure.365villas.com\/getimage\/uploads\/config\/alvaroaznar\/property\/gallery\/50\/20250219_043419_9241jpg.jpg');\" target=\"_blank\">\n\t\t\t\t\t\t\t<img decoding=\"async\" src=\"https:\/\/secure.365villas.com\/getimage\/uploads\/config\/alvaroaznar\/property\/gallery\/50\/20250219_043419_9241jpg.jpg\" alt=\"\" class=\"img-fluid d-block d-lg-none\">\n\t\t\t\t\t\t<\/a>\n\t\t\t\t\t\t\t\t\t\t\t\t\t\t\t\t\t\t\t\t\t\t\t\t\t<a href=\"https:\/\/almarinavillas.com\/es\/promociones-especiales\/\" class=\"_villas-365-property-info-label _villas-365-property-discount \" target=\"_blank\">\n\t\t\t\t\t\t\t\t<div class=\"_villas-365-property-discount-label\">Descuento<\/div><div class=\"_villas-365-property-discount-icon\"><i class=\"fa fa-fw fa-info-circle\"><\/i><\/div><div class=\"_villas-365-property-discount-text\">15% LUJO Promo final de verano \/ Summer end PRMO LUXURY VILLA<\/div>\n\t\t\t\t\t\t\t<\/a>\n\t\t\t\t\t\t\t\t\t\t\t\t\t\t\t\t\t\t\n\t\t\t\t\t\t\t\t\t\t\t\t<div class=\"_villas-365-property-price\" title=\"\u20ac391.00 per night, \u20ac2,737.00 per week\">\n\t\t\t\t\t\t\t<span class=\"_villas-365-property-price-from-text\">Desde<\/span>\n\t\t\t\t\t\t\t<br><span class=\"_villas-365-property-price-value\">\u20ac391.00<\/span>\/noche\t\t\t\t\t\t<\/div>\n\t\t\t\t\t\t\n\t\t\t\t\t\t\t\t\t\t\t<\/div>\n\t\t\t\t<\/div>\n\t\t\t\t<div class=\"col-12\">\n\t\t\t\t\t<div class=\"_villas-365-property-inner-text\">\n\t\t\t\t\t\t<div class=\"row h-100\">\n\t\t\t\t\t\t\t<div class=\"col-12\">\n\t\t\t\t\t\t\t\t<div class=\"row\">\n\t\t\t\t\t\t\t\t\t\t\t\t\t\t\t\t\t\t<div class=\"col-12\">\n\t\t\t\t\t\t\t\t\t\t<h5 class=\"_villas-365-property-name\">\n\t\t\t\t\t\t\t\t\t\t\t<a href=\"https:\/\/almarinavillas.com\/es\/propiedad\/50-baladrar-views-by-almarina-villas\/\" target=\"_blank\">Baladrar Views - By Almarina Villas<\/a>\n\t\t\t\t\t\t\t\t\t\t<\/h5>\n\t\t\t\t\t\t\t\t\t<\/div>\n\t\t\t\t\t\t\t\t\t\n\t\t\t\t\t\t\t\t\t\t\t\t\t\t\t\t\t\t<div class=\"col-12\">\n\t\t\t\t\t\t\t\t\t\t<div class=\"_villas-365-property-summary\">\n\t\t\t\t\t\t\t\t\t\t\t<strong>15% LUJO Promo final de verano \/ Summer end PRMO LUXURY VILLA<\/strong><br><span>15% de descuento entre 7 Sept. 2026 y 18 Sept. 2026<\/span>\t\t\t\t\t\t\t\t\t\t<\/div>\n\t\t\t\t\t\t\t\t\t<\/div>\n\t\t\t\t\t\t\t\t\t\n\t\t\t\t\t\t\t\t\t\t\t\t\t\t\t\t\t\t<div class=\"col-6\">\n\t\t\t\t\t\t\t\t\t\t<div class=\"_villas-365-property-rooms\">\n\t\t<span class=\"_villas-365-property-room\"><i class=\"_villas-365-property-room-icon fas fa-user\"><\/i> 8<\/span>\n\t\t<span class=\"_villas-365-property-room\"><i class=\"_villas-365-property-room-icon fas fa-bed\"><\/i> 4<\/span>\n\t\t<span class=\"_villas-365-property-room\"><i class=\"_villas-365-property-room-icon fas fa-bath\"><\/i> 3<\/span>\n\t<\/div>\n\t\t\t\t\t\t\t\t\t<\/div>\n\t\t\t\t\t\t\t\t\t\n\t\t\t\t\t\t\t\t\t<div class=\"col-6 text-right\">\n\t\t\t\t\t\t\t\t\t\t<a href=\"https:\/\/almarinavillas.com\/es\/propiedad\/50-baladrar-views-by-almarina-villas\/\" target=\"_blank\"\" class=\"_villas-365-property-button _villas-365-property-outline-button btn btn-outline-primary\">Reservar<\/a>\n\t\t\t\t\t\t\t\t\t<\/div>\n\t\t\t\t\t\t\t\t<\/div>\n\t\t\t\t\t\t\t<\/div>\n\t\t\t\t\t\t<\/div>\n\t\t\t\t\t<\/div>\n\t\t\t\t<\/div>\n\t\t\t<\/div>\n\t\t<\/div>\n\t<\/div>\n<\/div>\t\t\t\t\t\t\t\t\t<\/div>\n\t\t\t\t\t\t\t\t<div class=\"_villas-365-property col-md mb-3\">\n\t\t\t\t\t\t\t\t\t\t\t<div class=\"_villas-365-property-inner\">\n\t<div class=\"row h-100\">\n\t\t<div class=\"col-12\">\n\t\t\t<div class=\"row\">\n\t\t\t\t<div class=\"col-12 mb-2\">\n\t\t\t\t\t<div class=\"_villas-365-property-image\">\n\t\t\t\t\t\t\t\t\t\t\t\t<div class=\"_villas-365-property-image-overlay\"><\/div>\n\t\t\t\t\t\t<a href=\"https:\/\/almarinavillas.com\/es\/propiedad\/61-caray-by-almarina-villas\/\" class=\"unstyled-link _villas-365-property-image-link\" style=\"background-image:url('https:\/\/secure.365villas.com\/getimage\/uploads\/config\/alvaroaznar\/property\/gallery\/61\/20260604_091857_8372jpg.jpg');\" target=\"_blank\">\n\t\t\t\t\t\t\t<img decoding=\"async\" src=\"https:\/\/secure.365villas.com\/getimage\/uploads\/config\/alvaroaznar\/property\/gallery\/61\/20260604_091857_8372jpg.jpg\" alt=\"\" class=\"img-fluid d-block d-lg-none\">\n\t\t\t\t\t\t<\/a>\n\t\t\t\t\t\t\t\t\t\t\t\t\t\t\t\t\t\t\t\t\t\t\t\t\t<a href=\"https:\/\/almarinavillas.com\/es\/promociones-especiales\/\" class=\"_villas-365-property-info-label _villas-365-property-discount \" target=\"_blank\">\n\t\t\t\t\t\t\t\t<div class=\"_villas-365-property-discount-label\">Descuento<\/div><div class=\"_villas-365-property-discount-icon\"><i class=\"fa fa-fw fa-info-circle\"><\/i><\/div><div class=\"_villas-365-property-discount-text\">SEPTEMBER SPECIAL DISCOUNT<\/div>\n\t\t\t\t\t\t\t<\/a>\n\t\t\t\t\t\t\t\t\t\t\t\t\t\t\t\t\t\t\n\t\t\t\t\t\t\t\t\t\t\t\t<div class=\"_villas-365-property-price\" title=\"\u20ac440.00 per night, \u20ac3,080.00 per week\">\n\t\t\t\t\t\t\t<span class=\"_villas-365-property-price-from-text\">Desde<\/span>\n\t\t\t\t\t\t\t<br><span class=\"_villas-365-property-price-value\">\u20ac440.00<\/span>\/noche\t\t\t\t\t\t<\/div>\n\t\t\t\t\t\t\n\t\t\t\t\t\t\t\t\t\t\t<\/div>\n\t\t\t\t<\/div>\n\t\t\t\t<div class=\"col-12\">\n\t\t\t\t\t<div class=\"_villas-365-property-inner-text\">\n\t\t\t\t\t\t<div class=\"row h-100\">\n\t\t\t\t\t\t\t<div class=\"col-12\">\n\t\t\t\t\t\t\t\t<div class=\"row\">\n\t\t\t\t\t\t\t\t\t\t\t\t\t\t\t\t\t\t<div class=\"col-12\">\n\t\t\t\t\t\t\t\t\t\t<h5 class=\"_villas-365-property-name\">\n\t\t\t\t\t\t\t\t\t\t\t<a href=\"https:\/\/almarinavillas.com\/es\/propiedad\/61-caray-by-almarina-villas\/\" target=\"_blank\">Casa Caray - Managed by Almarina Villas<\/a>\n\t\t\t\t\t\t\t\t\t\t<\/h5>\n\t\t\t\t\t\t\t\t\t<\/div>\n\t\t\t\t\t\t\t\t\t\n\t\t\t\t\t\t\t\t\t\t\t\t\t\t\t\t\t\t<div class=\"col-12\">\n\t\t\t\t\t\t\t\t\t\t<div class=\"_villas-365-property-summary\">\n\t\t\t\t\t\t\t\t\t\t\t<strong>SEPTEMBER SPECIAL DISCOUNT<\/strong><br><span>15% de descuento entre 7 Sept. 2026 y 20 Sept. 2026<\/span>\t\t\t\t\t\t\t\t\t\t<\/div>\n\t\t\t\t\t\t\t\t\t<\/div>\n\t\t\t\t\t\t\t\t\t\n\t\t\t\t\t\t\t\t\t\t\t\t\t\t\t\t\t\t<div class=\"col-6\">\n\t\t\t\t\t\t\t\t\t\t<div class=\"_villas-365-property-rooms\">\n\t\t<span class=\"_villas-365-property-room\"><i class=\"_villas-365-property-room-icon fas fa-user\"><\/i> 10<\/span>\n\t\t<span class=\"_villas-365-property-room\"><i class=\"_villas-365-property-room-icon fas fa-bed\"><\/i> 5<\/span>\n\t\t<span class=\"_villas-365-property-room\"><i class=\"_villas-365-property-room-icon fas fa-bath\"><\/i> 7<\/span>\n\t<\/div>\n\t\t\t\t\t\t\t\t\t<\/div>\n\t\t\t\t\t\t\t\t\t\n\t\t\t\t\t\t\t\t\t<div class=\"col-6 text-right\">\n\t\t\t\t\t\t\t\t\t\t<a href=\"https:\/\/almarinavillas.com\/es\/propiedad\/61-caray-by-almarina-villas\/\" target=\"_blank\"\" class=\"_villas-365-property-button _villas-365-property-outline-button btn btn-outline-primary\">Reservar<\/a>\n\t\t\t\t\t\t\t\t\t<\/div>\n\t\t\t\t\t\t\t\t<\/div>\n\t\t\t\t\t\t\t<\/div>\n\t\t\t\t\t\t<\/div>\n\t\t\t\t\t<\/div>\n\t\t\t\t<\/div>\n\t\t\t<\/div>\n\t\t<\/div>\n\t<\/div>\n<\/div>\t\t\t\t\t\t\t\t\t<\/div>\n\t\t\t\t\t\t\t\t<div class=\"_villas-365-property col-md mb-3\">\n\t\t\t\t\t\t\t\t\t\t\t<div class=\"_villas-365-property-inner\">\n\t<div class=\"row h-100\">\n\t\t<div class=\"col-12\">\n\t\t\t<div class=\"row\">\n\t\t\t\t<div class=\"col-12 mb-2\">\n\t\t\t\t\t<div class=\"_villas-365-property-image\">\n\t\t\t\t\t\t\t\t\t\t\t\t<div class=\"_villas-365-property-image-overlay\"><\/div>\n\t\t\t\t\t\t<a href=\"https:\/\/almarinavillas.com\/es\/propiedad\/34-mar-y-cel-by-almarina-villas\/\" class=\"unstyled-link _villas-365-property-image-link\" style=\"background-image:url('https:\/\/secure.365villas.com\/getimage\/uploads\/config\/alvaroaznar\/property\/gallery\/34\/20250221_041410_4337jpg.jpg');\" target=\"_blank\">\n\t\t\t\t\t\t\t<img decoding=\"async\" src=\"https:\/\/secure.365villas.com\/getimage\/uploads\/config\/alvaroaznar\/property\/gallery\/34\/20250221_041410_4337jpg.jpg\" alt=\"\" class=\"img-fluid d-block d-lg-none\">\n\t\t\t\t\t\t<\/a>\n\t\t\t\t\t\t\t\t\t\t\t\t\t\t\t\t\t\t\t\t\t\t\t\t\t<a href=\"https:\/\/almarinavillas.com\/es\/promociones-especiales\/\" class=\"_villas-365-property-info-label _villas-365-property-discount \" target=\"_blank\">\n\t\t\t\t\t\t\t\t<div class=\"_villas-365-property-discount-label\">Descuento<\/div><div class=\"_villas-365-property-discount-icon\"><i class=\"fa fa-fw fa-info-circle\"><\/i><\/div><div class=\"_villas-365-property-discount-text\">15 % OFF LAST DAYS SEPTEMBER \/ ULTIMOS D\u00cdAS SEPTIEMBRE<\/div>\n\t\t\t\t\t\t\t<\/a>\n\t\t\t\t\t\t\t\t\t\t\t\t\t\t\t\t\t\t\n\t\t\t\t\t\t\t\t\t\t\t\t<div class=\"_villas-365-property-price\" title=\"\u20ac311.00 per night, \u20ac2,177.00 per week\">\n\t\t\t\t\t\t\t<span class=\"_villas-365-property-price-from-text\">Desde<\/span>\n\t\t\t\t\t\t\t<br><span class=\"_villas-365-property-price-value\">\u20ac311.00<\/span>\/noche\t\t\t\t\t\t<\/div>\n\t\t\t\t\t\t\n\t\t\t\t\t\t\t\t\t\t\t<\/div>\n\t\t\t\t<\/div>\n\t\t\t\t<div class=\"col-12\">\n\t\t\t\t\t<div class=\"_villas-365-property-inner-text\">\n\t\t\t\t\t\t<div class=\"row h-100\">\n\t\t\t\t\t\t\t<div class=\"col-12\">\n\t\t\t\t\t\t\t\t<div class=\"row\">\n\t\t\t\t\t\t\t\t\t\t\t\t\t\t\t\t\t\t<div class=\"col-12\">\n\t\t\t\t\t\t\t\t\t\t<h5 class=\"_villas-365-property-name\">\n\t\t\t\t\t\t\t\t\t\t\t<a href=\"https:\/\/almarinavillas.com\/es\/propiedad\/34-mar-y-cel-by-almarina-villas\/\" target=\"_blank\">Mar y Cel - By Almarina Villas<\/a>\n\t\t\t\t\t\t\t\t\t\t<\/h5>\n\t\t\t\t\t\t\t\t\t<\/div>\n\t\t\t\t\t\t\t\t\t\n\t\t\t\t\t\t\t\t\t\t\t\t\t\t\t\t\t\t<div class=\"col-12\">\n\t\t\t\t\t\t\t\t\t\t<div class=\"_villas-365-property-summary\">\n\t\t\t\t\t\t\t\t\t\t\t<strong>15 % OFF LAST DAYS SEPTEMBER \/ ULTIMOS D\u00cdAS SEPTIEMBRE<\/strong><br><span>15% de descuento entre 8 Sept. 2026 y 25 Sept. 2026<\/span>\t\t\t\t\t\t\t\t\t\t<\/div>\n\t\t\t\t\t\t\t\t\t<\/div>\n\t\t\t\t\t\t\t\t\t\n\t\t\t\t\t\t\t\t\t\t\t\t\t\t\t\t\t\t<div class=\"col-6\">\n\t\t\t\t\t\t\t\t\t\t<div class=\"_villas-365-property-rooms\">\n\t\t<span class=\"_villas-365-property-room\"><i class=\"_villas-365-property-room-icon fas fa-user\"><\/i> 12<\/span>\n\t\t<span class=\"_villas-365-property-room\"><i class=\"_villas-365-property-room-icon fas fa-bed\"><\/i> 5<\/span>\n\t\t<span class=\"_villas-365-property-room\"><i class=\"_villas-365-property-room-icon fas fa-bath\"><\/i> 5<\/span>\n\t<\/div>\n\t\t\t\t\t\t\t\t\t<\/div>\n\t\t\t\t\t\t\t\t\t\n\t\t\t\t\t\t\t\t\t<div class=\"col-6 text-right\">\n\t\t\t\t\t\t\t\t\t\t<a href=\"https:\/\/almarinavillas.com\/es\/propiedad\/34-mar-y-cel-by-almarina-villas\/\" target=\"_blank\"\" class=\"_villas-365-property-button _villas-365-property-outline-button btn btn-outline-primary\">Reservar<\/a>\n\t\t\t\t\t\t\t\t\t<\/div>\n\t\t\t\t\t\t\t\t<\/div>\n\t\t\t\t\t\t\t<\/div>\n\t\t\t\t\t\t<\/div>\n\t\t\t\t\t<\/div>\n\t\t\t\t<\/div>\n\t\t\t<\/div>\n\t\t<\/div>\n\t<\/div>\n<\/div>\t\t\t\t\t\t\t\t\t<\/div>\n\t\t\t\t\t\t\t<\/div>\n\t\t\t\t\t\t<div class=\"row\">\n\t\t\t\t\t\t\t\t\t\t\t\t<div class=\"_villas-365-property col-md mb-3\">\n\t\t\t\t\t\t\t\t\t\t\t<div class=\"_villas-365-property-inner\">\n\t<div class=\"row h-100\">\n\t\t<div class=\"col-12\">\n\t\t\t<div class=\"row\">\n\t\t\t\t<div class=\"col-12 mb-2\">\n\t\t\t\t\t<div class=\"_villas-365-property-image\">\n\t\t\t\t\t\t\t\t\t\t\t\t<div class=\"_villas-365-property-image-overlay\"><\/div>\n\t\t\t\t\t\t<a href=\"https:\/\/almarinavillas.com\/es\/propiedad\/14-brisa-de-mar-by-almarina-villas\/\" class=\"unstyled-link _villas-365-property-image-link\" style=\"background-image:url('https:\/\/secure.365villas.com\/getimage\/uploads\/config\/alvaroaznar\/property\/gallery\/14\/20250206_071150_9997jpg.jpg');\" target=\"_blank\">\n\t\t\t\t\t\t\t<img decoding=\"async\" src=\"https:\/\/secure.365villas.com\/getimage\/uploads\/config\/alvaroaznar\/property\/gallery\/14\/20250206_071150_9997jpg.jpg\" alt=\"\" class=\"img-fluid d-block d-lg-none\">\n\t\t\t\t\t\t<\/a>\n\t\t\t\t\t\t\t\t\t\t\t\t\t\t\t\t\t\t\t\t\t\t\t\t\t<a href=\"https:\/\/almarinavillas.com\/es\/promociones-especiales\/\" class=\"_villas-365-property-info-label _villas-365-property-discount \" target=\"_blank\">\n\t\t\t\t\t\t\t\t<div class=\"_villas-365-property-discount-label\">Descuento<\/div><div class=\"_villas-365-property-discount-icon\"><i class=\"fa fa-fw fa-info-circle\"><\/i><\/div><div class=\"_villas-365-property-discount-text\">15% ESPECIAL ALMARINA - ULTIMOS DIAS \/ LAST MINUTE SEPTEMBER<\/div>\n\t\t\t\t\t\t\t<\/a>\n\t\t\t\t\t\t\t\t\t\t\t\t\t\t\t\t\t\t\n\t\t\t\t\t\t\t\t\t\t\t\t<div class=\"_villas-365-property-price\" title=\"\u20ac252.00 per night, \u20ac1,764.00 per week\">\n\t\t\t\t\t\t\t<span class=\"_villas-365-property-price-from-text\">Desde<\/span>\n\t\t\t\t\t\t\t<br><span class=\"_villas-365-property-price-value\">\u20ac252.00<\/span>\/noche\t\t\t\t\t\t<\/div>\n\t\t\t\t\t\t\n\t\t\t\t\t\t\t\t\t\t\t<\/div>\n\t\t\t\t<\/div>\n\t\t\t\t<div class=\"col-12\">\n\t\t\t\t\t<div class=\"_villas-365-property-inner-text\">\n\t\t\t\t\t\t<div class=\"row h-100\">\n\t\t\t\t\t\t\t<div class=\"col-12\">\n\t\t\t\t\t\t\t\t<div class=\"row\">\n\t\t\t\t\t\t\t\t\t\t\t\t\t\t\t\t\t\t<div class=\"col-12\">\n\t\t\t\t\t\t\t\t\t\t<h5 class=\"_villas-365-property-name\">\n\t\t\t\t\t\t\t\t\t\t\t<a href=\"https:\/\/almarinavillas.com\/es\/propiedad\/14-brisa-de-mar-by-almarina-villas\/\" target=\"_blank\">Brisa de Mar - By Almarina Villas<\/a>\n\t\t\t\t\t\t\t\t\t\t<\/h5>\n\t\t\t\t\t\t\t\t\t<\/div>\n\t\t\t\t\t\t\t\t\t\n\t\t\t\t\t\t\t\t\t\t\t\t\t\t\t\t\t\t<div class=\"col-12\">\n\t\t\t\t\t\t\t\t\t\t<div class=\"_villas-365-property-summary\">\n\t\t\t\t\t\t\t\t\t\t\t<strong>15% ESPECIAL ALMARINA - ULTIMOS DIAS \/ LAST MINUTE SEPTEMBER<\/strong><br><span>20% de descuento entre 9 Sept. 2026 y 12 Sept. 2026<\/span>\t\t\t\t\t\t\t\t\t\t<\/div>\n\t\t\t\t\t\t\t\t\t<\/div>\n\t\t\t\t\t\t\t\t\t\n\t\t\t\t\t\t\t\t\t\t\t\t\t\t\t\t\t\t<div class=\"col-6\">\n\t\t\t\t\t\t\t\t\t\t<div class=\"_villas-365-property-rooms\">\n\t\t<span class=\"_villas-365-property-room\"><i class=\"_villas-365-property-room-icon fas fa-user\"><\/i> 10<\/span>\n\t\t<span class=\"_villas-365-property-room\"><i class=\"_villas-365-property-room-icon fas fa-bed\"><\/i> 5<\/span>\n\t\t<span class=\"_villas-365-property-room\"><i class=\"_villas-365-property-room-icon fas fa-bath\"><\/i> 4<\/span>\n\t<\/div>\n\t\t\t\t\t\t\t\t\t<\/div>\n\t\t\t\t\t\t\t\t\t\n\t\t\t\t\t\t\t\t\t<div class=\"col-6 text-right\">\n\t\t\t\t\t\t\t\t\t\t<a href=\"https:\/\/almarinavillas.com\/es\/propiedad\/14-brisa-de-mar-by-almarina-villas\/\" target=\"_blank\"\" class=\"_villas-365-property-button _villas-365-property-outline-button btn btn-outline-primary\">Reservar<\/a>\n\t\t\t\t\t\t\t\t\t<\/div>\n\t\t\t\t\t\t\t\t<\/div>\n\t\t\t\t\t\t\t<\/div>\n\t\t\t\t\t\t<\/div>\n\t\t\t\t\t<\/div>\n\t\t\t\t<\/div>\n\t\t\t<\/div>\n\t\t<\/div>\n\t<\/div>\n<\/div>\t\t\t\t\t\t\t\t\t<\/div>\n\t\t\t\t\t\t\t\t<div class=\"_villas-365-property col-md mb-3\">\n\t\t\t\t\t\t\t\t\t\t\t<div class=\"_villas-365-property-inner\">\n\t<div class=\"row h-100\">\n\t\t<div class=\"col-12\">\n\t\t\t<div class=\"row\">\n\t\t\t\t<div class=\"col-12 mb-2\">\n\t\t\t\t\t<div class=\"_villas-365-property-image\">\n\t\t\t\t\t\t\t\t\t\t\t\t<div class=\"_villas-365-property-image-overlay\"><\/div>\n\t\t\t\t\t\t<a href=\"https:\/\/almarinavillas.com\/es\/propiedad\/48-naranja-by-almarina-villas\/\" class=\"unstyled-link _villas-365-property-image-link\" style=\"background-image:url('https:\/\/secure.365villas.com\/getimage\/uploads\/config\/alvaroaznar\/property\/gallery\/48\/20250219_050025_3076jpg.jpg');\" target=\"_blank\">\n\t\t\t\t\t\t\t<img decoding=\"async\" src=\"https:\/\/secure.365villas.com\/getimage\/uploads\/config\/alvaroaznar\/property\/gallery\/48\/20250219_050025_3076jpg.jpg\" alt=\"\" class=\"img-fluid d-block d-lg-none\">\n\t\t\t\t\t\t<\/a>\n\t\t\t\t\t\t\t\t\t\t\t\t\t\t\t\t\t\t\t\t\t\t\t\t\t<a href=\"https:\/\/almarinavillas.com\/es\/promociones-especiales\/\" class=\"_villas-365-property-info-label _villas-365-property-discount \" target=\"_blank\">\n\t\t\t\t\t\t\t\t<div class=\"_villas-365-property-discount-label\">Descuento<\/div><div class=\"_villas-365-property-discount-icon\"><i class=\"fa fa-fw fa-info-circle\"><\/i><\/div><div class=\"_villas-365-property-discount-text\">UP TO 15% SEPTEMBER DISCOUNT - HASTA EL 15% SEPTIEMBRE VILLA CON ENCANTO<\/div>\n\t\t\t\t\t\t\t<\/a>\n\t\t\t\t\t\t\t\t\t\t\t\t\t\t\t\t\t\t\n\t\t\t\t\t\t\t\t\t\t\t\t<div class=\"_villas-365-property-price\" title=\"\u20ac241.00 per night, \u20ac1,687.00 per week\">\n\t\t\t\t\t\t\t<span class=\"_villas-365-property-price-from-text\">Desde<\/span>\n\t\t\t\t\t\t\t<br><span class=\"_villas-365-property-price-value\">\u20ac241.00<\/span>\/noche\t\t\t\t\t\t<\/div>\n\t\t\t\t\t\t\n\t\t\t\t\t\t\t\t\t\t\t<\/div>\n\t\t\t\t<\/div>\n\t\t\t\t<div class=\"col-12\">\n\t\t\t\t\t<div class=\"_villas-365-property-inner-text\">\n\t\t\t\t\t\t<div class=\"row h-100\">\n\t\t\t\t\t\t\t<div class=\"col-12\">\n\t\t\t\t\t\t\t\t<div class=\"row\">\n\t\t\t\t\t\t\t\t\t\t\t\t\t\t\t\t\t\t<div class=\"col-12\">\n\t\t\t\t\t\t\t\t\t\t<h5 class=\"_villas-365-property-name\">\n\t\t\t\t\t\t\t\t\t\t\t<a href=\"https:\/\/almarinavillas.com\/es\/propiedad\/48-naranja-by-almarina-villas\/\" target=\"_blank\">Naranja - By Almarina Villas<\/a>\n\t\t\t\t\t\t\t\t\t\t<\/h5>\n\t\t\t\t\t\t\t\t\t<\/div>\n\t\t\t\t\t\t\t\t\t\n\t\t\t\t\t\t\t\t\t\t\t\t\t\t\t\t\t\t<div class=\"col-12\">\n\t\t\t\t\t\t\t\t\t\t<div class=\"_villas-365-property-summary\">\n\t\t\t\t\t\t\t\t\t\t\t<strong>UP TO 15% SEPTEMBER DISCOUNT - HASTA EL 15% SEPTIEMBRE VILLA CON ENCANTO<\/strong><br><span>15% de descuento entre 12 Sept. 2026 y 24 Sept. 2026<\/span>\t\t\t\t\t\t\t\t\t\t<\/div>\n\t\t\t\t\t\t\t\t\t<\/div>\n\t\t\t\t\t\t\t\t\t\n\t\t\t\t\t\t\t\t\t\t\t\t\t\t\t\t\t\t<div class=\"col-6\">\n\t\t\t\t\t\t\t\t\t\t<div class=\"_villas-365-property-rooms\">\n\t\t<span class=\"_villas-365-property-room\"><i class=\"_villas-365-property-room-icon fas fa-user\"><\/i> 8<\/span>\n\t\t<span class=\"_villas-365-property-room\"><i class=\"_villas-365-property-room-icon fas fa-bed\"><\/i> 6<\/span>\n\t\t<span class=\"_villas-365-property-room\"><i class=\"_villas-365-property-room-icon fas fa-bath\"><\/i> 4<\/span>\n\t<\/div>\n\t\t\t\t\t\t\t\t\t<\/div>\n\t\t\t\t\t\t\t\t\t\n\t\t\t\t\t\t\t\t\t<div class=\"col-6 text-right\">\n\t\t\t\t\t\t\t\t\t\t<a href=\"https:\/\/almarinavillas.com\/es\/propiedad\/48-naranja-by-almarina-villas\/\" target=\"_blank\"\" class=\"_villas-365-property-button _villas-365-property-outline-button btn btn-outline-primary\">Reservar<\/a>\n\t\t\t\t\t\t\t\t\t<\/div>\n\t\t\t\t\t\t\t\t<\/div>\n\t\t\t\t\t\t\t<\/div>\n\t\t\t\t\t\t<\/div>\n\t\t\t\t\t<\/div>\n\t\t\t\t<\/div>\n\t\t\t<\/div>\n\t\t<\/div>\n\t<\/div>\n<\/div>\t\t\t\t\t\t\t\t\t<\/div>\n\t\t\t\t\t\t\t\t<div class=\"_villas-365-property col-md mb-3\">\n\t\t\t\t\t\t\t\t\t\t\t<div class=\"_villas-365-property-inner\">\n\t<div class=\"row h-100\">\n\t\t<div class=\"col-12\">\n\t\t\t<div class=\"row\">\n\t\t\t\t<div class=\"col-12 mb-2\">\n\t\t\t\t\t<div class=\"_villas-365-property-image\">\n\t\t\t\t\t\t\t\t\t\t\t\t<div class=\"_villas-365-property-image-overlay\"><\/div>\n\t\t\t\t\t\t<a href=\"https:\/\/almarinavillas.com\/es\/propiedad\/51-atlas-by-almarina-villas\/\" class=\"unstyled-link _villas-365-property-image-link\" style=\"background-image:url('https:\/\/secure.365villas.com\/getimage\/uploads\/config\/alvaroaznar\/property\/gallery\/51\/20260226_094809_5858jpg.jpg');\" target=\"_blank\">\n\t\t\t\t\t\t\t<img decoding=\"async\" src=\"https:\/\/secure.365villas.com\/getimage\/uploads\/config\/alvaroaznar\/property\/gallery\/51\/20260226_094809_5858jpg.jpg\" alt=\"\" class=\"img-fluid d-block d-lg-none\">\n\t\t\t\t\t\t<\/a>\n\t\t\t\t\t\t\t\t\t\t\t\t\t\t\t\t\t\t\t\t\t\t\t\t\t<a href=\"https:\/\/almarinavillas.com\/es\/promociones-especiales\/\" class=\"_villas-365-property-info-label _villas-365-property-discount \" target=\"_blank\">\n\t\t\t\t\t\t\t\t<div class=\"_villas-365-property-discount-label\">Descuento<\/div><div class=\"_villas-365-property-discount-icon\"><i class=\"fa fa-fw fa-info-circle\"><\/i><\/div><div class=\"_villas-365-property-discount-text\">15% ESPECIAL ALMARINA - ULTIMOS DIAS \/ LAST MINUTE SEPTEMBER<\/div>\n\t\t\t\t\t\t\t<\/a>\n\t\t\t\t\t\t\t\t\t\t\t\t\t\t\t\t\t\t\n\t\t\t\t\t\t\t\t\t\t\t\t<div class=\"_villas-365-property-price\" title=\"\u20ac309.00 per night, \u20ac2,163.00 per week\">\n\t\t\t\t\t\t\t<span class=\"_villas-365-property-price-from-text\">Desde<\/span>\n\t\t\t\t\t\t\t<br><span class=\"_villas-365-property-price-value\">\u20ac309.00<\/span>\/noche\t\t\t\t\t\t<\/div>\n\t\t\t\t\t\t\n\t\t\t\t\t\t\t\t\t\t\t<\/div>\n\t\t\t\t<\/div>\n\t\t\t\t<div class=\"col-12\">\n\t\t\t\t\t<div class=\"_villas-365-property-inner-text\">\n\t\t\t\t\t\t<div class=\"row h-100\">\n\t\t\t\t\t\t\t<div class=\"col-12\">\n\t\t\t\t\t\t\t\t<div class=\"row\">\n\t\t\t\t\t\t\t\t\t\t\t\t\t\t\t\t\t\t<div class=\"col-12\">\n\t\t\t\t\t\t\t\t\t\t<h5 class=\"_villas-365-property-name\">\n\t\t\t\t\t\t\t\t\t\t\t<a href=\"https:\/\/almarinavillas.com\/es\/propiedad\/51-atlas-by-almarina-villas\/\" target=\"_blank\">Atlas - by Almarina Villas<\/a>\n\t\t\t\t\t\t\t\t\t\t<\/h5>\n\t\t\t\t\t\t\t\t\t<\/div>\n\t\t\t\t\t\t\t\t\t\n\t\t\t\t\t\t\t\t\t\t\t\t\t\t\t\t\t\t<div class=\"col-12\">\n\t\t\t\t\t\t\t\t\t\t<div class=\"_villas-365-property-summary\">\n\t\t\t\t\t\t\t\t\t\t\t<strong>15% ESPECIAL ALMARINA - ULTIMOS DIAS \/ LAST MINUTE SEPTEMBER<\/strong><br><span>15% de descuento entre 12 Sept. 2026 y 30 Sept. 2026<\/span>\t\t\t\t\t\t\t\t\t\t<\/div>\n\t\t\t\t\t\t\t\t\t<\/div>\n\t\t\t\t\t\t\t\t\t\n\t\t\t\t\t\t\t\t\t\t\t\t\t\t\t\t\t\t<div class=\"col-6\">\n\t\t\t\t\t\t\t\t\t\t<div class=\"_villas-365-property-rooms\">\n\t\t<span class=\"_villas-365-property-room\"><i class=\"_villas-365-property-room-icon fas fa-user\"><\/i> 8<\/span>\n\t\t<span class=\"_villas-365-property-room\"><i class=\"_villas-365-property-room-icon fas fa-bed\"><\/i> 4<\/span>\n\t\t<span class=\"_villas-365-property-room\"><i class=\"_villas-365-property-room-icon fas fa-bath\"><\/i> 3<\/span>\n\t<\/div>\n\t\t\t\t\t\t\t\t\t<\/div>\n\t\t\t\t\t\t\t\t\t\n\t\t\t\t\t\t\t\t\t<div class=\"col-6 text-right\">\n\t\t\t\t\t\t\t\t\t\t<a href=\"https:\/\/almarinavillas.com\/es\/propiedad\/51-atlas-by-almarina-villas\/\" target=\"_blank\"\" class=\"_villas-365-property-button _villas-365-property-outline-button btn btn-outline-primary\">Reservar<\/a>\n\t\t\t\t\t\t\t\t\t<\/div>\n\t\t\t\t\t\t\t\t<\/div>\n\t\t\t\t\t\t\t<\/div>\n\t\t\t\t\t\t<\/div>\n\t\t\t\t\t<\/div>\n\t\t\t\t<\/div>\n\t\t\t<\/div>\n\t\t<\/div>\n\t<\/div>\n<\/div>\t\t\t\t\t\t\t\t\t<\/div>\n\t\t\t\t\t\t\t<\/div>\n\t\t\t\t\t\t<div class=\"row\">\n\t\t\t\t\t\t\t\t\t\t\t\t<div class=\"_villas-365-property col-md mb-3\">\n\t\t\t\t\t\t\t\t\t\t\t<div class=\"_villas-365-property-inner\">\n\t<div class=\"row h-100\">\n\t\t<div class=\"col-12\">\n\t\t\t<div class=\"row\">\n\t\t\t\t<div class=\"col-12 mb-2\">\n\t\t\t\t\t<div class=\"_villas-365-property-image\">\n\t\t\t\t\t\t\t\t\t\t\t\t<div class=\"_villas-365-property-image-overlay\"><\/div>\n\t\t\t\t\t\t<a href=\"https:\/\/almarinavillas.com\/es\/propiedad\/24-the-sea-views-by-almarina-villas\/\" class=\"unstyled-link _villas-365-property-image-link\" style=\"background-image:url('https:\/\/secure.365villas.com\/getimage\/uploads\/config\/alvaroaznar\/property\/gallery\/24\/20250425_074959_5312jpg.jpg');\" target=\"_blank\">\n\t\t\t\t\t\t\t<img decoding=\"async\" src=\"https:\/\/secure.365villas.com\/getimage\/uploads\/config\/alvaroaznar\/property\/gallery\/24\/20250425_074959_5312jpg.jpg\" alt=\"\" class=\"img-fluid d-block d-lg-none\">\n\t\t\t\t\t\t<\/a>\n\t\t\t\t\t\t\t\t\t\t\t\t\t\t\t\t\t\t\t\t\t\t\t\t\t<a href=\"https:\/\/almarinavillas.com\/es\/promociones-especiales\/\" class=\"_villas-365-property-info-label _villas-365-property-discount \" target=\"_blank\">\n\t\t\t\t\t\t\t\t<div class=\"_villas-365-property-discount-label\">Descuento<\/div><div class=\"_villas-365-property-discount-icon\"><i class=\"fa fa-fw fa-info-circle\"><\/i><\/div><div class=\"_villas-365-property-discount-text\">LAST DAYS SEPTEMBER -15% \/ ULTIMOS D\u00cdAS SEPTIEMBRE<\/div>\n\t\t\t\t\t\t\t<\/a>\n\t\t\t\t\t\t\t\t\t\t\t\t\t\t\t\t\t\t\n\t\t\t\t\t\t\t\t\t\t\t\t<div class=\"_villas-365-property-price\" title=\"\u20ac236.00 per night, \u20ac1,652.00 per week\">\n\t\t\t\t\t\t\t<span class=\"_villas-365-property-price-from-text\">Desde<\/span>\n\t\t\t\t\t\t\t<br><span class=\"_villas-365-property-price-value\">\u20ac236.00<\/span>\/noche\t\t\t\t\t\t<\/div>\n\t\t\t\t\t\t\n\t\t\t\t\t\t\t\t\t\t\t<\/div>\n\t\t\t\t<\/div>\n\t\t\t\t<div class=\"col-12\">\n\t\t\t\t\t<div class=\"_villas-365-property-inner-text\">\n\t\t\t\t\t\t<div class=\"row h-100\">\n\t\t\t\t\t\t\t<div class=\"col-12\">\n\t\t\t\t\t\t\t\t<div class=\"row\">\n\t\t\t\t\t\t\t\t\t\t\t\t\t\t\t\t\t\t<div class=\"col-12\">\n\t\t\t\t\t\t\t\t\t\t<h5 class=\"_villas-365-property-name\">\n\t\t\t\t\t\t\t\t\t\t\t<a href=\"https:\/\/almarinavillas.com\/es\/propiedad\/24-the-sea-views-by-almarina-villas\/\" target=\"_blank\">The Sea Views - By Almarina Villas<\/a>\n\t\t\t\t\t\t\t\t\t\t<\/h5>\n\t\t\t\t\t\t\t\t\t<\/div>\n\t\t\t\t\t\t\t\t\t\n\t\t\t\t\t\t\t\t\t\t\t\t\t\t\t\t\t\t<div class=\"col-12\">\n\t\t\t\t\t\t\t\t\t\t<div class=\"_villas-365-property-summary\">\n\t\t\t\t\t\t\t\t\t\t\t<strong>LAST DAYS SEPTEMBER -15% \/ ULTIMOS D\u00cdAS SEPTIEMBRE<\/strong><br><span>20% de descuento entre 13 Sept. 2026 y 22 Sept. 2026<\/span>\t\t\t\t\t\t\t\t\t\t<\/div>\n\t\t\t\t\t\t\t\t\t<\/div>\n\t\t\t\t\t\t\t\t\t\n\t\t\t\t\t\t\t\t\t\t\t\t\t\t\t\t\t\t<div class=\"col-6\">\n\t\t\t\t\t\t\t\t\t\t<div class=\"_villas-365-property-rooms\">\n\t\t<span class=\"_villas-365-property-room\"><i class=\"_villas-365-property-room-icon fas fa-user\"><\/i> 8<\/span>\n\t\t<span class=\"_villas-365-property-room\"><i class=\"_villas-365-property-room-icon fas fa-bed\"><\/i> 4<\/span>\n\t\t<span class=\"_villas-365-property-room\"><i class=\"_villas-365-property-room-icon fas fa-bath\"><\/i> 3<\/span>\n\t<\/div>\n\t\t\t\t\t\t\t\t\t<\/div>\n\t\t\t\t\t\t\t\t\t\n\t\t\t\t\t\t\t\t\t<div class=\"col-6 text-right\">\n\t\t\t\t\t\t\t\t\t\t<a href=\"https:\/\/almarinavillas.com\/es\/propiedad\/24-the-sea-views-by-almarina-villas\/\" target=\"_blank\"\" class=\"_villas-365-property-button _villas-365-property-outline-button btn btn-outline-primary\">Reservar<\/a>\n\t\t\t\t\t\t\t\t\t<\/div>\n\t\t\t\t\t\t\t\t<\/div>\n\t\t\t\t\t\t\t<\/div>\n\t\t\t\t\t\t<\/div>\n\t\t\t\t\t<\/div>\n\t\t\t\t<\/div>\n\t\t\t<\/div>\n\t\t<\/div>\n\t<\/div>\n<\/div>\t\t\t\t\t\t\t\t\t<\/div>\n\t\t\t\t\t\t\t\t<div class=\"_villas-365-property col-md mb-3\">\n\t\t\t\t\t\t\t\t\t\t\t<div class=\"_villas-365-property-inner\">\n\t<div class=\"row h-100\">\n\t\t<div class=\"col-12\">\n\t\t\t<div class=\"row\">\n\t\t\t\t<div class=\"col-12 mb-2\">\n\t\t\t\t\t<div class=\"_villas-365-property-image\">\n\t\t\t\t\t\t\t\t\t\t\t\t<div class=\"_villas-365-property-image-overlay\"><\/div>\n\t\t\t\t\t\t<a href=\"https:\/\/almarinavillas.com\/es\/propiedad\/58-bahia-de-javea-by-almarina-villas\/\" class=\"unstyled-link _villas-365-property-image-link\" style=\"background-image:url('https:\/\/secure.365villas.com\/getimage\/uploads\/config\/alvaroaznar\/property\/gallery\/58\/20260421_074429_1311jpg.jpg');\" target=\"_blank\">\n\t\t\t\t\t\t\t<img decoding=\"async\" src=\"https:\/\/secure.365villas.com\/getimage\/uploads\/config\/alvaroaznar\/property\/gallery\/58\/20260421_074429_1311jpg.jpg\" alt=\"\" class=\"img-fluid d-block d-lg-none\">\n\t\t\t\t\t\t<\/a>\n\t\t\t\t\t\t\t\t\t\t\t\t\t\t\t\t\t\t\t\t\t\t\t\t\t<a href=\"https:\/\/almarinavillas.com\/es\/promociones-especiales\/\" class=\"_villas-365-property-info-label _villas-365-property-discount \" target=\"_blank\">\n\t\t\t\t\t\t\t\t<div class=\"_villas-365-property-discount-label\">Descuento<\/div><div class=\"_villas-365-property-discount-icon\"><i class=\"fa fa-fw fa-info-circle\"><\/i><\/div><div class=\"_villas-365-property-discount-text\">20% ESPECIAL PLAYA- ULTIMOS DIAS \/ LAST MINUTE SEA FRONT SEPTEMBER<\/div>\n\t\t\t\t\t\t\t<\/a>\n\t\t\t\t\t\t\t\t\t\t\t\t\t\t\t\t\t\t\n\t\t\t\t\t\t\t\t\t\t\t\t<div class=\"_villas-365-property-price\" title=\"\u20ac318.00 per night, \u20ac2,226.00 per week\">\n\t\t\t\t\t\t\t<span class=\"_villas-365-property-price-from-text\">Desde<\/span>\n\t\t\t\t\t\t\t<br><span class=\"_villas-365-property-price-value\">\u20ac318.00<\/span>\/noche\t\t\t\t\t\t<\/div>\n\t\t\t\t\t\t\n\t\t\t\t\t\t\t\t\t\t\t<\/div>\n\t\t\t\t<\/div>\n\t\t\t\t<div class=\"col-12\">\n\t\t\t\t\t<div class=\"_villas-365-property-inner-text\">\n\t\t\t\t\t\t<div class=\"row h-100\">\n\t\t\t\t\t\t\t<div class=\"col-12\">\n\t\t\t\t\t\t\t\t<div class=\"row\">\n\t\t\t\t\t\t\t\t\t\t\t\t\t\t\t\t\t\t<div class=\"col-12\">\n\t\t\t\t\t\t\t\t\t\t<h5 class=\"_villas-365-property-name\">\n\t\t\t\t\t\t\t\t\t\t\t<a href=\"https:\/\/almarinavillas.com\/es\/propiedad\/58-bahia-de-javea-by-almarina-villas\/\" target=\"_blank\">Bah\u00eda de J\u00e1vea - Managed by Almarina Villas<\/a>\n\t\t\t\t\t\t\t\t\t\t<\/h5>\n\t\t\t\t\t\t\t\t\t<\/div>\n\t\t\t\t\t\t\t\t\t\n\t\t\t\t\t\t\t\t\t\t\t\t\t\t\t\t\t\t<div class=\"col-12\">\n\t\t\t\t\t\t\t\t\t\t<div class=\"_villas-365-property-summary\">\n\t\t\t\t\t\t\t\t\t\t\t<strong>20% ESPECIAL PLAYA- ULTIMOS DIAS \/ LAST MINUTE SEA FRONT SEPTEMBER<\/strong><br><span>20% de descuento entre 13 Sept. 2026 y 22 Sept. 2026<\/span>\t\t\t\t\t\t\t\t\t\t<\/div>\n\t\t\t\t\t\t\t\t\t<\/div>\n\t\t\t\t\t\t\t\t\t\n\t\t\t\t\t\t\t\t\t\t\t\t\t\t\t\t\t\t<div class=\"col-6\">\n\t\t\t\t\t\t\t\t\t\t<div class=\"_villas-365-property-rooms\">\n\t\t<span class=\"_villas-365-property-room\"><i class=\"_villas-365-property-room-icon fas fa-user\"><\/i> 8<\/span>\n\t\t<span class=\"_villas-365-property-room\"><i class=\"_villas-365-property-room-icon fas fa-bed\"><\/i> 5<\/span>\n\t\t<span class=\"_villas-365-property-room\"><i class=\"_villas-365-property-room-icon fas fa-bath\"><\/i> 3<\/span>\n\t<\/div>\n\t\t\t\t\t\t\t\t\t<\/div>\n\t\t\t\t\t\t\t\t\t\n\t\t\t\t\t\t\t\t\t<div class=\"col-6 text-right\">\n\t\t\t\t\t\t\t\t\t\t<a href=\"https:\/\/almarinavillas.com\/es\/propiedad\/58-bahia-de-javea-by-almarina-villas\/\" target=\"_blank\"\" class=\"_villas-365-property-button _villas-365-property-outline-button btn btn-outline-primary\">Reservar<\/a>\n\t\t\t\t\t\t\t\t\t<\/div>\n\t\t\t\t\t\t\t\t<\/div>\n\t\t\t\t\t\t\t<\/div>\n\t\t\t\t\t\t<\/div>\n\t\t\t\t\t<\/div>\n\t\t\t\t<\/div>\n\t\t\t<\/div>\n\t\t<\/div>\n\t<\/div>\n<\/div>\t\t\t\t\t\t\t\t\t<\/div>\n\t\t\t\t\t\t\t\t<div class=\"_villas-365-property col-md mb-3\">\n\t\t\t\t\t\t\t\t\t\t\t<div class=\"_villas-365-property-inner\">\n\t<div class=\"row h-100\">\n\t\t<div class=\"col-12\">\n\t\t\t<div class=\"row\">\n\t\t\t\t<div class=\"col-12 mb-2\">\n\t\t\t\t\t<div class=\"_villas-365-property-image\">\n\t\t\t\t\t\t\t\t\t\t\t\t<div class=\"_villas-365-property-image-overlay\"><\/div>\n\t\t\t\t\t\t<a href=\"https:\/\/almarinavillas.com\/es\/propiedad\/57-miramar-by-almarina-villas\/\" class=\"unstyled-link _villas-365-property-image-link\" style=\"background-image:url('https:\/\/secure.365villas.com\/getimage\/uploads\/config\/alvaroaznar\/property\/gallery\/57\/20260516_091826_7811jpg.jpg');\" target=\"_blank\">\n\t\t\t\t\t\t\t<img decoding=\"async\" src=\"https:\/\/secure.365villas.com\/getimage\/uploads\/config\/alvaroaznar\/property\/gallery\/57\/20260516_091826_7811jpg.jpg\" alt=\"\" class=\"img-fluid d-block d-lg-none\">\n\t\t\t\t\t\t<\/a>\n\t\t\t\t\t\t\t\t\t\t\t\t\t\t\t\t\t\t\t\t\t\t\t\t\t<a href=\"https:\/\/almarinavillas.com\/es\/promociones-especiales\/\" class=\"_villas-365-property-info-label _villas-365-property-discount \" target=\"_blank\">\n\t\t\t\t\t\t\t\t<div class=\"_villas-365-property-discount-label\">Descuento<\/div><div class=\"_villas-365-property-discount-icon\"><i class=\"fa fa-fw fa-info-circle\"><\/i><\/div><div class=\"_villas-365-property-discount-text\">SPECIAL DISCOUNT SEPT 14-21TH<\/div>\n\t\t\t\t\t\t\t<\/a>\n\t\t\t\t\t\t\t\t\t\t\t\t\t\t\t\t\t\t\n\t\t\t\t\t\t\t\t\t\t\t\t<div class=\"_villas-365-property-price\" title=\"\u20ac290.00 per night, \u20ac2,030.00 per week\">\n\t\t\t\t\t\t\t<span class=\"_villas-365-property-price-from-text\">Desde<\/span>\n\t\t\t\t\t\t\t<br><span class=\"_villas-365-property-price-value\">\u20ac290.00<\/span>\/noche\t\t\t\t\t\t<\/div>\n\t\t\t\t\t\t\n\t\t\t\t\t\t\t\t\t\t\t<\/div>\n\t\t\t\t<\/div>\n\t\t\t\t<div class=\"col-12\">\n\t\t\t\t\t<div class=\"_villas-365-property-inner-text\">\n\t\t\t\t\t\t<div class=\"row h-100\">\n\t\t\t\t\t\t\t<div class=\"col-12\">\n\t\t\t\t\t\t\t\t<div class=\"row\">\n\t\t\t\t\t\t\t\t\t\t\t\t\t\t\t\t\t\t<div class=\"col-12\">\n\t\t\t\t\t\t\t\t\t\t<h5 class=\"_villas-365-property-name\">\n\t\t\t\t\t\t\t\t\t\t\t<a href=\"https:\/\/almarinavillas.com\/es\/propiedad\/57-miramar-by-almarina-villas\/\" target=\"_blank\">Miramar - By Almarina Villas<\/a>\n\t\t\t\t\t\t\t\t\t\t<\/h5>\n\t\t\t\t\t\t\t\t\t<\/div>\n\t\t\t\t\t\t\t\t\t\n\t\t\t\t\t\t\t\t\t\t\t\t\t\t\t\t\t\t<div class=\"col-12\">\n\t\t\t\t\t\t\t\t\t\t<div class=\"_villas-365-property-summary\">\n\t\t\t\t\t\t\t\t\t\t\t<strong>SPECIAL DISCOUNT SEPT 14-21TH<\/strong><br><span>15% de descuento entre 14 Sept. 2026 y 21 Sept. 2026<\/span>\t\t\t\t\t\t\t\t\t\t<\/div>\n\t\t\t\t\t\t\t\t\t<\/div>\n\t\t\t\t\t\t\t\t\t\n\t\t\t\t\t\t\t\t\t\t\t\t\t\t\t\t\t\t<div class=\"col-6\">\n\t\t\t\t\t\t\t\t\t\t<div class=\"_villas-365-property-rooms\">\n\t\t<span class=\"_villas-365-property-room\"><i class=\"_villas-365-property-room-icon fas fa-user\"><\/i> 8<\/span>\n\t\t<span class=\"_villas-365-property-room\"><i class=\"_villas-365-property-room-icon fas fa-bed\"><\/i> 4<\/span>\n\t\t<span class=\"_villas-365-property-room\"><i class=\"_villas-365-property-room-icon fas fa-bath\"><\/i> 4<\/span>\n\t<\/div>\n\t\t\t\t\t\t\t\t\t<\/div>\n\t\t\t\t\t\t\t\t\t\n\t\t\t\t\t\t\t\t\t<div class=\"col-6 text-right\">\n\t\t\t\t\t\t\t\t\t\t<a href=\"https:\/\/almarinavillas.com\/es\/propiedad\/57-miramar-by-almarina-villas\/\" target=\"_blank\"\" class=\"_villas-365-property-button _villas-365-property-outline-button btn btn-outline-primary\">Reservar<\/a>\n\t\t\t\t\t\t\t\t\t<\/div>\n\t\t\t\t\t\t\t\t<\/div>\n\t\t\t\t\t\t\t<\/div>\n\t\t\t\t\t\t<\/div>\n\t\t\t\t\t<\/div>\n\t\t\t\t<\/div>\n\t\t\t<\/div>\n\t\t<\/div>\n\t<\/div>\n<\/div>\t\t\t\t\t\t\t\t\t<\/div>\n\t\t\t\t\t\t\t<\/div>\n\t\t\t\t\t\t<div class=\"row\">\n\t\t\t\t\t\t\t\t\t\t\t\t<div class=\"_villas-365-property col-md mb-3\">\n\t\t\t\t\t\t\t\t\t\t\t<div class=\"_villas-365-property-inner\">\n\t<div class=\"row h-100\">\n\t\t<div class=\"col-12\">\n\t\t\t<div class=\"row\">\n\t\t\t\t<div class=\"col-12 mb-2\">\n\t\t\t\t\t<div class=\"_villas-365-property-image\">\n\t\t\t\t\t\t\t\t\t\t\t\t<div class=\"_villas-365-property-image-overlay\"><\/div>\n\t\t\t\t\t\t<a href=\"https:\/\/almarinavillas.com\/es\/propiedad\/8-coral-by-almarina-villas\/\" class=\"unstyled-link _villas-365-property-image-link\" style=\"background-image:url('https:\/\/secure.365villas.com\/getimage\/uploads\/config\/alvaroaznar\/property\/gallery\/8\/20250205_081947_8957jpg.jpg');\" target=\"_blank\">\n\t\t\t\t\t\t\t<img decoding=\"async\" src=\"https:\/\/secure.365villas.com\/getimage\/uploads\/config\/alvaroaznar\/property\/gallery\/8\/20250205_081947_8957jpg.jpg\" alt=\"\" class=\"img-fluid d-block d-lg-none\">\n\t\t\t\t\t\t<\/a>\n\t\t\t\t\t\t\t\t\t\t\t\t\t\t\t\t\t\t\t\t\t\t\t\t\t<a href=\"https:\/\/almarinavillas.com\/es\/promociones-especiales\/\" class=\"_villas-365-property-info-label _villas-365-property-discount \" target=\"_blank\">\n\t\t\t\t\t\t\t\t<div class=\"_villas-365-property-discount-label\">Descuento<\/div><div class=\"_villas-365-property-discount-icon\"><i class=\"fa fa-fw fa-info-circle\"><\/i><\/div><div class=\"_villas-365-property-discount-text\">SPECIAL DISCOUNT - 14-22 SEPT<\/div>\n\t\t\t\t\t\t\t<\/a>\n\t\t\t\t\t\t\t\t\t\t\t\t\t\t\t\t\t\t\n\t\t\t\t\t\t\t\t\t\t\t\t<div class=\"_villas-365-property-price\" title=\"\u20ac480.00 per night, \u20ac3,360.00 per week\">\n\t\t\t\t\t\t\t<span class=\"_villas-365-property-price-from-text\">Desde<\/span>\n\t\t\t\t\t\t\t<br><span class=\"_villas-365-property-price-value\">\u20ac480.00<\/span>\/noche\t\t\t\t\t\t<\/div>\n\t\t\t\t\t\t\n\t\t\t\t\t\t\t\t\t\t\t<\/div>\n\t\t\t\t<\/div>\n\t\t\t\t<div class=\"col-12\">\n\t\t\t\t\t<div class=\"_villas-365-property-inner-text\">\n\t\t\t\t\t\t<div class=\"row h-100\">\n\t\t\t\t\t\t\t<div class=\"col-12\">\n\t\t\t\t\t\t\t\t<div class=\"row\">\n\t\t\t\t\t\t\t\t\t\t\t\t\t\t\t\t\t\t<div class=\"col-12\">\n\t\t\t\t\t\t\t\t\t\t<h5 class=\"_villas-365-property-name\">\n\t\t\t\t\t\t\t\t\t\t\t<a href=\"https:\/\/almarinavillas.com\/es\/propiedad\/8-coral-by-almarina-villas\/\" target=\"_blank\">Coral - By Almarina Villas<\/a>\n\t\t\t\t\t\t\t\t\t\t<\/h5>\n\t\t\t\t\t\t\t\t\t<\/div>\n\t\t\t\t\t\t\t\t\t\n\t\t\t\t\t\t\t\t\t\t\t\t\t\t\t\t\t\t<div class=\"col-12\">\n\t\t\t\t\t\t\t\t\t\t<div class=\"_villas-365-property-summary\">\n\t\t\t\t\t\t\t\t\t\t\t<strong>SPECIAL DISCOUNT - 14-22 SEPT<\/strong><br><span>15% de descuento entre 14 Sept. 2026 y 22 Sept. 2026<\/span>\t\t\t\t\t\t\t\t\t\t<\/div>\n\t\t\t\t\t\t\t\t\t<\/div>\n\t\t\t\t\t\t\t\t\t\n\t\t\t\t\t\t\t\t\t\t\t\t\t\t\t\t\t\t<div class=\"col-6\">\n\t\t\t\t\t\t\t\t\t\t<div class=\"_villas-365-property-rooms\">\n\t\t<span class=\"_villas-365-property-room\"><i class=\"_villas-365-property-room-icon fas fa-user\"><\/i> 10<\/span>\n\t\t<span class=\"_villas-365-property-room\"><i class=\"_villas-365-property-room-icon fas fa-bed\"><\/i> 5<\/span>\n\t\t<span class=\"_villas-365-property-room\"><i class=\"_villas-365-property-room-icon fas fa-bath\"><\/i> 4<\/span>\n\t<\/div>\n\t\t\t\t\t\t\t\t\t<\/div>\n\t\t\t\t\t\t\t\t\t\n\t\t\t\t\t\t\t\t\t<div class=\"col-6 text-right\">\n\t\t\t\t\t\t\t\t\t\t<a href=\"https:\/\/almarinavillas.com\/es\/propiedad\/8-coral-by-almarina-villas\/\" target=\"_blank\"\" class=\"_villas-365-property-button _villas-365-property-outline-button btn btn-outline-primary\">Reservar<\/a>\n\t\t\t\t\t\t\t\t\t<\/div>\n\t\t\t\t\t\t\t\t<\/div>\n\t\t\t\t\t\t\t<\/div>\n\t\t\t\t\t\t<\/div>\n\t\t\t\t\t<\/div>\n\t\t\t\t<\/div>\n\t\t\t<\/div>\n\t\t<\/div>\n\t<\/div>\n<\/div>\t\t\t\t\t\t\t\t\t<\/div>\n\t\t\t\t\t\t\t\t<div class=\"_villas-365-property col-md mb-3\">\n\t\t\t\t\t\t\t\t\t\t\t<div class=\"_villas-365-property-inner\">\n\t<div class=\"row h-100\">\n\t\t<div class=\"col-12\">\n\t\t\t<div class=\"row\">\n\t\t\t\t<div class=\"col-12 mb-2\">\n\t\t\t\t\t<div class=\"_villas-365-property-image\">\n\t\t\t\t\t\t\t\t\t\t\t\t<div class=\"_villas-365-property-image-overlay\"><\/div>\n\t\t\t\t\t\t<a href=\"https:\/\/almarinavillas.com\/es\/propiedad\/20-buenavista-by-almarina-villas\/\" class=\"unstyled-link _villas-365-property-image-link\" style=\"background-image:url('https:\/\/secure.365villas.com\/getimage\/uploads\/config\/alvaroaznar\/property\/gallery\/20\/20231224_212530_3068jpg.jpg');\" target=\"_blank\">\n\t\t\t\t\t\t\t<img decoding=\"async\" src=\"https:\/\/secure.365villas.com\/getimage\/uploads\/config\/alvaroaznar\/property\/gallery\/20\/20231224_212530_3068jpg.jpg\" alt=\"\" class=\"img-fluid d-block d-lg-none\">\n\t\t\t\t\t\t<\/a>\n\t\t\t\t\t\t\t\t\t\t\t\t\t\t\t\t\t\t\t\t\t\t\t\t\t<a href=\"https:\/\/almarinavillas.com\/es\/promociones-especiales\/\" class=\"_villas-365-property-info-label _villas-365-property-discount \" target=\"_blank\">\n\t\t\t\t\t\t\t\t<div class=\"_villas-365-property-discount-label\">Descuento<\/div><div class=\"_villas-365-property-discount-icon\"><i class=\"fa fa-fw fa-info-circle\"><\/i><\/div><div class=\"_villas-365-property-discount-text\">15% ESPECIAL ALMARINA - ULTIMOS DIAS \/ LAST MINUTE SEPTEMBER<\/div>\n\t\t\t\t\t\t\t<\/a>\n\t\t\t\t\t\t\t\t\t\t\t\t\t\t\t\t\t\t\n\t\t\t\t\t\t\t\t\t\t\t\t<div class=\"_villas-365-property-price\" title=\"\u20ac216.00 per night, \u20ac1,512.00 per week\">\n\t\t\t\t\t\t\t<span class=\"_villas-365-property-price-from-text\">Desde<\/span>\n\t\t\t\t\t\t\t<br><span class=\"_villas-365-property-price-value\">\u20ac216.00<\/span>\/noche\t\t\t\t\t\t<\/div>\n\t\t\t\t\t\t\n\t\t\t\t\t\t\t\t\t\t\t<\/div>\n\t\t\t\t<\/div>\n\t\t\t\t<div class=\"col-12\">\n\t\t\t\t\t<div class=\"_villas-365-property-inner-text\">\n\t\t\t\t\t\t<div class=\"row h-100\">\n\t\t\t\t\t\t\t<div class=\"col-12\">\n\t\t\t\t\t\t\t\t<div class=\"row\">\n\t\t\t\t\t\t\t\t\t\t\t\t\t\t\t\t\t\t<div class=\"col-12\">\n\t\t\t\t\t\t\t\t\t\t<h5 class=\"_villas-365-property-name\">\n\t\t\t\t\t\t\t\t\t\t\t<a href=\"https:\/\/almarinavillas.com\/es\/propiedad\/20-buenavista-by-almarina-villas\/\" target=\"_blank\">Buenavista - By Almarina Villas<\/a>\n\t\t\t\t\t\t\t\t\t\t<\/h5>\n\t\t\t\t\t\t\t\t\t<\/div>\n\t\t\t\t\t\t\t\t\t\n\t\t\t\t\t\t\t\t\t\t\t\t\t\t\t\t\t\t<div class=\"col-12\">\n\t\t\t\t\t\t\t\t\t\t<div class=\"_villas-365-property-summary\">\n\t\t\t\t\t\t\t\t\t\t\t<strong>15% ESPECIAL ALMARINA - ULTIMOS DIAS \/ LAST MINUTE SEPTEMBER<\/strong><br><span>15% de descuento entre 14 Sept. 2026 y 30 Sept. 2026<\/span>\t\t\t\t\t\t\t\t\t\t<\/div>\n\t\t\t\t\t\t\t\t\t<\/div>\n\t\t\t\t\t\t\t\t\t\n\t\t\t\t\t\t\t\t\t\t\t\t\t\t\t\t\t\t<div class=\"col-6\">\n\t\t\t\t\t\t\t\t\t\t<div class=\"_villas-365-property-rooms\">\n\t\t<span class=\"_villas-365-property-room\"><i class=\"_villas-365-property-room-icon fas fa-user\"><\/i> 8<\/span>\n\t\t<span class=\"_villas-365-property-room\"><i class=\"_villas-365-property-room-icon fas fa-bed\"><\/i> 4<\/span>\n\t\t<span class=\"_villas-365-property-room\"><i class=\"_villas-365-property-room-icon fas fa-bath\"><\/i> 4<\/span>\n\t<\/div>\n\t\t\t\t\t\t\t\t\t<\/div>\n\t\t\t\t\t\t\t\t\t\n\t\t\t\t\t\t\t\t\t<div class=\"col-6 text-right\">\n\t\t\t\t\t\t\t\t\t\t<a href=\"https:\/\/almarinavillas.com\/es\/propiedad\/20-buenavista-by-almarina-villas\/\" target=\"_blank\"\" class=\"_villas-365-property-button _villas-365-property-outline-button btn btn-outline-primary\">Reservar<\/a>\n\t\t\t\t\t\t\t\t\t<\/div>\n\t\t\t\t\t\t\t\t<\/div>\n\t\t\t\t\t\t\t<\/div>\n\t\t\t\t\t\t<\/div>\n\t\t\t\t\t<\/div>\n\t\t\t\t<\/div>\n\t\t\t<\/div>\n\t\t<\/div>\n\t<\/div>\n<\/div>\t\t\t\t\t\t\t\t\t<\/div>\n\t\t\t\t\t\t\t\t<div class=\"_villas-365-property col-md mb-3\">\n\t\t\t\t\t\t\t\t\t\t\t<div class=\"_villas-365-property-inner\">\n\t<div class=\"row h-100\">\n\t\t<div class=\"col-12\">\n\t\t\t<div class=\"row\">\n\t\t\t\t<div class=\"col-12 mb-2\">\n\t\t\t\t\t<div class=\"_villas-365-property-image\">\n\t\t\t\t\t\t\t\t\t\t\t\t<div class=\"_villas-365-property-image-overlay\"><\/div>\n\t\t\t\t\t\t<a href=\"https:\/\/almarinavillas.com\/es\/propiedad\/1-la-mar-by-almarina-villas\/\" class=\"unstyled-link _villas-365-property-image-link\" style=\"background-image:url('https:\/\/secure.365villas.com\/getimage\/uploads\/config\/alvaroaznar\/property\/gallery\/1\/20250622_061229_4965jpg.jpg');\" target=\"_blank\">\n\t\t\t\t\t\t\t<img decoding=\"async\" src=\"https:\/\/secure.365villas.com\/getimage\/uploads\/config\/alvaroaznar\/property\/gallery\/1\/20250622_061229_4965jpg.jpg\" alt=\"\" class=\"img-fluid d-block d-lg-none\">\n\t\t\t\t\t\t<\/a>\n\t\t\t\t\t\t\t\t\t\t\t\t\t\t\t\t\t\t\t\t\t\t\t\t\t<a href=\"https:\/\/almarinavillas.com\/es\/promociones-especiales\/\" class=\"_villas-365-property-info-label _villas-365-property-discount \" target=\"_blank\">\n\t\t\t\t\t\t\t\t<div class=\"_villas-365-property-discount-label\">Descuento<\/div><div class=\"_villas-365-property-discount-icon\"><i class=\"fa fa-fw fa-info-circle\"><\/i><\/div><div class=\"_villas-365-property-discount-text\">15% LAST SEPTEMBER WEEKENDS \/ ULTIMOS FINES DE SEMANA SEPTIEMBRE<\/div>\n\t\t\t\t\t\t\t<\/a>\n\t\t\t\t\t\t\t\t\t\t\t\t\t\t\t\t\t\t\n\t\t\t\t\t\t\t\t\t\t\t\t<div class=\"_villas-365-property-price\" title=\"\u20ac369.00 per night, \u20ac2,583.00 per week\">\n\t\t\t\t\t\t\t<span class=\"_villas-365-property-price-from-text\">Desde<\/span>\n\t\t\t\t\t\t\t<br><span class=\"_villas-365-property-price-value\">\u20ac369.00<\/span>\/noche\t\t\t\t\t\t<\/div>\n\t\t\t\t\t\t\n\t\t\t\t\t\t\t\t\t\t\t<\/div>\n\t\t\t\t<\/div>\n\t\t\t\t<div class=\"col-12\">\n\t\t\t\t\t<div class=\"_villas-365-property-inner-text\">\n\t\t\t\t\t\t<div class=\"row h-100\">\n\t\t\t\t\t\t\t<div class=\"col-12\">\n\t\t\t\t\t\t\t\t<div class=\"row\">\n\t\t\t\t\t\t\t\t\t\t\t\t\t\t\t\t\t\t<div class=\"col-12\">\n\t\t\t\t\t\t\t\t\t\t<h5 class=\"_villas-365-property-name\">\n\t\t\t\t\t\t\t\t\t\t\t<a href=\"https:\/\/almarinavillas.com\/es\/propiedad\/1-la-mar-by-almarina-villas\/\" target=\"_blank\">La Mar - By Almarina Villas<\/a>\n\t\t\t\t\t\t\t\t\t\t<\/h5>\n\t\t\t\t\t\t\t\t\t<\/div>\n\t\t\t\t\t\t\t\t\t\n\t\t\t\t\t\t\t\t\t\t\t\t\t\t\t\t\t\t<div class=\"col-12\">\n\t\t\t\t\t\t\t\t\t\t<div class=\"_villas-365-property-summary\">\n\t\t\t\t\t\t\t\t\t\t\t<strong>15% LAST SEPTEMBER WEEKENDS \/ ULTIMOS FINES DE SEMANA SEPTIEMBRE<\/strong><br><span>15% de descuento entre 17 Sept. 2026 y 30 Sept. 2026<\/span>\t\t\t\t\t\t\t\t\t\t<\/div>\n\t\t\t\t\t\t\t\t\t<\/div>\n\t\t\t\t\t\t\t\t\t\n\t\t\t\t\t\t\t\t\t\t\t\t\t\t\t\t\t\t<div class=\"col-6\">\n\t\t\t\t\t\t\t\t\t\t<div class=\"_villas-365-property-rooms\">\n\t\t<span class=\"_villas-365-property-room\"><i class=\"_villas-365-property-room-icon fas fa-user\"><\/i> 14<\/span>\n\t\t<span class=\"_villas-365-property-room\"><i class=\"_villas-365-property-room-icon fas fa-bed\"><\/i> 6<\/span>\n\t\t<span class=\"_villas-365-property-room\"><i class=\"_villas-365-property-room-icon fas fa-bath\"><\/i> 6<\/span>\n\t<\/div>\n\t\t\t\t\t\t\t\t\t<\/div>\n\t\t\t\t\t\t\t\t\t\n\t\t\t\t\t\t\t\t\t<div class=\"col-6 text-right\">\n\t\t\t\t\t\t\t\t\t\t<a href=\"https:\/\/almarinavillas.com\/es\/propiedad\/1-la-mar-by-almarina-villas\/\" target=\"_blank\"\" class=\"_villas-365-property-button _villas-365-property-outline-button btn btn-outline-primary\">Reservar<\/a>\n\t\t\t\t\t\t\t\t\t<\/div>\n\t\t\t\t\t\t\t\t<\/div>\n\t\t\t\t\t\t\t<\/div>\n\t\t\t\t\t\t<\/div>\n\t\t\t\t\t<\/div>\n\t\t\t\t<\/div>\n\t\t\t<\/div>\n\t\t<\/div>\n\t<\/div>\n<\/div>\t\t\t\t\t\t\t\t\t<\/div>\n\t\t\t\t\t\t\t<\/div>\n\t\t\t\t\t\t<div class=\"row\">\n\t\t\t\t\t\t\t\t\t\t\t\t<div class=\"_villas-365-property col-md mb-3\">\n\t\t\t\t\t\t\t\t\t\t\t<div class=\"_villas-365-property-inner\">\n\t<div class=\"row h-100\">\n\t\t<div class=\"col-12\">\n\t\t\t<div class=\"row\">\n\t\t\t\t<div class=\"col-12 mb-2\">\n\t\t\t\t\t<div class=\"_villas-365-property-image\">\n\t\t\t\t\t\t\t\t\t\t\t\t<div class=\"_villas-365-property-image-overlay\"><\/div>\n\t\t\t\t\t\t<a href=\"https:\/\/almarinavillas.com\/es\/propiedad\/10-vertigo-by-almarina-villas\/\" class=\"unstyled-link _villas-365-property-image-link\" style=\"background-image:url('https:\/\/secure.365villas.com\/getimage\/uploads\/config\/alvaroaznar\/property\/gallery\/10\/20250203_054721_47jpg.jpg');\" target=\"_blank\">\n\t\t\t\t\t\t\t<img decoding=\"async\" src=\"https:\/\/secure.365villas.com\/getimage\/uploads\/config\/alvaroaznar\/property\/gallery\/10\/20250203_054721_47jpg.jpg\" alt=\"\" class=\"img-fluid d-block d-lg-none\">\n\t\t\t\t\t\t<\/a>\n\t\t\t\t\t\t\t\t\t\t\t\t\t\t\t\t\t\t\t\t\t\t\t\t\t<a href=\"https:\/\/almarinavillas.com\/es\/promociones-especiales\/\" class=\"_villas-365-property-info-label _villas-365-property-discount \" target=\"_blank\">\n\t\t\t\t\t\t\t\t<div class=\"_villas-365-property-discount-label\">Descuento<\/div><div class=\"_villas-365-property-discount-icon\"><i class=\"fa fa-fw fa-info-circle\"><\/i><\/div><div class=\"_villas-365-property-discount-text\">SEPTEMBER ENDS SPECIAL PROMOTION - 10%<\/div>\n\t\t\t\t\t\t\t<\/a>\n\t\t\t\t\t\t\t\t\t\t\t\t\t\t\t\t\t\t\n\t\t\t\t\t\t\t\t\t\t\t\t<div class=\"_villas-365-property-price\" title=\"\u20ac643.00 per night, \u20ac4,501.00 per week\">\n\t\t\t\t\t\t\t<span class=\"_villas-365-property-price-from-text\">Desde<\/span>\n\t\t\t\t\t\t\t<br><span class=\"_villas-365-property-price-value\">\u20ac643.00<\/span>\/noche\t\t\t\t\t\t<\/div>\n\t\t\t\t\t\t\n\t\t\t\t\t\t\t\t\t\t\t<\/div>\n\t\t\t\t<\/div>\n\t\t\t\t<div class=\"col-12\">\n\t\t\t\t\t<div class=\"_villas-365-property-inner-text\">\n\t\t\t\t\t\t<div class=\"row h-100\">\n\t\t\t\t\t\t\t<div class=\"col-12\">\n\t\t\t\t\t\t\t\t<div class=\"row\">\n\t\t\t\t\t\t\t\t\t\t\t\t\t\t\t\t\t\t<div class=\"col-12\">\n\t\t\t\t\t\t\t\t\t\t<h5 class=\"_villas-365-property-name\">\n\t\t\t\t\t\t\t\t\t\t\t<a href=\"https:\/\/almarinavillas.com\/es\/propiedad\/10-vertigo-by-almarina-villas\/\" target=\"_blank\">Vertigo -  By Almarina Villas<\/a>\n\t\t\t\t\t\t\t\t\t\t<\/h5>\n\t\t\t\t\t\t\t\t\t<\/div>\n\t\t\t\t\t\t\t\t\t\n\t\t\t\t\t\t\t\t\t\t\t\t\t\t\t\t\t\t<div class=\"col-12\">\n\t\t\t\t\t\t\t\t\t\t<div class=\"_villas-365-property-summary\">\n\t\t\t\t\t\t\t\t\t\t\t<strong>SEPTEMBER ENDS SPECIAL PROMOTION - 10%<\/strong><br><span>\u20ac0.00 off between 17 Sep 2026 and 30 Sep 2026<\/span>\t\t\t\t\t\t\t\t\t\t<\/div>\n\t\t\t\t\t\t\t\t\t<\/div>\n\t\t\t\t\t\t\t\t\t\n\t\t\t\t\t\t\t\t\t\t\t\t\t\t\t\t\t\t<div class=\"col-6\">\n\t\t\t\t\t\t\t\t\t\t<div class=\"_villas-365-property-rooms\">\n\t\t<span class=\"_villas-365-property-room\"><i class=\"_villas-365-property-room-icon fas fa-user\"><\/i> 10<\/span>\n\t\t<span class=\"_villas-365-property-room\"><i class=\"_villas-365-property-room-icon fas fa-bed\"><\/i> 5<\/span>\n\t\t<span class=\"_villas-365-property-room\"><i class=\"_villas-365-property-room-icon fas fa-bath\"><\/i> 5<\/span>\n\t<\/div>\n\t\t\t\t\t\t\t\t\t<\/div>\n\t\t\t\t\t\t\t\t\t\n\t\t\t\t\t\t\t\t\t<div class=\"col-6 text-right\">\n\t\t\t\t\t\t\t\t\t\t<a href=\"https:\/\/almarinavillas.com\/es\/propiedad\/10-vertigo-by-almarina-villas\/\" target=\"_blank\"\" class=\"_villas-365-property-button _villas-365-property-outline-button btn btn-outline-primary\">Reservar<\/a>\n\t\t\t\t\t\t\t\t\t<\/div>\n\t\t\t\t\t\t\t\t<\/div>\n\t\t\t\t\t\t\t<\/div>\n\t\t\t\t\t\t<\/div>\n\t\t\t\t\t<\/div>\n\t\t\t\t<\/div>\n\t\t\t<\/div>\n\t\t<\/div>\n\t<\/div>\n<\/div>\t\t\t\t\t\t\t\t\t<\/div>\n\t\t\t\t\t\t\t\t<div class=\"_villas-365-property col-md mb-3\">\n\t\t\t\t\t\t\t\t\t\t\t<div class=\"_villas-365-property-inner\">\n\t<div class=\"row h-100\">\n\t\t<div class=\"col-12\">\n\t\t\t<div class=\"row\">\n\t\t\t\t<div class=\"col-12 mb-2\">\n\t\t\t\t\t<div class=\"_villas-365-property-image\">\n\t\t\t\t\t\t\t\t\t\t\t\t<div class=\"_villas-365-property-image-overlay\"><\/div>\n\t\t\t\t\t\t<a href=\"https:\/\/almarinavillas.com\/es\/propiedad\/29-la-calita-by-almarina-villas\/\" class=\"unstyled-link _villas-365-property-image-link\" style=\"background-image:url('https:\/\/secure.365villas.com\/getimage\/uploads\/config\/alvaroaznar\/property\/gallery\/29\/20230708_012459_2563jpg.jpg');\" target=\"_blank\">\n\t\t\t\t\t\t\t<img decoding=\"async\" src=\"https:\/\/secure.365villas.com\/getimage\/uploads\/config\/alvaroaznar\/property\/gallery\/29\/20230708_012459_2563jpg.jpg\" alt=\"\" class=\"img-fluid d-block d-lg-none\">\n\t\t\t\t\t\t<\/a>\n\t\t\t\t\t\t\t\t\t\t\t\t\t\t\t\t\t\t\t\t\t\t\t\t\t<a href=\"https:\/\/almarinavillas.com\/es\/promociones-especiales\/\" class=\"_villas-365-property-info-label _villas-365-property-discount \" target=\"_blank\">\n\t\t\t\t\t\t\t\t<div class=\"_villas-365-property-discount-label\">Descuento<\/div><div class=\"_villas-365-property-discount-icon\"><i class=\"fa fa-fw fa-info-circle\"><\/i><\/div><div class=\"_villas-365-property-discount-text\">30% DISCOUNT LAST DAYS SEPTEMBER - ULTIMOS D\u00cdAS SEPTIEMBRE<\/div>\n\t\t\t\t\t\t\t<\/a>\n\t\t\t\t\t\t\t\t\t\t\t\t\t\t\t\t\t\t\n\t\t\t\t\t\t\t\t\t\t\t\t<div class=\"_villas-365-property-price\" title=\"\u20ac193.00 per night, \u20ac1,351.00 per week\">\n\t\t\t\t\t\t\t<span class=\"_villas-365-property-price-from-text\">Desde<\/span>\n\t\t\t\t\t\t\t<br><span class=\"_villas-365-property-price-value\">\u20ac193.00<\/span>\/noche\t\t\t\t\t\t<\/div>\n\t\t\t\t\t\t\n\t\t\t\t\t\t\t\t\t\t\t<\/div>\n\t\t\t\t<\/div>\n\t\t\t\t<div class=\"col-12\">\n\t\t\t\t\t<div class=\"_villas-365-property-inner-text\">\n\t\t\t\t\t\t<div class=\"row h-100\">\n\t\t\t\t\t\t\t<div class=\"col-12\">\n\t\t\t\t\t\t\t\t<div class=\"row\">\n\t\t\t\t\t\t\t\t\t\t\t\t\t\t\t\t\t\t<div class=\"col-12\">\n\t\t\t\t\t\t\t\t\t\t<h5 class=\"_villas-365-property-name\">\n\t\t\t\t\t\t\t\t\t\t\t<a href=\"https:\/\/almarinavillas.com\/es\/propiedad\/29-la-calita-by-almarina-villas\/\" target=\"_blank\">La Calita - By Almarina Villas<\/a>\n\t\t\t\t\t\t\t\t\t\t<\/h5>\n\t\t\t\t\t\t\t\t\t<\/div>\n\t\t\t\t\t\t\t\t\t\n\t\t\t\t\t\t\t\t\t\t\t\t\t\t\t\t\t\t<div class=\"col-12\">\n\t\t\t\t\t\t\t\t\t\t<div class=\"_villas-365-property-summary\">\n\t\t\t\t\t\t\t\t\t\t\t<strong>30% DISCOUNT LAST DAYS SEPTEMBER - ULTIMOS D\u00cdAS SEPTIEMBRE<\/strong><br><span>20% de descuento entre 19 Sept. 2026 y 25 Sept. 2026<\/span>\t\t\t\t\t\t\t\t\t\t<\/div>\n\t\t\t\t\t\t\t\t\t<\/div>\n\t\t\t\t\t\t\t\t\t\n\t\t\t\t\t\t\t\t\t\t\t\t\t\t\t\t\t\t<div class=\"col-6\">\n\t\t\t\t\t\t\t\t\t\t<div class=\"_villas-365-property-rooms\">\n\t\t<span class=\"_villas-365-property-room\"><i class=\"_villas-365-property-room-icon fas fa-user\"><\/i> 6<\/span>\n\t\t<span class=\"_villas-365-property-room\"><i class=\"_villas-365-property-room-icon fas fa-bed\"><\/i> 3<\/span>\n\t\t<span class=\"_villas-365-property-room\"><i class=\"_villas-365-property-room-icon fas fa-bath\"><\/i> 2<\/span>\n\t<\/div>\n\t\t\t\t\t\t\t\t\t<\/div>\n\t\t\t\t\t\t\t\t\t\n\t\t\t\t\t\t\t\t\t<div class=\"col-6 text-right\">\n\t\t\t\t\t\t\t\t\t\t<a href=\"https:\/\/almarinavillas.com\/es\/propiedad\/29-la-calita-by-almarina-villas\/\" target=\"_blank\"\" class=\"_villas-365-property-button _villas-365-property-outline-button btn btn-outline-primary\">Reservar<\/a>\n\t\t\t\t\t\t\t\t\t<\/div>\n\t\t\t\t\t\t\t\t<\/div>\n\t\t\t\t\t\t\t<\/div>\n\t\t\t\t\t\t<\/div>\n\t\t\t\t\t<\/div>\n\t\t\t\t<\/div>\n\t\t\t<\/div>\n\t\t<\/div>\n\t<\/div>\n<\/div>\t\t\t\t\t\t\t\t\t<\/div>\n\t\t\t\t\t\t\t\t<div class=\"_villas-365-property col-md mb-3\">\n\t\t\t\t\t\t\t\t\t\t\t<div class=\"_villas-365-property-inner\">\n\t<div class=\"row h-100\">\n\t\t<div class=\"col-12\">\n\t\t\t<div class=\"row\">\n\t\t\t\t<div class=\"col-12 mb-2\">\n\t\t\t\t\t<div class=\"_villas-365-property-image\">\n\t\t\t\t\t\t\t\t\t\t\t\t<div class=\"_villas-365-property-image-overlay\"><\/div>\n\t\t\t\t\t\t<a href=\"https:\/\/almarinavillas.com\/es\/propiedad\/18-romero-by-almarina-villas\/\" class=\"unstyled-link _villas-365-property-image-link\" style=\"background-image:url('https:\/\/secure.365villas.com\/getimage\/uploads\/config\/alvaroaznar\/property\/gallery\/18\/20250206_070340_8708jpg.jpg');\" target=\"_blank\">\n\t\t\t\t\t\t\t<img decoding=\"async\" src=\"https:\/\/secure.365villas.com\/getimage\/uploads\/config\/alvaroaznar\/property\/gallery\/18\/20250206_070340_8708jpg.jpg\" alt=\"\" class=\"img-fluid d-block d-lg-none\">\n\t\t\t\t\t\t<\/a>\n\t\t\t\t\t\t\t\t\t\t\t\t\t\t\t\t\t\t\t\t\t\t\t\t\t<a href=\"https:\/\/almarinavillas.com\/es\/promociones-especiales\/\" class=\"_villas-365-property-info-label _villas-365-property-discount \" target=\"_blank\">\n\t\t\t\t\t\t\t\t<div class=\"_villas-365-property-discount-label\">Descuento<\/div><div class=\"_villas-365-property-discount-icon\"><i class=\"fa fa-fw fa-info-circle\"><\/i><\/div><div class=\"_villas-365-property-discount-text\">21-23 Sept. Promotion<\/div>\n\t\t\t\t\t\t\t<\/a>\n\t\t\t\t\t\t\t\t\t\t\t\t\t\t\t\t\t\t\n\t\t\t\t\t\t\t\t\t\t\t\t<div class=\"_villas-365-property-price\" title=\"\u20ac210.00 per night, \u20ac1,470.00 per week\">\n\t\t\t\t\t\t\t<span class=\"_villas-365-property-price-from-text\">Desde<\/span>\n\t\t\t\t\t\t\t<br><span class=\"_villas-365-property-price-value\">\u20ac210.00<\/span>\/noche\t\t\t\t\t\t<\/div>\n\t\t\t\t\t\t\n\t\t\t\t\t\t\t\t\t\t\t<\/div>\n\t\t\t\t<\/div>\n\t\t\t\t<div class=\"col-12\">\n\t\t\t\t\t<div class=\"_villas-365-property-inner-text\">\n\t\t\t\t\t\t<div class=\"row h-100\">\n\t\t\t\t\t\t\t<div class=\"col-12\">\n\t\t\t\t\t\t\t\t<div class=\"row\">\n\t\t\t\t\t\t\t\t\t\t\t\t\t\t\t\t\t\t<div class=\"col-12\">\n\t\t\t\t\t\t\t\t\t\t<h5 class=\"_villas-365-property-name\">\n\t\t\t\t\t\t\t\t\t\t\t<a href=\"https:\/\/almarinavillas.com\/es\/propiedad\/18-romero-by-almarina-villas\/\" target=\"_blank\">Romero - By Almarina Villas<\/a>\n\t\t\t\t\t\t\t\t\t\t<\/h5>\n\t\t\t\t\t\t\t\t\t<\/div>\n\t\t\t\t\t\t\t\t\t\n\t\t\t\t\t\t\t\t\t\t\t\t\t\t\t\t\t\t<div class=\"col-12\">\n\t\t\t\t\t\t\t\t\t\t<div class=\"_villas-365-property-summary\">\n\t\t\t\t\t\t\t\t\t\t\t<strong>21-23 Sept. Promotion<\/strong><br><span>15% de descuento entre 21 Sept. 2026 y 23 Sept. 2026<\/span>\t\t\t\t\t\t\t\t\t\t<\/div>\n\t\t\t\t\t\t\t\t\t<\/div>\n\t\t\t\t\t\t\t\t\t\n\t\t\t\t\t\t\t\t\t\t\t\t\t\t\t\t\t\t<div class=\"col-6\">\n\t\t\t\t\t\t\t\t\t\t<div class=\"_villas-365-property-rooms\">\n\t\t<span class=\"_villas-365-property-room\"><i class=\"_villas-365-property-room-icon fas fa-user\"><\/i> 8<\/span>\n\t\t<span class=\"_villas-365-property-room\"><i class=\"_villas-365-property-room-icon fas fa-bed\"><\/i> 4<\/span>\n\t\t<span class=\"_villas-365-property-room\"><i class=\"_villas-365-property-room-icon fas fa-bath\"><\/i> 3<\/span>\n\t<\/div>\n\t\t\t\t\t\t\t\t\t<\/div>\n\t\t\t\t\t\t\t\t\t\n\t\t\t\t\t\t\t\t\t<div class=\"col-6 text-right\">\n\t\t\t\t\t\t\t\t\t\t<a href=\"https:\/\/almarinavillas.com\/es\/propiedad\/18-romero-by-almarina-villas\/\" target=\"_blank\"\" class=\"_villas-365-property-button _villas-365-property-outline-button btn btn-outline-primary\">Reservar<\/a>\n\t\t\t\t\t\t\t\t\t<\/div>\n\t\t\t\t\t\t\t\t<\/div>\n\t\t\t\t\t\t\t<\/div>\n\t\t\t\t\t\t<\/div>\n\t\t\t\t\t<\/div>\n\t\t\t\t<\/div>\n\t\t\t<\/div>\n\t\t<\/div>\n\t<\/div>\n<\/div>\t\t\t\t\t\t\t\t\t<\/div>\n\t\t\t\t\t\t\t<\/div>\n\t\t\t\t\t\t<div class=\"row\">\n\t\t\t\t\t\t\t\t\t\t\t\t<div class=\"_villas-365-property col-md mb-3\">\n\t\t\t\t\t\t\t\t\t\t\t<div class=\"_villas-365-property-inner\">\n\t<div class=\"row h-100\">\n\t\t<div class=\"col-12\">\n\t\t\t<div class=\"row\">\n\t\t\t\t<div class=\"col-12 mb-2\">\n\t\t\t\t\t<div class=\"_villas-365-property-image\">\n\t\t\t\t\t\t\t\t\t\t\t\t<div class=\"_villas-365-property-image-overlay\"><\/div>\n\t\t\t\t\t\t<a href=\"https:\/\/almarinavillas.com\/es\/propiedad\/63-finca-campo-mar-by-almarina-villas\/\" class=\"unstyled-link _villas-365-property-image-link\" style=\"background-image:url('https:\/\/secure.365villas.com\/getimage\/uploads\/config\/alvaroaznar\/property\/gallery\/63\/20260710_042500_2334jpg.jpg');\" target=\"_blank\">\n\t\t\t\t\t\t\t<img decoding=\"async\" src=\"https:\/\/secure.365villas.com\/getimage\/uploads\/config\/alvaroaznar\/property\/gallery\/63\/20260710_042500_2334jpg.jpg\" alt=\"\" class=\"img-fluid d-block d-lg-none\">\n\t\t\t\t\t\t<\/a>\n\t\t\t\t\t\t\t\t\t\t\t\t\t\t\t\t\t\t\t\t\t\t\t\t\t<a href=\"https:\/\/almarinavillas.com\/es\/promociones-especiales\/\" class=\"_villas-365-property-info-label _villas-365-property-discount \" target=\"_blank\">\n\t\t\t\t\t\t\t\t<div class=\"_villas-365-property-discount-label\">Descuento<\/div><div class=\"_villas-365-property-discount-icon\"><i class=\"fa fa-fw fa-info-circle\"><\/i><\/div><div class=\"_villas-365-property-discount-text\">NUEVA VILLA DISPONIBLE -10% SEPT 2026 \/ SPECTACULAR NEW VILLA -10% SEPTEMBER<\/div>\n\t\t\t\t\t\t\t<\/a>\n\t\t\t\t\t\t\t\t\t\t\t\t\t\t\t\t\t\t\n\t\t\t\t\t\t\t\t\t\t\t\t<div class=\"_villas-365-property-price\" title=\"\u20ac482.00 per night, \u20ac3,374.00 per week\">\n\t\t\t\t\t\t\t<span class=\"_villas-365-property-price-from-text\">Desde<\/span>\n\t\t\t\t\t\t\t<br><span class=\"_villas-365-property-price-value\">\u20ac482.00<\/span>\/noche\t\t\t\t\t\t<\/div>\n\t\t\t\t\t\t\n\t\t\t\t\t\t\t\t\t\t\t<\/div>\n\t\t\t\t<\/div>\n\t\t\t\t<div class=\"col-12\">\n\t\t\t\t\t<div class=\"_villas-365-property-inner-text\">\n\t\t\t\t\t\t<div class=\"row h-100\">\n\t\t\t\t\t\t\t<div class=\"col-12\">\n\t\t\t\t\t\t\t\t<div class=\"row\">\n\t\t\t\t\t\t\t\t\t\t\t\t\t\t\t\t\t\t<div class=\"col-12\">\n\t\t\t\t\t\t\t\t\t\t<h5 class=\"_villas-365-property-name\">\n\t\t\t\t\t\t\t\t\t\t\t<a href=\"https:\/\/almarinavillas.com\/es\/propiedad\/63-finca-campo-mar-by-almarina-villas\/\" target=\"_blank\">Finca Campo Mar - By Almarina Villas<\/a>\n\t\t\t\t\t\t\t\t\t\t<\/h5>\n\t\t\t\t\t\t\t\t\t<\/div>\n\t\t\t\t\t\t\t\t\t\n\t\t\t\t\t\t\t\t\t\t\t\t\t\t\t\t\t\t<div class=\"col-12\">\n\t\t\t\t\t\t\t\t\t\t<div class=\"_villas-365-property-summary\">\n\t\t\t\t\t\t\t\t\t\t\t<strong>NUEVA VILLA DISPONIBLE -10% SEPT 2026 \/ SPECTACULAR NEW VILLA -10% SEPTEMBER<\/strong><br><span>10% de descuento entre 21 Sept. 2026 y 30 Sept. 2026<\/span>\t\t\t\t\t\t\t\t\t\t<\/div>\n\t\t\t\t\t\t\t\t\t<\/div>\n\t\t\t\t\t\t\t\t\t\n\t\t\t\t\t\t\t\t\t\t\t\t\t\t\t\t\t\t<div class=\"col-6\">\n\t\t\t\t\t\t\t\t\t\t<div class=\"_villas-365-property-rooms\">\n\t\t<span class=\"_villas-365-property-room\"><i class=\"_villas-365-property-room-icon fas fa-user\"><\/i> 12<\/span>\n\t\t<span class=\"_villas-365-property-room\"><i class=\"_villas-365-property-room-icon fas fa-bed\"><\/i> 6<\/span>\n\t\t<span class=\"_villas-365-property-room\"><i class=\"_villas-365-property-room-icon fas fa-bath\"><\/i> 6<\/span>\n\t<\/div>\n\t\t\t\t\t\t\t\t\t<\/div>\n\t\t\t\t\t\t\t\t\t\n\t\t\t\t\t\t\t\t\t<div class=\"col-6 text-right\">\n\t\t\t\t\t\t\t\t\t\t<a href=\"https:\/\/almarinavillas.com\/es\/propiedad\/63-finca-campo-mar-by-almarina-villas\/\" target=\"_blank\"\" class=\"_villas-365-property-button _villas-365-property-outline-button btn btn-outline-primary\">Reservar<\/a>\n\t\t\t\t\t\t\t\t\t<\/div>\n\t\t\t\t\t\t\t\t<\/div>\n\t\t\t\t\t\t\t<\/div>\n\t\t\t\t\t\t<\/div>\n\t\t\t\t\t<\/div>\n\t\t\t\t<\/div>\n\t\t\t<\/div>\n\t\t<\/div>\n\t<\/div>\n<\/div>\t\t\t\t\t\t\t\t\t<\/div>\n\t\t\t\t\t\t\t\t<div class=\"_villas-365-property col-md mb-3\">\n\t\t\t\t\t\t\t\t\t\t\t<div class=\"_villas-365-property-inner\">\n\t<div class=\"row h-100\">\n\t\t<div class=\"col-12\">\n\t\t\t<div class=\"row\">\n\t\t\t\t<div class=\"col-12 mb-2\">\n\t\t\t\t\t<div class=\"_villas-365-property-image\">\n\t\t\t\t\t\t\t\t\t\t\t\t<div class=\"_villas-365-property-image-overlay\"><\/div>\n\t\t\t\t\t\t<a href=\"https:\/\/almarinavillas.com\/es\/propiedad\/39-villa-lujo-by-almarina-villas\/\" class=\"unstyled-link _villas-365-property-image-link\" style=\"background-image:url('https:\/\/secure.365villas.com\/getimage\/uploads\/config\/alvaroaznar\/property\/gallery\/39\/20250314_015640_6390jpg.jpg');\" target=\"_blank\">\n\t\t\t\t\t\t\t<img decoding=\"async\" src=\"https:\/\/secure.365villas.com\/getimage\/uploads\/config\/alvaroaznar\/property\/gallery\/39\/20250314_015640_6390jpg.jpg\" alt=\"\" class=\"img-fluid d-block d-lg-none\">\n\t\t\t\t\t\t<\/a>\n\t\t\t\t\t\t\t\t\t\t\t\t\t\t\t\t\t\t\t\t\t\t\t\t\t<a href=\"https:\/\/almarinavillas.com\/es\/promociones-especiales\/\" class=\"_villas-365-property-info-label _villas-365-property-discount \" target=\"_blank\">\n\t\t\t\t\t\t\t\t<div class=\"_villas-365-property-discount-label\">Descuento<\/div><div class=\"_villas-365-property-discount-icon\"><i class=\"fa fa-fw fa-info-circle\"><\/i><\/div><div class=\"_villas-365-property-discount-text\">September ends - Special promotion<\/div>\n\t\t\t\t\t\t\t<\/a>\n\t\t\t\t\t\t\t\t\t\t\t\t\t\t\t\t\t\t\n\t\t\t\t\t\t\t\t\t\t\t\t<div class=\"_villas-365-property-price\" title=\"\u20ac769.00 per night, \u20ac5,383.00 per week\">\n\t\t\t\t\t\t\t<span class=\"_villas-365-property-price-from-text\">Desde<\/span>\n\t\t\t\t\t\t\t<br><span class=\"_villas-365-property-price-value\">\u20ac769.00<\/span>\/noche\t\t\t\t\t\t<\/div>\n\t\t\t\t\t\t\n\t\t\t\t\t\t\t\t\t\t\t<\/div>\n\t\t\t\t<\/div>\n\t\t\t\t<div class=\"col-12\">\n\t\t\t\t\t<div class=\"_villas-365-property-inner-text\">\n\t\t\t\t\t\t<div class=\"row h-100\">\n\t\t\t\t\t\t\t<div class=\"col-12\">\n\t\t\t\t\t\t\t\t<div class=\"row\">\n\t\t\t\t\t\t\t\t\t\t\t\t\t\t\t\t\t\t<div class=\"col-12\">\n\t\t\t\t\t\t\t\t\t\t<h5 class=\"_villas-365-property-name\">\n\t\t\t\t\t\t\t\t\t\t\t<a href=\"https:\/\/almarinavillas.com\/es\/propiedad\/39-villa-lujo-by-almarina-villas\/\" target=\"_blank\">Villa Lujo - by Almarina Villas<\/a>\n\t\t\t\t\t\t\t\t\t\t<\/h5>\n\t\t\t\t\t\t\t\t\t<\/div>\n\t\t\t\t\t\t\t\t\t\n\t\t\t\t\t\t\t\t\t\t\t\t\t\t\t\t\t\t<div class=\"col-12\">\n\t\t\t\t\t\t\t\t\t\t<div class=\"_villas-365-property-summary\">\n\t\t\t\t\t\t\t\t\t\t\t<strong>September ends - Special promotion<\/strong><br><span>10% de descuento entre 24 Sept. 2026 y 30 Sept. 2026<\/span>\t\t\t\t\t\t\t\t\t\t<\/div>\n\t\t\t\t\t\t\t\t\t<\/div>\n\t\t\t\t\t\t\t\t\t\n\t\t\t\t\t\t\t\t\t\t\t\t\t\t\t\t\t\t<div class=\"col-6\">\n\t\t\t\t\t\t\t\t\t\t<div class=\"_villas-365-property-rooms\">\n\t\t<span class=\"_villas-365-property-room\"><i class=\"_villas-365-property-room-icon fas fa-user\"><\/i> 14<\/span>\n\t\t<span class=\"_villas-365-property-room\"><i class=\"_villas-365-property-room-icon fas fa-bed\"><\/i> 7<\/span>\n\t\t<span class=\"_villas-365-property-room\"><i class=\"_villas-365-property-room-icon fas fa-bath\"><\/i> 7<\/span>\n\t<\/div>\n\t\t\t\t\t\t\t\t\t<\/div>\n\t\t\t\t\t\t\t\t\t\n\t\t\t\t\t\t\t\t\t<div class=\"col-6 text-right\">\n\t\t\t\t\t\t\t\t\t\t<a href=\"https:\/\/almarinavillas.com\/es\/propiedad\/39-villa-lujo-by-almarina-villas\/\" target=\"_blank\"\" class=\"_villas-365-property-button _villas-365-property-outline-button btn btn-outline-primary\">Reservar<\/a>\n\t\t\t\t\t\t\t\t\t<\/div>\n\t\t\t\t\t\t\t\t<\/div>\n\t\t\t\t\t\t\t<\/div>\n\t\t\t\t\t\t<\/div>\n\t\t\t\t\t<\/div>\n\t\t\t\t<\/div>\n\t\t\t<\/div>\n\t\t<\/div>\n\t<\/div>\n<\/div>\t\t\t\t\t\t\t\t\t<\/div>\n\t\t\t\t\t\t\t\t<div class=\"_villas-365-property col-md mb-3\">\n\t\t\t\t\t\t\t\t\t\t\t<div class=\"_villas-365-property-inner\">\n\t<div class=\"row h-100\">\n\t\t<div class=\"col-12\">\n\t\t\t<div class=\"row\">\n\t\t\t\t<div class=\"col-12 mb-2\">\n\t\t\t\t\t<div class=\"_villas-365-property-image\">\n\t\t\t\t\t\t\t\t\t\t\t\t<div class=\"_villas-365-property-image-overlay\"><\/div>\n\t\t\t\t\t\t<a href=\"https:\/\/almarinavillas.com\/es\/propiedad\/62-valeria-by-amarina-villas\/\" class=\"unstyled-link _villas-365-property-image-link\" style=\"background-image:url('https:\/\/secure.365villas.com\/getimage\/uploads\/config\/alvaroaznar\/property\/gallery\/62\/20260619_115916_6767jpg.jpg');\" target=\"_blank\">\n\t\t\t\t\t\t\t<img decoding=\"async\" src=\"https:\/\/secure.365villas.com\/getimage\/uploads\/config\/alvaroaznar\/property\/gallery\/62\/20260619_115916_6767jpg.jpg\" alt=\"\" class=\"img-fluid d-block d-lg-none\">\n\t\t\t\t\t\t<\/a>\n\t\t\t\t\t\t\t\t\t\t\t\t\t\t\t\t\t\t\t\t\t\t\t\t\t<a href=\"https:\/\/almarinavillas.com\/es\/promociones-especiales\/\" class=\"_villas-365-property-info-label _villas-365-property-discount \" target=\"_blank\">\n\t\t\t\t\t\t\t\t<div class=\"_villas-365-property-discount-label\">Descuento<\/div><div class=\"_villas-365-property-discount-icon\"><i class=\"fa fa-fw fa-info-circle\"><\/i><\/div><div class=\"_villas-365-property-discount-text\">New villa Promotion<\/div>\n\t\t\t\t\t\t\t<\/a>\n\t\t\t\t\t\t\t\t\t\t\t\t\t\t\t\t\t\t\n\t\t\t\t\t\t\t\t\t\t\t\t<div class=\"_villas-365-property-price\" title=\"\u20ac314.00 per night, \u20ac2,198.00 per week\">\n\t\t\t\t\t\t\t<span class=\"_villas-365-property-price-from-text\">Desde<\/span>\n\t\t\t\t\t\t\t<br><span class=\"_villas-365-property-price-value\">\u20ac314.00<\/span>\/noche\t\t\t\t\t\t<\/div>\n\t\t\t\t\t\t\n\t\t\t\t\t\t\t\t\t\t\t<\/div>\n\t\t\t\t<\/div>\n\t\t\t\t<div class=\"col-12\">\n\t\t\t\t\t<div class=\"_villas-365-property-inner-text\">\n\t\t\t\t\t\t<div class=\"row h-100\">\n\t\t\t\t\t\t\t<div class=\"col-12\">\n\t\t\t\t\t\t\t\t<div class=\"row\">\n\t\t\t\t\t\t\t\t\t\t\t\t\t\t\t\t\t\t<div class=\"col-12\">\n\t\t\t\t\t\t\t\t\t\t<h5 class=\"_villas-365-property-name\">\n\t\t\t\t\t\t\t\t\t\t\t<a href=\"https:\/\/almarinavillas.com\/es\/propiedad\/62-valeria-by-amarina-villas\/\" target=\"_blank\">Valeria - By Amarina Villas<\/a>\n\t\t\t\t\t\t\t\t\t\t<\/h5>\n\t\t\t\t\t\t\t\t\t<\/div>\n\t\t\t\t\t\t\t\t\t\n\t\t\t\t\t\t\t\t\t\t\t\t\t\t\t\t\t\t<div class=\"col-12\">\n\t\t\t\t\t\t\t\t\t\t<div class=\"_villas-365-property-summary\">\n\t\t\t\t\t\t\t\t\t\t\t<strong>New villa Promotion<\/strong><br><span>20% de descuento entre 1 Nov. 2026 y 3 Ene. 2027<\/span>\t\t\t\t\t\t\t\t\t\t<\/div>\n\t\t\t\t\t\t\t\t\t<\/div>\n\t\t\t\t\t\t\t\t\t\n\t\t\t\t\t\t\t\t\t\t\t\t\t\t\t\t\t\t<div class=\"col-6\">\n\t\t\t\t\t\t\t\t\t\t<div class=\"_villas-365-property-rooms\">\n\t\t<span class=\"_villas-365-property-room\"><i class=\"_villas-365-property-room-icon fas fa-user\"><\/i> 8<\/span>\n\t\t<span class=\"_villas-365-property-room\"><i class=\"_villas-365-property-room-icon fas fa-bed\"><\/i> 4<\/span>\n\t\t<span class=\"_villas-365-property-room\"><i class=\"_villas-365-property-room-icon fas fa-bath\"><\/i> 4<\/span>\n\t<\/div>\n\t\t\t\t\t\t\t\t\t<\/div>\n\t\t\t\t\t\t\t\t\t\n\t\t\t\t\t\t\t\t\t<div class=\"col-6 text-right\">\n\t\t\t\t\t\t\t\t\t\t<a href=\"https:\/\/almarinavillas.com\/es\/propiedad\/62-valeria-by-amarina-villas\/\" target=\"_blank\"\" class=\"_villas-365-property-button _villas-365-property-outline-button btn btn-outline-primary\">Reservar<\/a>\n\t\t\t\t\t\t\t\t\t<\/div>\n\t\t\t\t\t\t\t\t<\/div>\n\t\t\t\t\t\t\t<\/div>\n\t\t\t\t\t\t<\/div>\n\t\t\t\t\t<\/div>\n\t\t\t\t<\/div>\n\t\t\t<\/div>\n\t\t<\/div>\n\t<\/div>\n<\/div>\t\t\t\t\t\t\t\t\t<\/div>\n\t\t\t\t\t\t\t<\/div>\n\t\t\t\t\t\n\t\t\t<\/div>\n<\/div>\n[\/et_pb_code][\/et_pb_column][\/et_pb_row][\/et_pb_section]<\/p>\n","protected":false},"excerpt":{"rendered":"<p>\u00faltimo minuto; Descubre las Villas de Lujo y las Villas con Encanto de la Costa Blanca con las mejores ofertas de alquiler de \u00faltima hora. Para estancias en los pr\u00f3ximos 15 d\u00edas. Estancias de larga duraci\u00f3n; Para los m\u00e1s afortunados, para los que puedan disfrutar de una estancia de m\u00e1s de 30 d\u00edas en una [&hellip;]<\/p>\n","protected":false},"author":1,"featured_media":0,"parent":0,"menu_order":5,"comment_status":"closed","ping_status":"closed","template":"","meta":{"_et_pb_use_builder":"on","_et_pb_old_content":"","_et_gb_content_width":"","inline_featured_image":false,"footnotes":""},"class_list":["post-2675","page","type-page","status-publish","hentry"],"yoast_head":"<!-- This site is optimized with the Yoast SEO Premium plugin v28.0 (Yoast SEO v28.2) - https:\/\/yoast.com\/product\/yoast-seo-premium-wordpress\/ -->\n<title>Ofertas y descuentos en villas | Almarina Villas<\/title>\n<meta name=\"description\" content=\"Aprovecha los descuentos de Almarina Villas: ofertas de \u00faltima hora y largas estancias en villas de lujo o con encanto en la Costa Blanca.\" \/>\n<meta name=\"robots\" content=\"index, follow, max-snippet:-1, max-image-preview:large, max-video-preview:-1\" \/>\n<link rel=\"canonical\" href=\"https:\/\/almarinavillas.com\/es\/promociones-especiales\/\" \/>\n<meta property=\"og:locale\" content=\"es_ES\" \/>\n<meta property=\"og:type\" content=\"article\" \/>\n<meta property=\"og:title\" content=\"Promociones especiales\" \/>\n<meta property=\"og:description\" content=\"Aprovecha los descuentos de Almarina Villas: ofertas de \u00faltima hora y largas estancias en villas de lujo o con encanto en la Costa Blanca.\" \/>\n<meta property=\"og:url\" content=\"https:\/\/almarinavillas.com\/es\/promociones-especiales\/\" \/>\n<meta property=\"og:site_name\" content=\"ALMARINA VILLAS\" \/>\n<meta property=\"article:modified_time\" content=\"2025-11-24T10:12:07+00:00\" \/>\n<meta name=\"twitter:card\" content=\"summary_large_image\" \/>\n<meta name=\"twitter:label1\" content=\"Tiempo de lectura\" \/>\n\t<meta name=\"twitter:data1\" content=\"6 minutos\" \/>\n<script type=\"application\/ld+json\" class=\"yoast-schema-graph\">{\"@context\":\"https:\\\/\\\/schema.org\",\"@graph\":[{\"@type\":\"WebPage\",\"@id\":\"https:\\\/\\\/almarinavillas.com\\\/es\\\/promociones-especiales\\\/\",\"url\":\"https:\\\/\\\/almarinavillas.com\\\/es\\\/promociones-especiales\\\/\",\"name\":\"Ofertas y descuentos en villas | Almarina Villas\",\"isPartOf\":{\"@id\":\"https:\\\/\\\/almarinavillas.com\\\/es\\\/#website\"},\"datePublished\":\"2023-02-22T13:10:01+00:00\",\"dateModified\":\"2025-11-24T10:12:07+00:00\",\"description\":\"Aprovecha los descuentos de Almarina Villas: ofertas de \u00faltima hora y largas estancias en villas de lujo o con encanto en la Costa Blanca.\",\"breadcrumb\":{\"@id\":\"https:\\\/\\\/almarinavillas.com\\\/es\\\/promociones-especiales\\\/#breadcrumb\"},\"inLanguage\":\"es\",\"potentialAction\":[{\"@type\":\"ReadAction\",\"target\":[\"https:\\\/\\\/almarinavillas.com\\\/es\\\/promociones-especiales\\\/\"]}]},{\"@type\":\"BreadcrumbList\",\"@id\":\"https:\\\/\\\/almarinavillas.com\\\/es\\\/promociones-especiales\\\/#breadcrumb\",\"itemListElement\":[{\"@type\":\"ListItem\",\"position\":1,\"name\":\"Home\",\"item\":\"https:\\\/\\\/almarinavillas.com\\\/es\\\/\"},{\"@type\":\"ListItem\",\"position\":2,\"name\":\"Promociones especiales\"}]},{\"@type\":\"WebSite\",\"@id\":\"https:\\\/\\\/almarinavillas.com\\\/es\\\/#website\",\"url\":\"https:\\\/\\\/almarinavillas.com\\\/es\\\/\",\"name\":\"Riviera Theme\",\"description\":\"A unique luxury villa rental experience\",\"publisher\":{\"@id\":\"https:\\\/\\\/almarinavillas.com\\\/es\\\/#organization\"},\"potentialAction\":[{\"@type\":\"SearchAction\",\"target\":{\"@type\":\"EntryPoint\",\"urlTemplate\":\"https:\\\/\\\/almarinavillas.com\\\/es\\\/?s={search_term_string}\"},\"query-input\":{\"@type\":\"PropertyValueSpecification\",\"valueRequired\":true,\"valueName\":\"search_term_string\"}}],\"inLanguage\":\"es\"},{\"@type\":[\"Organization\",\"Place\"],\"@id\":\"https:\\\/\\\/almarinavillas.com\\\/es\\\/#organization\",\"name\":\"LujoVillas\",\"url\":\"https:\\\/\\\/almarinavillas.com\\\/es\\\/\",\"logo\":{\"@id\":\"https:\\\/\\\/almarinavillas.com\\\/es\\\/promociones-especiales\\\/#local-main-organization-logo\"},\"image\":{\"@id\":\"https:\\\/\\\/almarinavillas.com\\\/es\\\/promociones-especiales\\\/#local-main-organization-logo\"},\"telephone\":[],\"openingHoursSpecification\":[{\"@type\":\"OpeningHoursSpecification\",\"dayOfWeek\":[\"Monday\",\"Tuesday\",\"Wednesday\",\"Thursday\",\"Friday\",\"Saturday\",\"Sunday\"],\"opens\":\"09:00\",\"closes\":\"17:00\"}]},{\"@type\":\"ImageObject\",\"inLanguage\":\"es\",\"@id\":\"https:\\\/\\\/almarinavillas.com\\\/es\\\/promociones-especiales\\\/#local-main-organization-logo\",\"url\":\"https:\\\/\\\/almarinavillas.com\\\/wp-content\\\/uploads\\\/sites\\\/21\\\/2022\\\/09\\\/lujo-logo-black.svg\",\"contentUrl\":\"https:\\\/\\\/almarinavillas.com\\\/wp-content\\\/uploads\\\/sites\\\/21\\\/2022\\\/09\\\/lujo-logo-black.svg\",\"caption\":\"LujoVillas\"}]}<\/script>\n<!-- \/ Yoast SEO Premium plugin. -->","yoast_head_json":{"title":"Ofertas y descuentos en villas | Almarina Villas","description":"Aprovecha los descuentos de Almarina Villas: ofertas de \u00faltima hora y largas estancias en villas de lujo o con encanto en la Costa Blanca.","robots":{"index":"index","follow":"follow","max-snippet":"max-snippet:-1","max-image-preview":"max-image-preview:large","max-video-preview":"max-video-preview:-1"},"canonical":"https:\/\/almarinavillas.com\/es\/promociones-especiales\/","og_locale":"es_ES","og_type":"article","og_title":"Promociones especiales","og_description":"Aprovecha los descuentos de Almarina Villas: ofertas de \u00faltima hora y largas estancias en villas de lujo o con encanto en la Costa Blanca.","og_url":"https:\/\/almarinavillas.com\/es\/promociones-especiales\/","og_site_name":"ALMARINA VILLAS","article_modified_time":"2025-11-24T10:12:07+00:00","twitter_card":"summary_large_image","twitter_misc":{"Tiempo de lectura":"6 minutos"},"schema":{"@context":"https:\/\/schema.org","@graph":[{"@type":"WebPage","@id":"https:\/\/almarinavillas.com\/es\/promociones-especiales\/","url":"https:\/\/almarinavillas.com\/es\/promociones-especiales\/","name":"Ofertas y descuentos en villas | Almarina Villas","isPartOf":{"@id":"https:\/\/almarinavillas.com\/es\/#website"},"datePublished":"2023-02-22T13:10:01+00:00","dateModified":"2025-11-24T10:12:07+00:00","description":"Aprovecha los descuentos de Almarina Villas: ofertas de \u00faltima hora y largas estancias en villas de lujo o con encanto en la Costa Blanca.","breadcrumb":{"@id":"https:\/\/almarinavillas.com\/es\/promociones-especiales\/#breadcrumb"},"inLanguage":"es","potentialAction":[{"@type":"ReadAction","target":["https:\/\/almarinavillas.com\/es\/promociones-especiales\/"]}]},{"@type":"BreadcrumbList","@id":"https:\/\/almarinavillas.com\/es\/promociones-especiales\/#breadcrumb","itemListElement":[{"@type":"ListItem","position":1,"name":"Home","item":"https:\/\/almarinavillas.com\/es\/"},{"@type":"ListItem","position":2,"name":"Promociones especiales"}]},{"@type":"WebSite","@id":"https:\/\/almarinavillas.com\/es\/#website","url":"https:\/\/almarinavillas.com\/es\/","name":"Riviera Theme","description":"A unique luxury villa rental experience","publisher":{"@id":"https:\/\/almarinavillas.com\/es\/#organization"},"potentialAction":[{"@type":"SearchAction","target":{"@type":"EntryPoint","urlTemplate":"https:\/\/almarinavillas.com\/es\/?s={search_term_string}"},"query-input":{"@type":"PropertyValueSpecification","valueRequired":true,"valueName":"search_term_string"}}],"inLanguage":"es"},{"@type":["Organization","Place"],"@id":"https:\/\/almarinavillas.com\/es\/#organization","name":"LujoVillas","url":"https:\/\/almarinavillas.com\/es\/","logo":{"@id":"https:\/\/almarinavillas.com\/es\/promociones-especiales\/#local-main-organization-logo"},"image":{"@id":"https:\/\/almarinavillas.com\/es\/promociones-especiales\/#local-main-organization-logo"},"telephone":[],"openingHoursSpecification":[{"@type":"OpeningHoursSpecification","dayOfWeek":["Monday","Tuesday","Wednesday","Thursday","Friday","Saturday","Sunday"],"opens":"09:00","closes":"17:00"}]},{"@type":"ImageObject","inLanguage":"es","@id":"https:\/\/almarinavillas.com\/es\/promociones-especiales\/#local-main-organization-logo","url":"https:\/\/almarinavillas.com\/wp-content\/uploads\/sites\/21\/2022\/09\/lujo-logo-black.svg","contentUrl":"https:\/\/almarinavillas.com\/wp-content\/uploads\/sites\/21\/2022\/09\/lujo-logo-black.svg","caption":"LujoVillas"}]}},"_links":{"self":[{"href":"https:\/\/almarinavillas.com\/es\/wp-json\/wp\/v2\/pages\/2675","targetHints":{"allow":["GET"]}}],"collection":[{"href":"https:\/\/almarinavillas.com\/es\/wp-json\/wp\/v2\/pages"}],"about":[{"href":"https:\/\/almarinavillas.com\/es\/wp-json\/wp\/v2\/types\/page"}],"author":[{"embeddable":true,"href":"https:\/\/almarinavillas.com\/es\/wp-json\/wp\/v2\/users\/1"}],"replies":[{"embeddable":true,"href":"https:\/\/almarinavillas.com\/es\/wp-json\/wp\/v2\/comments?post=2675"}],"version-history":[{"count":23,"href":"https:\/\/almarinavillas.com\/es\/wp-json\/wp\/v2\/pages\/2675\/revisions"}],"predecessor-version":[{"id":6469,"href":"https:\/\/almarinavillas.com\/es\/wp-json\/wp\/v2\/pages\/2675\/revisions\/6469"}],"wp:attachment":[{"href":"https:\/\/almarinavillas.com\/es\/wp-json\/wp\/v2\/media?parent=2675"}],"curies":[{"name":"wp","href":"https:\/\/api.w.org\/{rel}","templated":true}]}}