{"id":3838,"date":"2022-09-26T16:43:16","date_gmt":"2022-09-26T14:43:16","guid":{"rendered":"https:\/\/almarinavillas.com\/unterkunft\/"},"modified":"2025-04-25T13:46:37","modified_gmt":"2025-04-25T11:46:37","slug":"unterkunft","status":"publish","type":"page","link":"https:\/\/almarinavillas.com\/de\/unterkunft\/","title":{"rendered":"Unterkunft"},"content":{"rendered":"<p>[et_pb_section fb_built=&#8221;1&#8243; fullwidth=&#8221;on&#8221; admin_label=&#8221;Header Section&#8221; _builder_version=&#8221;4.19.5&#8243; _module_preset=&#8221;default&#8221; global_colors_info=&#8221;{}&#8221; theme_builder_area=&#8221;post_content&#8221;][et_pb_fullwidth_header title=&#8221;Suche nach einem Aufenthalt&#8221; text_orientation=&#8221;center&#8221; _builder_version=&#8221;4.27.0&#8243; _module_preset=&#8221;default&#8221; title_font=&#8221;|700|||||||&#8221; title_font_size=&#8221;55px&#8221; background_enable_color=&#8221;off&#8221; use_background_color_gradient=&#8221;on&#8221; background_color_gradient_stops=&#8221;rgba(0,0,0,0) 0%|rgba(0,0,0,0.65) 100%&#8221; background_color_gradient_overlays_image=&#8221;on&#8221; background_image=&#8221;https:\/\/almarinavillas.com\/wp-content\/uploads\/sites\/21\/2024\/11\/search-banner.jpg&#8221; custom_padding=&#8221;100px||100px||true|false&#8221; custom_padding_tablet=&#8221;75px||75px||true|false&#8221; custom_padding_phone=&#8221;50px||50px||true|true&#8221; custom_padding_last_edited=&#8221;on|phone&#8221; title_font_size_tablet=&#8221;50px&#8221; title_font_size_phone=&#8221;35px&#8221; title_font_size_last_edited=&#8221;on|tablet&#8221; subhead_font_size_tablet=&#8221;16px&#8221; subhead_font_size_phone=&#8221;16px&#8221; subhead_font_size_last_edited=&#8221;on|desktop&#8221; global_colors_info=&#8221;{}&#8221; header_font_size_tablet=&#8221;50px&#8221; header_font_size_phone=&#8221;35px&#8221; header_font_size_last_edited=&#8221;on|phone&#8221; theme_builder_area=&#8221;post_content&#8221;][\/et_pb_fullwidth_header][\/et_pb_section][et_pb_section fb_built=&#8221;1&#8243; disabled_on=&#8221;off|off|off&#8221; _builder_version=&#8221;4.27.0&#8243; _module_preset=&#8221;default&#8221; background_color=&#8221;#0E083A&#8221; z_index=&#8221;1000&#8243; custom_padding=&#8221;0px||0px||true|false&#8221; hover_enabled=&#8221;0&#8243; global_colors_info=&#8221;{%22gcid-5bab696a-f1eb-4970-a89f-99ec3a576a86%22:%91%22background_color_gradient_stops%22%93,%22gcid-cc1dee3d-aa4f-4708-8507-b942e4befe49%22:%91%22background_color_gradient_stops%22%93}&#8221; theme_builder_area=&#8221;post_content&#8221; sticky_enabled=&#8221;0&#8243;][et_pb_row _builder_version=&#8221;4.19.5&#8243; _module_preset=&#8221;default&#8221; width=&#8221;90%&#8221; custom_padding=&#8221;0px||0px||true|false&#8221; global_colors_info=&#8221;{}&#8221; theme_builder_area=&#8221;post_content&#8221;][et_pb_column type=&#8221;4_4&#8243; _builder_version=&#8221;4.19.5&#8243; _module_preset=&#8221;default&#8221; global_colors_info=&#8221;{}&#8221; theme_builder_area=&#8221;post_content&#8221;][et_pb_code _builder_version=&#8221;4.19.5&#8243; _module_preset=&#8221;default&#8221; locked=&#8221;on&#8221; global_colors_info=&#8221;{}&#8221; theme_builder_area=&#8221;post_content&#8221;]\n<div class=\"_villas-365-bootstrap _villas-365-search _villas-365-search-full\">\n\t<form method=\"GET\" action=\"https:\/\/almarinavillas.com\/en\/accommodation\/\" accept-charset=\"UTF-8\" class=\"_villas-365-search-form\">\n\t\t<div id=\"_villas-365-search-form-fields\" class=\"container-fluid\">\n\t\t\t<div class=\"row justify-content-center\">\n\t\t\t\t<div class=\"col-12\">\n\t\t\t\t\t<div class=\"row align-items-end _villas-365-date-range-container justify-content-center _villas-365-field-container _villas-365-large\">\n\t\t\t\t\t\t\t\t\t\t\t\t<div class=\"col-12 col-md-4 col-lg-2\">\n\t\t\t\t\t\t\t<label class=\"d-none\" for=\"categoryselect\">Eigenschaftsgruppe<\/label>\n\t\t\t\t\t\t\t<div class=\"input-group chosen-input-group search-categories\">\n\t\t\t\t\t\t\t\t<input type=\"hidden\" name=\"categoryid\" id=\"_villas-365-search-categoryid\" value=\"\">\n\t\t\t\t\t\t\t\t<input type=\"hidden\" name=\"propertyid\" id=\"_villas-365-search-propertyid\" value=\"\">\n\t\t\t\t\t\t\t\t<select class=\"form-control search-text chosen-select chosen-select-single\" placeholder=\"Eigenschaftsgruppe\" data-placeholder=\"Eigenschaftsgruppe\">\n\t\t\t\t\t\t\t\t\t<option value=\"\">Eigenschaftsgruppe<\/option>\n\t\t\t\t\t\t\t\t\t\t\t\t\t\t\t\t\t\t\t\t<option value=\"category26\" class=\"search-category\" data-id=\"26\" data-type=\"category\">Authentischer Charme<\/option>\n\t\t\t\t\t\t\t\t\t\t\t<optgroup label=\"Authentischer Charme\">\n\t\t\t\t\t\t\t\t\t\t\t\t\t\t\t\t\t\t\t\t<option value=\"property16\" class=\"search-category-property\" data-id=\"16\" data-type=\"property\">Al Vent - By Almarina Villas<\/option>\n\t\t\t\t\t\t\t\t\t\t\t\t\t\t\t\t\t\t\t\t<option value=\"property54\" class=\"search-category-property\" data-id=\"54\" data-type=\"property\">Ancora - By Almarina Villas<\/option>\n\t\t\t\t\t\t\t\t\t\t\t\t\t\t\t\t\t\t\t\t<option value=\"property59\" class=\"search-category-property\" data-id=\"59\" data-type=\"property\">Apolonia - by Almarina Villas<\/option>\n\t\t\t\t\t\t\t\t\t\t\t\t\t\t\t\t\t\t\t\t<option value=\"property25\" class=\"search-category-property\" data-id=\"25\" data-type=\"property\">Bah\u00eda del Portet - By Almarina Villas<\/option>\n\t\t\t\t\t\t\t\t\t\t\t\t\t\t\t\t\t\t\t\t<option value=\"property23\" class=\"search-category-property\" data-id=\"23\" data-type=\"property\">Balilos 4 - By Almarina Villas<\/option>\n\t\t\t\t\t\t\t\t\t\t\t\t\t\t\t\t\t\t\t\t<option value=\"property22\" class=\"search-category-property\" data-id=\"22\" data-type=\"property\">Balilos 8 - By Almarina Villas<\/option>\n\t\t\t\t\t\t\t\t\t\t\t\t\t\t\t\t\t\t\t\t<option value=\"property47\" class=\"search-category-property\" data-id=\"47\" data-type=\"property\">Bisserot - By Almarina Villas<\/option>\n\t\t\t\t\t\t\t\t\t\t\t\t\t\t\t\t\t\t\t\t<option value=\"property14\" class=\"search-category-property\" data-id=\"14\" data-type=\"property\">Brisa de Mar - By Almarina Villas<\/option>\n\t\t\t\t\t\t\t\t\t\t\t\t\t\t\t\t\t\t\t\t<option value=\"property20\" class=\"search-category-property\" data-id=\"20\" data-type=\"property\">Buenavista - By Almarina Villas<\/option>\n\t\t\t\t\t\t\t\t\t\t\t\t\t\t\t\t\t\t\t\t<option value=\"property33\" class=\"search-category-property\" data-id=\"33\" data-type=\"property\">Casa Peponi - By Almarina Villas<\/option>\n\t\t\t\t\t\t\t\t\t\t\t\t\t\t\t\t\t\t\t\t<option value=\"property30\" class=\"search-category-property\" data-id=\"30\" data-type=\"property\">El Olivo - By Almarina Villas<\/option>\n\t\t\t\t\t\t\t\t\t\t\t\t\t\t\t\t\t\t\t\t<option value=\"property21\" class=\"search-category-property\" data-id=\"21\" data-type=\"property\">El Toro - By Almarina Villas<\/option>\n\t\t\t\t\t\t\t\t\t\t\t\t\t\t\t\t\t\t\t\t<option value=\"property1\" class=\"search-category-property\" data-id=\"1\" data-type=\"property\">La Mar - By Almarina Villas<\/option>\n\t\t\t\t\t\t\t\t\t\t\t\t\t\t\t\t\t\t\t\t<option value=\"property34\" class=\"search-category-property\" data-id=\"34\" data-type=\"property\">Mar y Cel - By Almarina Villas<\/option>\n\t\t\t\t\t\t\t\t\t\t\t\t\t\t\t\t\t\t\t\t<option value=\"property48\" class=\"search-category-property\" data-id=\"48\" data-type=\"property\">Naranja - By Almarina Villas<\/option>\n\t\t\t\t\t\t\t\t\t\t\t\t\t\t\t\t\t\t\t\t<option value=\"property10\" class=\"search-category-property\" data-id=\"10\" data-type=\"property\">Vertigo -  By Almarina Villas<\/option>\n\t\t\t\t\t\t\t\t\t\t\t\t\t\t\t\t\t\t\t\t<option value=\"property39\" class=\"search-category-property\" data-id=\"39\" data-type=\"property\">Villa Lujo - by Almarina Villas<\/option>\n\t\t\t\t\t\t\t\t\t\t\t\t\t\t\t\t\t\t\t\t\t<\/optgroup>\n\t\t\t\t\t\t\t\t\t\t\t\t\t\t\t\t\t\t\t\t\t<option value=\"category20\" class=\"search-category\" data-id=\"20\" data-type=\"category\">Vollst\u00e4ndiger Luxus<\/option>\n\t\t\t\t\t\t\t\t\t\t\t<optgroup label=\"Vollst\u00e4ndiger Luxus\">\n\t\t\t\t\t\t\t\t\t\t\t\t\t\t\t\t\t\t\t\t<option value=\"property16\" class=\"search-category-property\" data-id=\"16\" data-type=\"property\">Al Vent - By Almarina Villas<\/option>\n\t\t\t\t\t\t\t\t\t\t\t\t\t\t\t\t\t\t\t\t<option value=\"property59\" class=\"search-category-property\" data-id=\"59\" data-type=\"property\">Apolonia - by Almarina Villas<\/option>\n\t\t\t\t\t\t\t\t\t\t\t\t\t\t\t\t\t\t\t\t<option value=\"property51\" class=\"search-category-property\" data-id=\"51\" data-type=\"property\">Atlas - by Almarina Villas<\/option>\n\t\t\t\t\t\t\t\t\t\t\t\t\t\t\t\t\t\t\t\t<option value=\"property50\" class=\"search-category-property\" data-id=\"50\" data-type=\"property\">Baladrar Views - By Almarina Villas<\/option>\n\t\t\t\t\t\t\t\t\t\t\t\t\t\t\t\t\t\t\t\t<option value=\"property22\" class=\"search-category-property\" data-id=\"22\" data-type=\"property\">Balilos 8 - By Almarina Villas<\/option>\n\t\t\t\t\t\t\t\t\t\t\t\t\t\t\t\t\t\t\t\t<option value=\"property8\" class=\"search-category-property\" data-id=\"8\" data-type=\"property\">Coral - By Almarina Villas<\/option>\n\t\t\t\t\t\t\t\t\t\t\t\t\t\t\t\t\t\t\t\t<option value=\"property37\" class=\"search-category-property\" data-id=\"37\" data-type=\"property\">Esmeralda - By Almarina Villas<\/option>\n\t\t\t\t\t\t\t\t\t\t\t\t\t\t\t\t\t\t\t\t<option value=\"property15\" class=\"search-category-property\" data-id=\"15\" data-type=\"property\">Mirador - By Almarina Villas<\/option>\n\t\t\t\t\t\t\t\t\t\t\t\t\t\t\t\t\t\t\t\t<option value=\"property48\" class=\"search-category-property\" data-id=\"48\" data-type=\"property\">Naranja - By Almarina Villas<\/option>\n\t\t\t\t\t\t\t\t\t\t\t\t\t\t\t\t\t\t\t\t<option value=\"property10\" class=\"search-category-property\" data-id=\"10\" data-type=\"property\">Vertigo -  By Almarina Villas<\/option>\n\t\t\t\t\t\t\t\t\t\t\t\t\t\t\t\t\t\t\t\t<option value=\"property39\" class=\"search-category-property\" data-id=\"39\" data-type=\"property\">Villa Lujo - by Almarina Villas<\/option>\n\t\t\t\t\t\t\t\t\t\t\t\t\t\t\t\t\t\t\t\t\t<\/optgroup>\n\t\t\t\t\t\t\t\t\t\t\t\t\t\t\t\t\t\t\t\t\t<option value=\"category27\" class=\"search-category\" data-id=\"27\" data-type=\"category\">Gro\u00dfe Villen<\/option>\n\t\t\t\t\t\t\t\t\t\t\t<optgroup label=\"Gro\u00dfe Villen\">\n\t\t\t\t\t\t\t\t\t\t\t\t\t\t\t\t\t\t\t\t<option value=\"property59\" class=\"search-category-property\" data-id=\"59\" data-type=\"property\">Apolonia - by Almarina Villas<\/option>\n\t\t\t\t\t\t\t\t\t\t\t\t\t\t\t\t\t\t\t\t<option value=\"property50\" class=\"search-category-property\" data-id=\"50\" data-type=\"property\">Baladrar Views - By Almarina Villas<\/option>\n\t\t\t\t\t\t\t\t\t\t\t\t\t\t\t\t\t\t\t\t<option value=\"property41\" class=\"search-category-property\" data-id=\"41\" data-type=\"property\">Bot\u00e1nico - By Almarina Villas<\/option>\n\t\t\t\t\t\t\t\t\t\t\t\t\t\t\t\t\t\t\t\t<option value=\"property14\" class=\"search-category-property\" data-id=\"14\" data-type=\"property\">Brisa de Mar - By Almarina Villas<\/option>\n\t\t\t\t\t\t\t\t\t\t\t\t\t\t\t\t\t\t\t\t<option value=\"property8\" class=\"search-category-property\" data-id=\"8\" data-type=\"property\">Coral - By Almarina Villas<\/option>\n\t\t\t\t\t\t\t\t\t\t\t\t\t\t\t\t\t\t\t\t<option value=\"property42\" class=\"search-category-property\" data-id=\"42\" data-type=\"property\">El Faro - By Almarina Villas<\/option>\n\t\t\t\t\t\t\t\t\t\t\t\t\t\t\t\t\t\t\t\t<option value=\"property21\" class=\"search-category-property\" data-id=\"21\" data-type=\"property\">El Toro - By Almarina Villas<\/option>\n\t\t\t\t\t\t\t\t\t\t\t\t\t\t\t\t\t\t\t\t<option value=\"property1\" class=\"search-category-property\" data-id=\"1\" data-type=\"property\">La Mar - By Almarina Villas<\/option>\n\t\t\t\t\t\t\t\t\t\t\t\t\t\t\t\t\t\t\t\t<option value=\"property34\" class=\"search-category-property\" data-id=\"34\" data-type=\"property\">Mar y Cel - By Almarina Villas<\/option>\n\t\t\t\t\t\t\t\t\t\t\t\t\t\t\t\t\t\t\t\t<option value=\"property48\" class=\"search-category-property\" data-id=\"48\" data-type=\"property\">Naranja - By Almarina Villas<\/option>\n\t\t\t\t\t\t\t\t\t\t\t\t\t\t\t\t\t\t\t\t<option value=\"property10\" class=\"search-category-property\" data-id=\"10\" data-type=\"property\">Vertigo -  By Almarina Villas<\/option>\n\t\t\t\t\t\t\t\t\t\t\t\t\t\t\t\t\t\t\t\t<option value=\"property39\" class=\"search-category-property\" data-id=\"39\" data-type=\"property\">Villa Lujo - by Almarina Villas<\/option>\n\t\t\t\t\t\t\t\t\t\t\t\t\t\t\t\t\t\t\t\t\t<\/optgroup>\n\t\t\t\t\t\t\t\t\t\t\t\t\t\t\t\t\t\t\t\t\t<option value=\"category15\" class=\"search-category\" data-id=\"15\" data-type=\"category\">Mediterraner Stil<\/option>\n\t\t\t\t\t\t\t\t\t\t\t<optgroup label=\"Mediterraner Stil\">\n\t\t\t\t\t\t\t\t\t\t\t\t\t\t\t\t\t\t\t\t<option value=\"property3\" class=\"search-category-property\" data-id=\"3\" data-type=\"property\">Aitana - By Almarina Villas<\/option>\n\t\t\t\t\t\t\t\t\t\t\t\t\t\t\t\t\t\t\t\t<option value=\"property16\" class=\"search-category-property\" data-id=\"16\" data-type=\"property\">Al Vent - By Almarina Villas<\/option>\n\t\t\t\t\t\t\t\t\t\t\t\t\t\t\t\t\t\t\t\t<option value=\"property54\" class=\"search-category-property\" data-id=\"54\" data-type=\"property\">Ancora - By Almarina Villas<\/option>\n\t\t\t\t\t\t\t\t\t\t\t\t\t\t\t\t\t\t\t\t<option value=\"property59\" class=\"search-category-property\" data-id=\"59\" data-type=\"property\">Apolonia - by Almarina Villas<\/option>\n\t\t\t\t\t\t\t\t\t\t\t\t\t\t\t\t\t\t\t\t<option value=\"property25\" class=\"search-category-property\" data-id=\"25\" data-type=\"property\">Bah\u00eda del Portet - By Almarina Villas<\/option>\n\t\t\t\t\t\t\t\t\t\t\t\t\t\t\t\t\t\t\t\t<option value=\"property50\" class=\"search-category-property\" data-id=\"50\" data-type=\"property\">Baladrar Views - By Almarina Villas<\/option>\n\t\t\t\t\t\t\t\t\t\t\t\t\t\t\t\t\t\t\t\t<option value=\"property23\" class=\"search-category-property\" data-id=\"23\" data-type=\"property\">Balilos 4 - By Almarina Villas<\/option>\n\t\t\t\t\t\t\t\t\t\t\t\t\t\t\t\t\t\t\t\t<option value=\"property22\" class=\"search-category-property\" data-id=\"22\" data-type=\"property\">Balilos 8 - By Almarina Villas<\/option>\n\t\t\t\t\t\t\t\t\t\t\t\t\t\t\t\t\t\t\t\t<option value=\"property36\" class=\"search-category-property\" data-id=\"36\" data-type=\"property\">Bianca - by Almarina Villas<\/option>\n\t\t\t\t\t\t\t\t\t\t\t\t\t\t\t\t\t\t\t\t<option value=\"property47\" class=\"search-category-property\" data-id=\"47\" data-type=\"property\">Bisserot - By Almarina Villas<\/option>\n\t\t\t\t\t\t\t\t\t\t\t\t\t\t\t\t\t\t\t\t<option value=\"property33\" class=\"search-category-property\" data-id=\"33\" data-type=\"property\">Casa Peponi - By Almarina Villas<\/option>\n\t\t\t\t\t\t\t\t\t\t\t\t\t\t\t\t\t\t\t\t<option value=\"property30\" class=\"search-category-property\" data-id=\"30\" data-type=\"property\">El Olivo - By Almarina Villas<\/option>\n\t\t\t\t\t\t\t\t\t\t\t\t\t\t\t\t\t\t\t\t<option value=\"property19\" class=\"search-category-property\" data-id=\"19\" data-type=\"property\">El Portet - By Almarina Villas<\/option>\n\t\t\t\t\t\t\t\t\t\t\t\t\t\t\t\t\t\t\t\t<option value=\"property21\" class=\"search-category-property\" data-id=\"21\" data-type=\"property\">El Toro - By Almarina Villas<\/option>\n\t\t\t\t\t\t\t\t\t\t\t\t\t\t\t\t\t\t\t\t<option value=\"property29\" class=\"search-category-property\" data-id=\"29\" data-type=\"property\">La Calita - By Almarina Villas<\/option>\n\t\t\t\t\t\t\t\t\t\t\t\t\t\t\t\t\t\t\t\t<option value=\"property4\" class=\"search-category-property\" data-id=\"4\" data-type=\"property\">La Colina - By Almarina Villas<\/option>\n\t\t\t\t\t\t\t\t\t\t\t\t\t\t\t\t\t\t\t\t<option value=\"property1\" class=\"search-category-property\" data-id=\"1\" data-type=\"property\">La Mar - By Almarina Villas<\/option>\n\t\t\t\t\t\t\t\t\t\t\t\t\t\t\t\t\t\t\t\t<option value=\"property34\" class=\"search-category-property\" data-id=\"34\" data-type=\"property\">Mar y Cel - By Almarina Villas<\/option>\n\t\t\t\t\t\t\t\t\t\t\t\t\t\t\t\t\t\t\t\t<option value=\"property15\" class=\"search-category-property\" data-id=\"15\" data-type=\"property\">Mirador - By Almarina Villas<\/option>\n\t\t\t\t\t\t\t\t\t\t\t\t\t\t\t\t\t\t\t\t<option value=\"property32\" class=\"search-category-property\" data-id=\"32\" data-type=\"property\">Moraira Bay - By Almarina Villas<\/option>\n\t\t\t\t\t\t\t\t\t\t\t\t\t\t\t\t\t\t\t\t<option value=\"property48\" class=\"search-category-property\" data-id=\"48\" data-type=\"property\">Naranja - By Almarina Villas<\/option>\n\t\t\t\t\t\t\t\t\t\t\t\t\t\t\t\t\t\t\t\t<option value=\"property38\" class=\"search-category-property\" data-id=\"38\" data-type=\"property\">Puerto del Sol - By Almarina Villas<\/option>\n\t\t\t\t\t\t\t\t\t\t\t\t\t\t\t\t\t\t\t\t<option value=\"property18\" class=\"search-category-property\" data-id=\"18\" data-type=\"property\">Romero - By Almarina Villas<\/option>\n\t\t\t\t\t\t\t\t\t\t\t\t\t\t\t\t\t\t\t\t<option value=\"property17\" class=\"search-category-property\" data-id=\"17\" data-type=\"property\">Son de Mar - By Almarina Villas<\/option>\n\t\t\t\t\t\t\t\t\t\t\t\t\t\t\t\t\t\t\t\t<option value=\"property24\" class=\"search-category-property\" data-id=\"24\" data-type=\"property\">The Sea Views - By Almarina Villas<\/option>\n\t\t\t\t\t\t\t\t\t\t\t\t\t\t\t\t\t\t\t\t<option value=\"property39\" class=\"search-category-property\" data-id=\"39\" data-type=\"property\">Villa Lujo - by Almarina Villas<\/option>\n\t\t\t\t\t\t\t\t\t\t\t\t\t\t\t\t\t\t\t\t\t<\/optgroup>\n\t\t\t\t\t\t\t\t\t\t\t\t\t\t\t\t\t\t\t\t\t<option value=\"category14\" class=\"search-category\" data-id=\"14\" data-type=\"category\">Moderner Stil<\/option>\n\t\t\t\t\t\t\t\t\t\t\t<optgroup label=\"Moderner Stil\">\n\t\t\t\t\t\t\t\t\t\t\t\t\t\t\t\t\t\t\t\t<option value=\"property51\" class=\"search-category-property\" data-id=\"51\" data-type=\"property\">Atlas - by Almarina Villas<\/option>\n\t\t\t\t\t\t\t\t\t\t\t\t\t\t\t\t\t\t\t\t<option value=\"property50\" class=\"search-category-property\" data-id=\"50\" data-type=\"property\">Baladrar Views - By Almarina Villas<\/option>\n\t\t\t\t\t\t\t\t\t\t\t\t\t\t\t\t\t\t\t\t<option value=\"property23\" class=\"search-category-property\" data-id=\"23\" data-type=\"property\">Balilos 4 - By Almarina Villas<\/option>\n\t\t\t\t\t\t\t\t\t\t\t\t\t\t\t\t\t\t\t\t<option value=\"property22\" class=\"search-category-property\" data-id=\"22\" data-type=\"property\">Balilos 8 - By Almarina Villas<\/option>\n\t\t\t\t\t\t\t\t\t\t\t\t\t\t\t\t\t\t\t\t<option value=\"property36\" class=\"search-category-property\" data-id=\"36\" data-type=\"property\">Bianca - by Almarina Villas<\/option>\n\t\t\t\t\t\t\t\t\t\t\t\t\t\t\t\t\t\t\t\t<option value=\"property41\" class=\"search-category-property\" data-id=\"41\" data-type=\"property\">Bot\u00e1nico - By Almarina Villas<\/option>\n\t\t\t\t\t\t\t\t\t\t\t\t\t\t\t\t\t\t\t\t<option value=\"property20\" class=\"search-category-property\" data-id=\"20\" data-type=\"property\">Buenavista - By Almarina Villas<\/option>\n\t\t\t\t\t\t\t\t\t\t\t\t\t\t\t\t\t\t\t\t<option value=\"property8\" class=\"search-category-property\" data-id=\"8\" data-type=\"property\">Coral - By Almarina Villas<\/option>\n\t\t\t\t\t\t\t\t\t\t\t\t\t\t\t\t\t\t\t\t<option value=\"property30\" class=\"search-category-property\" data-id=\"30\" data-type=\"property\">El Olivo - By Almarina Villas<\/option>\n\t\t\t\t\t\t\t\t\t\t\t\t\t\t\t\t\t\t\t\t<option value=\"property35\" class=\"search-category-property\" data-id=\"35\" data-type=\"property\">El Paseo - By Almarina Villas<\/option>\n\t\t\t\t\t\t\t\t\t\t\t\t\t\t\t\t\t\t\t\t<option value=\"property21\" class=\"search-category-property\" data-id=\"21\" data-type=\"property\">El Toro - By Almarina Villas<\/option>\n\t\t\t\t\t\t\t\t\t\t\t\t\t\t\t\t\t\t\t\t<option value=\"property37\" class=\"search-category-property\" data-id=\"37\" data-type=\"property\">Esmeralda - By Almarina Villas<\/option>\n\t\t\t\t\t\t\t\t\t\t\t\t\t\t\t\t\t\t\t\t<option value=\"property29\" class=\"search-category-property\" data-id=\"29\" data-type=\"property\">La Calita - By Almarina Villas<\/option>\n\t\t\t\t\t\t\t\t\t\t\t\t\t\t\t\t\t\t\t\t<option value=\"property5\" class=\"search-category-property\" data-id=\"5\" data-type=\"property\">La Calma - By Almarina Villas<\/option>\n\t\t\t\t\t\t\t\t\t\t\t\t\t\t\t\t\t\t\t\t<option value=\"property4\" class=\"search-category-property\" data-id=\"4\" data-type=\"property\">La Colina - By Almarina Villas<\/option>\n\t\t\t\t\t\t\t\t\t\t\t\t\t\t\t\t\t\t\t\t<option value=\"property6\" class=\"search-category-property\" data-id=\"6\" data-type=\"property\">Mareta - By Almarina Villas<\/option>\n\t\t\t\t\t\t\t\t\t\t\t\t\t\t\t\t\t\t\t\t<option value=\"property24\" class=\"search-category-property\" data-id=\"24\" data-type=\"property\">The Sea Views - By Almarina Villas<\/option>\n\t\t\t\t\t\t\t\t\t\t\t\t\t\t\t\t\t\t\t\t<option value=\"property39\" class=\"search-category-property\" data-id=\"39\" data-type=\"property\">Villa Lujo - by Almarina Villas<\/option>\n\t\t\t\t\t\t\t\t\t\t\t\t\t\t\t\t\t\t\t\t\t<\/optgroup>\n\t\t\t\t\t\t\t\t\t\t\t\t\t\t\t\t\t\t\t\t\t<option value=\"category18\" class=\"search-category\" data-id=\"18\" data-type=\"category\">Auf dem Meer (<400M)<\/option>\n\t\t\t\t\t\t\t\t\t\t\t<optgroup label=\"Auf dem Meer (<400M)\">\n\t\t\t\t\t\t\t\t\t\t\t\t\t\t\t\t\t\t\t\t<option value=\"property54\" class=\"search-category-property\" data-id=\"54\" data-type=\"property\">Ancora - By Almarina Villas<\/option>\n\t\t\t\t\t\t\t\t\t\t\t\t\t\t\t\t\t\t\t\t<option value=\"property59\" class=\"search-category-property\" data-id=\"59\" data-type=\"property\">Apolonia - by Almarina Villas<\/option>\n\t\t\t\t\t\t\t\t\t\t\t\t\t\t\t\t\t\t\t\t<option value=\"property58\" class=\"search-category-property\" data-id=\"58\" data-type=\"property\">Bahia de Javea - Managed by Almarina Villas<\/option>\n\t\t\t\t\t\t\t\t\t\t\t\t\t\t\t\t\t\t\t\t<option value=\"property23\" class=\"search-category-property\" data-id=\"23\" data-type=\"property\">Balilos 4 - By Almarina Villas<\/option>\n\t\t\t\t\t\t\t\t\t\t\t\t\t\t\t\t\t\t\t\t<option value=\"property22\" class=\"search-category-property\" data-id=\"22\" data-type=\"property\">Balilos 8 - By Almarina Villas<\/option>\n\t\t\t\t\t\t\t\t\t\t\t\t\t\t\t\t\t\t\t\t<option value=\"property36\" class=\"search-category-property\" data-id=\"36\" data-type=\"property\">Bianca - by Almarina Villas<\/option>\n\t\t\t\t\t\t\t\t\t\t\t\t\t\t\t\t\t\t\t\t<option value=\"property14\" class=\"search-category-property\" data-id=\"14\" data-type=\"property\">Brisa de Mar - By Almarina Villas<\/option>\n\t\t\t\t\t\t\t\t\t\t\t\t\t\t\t\t\t\t\t\t<option value=\"property42\" class=\"search-category-property\" data-id=\"42\" data-type=\"property\">El Faro - By Almarina Villas<\/option>\n\t\t\t\t\t\t\t\t\t\t\t\t\t\t\t\t\t\t\t\t<option value=\"property30\" class=\"search-category-property\" data-id=\"30\" data-type=\"property\">El Olivo - By Almarina Villas<\/option>\n\t\t\t\t\t\t\t\t\t\t\t\t\t\t\t\t\t\t\t\t<option value=\"property35\" class=\"search-category-property\" data-id=\"35\" data-type=\"property\">El Paseo - By Almarina Villas<\/option>\n\t\t\t\t\t\t\t\t\t\t\t\t\t\t\t\t\t\t\t\t<option value=\"property19\" class=\"search-category-property\" data-id=\"19\" data-type=\"property\">El Portet - By Almarina Villas<\/option>\n\t\t\t\t\t\t\t\t\t\t\t\t\t\t\t\t\t\t\t\t<option value=\"property29\" class=\"search-category-property\" data-id=\"29\" data-type=\"property\">La Calita - By Almarina Villas<\/option>\n\t\t\t\t\t\t\t\t\t\t\t\t\t\t\t\t\t\t\t\t<option value=\"property5\" class=\"search-category-property\" data-id=\"5\" data-type=\"property\">La Calma - By Almarina Villas<\/option>\n\t\t\t\t\t\t\t\t\t\t\t\t\t\t\t\t\t\t\t\t<option value=\"property1\" class=\"search-category-property\" data-id=\"1\" data-type=\"property\">La Mar - By Almarina Villas<\/option>\n\t\t\t\t\t\t\t\t\t\t\t\t\t\t\t\t\t\t\t\t<option value=\"property34\" class=\"search-category-property\" data-id=\"34\" data-type=\"property\">Mar y Cel - By Almarina Villas<\/option>\n\t\t\t\t\t\t\t\t\t\t\t\t\t\t\t\t\t\t\t\t<option value=\"property6\" class=\"search-category-property\" data-id=\"6\" data-type=\"property\">Mareta - By Almarina Villas<\/option>\n\t\t\t\t\t\t\t\t\t\t\t\t\t\t\t\t\t\t\t\t<option value=\"property32\" class=\"search-category-property\" data-id=\"32\" data-type=\"property\">Moraira Bay - By Almarina Villas<\/option>\n\t\t\t\t\t\t\t\t\t\t\t\t\t\t\t\t\t\t\t\t<option value=\"property38\" class=\"search-category-property\" data-id=\"38\" data-type=\"property\">Puerto del Sol - By Almarina Villas<\/option>\n\t\t\t\t\t\t\t\t\t\t\t\t\t\t\t\t\t\t\t\t<option value=\"property17\" class=\"search-category-property\" data-id=\"17\" data-type=\"property\">Son de Mar - By Almarina Villas<\/option>\n\t\t\t\t\t\t\t\t\t\t\t\t\t\t\t\t\t\t\t\t<option value=\"property24\" class=\"search-category-property\" data-id=\"24\" data-type=\"property\">The Sea Views - By Almarina Villas<\/option>\n\t\t\t\t\t\t\t\t\t\t\t\t\t\t\t\t\t\t\t\t<option value=\"property10\" class=\"search-category-property\" data-id=\"10\" data-type=\"property\">Vertigo -  By Almarina Villas<\/option>\n\t\t\t\t\t\t\t\t\t\t\t\t\t\t\t\t\t\t\t\t\t<\/optgroup>\n\t\t\t\t\t\t\t\t\t\t\t\t\t\t\t\t\t\t\t\t\t<option value=\"category25\" class=\"search-category\" data-id=\"25\" data-type=\"category\">Haustierfreundlich<\/option>\n\t\t\t\t\t\t\t\t\t\t\t<optgroup label=\"Haustierfreundlich\">\n\t\t\t\t\t\t\t\t\t\t\t\t\t\t\t\t\t\t\t\t<option value=\"property3\" class=\"search-category-property\" data-id=\"3\" data-type=\"property\">Aitana - By Almarina Villas<\/option>\n\t\t\t\t\t\t\t\t\t\t\t\t\t\t\t\t\t\t\t\t<option value=\"property16\" class=\"search-category-property\" data-id=\"16\" data-type=\"property\">Al Vent - By Almarina Villas<\/option>\n\t\t\t\t\t\t\t\t\t\t\t\t\t\t\t\t\t\t\t\t<option value=\"property54\" class=\"search-category-property\" data-id=\"54\" data-type=\"property\">Ancora - By Almarina Villas<\/option>\n\t\t\t\t\t\t\t\t\t\t\t\t\t\t\t\t\t\t\t\t<option value=\"property59\" class=\"search-category-property\" data-id=\"59\" data-type=\"property\">Apolonia - by Almarina Villas<\/option>\n\t\t\t\t\t\t\t\t\t\t\t\t\t\t\t\t\t\t\t\t<option value=\"property51\" class=\"search-category-property\" data-id=\"51\" data-type=\"property\">Atlas - by Almarina Villas<\/option>\n\t\t\t\t\t\t\t\t\t\t\t\t\t\t\t\t\t\t\t\t<option value=\"property50\" class=\"search-category-property\" data-id=\"50\" data-type=\"property\">Baladrar Views - By Almarina Villas<\/option>\n\t\t\t\t\t\t\t\t\t\t\t\t\t\t\t\t\t\t\t\t<option value=\"property23\" class=\"search-category-property\" data-id=\"23\" data-type=\"property\">Balilos 4 - By Almarina Villas<\/option>\n\t\t\t\t\t\t\t\t\t\t\t\t\t\t\t\t\t\t\t\t<option value=\"property22\" class=\"search-category-property\" data-id=\"22\" data-type=\"property\">Balilos 8 - By Almarina Villas<\/option>\n\t\t\t\t\t\t\t\t\t\t\t\t\t\t\t\t\t\t\t\t<option value=\"property36\" class=\"search-category-property\" data-id=\"36\" data-type=\"property\">Bianca - by Almarina Villas<\/option>\n\t\t\t\t\t\t\t\t\t\t\t\t\t\t\t\t\t\t\t\t<option value=\"property41\" class=\"search-category-property\" data-id=\"41\" data-type=\"property\">Bot\u00e1nico - By Almarina Villas<\/option>\n\t\t\t\t\t\t\t\t\t\t\t\t\t\t\t\t\t\t\t\t<option value=\"property14\" class=\"search-category-property\" data-id=\"14\" data-type=\"property\">Brisa de Mar - By Almarina Villas<\/option>\n\t\t\t\t\t\t\t\t\t\t\t\t\t\t\t\t\t\t\t\t<option value=\"property33\" class=\"search-category-property\" data-id=\"33\" data-type=\"property\">Casa Peponi - By Almarina Villas<\/option>\n\t\t\t\t\t\t\t\t\t\t\t\t\t\t\t\t\t\t\t\t<option value=\"property8\" class=\"search-category-property\" data-id=\"8\" data-type=\"property\">Coral - By Almarina Villas<\/option>\n\t\t\t\t\t\t\t\t\t\t\t\t\t\t\t\t\t\t\t\t<option value=\"property42\" class=\"search-category-property\" data-id=\"42\" data-type=\"property\">El Faro - By Almarina Villas<\/option>\n\t\t\t\t\t\t\t\t\t\t\t\t\t\t\t\t\t\t\t\t<option value=\"property30\" class=\"search-category-property\" data-id=\"30\" data-type=\"property\">El Olivo - By Almarina Villas<\/option>\n\t\t\t\t\t\t\t\t\t\t\t\t\t\t\t\t\t\t\t\t<option value=\"property35\" class=\"search-category-property\" data-id=\"35\" data-type=\"property\">El Paseo - By Almarina Villas<\/option>\n\t\t\t\t\t\t\t\t\t\t\t\t\t\t\t\t\t\t\t\t<option value=\"property19\" class=\"search-category-property\" data-id=\"19\" data-type=\"property\">El Portet - By Almarina Villas<\/option>\n\t\t\t\t\t\t\t\t\t\t\t\t\t\t\t\t\t\t\t\t<option value=\"property37\" class=\"search-category-property\" data-id=\"37\" data-type=\"property\">Esmeralda - By Almarina Villas<\/option>\n\t\t\t\t\t\t\t\t\t\t\t\t\t\t\t\t\t\t\t\t<option value=\"property29\" class=\"search-category-property\" data-id=\"29\" data-type=\"property\">La Calita - By Almarina Villas<\/option>\n\t\t\t\t\t\t\t\t\t\t\t\t\t\t\t\t\t\t\t\t<option value=\"property5\" class=\"search-category-property\" data-id=\"5\" data-type=\"property\">La Calma - By Almarina Villas<\/option>\n\t\t\t\t\t\t\t\t\t\t\t\t\t\t\t\t\t\t\t\t<option value=\"property1\" class=\"search-category-property\" data-id=\"1\" data-type=\"property\">La Mar - By Almarina Villas<\/option>\n\t\t\t\t\t\t\t\t\t\t\t\t\t\t\t\t\t\t\t\t<option value=\"property34\" class=\"search-category-property\" data-id=\"34\" data-type=\"property\">Mar y Cel - By Almarina Villas<\/option>\n\t\t\t\t\t\t\t\t\t\t\t\t\t\t\t\t\t\t\t\t<option value=\"property6\" class=\"search-category-property\" data-id=\"6\" data-type=\"property\">Mareta - By Almarina Villas<\/option>\n\t\t\t\t\t\t\t\t\t\t\t\t\t\t\t\t\t\t\t\t<option value=\"property38\" class=\"search-category-property\" data-id=\"38\" data-type=\"property\">Puerto del Sol - By Almarina Villas<\/option>\n\t\t\t\t\t\t\t\t\t\t\t\t\t\t\t\t\t\t\t\t<option value=\"property18\" class=\"search-category-property\" data-id=\"18\" data-type=\"property\">Romero - By Almarina Villas<\/option>\n\t\t\t\t\t\t\t\t\t\t\t\t\t\t\t\t\t\t\t\t<option value=\"property17\" class=\"search-category-property\" data-id=\"17\" data-type=\"property\">Son de Mar - By Almarina Villas<\/option>\n\t\t\t\t\t\t\t\t\t\t\t\t\t\t\t\t\t\t\t\t<option value=\"property24\" class=\"search-category-property\" data-id=\"24\" data-type=\"property\">The Sea Views - By Almarina Villas<\/option>\n\t\t\t\t\t\t\t\t\t\t\t\t\t\t\t\t\t\t\t\t\t<\/optgroup>\n\t\t\t\t\t\t\t\t\t\t\t\t\t\t\t\t\t\t\t\t\t<option value=\"category17\" class=\"search-category\" data-id=\"17\" data-type=\"category\">Blick aufs Meer <\/option>\n\t\t\t\t\t\t\t\t\t\t\t<optgroup label=\"Blick aufs Meer \">\n\t\t\t\t\t\t\t\t\t\t\t\t\t\t\t\t\t\t\t\t<option value=\"property16\" class=\"search-category-property\" data-id=\"16\" data-type=\"property\">Al Vent - By Almarina Villas<\/option>\n\t\t\t\t\t\t\t\t\t\t\t\t\t\t\t\t\t\t\t\t<option value=\"property54\" class=\"search-category-property\" data-id=\"54\" data-type=\"property\">Ancora - By Almarina Villas<\/option>\n\t\t\t\t\t\t\t\t\t\t\t\t\t\t\t\t\t\t\t\t<option value=\"property59\" class=\"search-category-property\" data-id=\"59\" data-type=\"property\">Apolonia - by Almarina Villas<\/option>\n\t\t\t\t\t\t\t\t\t\t\t\t\t\t\t\t\t\t\t\t<option value=\"property51\" class=\"search-category-property\" data-id=\"51\" data-type=\"property\">Atlas - by Almarina Villas<\/option>\n\t\t\t\t\t\t\t\t\t\t\t\t\t\t\t\t\t\t\t\t<option value=\"property58\" class=\"search-category-property\" data-id=\"58\" data-type=\"property\">Bahia de Javea - Managed by Almarina Villas<\/option>\n\t\t\t\t\t\t\t\t\t\t\t\t\t\t\t\t\t\t\t\t<option value=\"property25\" class=\"search-category-property\" data-id=\"25\" data-type=\"property\">Bah\u00eda del Portet - By Almarina Villas<\/option>\n\t\t\t\t\t\t\t\t\t\t\t\t\t\t\t\t\t\t\t\t<option value=\"property50\" class=\"search-category-property\" data-id=\"50\" data-type=\"property\">Baladrar Views - By Almarina Villas<\/option>\n\t\t\t\t\t\t\t\t\t\t\t\t\t\t\t\t\t\t\t\t<option value=\"property23\" class=\"search-category-property\" data-id=\"23\" data-type=\"property\">Balilos 4 - By Almarina Villas<\/option>\n\t\t\t\t\t\t\t\t\t\t\t\t\t\t\t\t\t\t\t\t<option value=\"property22\" class=\"search-category-property\" data-id=\"22\" data-type=\"property\">Balilos 8 - By Almarina Villas<\/option>\n\t\t\t\t\t\t\t\t\t\t\t\t\t\t\t\t\t\t\t\t<option value=\"property36\" class=\"search-category-property\" data-id=\"36\" data-type=\"property\">Bianca - by Almarina Villas<\/option>\n\t\t\t\t\t\t\t\t\t\t\t\t\t\t\t\t\t\t\t\t<option value=\"property20\" class=\"search-category-property\" data-id=\"20\" data-type=\"property\">Buenavista - By Almarina Villas<\/option>\n\t\t\t\t\t\t\t\t\t\t\t\t\t\t\t\t\t\t\t\t<option value=\"property33\" class=\"search-category-property\" data-id=\"33\" data-type=\"property\">Casa Peponi - By Almarina Villas<\/option>\n\t\t\t\t\t\t\t\t\t\t\t\t\t\t\t\t\t\t\t\t<option value=\"property8\" class=\"search-category-property\" data-id=\"8\" data-type=\"property\">Coral - By Almarina Villas<\/option>\n\t\t\t\t\t\t\t\t\t\t\t\t\t\t\t\t\t\t\t\t<option value=\"property42\" class=\"search-category-property\" data-id=\"42\" data-type=\"property\">El Faro - By Almarina Villas<\/option>\n\t\t\t\t\t\t\t\t\t\t\t\t\t\t\t\t\t\t\t\t<option value=\"property30\" class=\"search-category-property\" data-id=\"30\" data-type=\"property\">El Olivo - By Almarina Villas<\/option>\n\t\t\t\t\t\t\t\t\t\t\t\t\t\t\t\t\t\t\t\t<option value=\"property35\" class=\"search-category-property\" data-id=\"35\" data-type=\"property\">El Paseo - By Almarina Villas<\/option>\n\t\t\t\t\t\t\t\t\t\t\t\t\t\t\t\t\t\t\t\t<option value=\"property19\" class=\"search-category-property\" data-id=\"19\" data-type=\"property\">El Portet - By Almarina Villas<\/option>\n\t\t\t\t\t\t\t\t\t\t\t\t\t\t\t\t\t\t\t\t<option value=\"property21\" class=\"search-category-property\" data-id=\"21\" data-type=\"property\">El Toro - By Almarina Villas<\/option>\n\t\t\t\t\t\t\t\t\t\t\t\t\t\t\t\t\t\t\t\t<option value=\"property37\" class=\"search-category-property\" data-id=\"37\" data-type=\"property\">Esmeralda - By Almarina Villas<\/option>\n\t\t\t\t\t\t\t\t\t\t\t\t\t\t\t\t\t\t\t\t<option value=\"property29\" class=\"search-category-property\" data-id=\"29\" data-type=\"property\">La Calita - By Almarina Villas<\/option>\n\t\t\t\t\t\t\t\t\t\t\t\t\t\t\t\t\t\t\t\t<option value=\"property5\" class=\"search-category-property\" data-id=\"5\" data-type=\"property\">La Calma - By Almarina Villas<\/option>\n\t\t\t\t\t\t\t\t\t\t\t\t\t\t\t\t\t\t\t\t<option value=\"property1\" class=\"search-category-property\" data-id=\"1\" data-type=\"property\">La Mar - By Almarina Villas<\/option>\n\t\t\t\t\t\t\t\t\t\t\t\t\t\t\t\t\t\t\t\t<option value=\"property34\" class=\"search-category-property\" data-id=\"34\" data-type=\"property\">Mar y Cel - By Almarina Villas<\/option>\n\t\t\t\t\t\t\t\t\t\t\t\t\t\t\t\t\t\t\t\t<option value=\"property6\" class=\"search-category-property\" data-id=\"6\" data-type=\"property\">Mareta - By Almarina Villas<\/option>\n\t\t\t\t\t\t\t\t\t\t\t\t\t\t\t\t\t\t\t\t<option value=\"property15\" class=\"search-category-property\" data-id=\"15\" data-type=\"property\">Mirador - By Almarina Villas<\/option>\n\t\t\t\t\t\t\t\t\t\t\t\t\t\t\t\t\t\t\t\t<option value=\"property32\" class=\"search-category-property\" data-id=\"32\" data-type=\"property\">Moraira Bay - By Almarina Villas<\/option>\n\t\t\t\t\t\t\t\t\t\t\t\t\t\t\t\t\t\t\t\t<option value=\"property38\" class=\"search-category-property\" data-id=\"38\" data-type=\"property\">Puerto del Sol - By Almarina Villas<\/option>\n\t\t\t\t\t\t\t\t\t\t\t\t\t\t\t\t\t\t\t\t<option value=\"property18\" class=\"search-category-property\" data-id=\"18\" data-type=\"property\">Romero - By Almarina Villas<\/option>\n\t\t\t\t\t\t\t\t\t\t\t\t\t\t\t\t\t\t\t\t<option value=\"property17\" class=\"search-category-property\" data-id=\"17\" data-type=\"property\">Son de Mar - By Almarina Villas<\/option>\n\t\t\t\t\t\t\t\t\t\t\t\t\t\t\t\t\t\t\t\t<option value=\"property24\" class=\"search-category-property\" data-id=\"24\" data-type=\"property\">The Sea Views - By Almarina Villas<\/option>\n\t\t\t\t\t\t\t\t\t\t\t\t\t\t\t\t\t\t\t\t<option value=\"property10\" class=\"search-category-property\" data-id=\"10\" data-type=\"property\">Vertigo -  By Almarina Villas<\/option>\n\t\t\t\t\t\t\t\t\t\t\t\t\t\t\t\t\t\t\t\t<option value=\"property39\" class=\"search-category-property\" data-id=\"39\" data-type=\"property\">Villa Lujo - by Almarina Villas<\/option>\n\t\t\t\t\t\t\t\t\t\t\t\t\t\t\t\t\t\t\t\t\t<\/optgroup>\n\t\t\t\t\t\t\t\t\t\t\t\t\t\t\t\t\t\t<\/select>\n\t\t\t\t\t\t\t\t<div class=\"input-group-append\">\n\t\t\t\t\t\t\t\t\t<span class=\"input-group-text input-group-text-icon-sm\"><i class=\"fas fa-fw fa-chevron-down\"><\/i><\/span>\n\t\t\t\t\t\t\t\t<\/div>\n\t\t\t\t\t\t\t<\/div>\n\t\t\t\t\t\t<\/div>\n\t\t\t\t\t\t\n\t\t\t\t\t\t\t\t\t\t\t\t<div class=\"col-12 col-md-4 col-lg-2 _villas-365-date-container\">\n\t\t\t\t\t\t\t<label class=\"d-none\" for=\"checkin\">Anreise<\/label>\n\t\t\t\t\t\t\t<div class=\"input-group\">\n\t\t\t\t\t\t\t\t<input type=\"text\" class=\"form-control _villas-365-checkin _villas-365-date-control _villas-365-date-control-start\" value=\"\" placeholder=\"Anreise\" data-start-field-id=\"_villas-365-checkin\" data-end-field-id=\"_villas-365-checkout\">\n\t\t\t\t\t\t\t\t<div class=\"input-group-append\">\n\t\t\t\t\t\t\t\t\t<span class=\"input-group-text\"><i class=\"far fa-fw fa-calendar-alt\"><\/i><\/span>\n\t\t\t\t\t\t\t\t<\/div>\n\t\t\t\t\t\t\t<\/div>\n\t\t\t\t\t\t<\/div>\n\t\t\t\t\t\t<div class=\"col-12 col-md-4 col-lg-2 _villas-365-date-container\">\n\t\t\t\t\t\t\t<label class=\"d-none\" for=\"checkout\">Abreise<\/label>\n\t\t\t\t\t\t\t<div class=\"input-group\">\n\t\t\t\t\t\t\t\t<input type=\"text\" class=\"form-control _villas-365-checkout _villas-365-date-control _villas-365-date-control-end\" value=\"\" placeholder=\"Abreise\">\n\t\t\t\t\t\t\t\t<div class=\"input-group-append\">\n\t\t\t\t\t\t\t\t\t<span class=\"input-group-text\"><i class=\"far fa-fw fa-calendar-alt\"><\/i><\/span>\n\t\t\t\t\t\t\t\t<\/div>\n\t\t\t\t\t\t\t<\/div>\n\t\t\t\t\t\t<\/div>\n\t\t\t\t\t\t\n\t\t\t\t\t\t\t\t\t\t\t\t<div class=\"col-12 col-md-4 col-lg-2\">\n\t\t\t\t\t\t\t<label class=\"d-none\" for=\"adultguests\">Erwachsene<\/label>\n\t\t\t\t\t\t\t<div class=\"input-group chosen-input-group search-guests\">\n\t\t\t\t\t\t\t\t<select name=\"adultguests\" class=\"form-control search-text chosen-select chosen-select-single\" placeholder=\"Erwachsene\" data-placeholder=\"Erwachsene\">\n\t\t\t\t\t\t\t\t\t<option value=\"\">Erwachsene<\/option>\n\t\t\t\t\t\t\t\t\t\t\t\t\t\t\t\t\t\t<option value=\"1\">1<\/option>\n\t\t\t\t\t\t\t\t\t\t\t\t\t\t\t\t\t\t<option value=\"2\">2<\/option>\n\t\t\t\t\t\t\t\t\t\t\t\t\t\t\t\t\t\t<option value=\"3\">3<\/option>\n\t\t\t\t\t\t\t\t\t\t\t\t\t\t\t\t\t\t<option value=\"4\">4<\/option>\n\t\t\t\t\t\t\t\t\t\t\t\t\t\t\t\t\t\t<option value=\"5\">5<\/option>\n\t\t\t\t\t\t\t\t\t\t\t\t\t\t\t\t\t\t<option value=\"6\">6<\/option>\n\t\t\t\t\t\t\t\t\t\t\t\t\t\t\t\t\t\t<option value=\"7\">7<\/option>\n\t\t\t\t\t\t\t\t\t\t\t\t\t\t\t\t\t\t<option value=\"8\">8<\/option>\n\t\t\t\t\t\t\t\t\t\t\t\t\t\t\t\t\t\t<option value=\"9\">9<\/option>\n\t\t\t\t\t\t\t\t\t\t\t\t\t\t\t\t\t\t<option value=\"10\">10<\/option>\n\t\t\t\t\t\t\t\t\t\t\t\t\t\t\t\t\t\t<option value=\"11\">11<\/option>\n\t\t\t\t\t\t\t\t\t\t\t\t\t\t\t\t\t\t<option value=\"12\">12<\/option>\n\t\t\t\t\t\t\t\t\t\t\t\t\t\t\t\t\t\t<option value=\"13\">13<\/option>\n\t\t\t\t\t\t\t\t\t\t\t\t\t\t\t\t\t\t<option value=\"14\">14<\/option>\n\t\t\t\t\t\t\t\t\t\t\t\t\t\t\t\t\t<\/select>\n\t\t\t\t\t\t\t\t<div class=\"input-group-append\">\n\t\t\t\t\t\t\t\t\t<span class=\"input-group-text\"><i class=\"fas fa-fw fa-user-friends\"><\/i><\/span>\n\t\t\t\t\t\t\t\t<\/div>\n\t\t\t\t\t\t\t<\/div>\n\t\t\t\t\t\t<\/div>\n\t\t\t\t\t\t\n\t\t\t\t\t\t\n\t\t\t\t\t\t\n\t\t\t\t\t\t\n\t\t\t\t\t\t\n\t\t\t\t\t\t\n\t\t\t\t\t\t\t\t\t\t\t\t<div class=\"col-12 col-md-4 col-lg-2\">\n\t\t\t\t\t\t\t<label class=\"d-none\" for=\"city\">Stadt<\/label>\n\t\t\t\t\t\t\t<div class=\"input-group chosen-input-group\">\n\t\t\t\t\t\t\t\t<select name=\"city\" class=\"form-control search-text chosen-select chosen-select-single\" placeholder=\"Stadt\" data-placeholder=\"Stadt\">\n\t\t\t\t\t\t\t\t\t<option value=\"\">Stadt<\/option>\n\t\t\t\t\t\t\t\t\t\t\t\t\t\t\t\t\t\t<option value=\"BENISSA\">BENISSA<\/option>\n\t\t\t\t\t\t\t\t\t\t\t\t\t\t\t\t\t\t<option value=\"CALPE\">CALPE<\/option>\n\t\t\t\t\t\t\t\t\t\t\t\t\t\t\t\t\t\t<option value=\"DENIA\">DENIA<\/option>\n\t\t\t\t\t\t\t\t\t\t\t\t\t\t\t\t\t\t<option value=\"J\u00c1VEA\">J\u00c1VEA<\/option>\n\t\t\t\t\t\t\t\t\t\t\t\t\t\t\t\t\t\t<option value=\"MORAIRA\">MORAIRA<\/option>\n\t\t\t\t\t\t\t\t\t\t\t\t\t\t\t\t\t<\/select>\n\t\t\t\t\t\t\t\t<div class=\"input-group-append\">\n\t\t\t\t\t\t\t\t\t<span class=\"input-group-text\"><i class=\"fas fa-fw fa-city\"><\/i><\/span>\n\t\t\t\t\t\t\t\t<\/div>\n\t\t\t\t\t\t\t<\/div>\n\t\t\t\t\t\t<\/div>\n\t\t\t\t\t\t\n\t\t\t\t\t\t\n\t\t\t\t\t\t\t\t\t\t\t\t\n\t\t\t\t\t\t<div class=\"col-12 col-md-4 col-lg-2 mt-2 mt-md-0\">\n\t\t\t\t\t\t\t<div class=\"d-flex\">\n\t\t\t\t\t\t\t\t\t\t\t\t\t\t\t\t<button type=\"button\" class=\"_villas-365-search-button _villas-365-filter-button btn btn-primary\"><i class=\"fas fa-fw fa-sliders-h\"><\/i><span class=\"sr-only\">Filter<\/span><\/button>\n\t\t\t\t\t\t\t\t\t\t\t\t\t\t\t\t<button type=\"submit\" class=\"_villas-365-search-button btn btn-primary\">Suchen<\/button>\n\t\t\t\t\t\t\t<\/div>\n\t\t\t\t\t\t<\/div>\n\t\t\t\t\t<\/div>\n\t\t\t\t<\/div>\n\t\t\t<\/div>\n\t\t<\/div>\n\n\t\t\t\t<div id=\"_villas-365-search-form-filter\" style=\"display: none;\">\n\t\t\t<div class=\"_villas-365-search-form-filter-inner\">\n\t\t\t\t<div class=\"container-fluid\">\n\t\t\t\t\t<div class=\"row align-items-end _villas-365-date-range-container _villas-365-field-container\">\n\t\t\t\t\t\t\n\t\t\t\t\t\t\n\t\t\t\t\t\t\n\t\t\t\t\t\t\n\t\t\t\t\t\t\n\t\t\t\t\t\t\n\t\t\t\t\t\t\n\t\t\t\t\t\t\n\t\t\t\t\t\t\n\t\t\t\t\t\t\n\t\t\t\t\t\t\t\t\t\t\t<\/div>\n\n\t\t\t\t\t\t\t\t\t\t<div class=\"row _villas-365-hr-container\">\n\t\t\t\t\t\t<div class=\"col\">\n\t\t\t\t\t\t\t<div class=\"_villas-365-hr\"><\/div>\n\t\t\t\t\t\t<\/div>\n\t\t\t\t\t<\/div>\n\t\t\t\t\t<div class=\"row _villas-365-field-container _villas-365-options-container\">\n\t\t\t\t\t\t<div class=\"col-12 col-md-4 col-lg-2 _villas-365-option-container\">\n\t\t\t\t\t\t\t<strong>Filteroptionen:<\/strong>\n\t\t\t\t\t\t<\/div>\n\n\t\t\t\t\t\t<div class=\"col-12 col-lg-10\">\n\t\t\t\t\t\t\t<div class=\"row align-items-center _villas-365-option-checkboxes\">\n\t\t\t\t\t\t\t\t\t\t\t\t\t\t\t\t<div class=\"col-12 col-md-4 col-lg-5-columns _villas-365-option-checkbox _villas-365-option-container\">\n\t\t\t\t\t\t\t\t\t<label>\n\t\t\t\t\t\t\t\t\t\t<input type=\"checkbox\" name=\"searchoptions[pet]\" >&nbsp;Haustiere\t\t\t\t\t\t\t\t\t<\/label>\n\t\t\t\t\t\t\t\t\t<div class=\"_villas-365-option-checkbox-custom-container\">\n\t\t\t\t\t\t\t\t\t\t<span class=\"_villas-365-option-checkbox-custom \">\n\t\t\t\t\t\t\t\t\t\t\t<i class=\"fas fa-fw fa-check\"><\/i>\n\t\t\t\t\t\t\t\t\t\t<\/span>\n\t\t\t\t\t\t\t\t\t\t<span class=\"_villas-365-option-checkbox-custom-text\">Haustiere<\/span>\n\t\t\t\t\t\t\t\t\t<\/div>\n\t\t\t\t\t\t\t\t<\/div>\n\t\t\t\t\t\t\t\t\t\t\t\t\t\t\t\t<div class=\"col-12 col-md-4 col-lg-5-columns _villas-365-option-checkbox _villas-365-option-container\">\n\t\t\t\t\t\t\t\t\t<label>\n\t\t\t\t\t\t\t\t\t\t<input type=\"checkbox\" name=\"searchoptions[airconditioner]\" >&nbsp;Klimatisiert\t\t\t\t\t\t\t\t\t<\/label>\n\t\t\t\t\t\t\t\t\t<div class=\"_villas-365-option-checkbox-custom-container\">\n\t\t\t\t\t\t\t\t\t\t<span class=\"_villas-365-option-checkbox-custom \">\n\t\t\t\t\t\t\t\t\t\t\t<i class=\"fas fa-fw fa-check\"><\/i>\n\t\t\t\t\t\t\t\t\t\t<\/span>\n\t\t\t\t\t\t\t\t\t\t<span class=\"_villas-365-option-checkbox-custom-text\">Klimatisiert<\/span>\n\t\t\t\t\t\t\t\t\t<\/div>\n\t\t\t\t\t\t\t\t<\/div>\n\t\t\t\t\t\t\t\t\t\t\t\t\t\t\t\t<div class=\"col-12 col-md-4 col-lg-5-columns _villas-365-option-checkbox _villas-365-option-container\">\n\t\t\t\t\t\t\t\t\t<label>\n\t\t\t\t\t\t\t\t\t\t<input type=\"checkbox\" name=\"searchoptions[ocean]\" >&nbsp;Am Meer\t\t\t\t\t\t\t\t\t<\/label>\n\t\t\t\t\t\t\t\t\t<div class=\"_villas-365-option-checkbox-custom-container\">\n\t\t\t\t\t\t\t\t\t\t<span class=\"_villas-365-option-checkbox-custom \">\n\t\t\t\t\t\t\t\t\t\t\t<i class=\"fas fa-fw fa-check\"><\/i>\n\t\t\t\t\t\t\t\t\t\t<\/span>\n\t\t\t\t\t\t\t\t\t\t<span class=\"_villas-365-option-checkbox-custom-text\">Am Meer<\/span>\n\t\t\t\t\t\t\t\t\t<\/div>\n\t\t\t\t\t\t\t\t<\/div>\n\t\t\t\t\t\t\t\t\t\t\t\t\t\t\t<\/div>\n\t\t\t\t\t\t<\/div>\n\t\t\t\t\t<\/div>\n\t\t\t\t\t\n\t\t\t\t\t\n\t\t\t\t\t<div class=\"row _villas-365-hr-container\">\n\t\t\t\t\t\t<div class=\"col\">\n\t\t\t\t\t\t\t<div class=\"_villas-365-hr\"><\/div>\n\t\t\t\t\t\t<\/div>\n\t\t\t\t\t<\/div>\n\t\t\t\t\t<div class=\"row justify-content-end _villas-365-field-container _villas-365-search-form-filter-buttons\">\n\t\t\t\t\t\t<div class=\"col-12 col-md-5 col-lg-4 mt-2 mt-md-0\">\n\t\t\t\t\t\t\t<div class=\"d-flex\">\n\t\t\t\t\t\t\t\t<button type=\"button\" id=\"_villas-365-search-reset\" class=\"btn btn btn-outline-primary _villas-365-property-outline-button\">Zur\u00fccksetzen<\/button>\n\t\t\t\t\t\t\t\t<button type=\"submit\" id=\"_villas-365-search-apply\" class=\"btn btn-primary _villas-365-property-button\">Anwenden<\/button>\n\t\t\t\t\t\t\t<\/div>\n\t\t\t\t\t\t<\/div>\n\t\t\t\t\t<\/div>\n\t\t\t\t<\/div>\n\t\t\t<\/div>\n\t\t<\/div>\n\t\t\n\t\t<div id=\"_datetime-hidden-fields\">\n\t\t\t<input id=\"_villas-365-checkin\" type='hidden' name='checkin' value=\"\">\n\t\t\t<input id=\"_villas-365-checkout\" type='hidden' name='checkout' value=\"\">\n\t\t<\/div>\n\t\t<div id=\"_hidden-fields\">\n\t\t\t\t\t\t<input id=\"_villas-365-sort\" type='hidden' name='sort' value=\"\">\n\n\t\t\t\t\t\t<input id=\"_villas-365-view\" type='hidden' name='view' value=\"\">\n\t\t<\/div>\n\t<\/form>\n<\/div>\n[\/et_pb_code][\/et_pb_column][\/et_pb_row][\/et_pb_section][et_pb_section fb_built=&#8221;1&#8243; custom_padding_last_edited=&#8221;on|phone&#8221; admin_label=&#8221;Search Results Section&#8221; _builder_version=&#8221;4.19.5&#8243; _module_preset=&#8221;default&#8221; background_color=&#8221;#f7f7f7&#8243; custom_padding=&#8221;0px||50px||false|false&#8221; custom_padding_tablet=&#8221;50px||50px||true|false&#8221; custom_padding_phone=&#8221;40px||40px||true|false&#8221; global_colors_info=&#8221;{}&#8221; theme_builder_area=&#8221;post_content&#8221;][et_pb_row _builder_version=&#8221;4.19.5&#8243; _module_preset=&#8221;default&#8221; width=&#8221;90%&#8221; width_tablet=&#8221;90%&#8221; width_phone=&#8221;95%&#8221; width_last_edited=&#8221;on|phone&#8221; custom_padding=&#8221;||29px||false|false&#8221; global_colors_info=&#8221;{}&#8221; theme_builder_area=&#8221;post_content&#8221;][et_pb_column type=&#8221;4_4&#8243; _builder_version=&#8221;4.18.0&#8243; _module_preset=&#8221;default&#8221; global_colors_info=&#8221;{}&#8221; theme_builder_area=&#8221;post_content&#8221;][et_pb_code _builder_version=&#8221;4.19.5&#8243; _module_preset=&#8221;default&#8221; locked=&#8221;on&#8221; global_colors_info=&#8221;{}&#8221; theme_builder_area=&#8221;post_content&#8221;]<div id=\"properties-list\" class=\"_villas-365-bootstrap _villas-365-properties _villas-365-properties-grid\">\n\t<div class=\"_villas-365-properties-header\">\n\t\t<div class=\"container\">\n\t<div class=\"row align-items-center\">\n\t\t<div class=\"col-12 col-md\">\n\t\t\t<h2 class=\"_villas-365-properties-title\">38 Verf\u00fcgbar<\/h2>\n\t\t<\/div>\n\n\t\t\t<\/div>\n\t<div class=\"row\">\n\t\t<div class=\"col\">\n\t\t\t<div class=\"_villas-365-properties-title-separator\"><\/div>\n\t\t<\/div>\n\t<\/div>\n\n\t<div class=\"row align-items-center\">\n\t\t<div class=\"col-12 col-sm mb-half-gutter mb-sm-0\">\n\t\t\t<div class=\"_villas-365-properties-view-controls\">\n\t\t\t\t<span class=\"_villas-365-properties-view-control _villas-365-properties-view-control-title\">Ansehen:<\/span>\n\t\t\t\t\t\t\t\t<a class=\"_villas-365-properties-view-control _villas-365-properties-view-button\" href=\"https:\/\/almarinavillas.com\/en\/accommodation\/?q=&categoryid=&propertyid=&checkin=&checkout=&guests=&adultguests=&childguests=&minprice=&maxprice=&price=&city=&propertyids=&view=map\" data-href=\"https:\/\/almarinavillas.com\/en\/accommodation\/?q=&categoryid=&propertyid=&checkin=&checkout=&guests=&adultguests=&childguests=&minprice=&maxprice=&price=&city=&propertyids=&view=map\"><i class=\"fas fa-map-marker-alt\"><\/i><span class=\"sr-only\">Map<\/span><\/a>\n\t\t\t\t<a class=\"_villas-365-properties-view-control _villas-365-properties-view-button active\" href=\"https:\/\/almarinavillas.com\/en\/accommodation\/?q=&categoryid=&propertyid=&checkin=&checkout=&guests=&adultguests=&childguests=&minprice=&maxprice=&price=&city=&propertyids=&view=grid\" data-href=\"https:\/\/almarinavillas.com\/en\/accommodation\/?q=&categoryid=&propertyid=&checkin=&checkout=&guests=&adultguests=&childguests=&minprice=&maxprice=&price=&city=&propertyids=&view=grid\"><i class=\"fas fa-th\"><\/i><span class=\"sr-only\">Grid<\/span><\/a>\n\t\t\t\t<a class=\"_villas-365-properties-view-control _villas-365-properties-view-button\" href=\"https:\/\/almarinavillas.com\/en\/accommodation\/?q=&categoryid=&propertyid=&checkin=&checkout=&guests=&adultguests=&childguests=&minprice=&maxprice=&price=&city=&propertyids=&view=list\" data-href=\"https:\/\/almarinavillas.com\/en\/accommodation\/?q=&categoryid=&propertyid=&checkin=&checkout=&guests=&adultguests=&childguests=&minprice=&maxprice=&price=&city=&propertyids=&view=list\"><i class=\"fas fa-list\"><\/i><span class=\"sr-only\">List<\/span><\/a>\n\t\t\t<\/div>\n\t\t<\/div>\n\t\t<div class=\"col-12 col-sm-auto\">\n\t\t\t<div class=\"_villas-365-properties-sort-controls\">\n\t\t\t\t\t\t\t\t<span class=\"_villas-365-properties-sort-control-label\">Sortieren:<\/span>\n\t\t\t\t<select name=\"sort\" class=\"_villas-365-properties-sort-control form-control search-text chosen-select chosen-select-single\" data-href=\"https:\/\/almarinavillas.com\/en\/accommodation\/?q=&categoryid=&propertyid=&checkin=&checkout=&guests=&adultguests=&childguests=&minprice=&maxprice=&price=&city=&view=grid&propertyids=&sort=\" data-placeholder=\"W\u00e4hlen\">\n\t\t\t\t\t<option value=\"\" selected><\/option>\n\t\t\t\t\t<option value=\"price-high\">Preis von Hoch bis Niedrig<\/option>\n\t\t\t\t\t<option value=\"price-low\">Preis von Niedrig bis Hoch<\/option>\n\t\t\t\t\t<option value=\"bedrooms\">Schlafzimmer<\/option>\n\t\t\t\t\t<option value=\"name\">Vorname<\/option>\n\t\t\t\t<\/select>\n\t\t\t<\/div>\n\t\t<\/div>\n\t<\/div>\n<\/div>\n\t<\/div>\n\n\t<div class=\"container mt-4\">\n\t\t\t\t\t\t\t\t\t\t\t<div class=\"row\">\n\t\t\t\t\t\t\t\t\t\t\t\t<div class=\"_villas-365-property col-md mb-3\">\n\t\t\t\t\t\t\t\t\t\t\t<div class=\"_villas-365-property-inner\">\n\t<div class=\"row h-100\">\n\t\t<div class=\"col-12\">\n\t\t\t<div class=\"row\">\n\t\t\t\t<div class=\"col-12 mb-2\">\n\t\t\t\t\t<div class=\"_villas-365-property-image\">\n\t\t\t\t\t\t\t\t\t\t\t\t<div class=\"_villas-365-property-image-overlay\"><\/div>\n\t\t\t\t\t\t<a href=\"https:\/\/almarinavillas.com\/de\/eigentum\/59-apolonia-by-almarina-villas\/\" class=\"unstyled-link _villas-365-property-image-link\" style=\"background-image:url('https:\/\/secure.365villas.com\/getimage\/uploads\/config\/alvaroaznar\/property\/gallery\/59\/20260227_112042_9912jpg.jpg');\" target=\"_blank\">\n\t\t\t\t\t\t\t<img decoding=\"async\" src=\"https:\/\/secure.365villas.com\/getimage\/uploads\/config\/alvaroaznar\/property\/gallery\/59\/20260227_112042_9912jpg.jpg\" alt=\"\" class=\"img-fluid d-block d-lg-none\">\n\t\t\t\t\t\t<\/a>\n\t\t\t\t\t\t\t\t\t\t\t\t\t\t\t\t\t\t<a href=\"https:\/\/almarinavillas.com\/de\/unterkunft\/\" class=\"_villas-365-property-info-label _villas-365-property-discount\" target=\"_blank\">\n\t\t\t\t\t\t\t<div class=\"_villas-365-property-discount-label\">Werbeaktionen<\/div><div class=\"_villas-365-property-discount-icon\"><i class=\"fa fa-fw fa-info-circle\"><\/i><\/div><div class=\"_villas-365-property-discount-text\">Last minute discount<\/div>\n\t\t\t\t\t\t<\/a>\n\t\t\t\t\t\t\t\t\t\t\t\t\n\t\t\t\t\t\t\t\t\t\t\t\t<div class=\"_villas-365-property-price\" title=\"\u20ac453.00 per night, \u20ac3,171.00 per week\">\n\t\t\t\t\t\t\t<span class=\"_villas-365-property-price-from-text\">Von<\/span>\n\t\t\t\t\t\t\t<br><span class=\"_villas-365-property-price-value\">\u20ac453.00<\/span>\/nacht\t\t\t\t\t\t<\/div>\n\t\t\t\t\t\t\n\t\t\t\t\t\t\t\t\t\t\t\t\t<div class=\"_villas-365-property-save-button loading\" data-property-id=\"59\">\n\t<i class=\"fas fa-spinner fa-spin fa-fw _villas-365-property-save-button-icon _villas-365-property-save-spinner\"><\/i>\n\t<i class=\"far fa-heart fa-fw _villas-365-property-save-button-icon _villas-365-property-save-inactive\"><\/i>\n\t<i class=\"fas fa-heart fa-fw _villas-365-property-save-button-icon _villas-365-property-save-active\"><\/i>\n\t<\/div>\n\t\t\t\t\t\t\t\t\t\t\t<\/div>\n\t\t\t\t<\/div>\n\t\t\t\t<div class=\"col-12\">\n\t\t\t\t\t<div class=\"_villas-365-property-inner-text\">\n\t\t\t\t\t\t<div class=\"row h-100\">\n\t\t\t\t\t\t\t<div class=\"col-12\">\n\t\t\t\t\t\t\t\t<div class=\"row\">\n\t\t\t\t\t\t\t\t\t\t\t\t\t\t\t\t\t\t<div class=\"col-12\">\n\t\t\t\t\t\t\t\t\t\t<h5 class=\"_villas-365-property-name\">\n\t\t\t\t\t\t\t\t\t\t\t<a href=\"https:\/\/almarinavillas.com\/de\/eigentum\/59-apolonia-by-almarina-villas\/\" target=\"_blank\">Apolonia - by Almarina Villas<\/a>\n\t\t\t\t\t\t\t\t\t\t<\/h5>\n\t\t\t\t\t\t\t\t\t<\/div>\n\t\t\t\t\t\t\t\t\t\n\t\t\t\t\t\t\t\t\t\t\t\t\t\t\t\t\t\t<div class=\"col-12\">\n\t\t\t\t\t\t\t\t\t\t<div class=\"_villas-365-property-summary\">\n\t\t\t\t\t\t\t\t\t\t\tDie Villa Apolonia (Calpe) ist eine spektakul\u00e4re und einzigartige Villa,  die sich durch ihre mediterrane Architektur und ihre gepflegte Einrichtung auszeichnet und von der Villa aus einen unvergleichlichen Meerblick bietet \u2013 von den herrlichen Terra...\t\t\t\t\t\t\t\t\t\t<\/div>\n\t\t\t\t\t\t\t\t\t<\/div>\n\t\t\t\t\t\t\t\t\t\n\t\t\t\t\t\t\t\t\t\t\t\t\t\t\t\t\t\t<div class=\"col-6\">\n\t\t\t\t\t\t\t\t\t\t<div class=\"_villas-365-property-rooms\">\n\t\t<span class=\"_villas-365-property-room\"><i class=\"_villas-365-property-room-icon fas fa-user\"><\/i> 10<\/span>\n\t\t<span class=\"_villas-365-property-room\"><i class=\"_villas-365-property-room-icon fas fa-bed\"><\/i> 5<\/span>\n\t\t<span class=\"_villas-365-property-room\"><i class=\"_villas-365-property-room-icon fas fa-bath\"><\/i> 4<\/span>\n\t\t<\/div>\n\t\t\t\t\t\t\t\t\t<\/div>\n\t\t\t\t\t\t\t\t\t\n\t\t\t\t\t\t\t\t\t<div class=\"col-6 text-right\">\n\t\t\t\t\t\t\t\t\t\t<a href=\"https:\/\/almarinavillas.com\/de\/eigentum\/59-apolonia-by-almarina-villas\/\" target=\"_blank\"\" class=\"_villas-365-property-button _villas-365-property-outline-button btn btn-outline-primary\">Reservieren<\/a>\n\t\t\t\t\t\t\t\t\t<\/div>\n\t\t\t\t\t\t\t\t<\/div>\n\t\t\t\t\t\t\t<\/div>\n\t\t\t\t\t\t<\/div>\n\t\t\t\t\t<\/div>\n\t\t\t\t<\/div>\n\t\t\t<\/div>\n\t\t<\/div>\n\t<\/div>\n<\/div>\t\t\t\t\t\t\t\t\t<\/div>\n\t\t\t\t\t\t\t\t<div class=\"_villas-365-property col-md mb-3\">\n\t\t\t\t\t\t\t\t\t\t\t<div class=\"_villas-365-property-inner\">\n\t<div class=\"row h-100\">\n\t\t<div class=\"col-12\">\n\t\t\t<div class=\"row\">\n\t\t\t\t<div class=\"col-12 mb-2\">\n\t\t\t\t\t<div class=\"_villas-365-property-image\">\n\t\t\t\t\t\t\t\t\t\t\t\t<div class=\"_villas-365-property-image-overlay\"><\/div>\n\t\t\t\t\t\t<a href=\"https:\/\/almarinavillas.com\/de\/eigentum\/51-atlas-by-almarina-villas\/\" class=\"unstyled-link _villas-365-property-image-link\" style=\"background-image:url('https:\/\/secure.365villas.com\/getimage\/uploads\/config\/alvaroaznar\/property\/gallery\/51\/20260226_094809_5858jpg.jpg');\" target=\"_blank\">\n\t\t\t\t\t\t\t<img decoding=\"async\" src=\"https:\/\/secure.365villas.com\/getimage\/uploads\/config\/alvaroaznar\/property\/gallery\/51\/20260226_094809_5858jpg.jpg\" alt=\"\" class=\"img-fluid d-block d-lg-none\">\n\t\t\t\t\t\t<\/a>\n\t\t\t\t\t\t\t\t\t\t\t\t\t\t\t\t\t\t<a href=\"https:\/\/almarinavillas.com\/de\/unterkunft\/\" class=\"_villas-365-property-info-label _villas-365-property-discount\" target=\"_blank\">\n\t\t\t\t\t\t\t<div class=\"_villas-365-property-discount-label\">Werbeaktionen<\/div><div class=\"_villas-365-property-discount-icon\"><i class=\"fa fa-fw fa-info-circle\"><\/i><\/div><div class=\"_villas-365-property-discount-text\">LUJO DESCUENTO ESPECIAL 15% ABRIL Y MAYO! - SPECIAL  15% LUXURY APRIL &amp; MAY (25% PARA UNA SEMANA O M\u00c1S - 25% ONE WEEK OR MORE)<\/div>\n\t\t\t\t\t\t<\/a>\n\t\t\t\t\t\t\t\t\t\t\t\t\n\t\t\t\t\t\t\t\t\t\t\t\t<div class=\"_villas-365-property-price\" title=\"\u20ac309.00 per night, \u20ac2,163.00 per week\">\n\t\t\t\t\t\t\t<span class=\"_villas-365-property-price-from-text\">Von<\/span>\n\t\t\t\t\t\t\t<br><span class=\"_villas-365-property-price-value\">\u20ac309.00<\/span>\/nacht\t\t\t\t\t\t<\/div>\n\t\t\t\t\t\t\n\t\t\t\t\t\t\t\t\t\t\t\t\t<div class=\"_villas-365-property-save-button loading\" data-property-id=\"51\">\n\t<i class=\"fas fa-spinner fa-spin fa-fw _villas-365-property-save-button-icon _villas-365-property-save-spinner\"><\/i>\n\t<i class=\"far fa-heart fa-fw _villas-365-property-save-button-icon _villas-365-property-save-inactive\"><\/i>\n\t<i class=\"fas fa-heart fa-fw _villas-365-property-save-button-icon _villas-365-property-save-active\"><\/i>\n\t<\/div>\n\t\t\t\t\t\t\t\t\t\t\t<\/div>\n\t\t\t\t<\/div>\n\t\t\t\t<div class=\"col-12\">\n\t\t\t\t\t<div class=\"_villas-365-property-inner-text\">\n\t\t\t\t\t\t<div class=\"row h-100\">\n\t\t\t\t\t\t\t<div class=\"col-12\">\n\t\t\t\t\t\t\t\t<div class=\"row\">\n\t\t\t\t\t\t\t\t\t\t\t\t\t\t\t\t\t\t<div class=\"col-12\">\n\t\t\t\t\t\t\t\t\t\t<h5 class=\"_villas-365-property-name\">\n\t\t\t\t\t\t\t\t\t\t\t<a href=\"https:\/\/almarinavillas.com\/de\/eigentum\/51-atlas-by-almarina-villas\/\" target=\"_blank\">Atlas - by Almarina Villas<\/a>\n\t\t\t\t\t\t\t\t\t\t<\/h5>\n\t\t\t\t\t\t\t\t\t<\/div>\n\t\t\t\t\t\t\t\t\t\n\t\t\t\t\t\t\t\t\t\t\t\t\t\t\t\t\t\t<div class=\"col-12\">\n\t\t\t\t\t\t\t\t\t\t<div class=\"_villas-365-property-summary\">\n\t\t\t\t\t\t\t\t\t\t\tDie Villa Atlas (J\u00e1vea) ist eine gro\u00dfe, moderne Villa mit 4 Schlafzimmern, die speziell f\u00fcr einen unvergesslichen Aufenthalt an der wundersch\u00f6nen Mittelmeerk\u00fcste J\u00e1veas konzipiert wurde. Sie bietet ihren G\u00e4sten Eleganz und Stil, viel Platz, Licht und...\t\t\t\t\t\t\t\t\t\t<\/div>\n\t\t\t\t\t\t\t\t\t<\/div>\n\t\t\t\t\t\t\t\t\t\n\t\t\t\t\t\t\t\t\t\t\t\t\t\t\t\t\t\t<div class=\"col-6\">\n\t\t\t\t\t\t\t\t\t\t<div class=\"_villas-365-property-rooms\">\n\t\t<span class=\"_villas-365-property-room\"><i class=\"_villas-365-property-room-icon fas fa-user\"><\/i> 8<\/span>\n\t\t<span class=\"_villas-365-property-room\"><i class=\"_villas-365-property-room-icon fas fa-bed\"><\/i> 4<\/span>\n\t\t<span class=\"_villas-365-property-room\"><i class=\"_villas-365-property-room-icon fas fa-bath\"><\/i> 3<\/span>\n\t\t<\/div>\n\t\t\t\t\t\t\t\t\t<\/div>\n\t\t\t\t\t\t\t\t\t\n\t\t\t\t\t\t\t\t\t<div class=\"col-6 text-right\">\n\t\t\t\t\t\t\t\t\t\t<a href=\"https:\/\/almarinavillas.com\/de\/eigentum\/51-atlas-by-almarina-villas\/\" target=\"_blank\"\" class=\"_villas-365-property-button _villas-365-property-outline-button btn btn-outline-primary\">Reservieren<\/a>\n\t\t\t\t\t\t\t\t\t<\/div>\n\t\t\t\t\t\t\t\t<\/div>\n\t\t\t\t\t\t\t<\/div>\n\t\t\t\t\t\t<\/div>\n\t\t\t\t\t<\/div>\n\t\t\t\t<\/div>\n\t\t\t<\/div>\n\t\t<\/div>\n\t<\/div>\n<\/div>\t\t\t\t\t\t\t\t\t<\/div>\n\t\t\t\t\t\t\t\t<div class=\"_villas-365-property col-md mb-3\">\n\t\t\t\t\t\t\t\t\t\t\t<div class=\"_villas-365-property-inner\">\n\t<div class=\"row h-100\">\n\t\t<div class=\"col-12\">\n\t\t\t<div class=\"row\">\n\t\t\t\t<div class=\"col-12 mb-2\">\n\t\t\t\t\t<div class=\"_villas-365-property-image\">\n\t\t\t\t\t\t\t\t\t\t\t\t<div class=\"_villas-365-property-image-overlay\"><\/div>\n\t\t\t\t\t\t<a href=\"https:\/\/almarinavillas.com\/de\/eigentum\/50-baladrar-views-by-almarina-villas\/\" class=\"unstyled-link _villas-365-property-image-link\" style=\"background-image:url('https:\/\/secure.365villas.com\/getimage\/uploads\/config\/alvaroaznar\/property\/gallery\/50\/20250219_043419_9241jpg.jpg');\" target=\"_blank\">\n\t\t\t\t\t\t\t<img decoding=\"async\" src=\"https:\/\/secure.365villas.com\/getimage\/uploads\/config\/alvaroaznar\/property\/gallery\/50\/20250219_043419_9241jpg.jpg\" alt=\"\" class=\"img-fluid d-block d-lg-none\">\n\t\t\t\t\t\t<\/a>\n\t\t\t\t\t\t\t\t\t\t\t\t\t\t\t\t\t\t<a href=\"https:\/\/almarinavillas.com\/de\/unterkunft\/\" class=\"_villas-365-property-info-label _villas-365-property-discount\" target=\"_blank\">\n\t\t\t\t\t\t\t<div class=\"_villas-365-property-discount-label\">Werbeaktionen<\/div><div class=\"_villas-365-property-discount-icon\"><i class=\"fa fa-fw fa-info-circle\"><\/i><\/div><div class=\"_villas-365-property-discount-text\">Last minute discount<\/div>\n\t\t\t\t\t\t<\/a>\n\t\t\t\t\t\t\t\t\t\t\t\t\n\t\t\t\t\t\t\t\t\t\t\t\t<div class=\"_villas-365-property-price\" title=\"\u20ac391.00 per night, \u20ac2,737.00 per week\">\n\t\t\t\t\t\t\t<span class=\"_villas-365-property-price-from-text\">Von<\/span>\n\t\t\t\t\t\t\t<br><span class=\"_villas-365-property-price-value\">\u20ac391.00<\/span>\/nacht\t\t\t\t\t\t<\/div>\n\t\t\t\t\t\t\n\t\t\t\t\t\t\t\t\t\t\t\t\t<div class=\"_villas-365-property-save-button loading\" data-property-id=\"50\">\n\t<i class=\"fas fa-spinner fa-spin fa-fw _villas-365-property-save-button-icon _villas-365-property-save-spinner\"><\/i>\n\t<i class=\"far fa-heart fa-fw _villas-365-property-save-button-icon _villas-365-property-save-inactive\"><\/i>\n\t<i class=\"fas fa-heart fa-fw _villas-365-property-save-button-icon _villas-365-property-save-active\"><\/i>\n\t<\/div>\n\t\t\t\t\t\t\t\t\t\t\t<\/div>\n\t\t\t\t<\/div>\n\t\t\t\t<div class=\"col-12\">\n\t\t\t\t\t<div class=\"_villas-365-property-inner-text\">\n\t\t\t\t\t\t<div class=\"row h-100\">\n\t\t\t\t\t\t\t<div class=\"col-12\">\n\t\t\t\t\t\t\t\t<div class=\"row\">\n\t\t\t\t\t\t\t\t\t\t\t\t\t\t\t\t\t\t<div class=\"col-12\">\n\t\t\t\t\t\t\t\t\t\t<h5 class=\"_villas-365-property-name\">\n\t\t\t\t\t\t\t\t\t\t\t<a href=\"https:\/\/almarinavillas.com\/de\/eigentum\/50-baladrar-views-by-almarina-villas\/\" target=\"_blank\">Baladrar Views - By Almarina Villas<\/a>\n\t\t\t\t\t\t\t\t\t\t<\/h5>\n\t\t\t\t\t\t\t\t\t<\/div>\n\t\t\t\t\t\t\t\t\t\n\t\t\t\t\t\t\t\t\t\t\t\t\t\t\t\t\t\t<div class=\"col-12\">\n\t\t\t\t\t\t\t\t\t\t<div class=\"_villas-365-property-summary\">\n\t\t\t\t\t\t\t\t\t\t\tBaladrar Views (Benissa) ist unglaublich wegen seines gro\u00dfartigen Stils und seiner Eleganz, modern, mit viel Licht und Sonne den ganzen Tag \u00fcber auf seinen gro\u00dfen Terrassen und seinem unglaublichen 12 m langen beheizten Pool (extra, siehe Bedingungen...\t\t\t\t\t\t\t\t\t\t<\/div>\n\t\t\t\t\t\t\t\t\t<\/div>\n\t\t\t\t\t\t\t\t\t\n\t\t\t\t\t\t\t\t\t\t\t\t\t\t\t\t\t\t<div class=\"col-6\">\n\t\t\t\t\t\t\t\t\t\t<div class=\"_villas-365-property-rooms\">\n\t\t<span class=\"_villas-365-property-room\"><i class=\"_villas-365-property-room-icon fas fa-user\"><\/i> 8<\/span>\n\t\t<span class=\"_villas-365-property-room\"><i class=\"_villas-365-property-room-icon fas fa-bed\"><\/i> 4<\/span>\n\t\t<span class=\"_villas-365-property-room\"><i class=\"_villas-365-property-room-icon fas fa-bath\"><\/i> 3<\/span>\n\t\t<\/div>\n\t\t\t\t\t\t\t\t\t<\/div>\n\t\t\t\t\t\t\t\t\t\n\t\t\t\t\t\t\t\t\t<div class=\"col-6 text-right\">\n\t\t\t\t\t\t\t\t\t\t<a href=\"https:\/\/almarinavillas.com\/de\/eigentum\/50-baladrar-views-by-almarina-villas\/\" target=\"_blank\"\" class=\"_villas-365-property-button _villas-365-property-outline-button btn btn-outline-primary\">Reservieren<\/a>\n\t\t\t\t\t\t\t\t\t<\/div>\n\t\t\t\t\t\t\t\t<\/div>\n\t\t\t\t\t\t\t<\/div>\n\t\t\t\t\t\t<\/div>\n\t\t\t\t\t<\/div>\n\t\t\t\t<\/div>\n\t\t\t<\/div>\n\t\t<\/div>\n\t<\/div>\n<\/div>\t\t\t\t\t\t\t\t\t<\/div>\n\t\t\t\t\t\t\t<\/div>\n\t\t\t\t\t\t<div class=\"row\">\n\t\t\t\t\t\t\t\t\t\t\t\t<div class=\"_villas-365-property col-md mb-3\">\n\t\t\t\t\t\t\t\t\t\t\t<div class=\"_villas-365-property-inner\">\n\t<div class=\"row h-100\">\n\t\t<div class=\"col-12\">\n\t\t\t<div class=\"row\">\n\t\t\t\t<div class=\"col-12 mb-2\">\n\t\t\t\t\t<div class=\"_villas-365-property-image\">\n\t\t\t\t\t\t\t\t\t\t\t\t<div class=\"_villas-365-property-image-overlay\"><\/div>\n\t\t\t\t\t\t<a href=\"https:\/\/almarinavillas.com\/de\/eigentum\/47-bisserot-by-almarina-villas\/\" class=\"unstyled-link _villas-365-property-image-link\" style=\"background-image:url('https:\/\/secure.365villas.com\/getimage\/uploads\/config\/alvaroaznar\/property\/gallery\/47\/20250219_034024_4950jpg.jpg');\" target=\"_blank\">\n\t\t\t\t\t\t\t<img decoding=\"async\" src=\"https:\/\/secure.365villas.com\/getimage\/uploads\/config\/alvaroaznar\/property\/gallery\/47\/20250219_034024_4950jpg.jpg\" alt=\"\" class=\"img-fluid d-block d-lg-none\">\n\t\t\t\t\t\t<\/a>\n\t\t\t\t\t\t\t\t\t\t\t\t\t\t\t\t\t\t<a href=\"https:\/\/almarinavillas.com\/de\/unterkunft\/\" class=\"_villas-365-property-info-label _villas-365-property-discount\" target=\"_blank\">\n\t\t\t\t\t\t\t<div class=\"_villas-365-property-discount-label\">Werbeaktionen<\/div><div class=\"_villas-365-property-discount-icon\"><i class=\"fa fa-fw fa-info-circle\"><\/i><\/div><div class=\"_villas-365-property-discount-text\">2 discounts available<\/div>\n\t\t\t\t\t\t<\/a>\n\t\t\t\t\t\t\t\t\t\t\t\t\n\t\t\t\t\t\t\t\t\t\t\t\t<div class=\"_villas-365-property-price\" title=\"\u20ac192.00 per night, \u20ac1,344.00 per week\">\n\t\t\t\t\t\t\t<span class=\"_villas-365-property-price-from-text\">Von<\/span>\n\t\t\t\t\t\t\t<br><span class=\"_villas-365-property-price-value\">\u20ac192.00<\/span>\/nacht\t\t\t\t\t\t<\/div>\n\t\t\t\t\t\t\n\t\t\t\t\t\t\t\t\t\t\t\t\t<div class=\"_villas-365-property-save-button loading\" data-property-id=\"47\">\n\t<i class=\"fas fa-spinner fa-spin fa-fw _villas-365-property-save-button-icon _villas-365-property-save-spinner\"><\/i>\n\t<i class=\"far fa-heart fa-fw _villas-365-property-save-button-icon _villas-365-property-save-inactive\"><\/i>\n\t<i class=\"fas fa-heart fa-fw _villas-365-property-save-button-icon _villas-365-property-save-active\"><\/i>\n\t<\/div>\n\t\t\t\t\t\t\t\t\t\t\t<\/div>\n\t\t\t\t<\/div>\n\t\t\t\t<div class=\"col-12\">\n\t\t\t\t\t<div class=\"_villas-365-property-inner-text\">\n\t\t\t\t\t\t<div class=\"row h-100\">\n\t\t\t\t\t\t\t<div class=\"col-12\">\n\t\t\t\t\t\t\t\t<div class=\"row\">\n\t\t\t\t\t\t\t\t\t\t\t\t\t\t\t\t\t\t<div class=\"col-12\">\n\t\t\t\t\t\t\t\t\t\t<h5 class=\"_villas-365-property-name\">\n\t\t\t\t\t\t\t\t\t\t\t<a href=\"https:\/\/almarinavillas.com\/de\/eigentum\/47-bisserot-by-almarina-villas\/\" target=\"_blank\">Bisserot - By Almarina Villas<\/a>\n\t\t\t\t\t\t\t\t\t\t<\/h5>\n\t\t\t\t\t\t\t\t\t<\/div>\n\t\t\t\t\t\t\t\t\t\n\t\t\t\t\t\t\t\t\t\t\t\t\t\t\t\t\t\t<div class=\"col-12\">\n\t\t\t\t\t\t\t\t\t\t<div class=\"_villas-365-property-summary\">\n\t\t\t\t\t\t\t\t\t\t\tVilla Bisserot (Denia) ist eine Villa mit einem einzigartigen und besonderen Charme. Es liegt auf einem gro\u00dfen Grundst\u00fcck von \u00fcber 8.000 m2 und bietet Ruhe und Frieden, auch dank seiner wundersch\u00f6nen mediterranen Dekoration. Haustiere sind in dieser...\t\t\t\t\t\t\t\t\t\t<\/div>\n\t\t\t\t\t\t\t\t\t<\/div>\n\t\t\t\t\t\t\t\t\t\n\t\t\t\t\t\t\t\t\t\t\t\t\t\t\t\t\t\t<div class=\"col-6\">\n\t\t\t\t\t\t\t\t\t\t<div class=\"_villas-365-property-rooms\">\n\t\t<span class=\"_villas-365-property-room\"><i class=\"_villas-365-property-room-icon fas fa-user\"><\/i> 7<\/span>\n\t\t<span class=\"_villas-365-property-room\"><i class=\"_villas-365-property-room-icon fas fa-bed\"><\/i> 4<\/span>\n\t\t<span class=\"_villas-365-property-room\"><i class=\"_villas-365-property-room-icon fas fa-bath\"><\/i> 2<\/span>\n\t\t<\/div>\n\t\t\t\t\t\t\t\t\t<\/div>\n\t\t\t\t\t\t\t\t\t\n\t\t\t\t\t\t\t\t\t<div class=\"col-6 text-right\">\n\t\t\t\t\t\t\t\t\t\t<a href=\"https:\/\/almarinavillas.com\/de\/eigentum\/47-bisserot-by-almarina-villas\/\" target=\"_blank\"\" class=\"_villas-365-property-button _villas-365-property-outline-button btn btn-outline-primary\">Reservieren<\/a>\n\t\t\t\t\t\t\t\t\t<\/div>\n\t\t\t\t\t\t\t\t<\/div>\n\t\t\t\t\t\t\t<\/div>\n\t\t\t\t\t\t<\/div>\n\t\t\t\t\t<\/div>\n\t\t\t\t<\/div>\n\t\t\t<\/div>\n\t\t<\/div>\n\t<\/div>\n<\/div>\t\t\t\t\t\t\t\t\t<\/div>\n\t\t\t\t\t\t\t\t<div class=\"_villas-365-property col-md mb-3\">\n\t\t\t\t\t\t\t\t\t\t\t<div class=\"_villas-365-property-inner\">\n\t<div class=\"row h-100\">\n\t\t<div class=\"col-12\">\n\t\t\t<div class=\"row\">\n\t\t\t\t<div class=\"col-12 mb-2\">\n\t\t\t\t\t<div class=\"_villas-365-property-image\">\n\t\t\t\t\t\t\t\t\t\t\t\t<div class=\"_villas-365-property-image-overlay\"><\/div>\n\t\t\t\t\t\t<a href=\"https:\/\/almarinavillas.com\/de\/eigentum\/8-coral-by-almarina-villas\/\" class=\"unstyled-link _villas-365-property-image-link\" style=\"background-image:url('https:\/\/secure.365villas.com\/getimage\/uploads\/config\/alvaroaznar\/property\/gallery\/8\/20250205_081947_8957jpg.jpg');\" target=\"_blank\">\n\t\t\t\t\t\t\t<img decoding=\"async\" src=\"https:\/\/secure.365villas.com\/getimage\/uploads\/config\/alvaroaznar\/property\/gallery\/8\/20250205_081947_8957jpg.jpg\" alt=\"\" class=\"img-fluid d-block d-lg-none\">\n\t\t\t\t\t\t<\/a>\n\t\t\t\t\t\t\t\t\t\t\t\t\t\t\t\t\t\t<a href=\"https:\/\/almarinavillas.com\/de\/unterkunft\/\" class=\"_villas-365-property-info-label _villas-365-property-discount\" target=\"_blank\">\n\t\t\t\t\t\t\t<div class=\"_villas-365-property-discount-label\">Werbeaktionen<\/div><div class=\"_villas-365-property-discount-icon\"><i class=\"fa fa-fw fa-info-circle\"><\/i><\/div><div class=\"_villas-365-property-discount-text\">LUJO DESCUENTO ESPECIAL 20% ABRIL Y MAYO! - SPECIAL  20% LUXURY APRIL &amp; MAY<\/div>\n\t\t\t\t\t\t<\/a>\n\t\t\t\t\t\t\t\t\t\t\t\t\n\t\t\t\t\t\t\t\t\t\t\t\t<div class=\"_villas-365-property-price\" title=\"\u20ac480.00 per night, \u20ac3,360.00 per week\">\n\t\t\t\t\t\t\t<span class=\"_villas-365-property-price-from-text\">Von<\/span>\n\t\t\t\t\t\t\t<br><span class=\"_villas-365-property-price-value\">\u20ac480.00<\/span>\/nacht\t\t\t\t\t\t<\/div>\n\t\t\t\t\t\t\n\t\t\t\t\t\t\t\t\t\t\t\t\t<div class=\"_villas-365-property-save-button loading\" data-property-id=\"8\">\n\t<i class=\"fas fa-spinner fa-spin fa-fw _villas-365-property-save-button-icon _villas-365-property-save-spinner\"><\/i>\n\t<i class=\"far fa-heart fa-fw _villas-365-property-save-button-icon _villas-365-property-save-inactive\"><\/i>\n\t<i class=\"fas fa-heart fa-fw _villas-365-property-save-button-icon _villas-365-property-save-active\"><\/i>\n\t<\/div>\n\t\t\t\t\t\t\t\t\t\t\t<\/div>\n\t\t\t\t<\/div>\n\t\t\t\t<div class=\"col-12\">\n\t\t\t\t\t<div class=\"_villas-365-property-inner-text\">\n\t\t\t\t\t\t<div class=\"row h-100\">\n\t\t\t\t\t\t\t<div class=\"col-12\">\n\t\t\t\t\t\t\t\t<div class=\"row\">\n\t\t\t\t\t\t\t\t\t\t\t\t\t\t\t\t\t\t<div class=\"col-12\">\n\t\t\t\t\t\t\t\t\t\t<h5 class=\"_villas-365-property-name\">\n\t\t\t\t\t\t\t\t\t\t\t<a href=\"https:\/\/almarinavillas.com\/de\/eigentum\/8-coral-by-almarina-villas\/\" target=\"_blank\">Coral - By Almarina Villas<\/a>\n\t\t\t\t\t\t\t\t\t\t<\/h5>\n\t\t\t\t\t\t\t\t\t<\/div>\n\t\t\t\t\t\t\t\t\t\n\t\t\t\t\t\t\t\t\t\t\t\t\t\t\t\t\t\t<div class=\"col-12\">\n\t\t\t\t\t\t\t\t\t\t<div class=\"_villas-365-property-summary\">\n\t\t\t\t\t\t\t\t\t\t\tVilla Coral (J\u00e1vea) ist eine unglaubliche, moderne Luxusvilla mit Meerblick, einem gro\u00dfen Poolbereich, au\u00dfergew\u00f6hnlichem zeitgen\u00f6ssischem Dekor, einem Whirlpool, einem Spielzimmer und einem Aufzug, ideal f\u00fcr G\u00e4ste mit eingeschr\u00e4nkter Mobilit\u00e4t. Whirl...\t\t\t\t\t\t\t\t\t\t<\/div>\n\t\t\t\t\t\t\t\t\t<\/div>\n\t\t\t\t\t\t\t\t\t\n\t\t\t\t\t\t\t\t\t\t\t\t\t\t\t\t\t\t<div class=\"col-6\">\n\t\t\t\t\t\t\t\t\t\t<div class=\"_villas-365-property-rooms\">\n\t\t<span class=\"_villas-365-property-room\"><i class=\"_villas-365-property-room-icon fas fa-user\"><\/i> 10<\/span>\n\t\t<span class=\"_villas-365-property-room\"><i class=\"_villas-365-property-room-icon fas fa-bed\"><\/i> 5<\/span>\n\t\t<span class=\"_villas-365-property-room\"><i class=\"_villas-365-property-room-icon fas fa-bath\"><\/i> 4<\/span>\n\t\t<\/div>\n\t\t\t\t\t\t\t\t\t<\/div>\n\t\t\t\t\t\t\t\t\t\n\t\t\t\t\t\t\t\t\t<div class=\"col-6 text-right\">\n\t\t\t\t\t\t\t\t\t\t<a href=\"https:\/\/almarinavillas.com\/de\/eigentum\/8-coral-by-almarina-villas\/\" target=\"_blank\"\" class=\"_villas-365-property-button _villas-365-property-outline-button btn btn-outline-primary\">Reservieren<\/a>\n\t\t\t\t\t\t\t\t\t<\/div>\n\t\t\t\t\t\t\t\t<\/div>\n\t\t\t\t\t\t\t<\/div>\n\t\t\t\t\t\t<\/div>\n\t\t\t\t\t<\/div>\n\t\t\t\t<\/div>\n\t\t\t<\/div>\n\t\t<\/div>\n\t<\/div>\n<\/div>\t\t\t\t\t\t\t\t\t<\/div>\n\t\t\t\t\t\t\t\t<div class=\"_villas-365-property col-md mb-3\">\n\t\t\t\t\t\t\t\t\t\t\t<div class=\"_villas-365-property-inner\">\n\t<div class=\"row h-100\">\n\t\t<div class=\"col-12\">\n\t\t\t<div class=\"row\">\n\t\t\t\t<div class=\"col-12 mb-2\">\n\t\t\t\t\t<div class=\"_villas-365-property-image\">\n\t\t\t\t\t\t\t\t\t\t\t\t<div class=\"_villas-365-property-image-overlay\"><\/div>\n\t\t\t\t\t\t<a href=\"https:\/\/almarinavillas.com\/de\/eigentum\/21-el-toro-by-almarina-villas\/\" class=\"unstyled-link _villas-365-property-image-link\" style=\"background-image:url('https:\/\/secure.365villas.com\/getimage\/uploads\/config\/alvaroaznar\/property\/gallery\/21\/20221104_145346jpg.jpg');\" target=\"_blank\">\n\t\t\t\t\t\t\t<img decoding=\"async\" src=\"https:\/\/secure.365villas.com\/getimage\/uploads\/config\/alvaroaznar\/property\/gallery\/21\/20221104_145346jpg.jpg\" alt=\"\" class=\"img-fluid d-block d-lg-none\">\n\t\t\t\t\t\t<\/a>\n\t\t\t\t\t\t\t\t\t\t\t\t\t\t\t\t\t\t<div class=\"_villas-365-property-info-label _villas-365-property-featured\">\n\t\t\t\t\t\t\tEmpfohlen\t\t\t\t\t\t<\/div>\n\t\t\t\t\t\t\t\t\t\t\t\t\n\t\t\t\t\t\t\t\t\t\t\t\t<div class=\"_villas-365-property-price\" title=\"\u20ac264.00 per night, \u20ac1,848.00 per week\">\n\t\t\t\t\t\t\t<span class=\"_villas-365-property-price-from-text\">Von<\/span>\n\t\t\t\t\t\t\t<br><span class=\"_villas-365-property-price-value\">\u20ac264.00<\/span>\/nacht\t\t\t\t\t\t<\/div>\n\t\t\t\t\t\t\n\t\t\t\t\t\t\t\t\t\t\t\t\t<div class=\"_villas-365-property-save-button loading\" data-property-id=\"21\">\n\t<i class=\"fas fa-spinner fa-spin fa-fw _villas-365-property-save-button-icon _villas-365-property-save-spinner\"><\/i>\n\t<i class=\"far fa-heart fa-fw _villas-365-property-save-button-icon _villas-365-property-save-inactive\"><\/i>\n\t<i class=\"fas fa-heart fa-fw _villas-365-property-save-button-icon _villas-365-property-save-active\"><\/i>\n\t<\/div>\n\t\t\t\t\t\t\t\t\t\t\t<\/div>\n\t\t\t\t<\/div>\n\t\t\t\t<div class=\"col-12\">\n\t\t\t\t\t<div class=\"_villas-365-property-inner-text\">\n\t\t\t\t\t\t<div class=\"row h-100\">\n\t\t\t\t\t\t\t<div class=\"col-12\">\n\t\t\t\t\t\t\t\t<div class=\"row\">\n\t\t\t\t\t\t\t\t\t\t\t\t\t\t\t\t\t\t<div class=\"col-12\">\n\t\t\t\t\t\t\t\t\t\t<h5 class=\"_villas-365-property-name\">\n\t\t\t\t\t\t\t\t\t\t\t<a href=\"https:\/\/almarinavillas.com\/de\/eigentum\/21-el-toro-by-almarina-villas\/\" target=\"_blank\">El Toro - By Almarina Villas<\/a>\n\t\t\t\t\t\t\t\t\t\t<\/h5>\n\t\t\t\t\t\t\t\t\t<\/div>\n\t\t\t\t\t\t\t\t\t\n\t\t\t\t\t\t\t\t\t\t\t\t\t\t\t\t\t\t<div class=\"col-12\">\n\t\t\t\t\t\t\t\t\t\t<div class=\"_villas-365-property-summary\">\n\t\t\t\t\t\t\t\t\t\t\tVilla el Toro (Benissa) ist eine wundersch\u00f6ne und ger\u00e4umige Villa mit einem einzigartigen Dekorationsstil, der mediterrane und moderne Stile mit exquisitem Geschmack vereint. Die Villa bietet mit ihren verschiedenen Innen- und Au\u00dfenbereichen eine gro...\t\t\t\t\t\t\t\t\t\t<\/div>\n\t\t\t\t\t\t\t\t\t<\/div>\n\t\t\t\t\t\t\t\t\t\n\t\t\t\t\t\t\t\t\t\t\t\t\t\t\t\t\t\t<div class=\"col-6\">\n\t\t\t\t\t\t\t\t\t\t<div class=\"_villas-365-property-rooms\">\n\t\t<span class=\"_villas-365-property-room\"><i class=\"_villas-365-property-room-icon fas fa-user\"><\/i> 10<\/span>\n\t\t<span class=\"_villas-365-property-room\"><i class=\"_villas-365-property-room-icon fas fa-bed\"><\/i> 5<\/span>\n\t\t<span class=\"_villas-365-property-room\"><i class=\"_villas-365-property-room-icon fas fa-bath\"><\/i> 3<\/span>\n\t\t<\/div>\n\t\t\t\t\t\t\t\t\t<\/div>\n\t\t\t\t\t\t\t\t\t\n\t\t\t\t\t\t\t\t\t<div class=\"col-6 text-right\">\n\t\t\t\t\t\t\t\t\t\t<a href=\"https:\/\/almarinavillas.com\/de\/eigentum\/21-el-toro-by-almarina-villas\/\" target=\"_blank\"\" class=\"_villas-365-property-button _villas-365-property-outline-button btn btn-outline-primary\">Reservieren<\/a>\n\t\t\t\t\t\t\t\t\t<\/div>\n\t\t\t\t\t\t\t\t<\/div>\n\t\t\t\t\t\t\t<\/div>\n\t\t\t\t\t\t<\/div>\n\t\t\t\t\t<\/div>\n\t\t\t\t<\/div>\n\t\t\t<\/div>\n\t\t<\/div>\n\t<\/div>\n<\/div>\t\t\t\t\t\t\t\t\t<\/div>\n\t\t\t\t\t\t\t<\/div>\n\t\t\t\t\t\t<div class=\"row\">\n\t\t\t\t\t\t\t\t\t\t\t\t<div class=\"_villas-365-property col-md mb-3\">\n\t\t\t\t\t\t\t\t\t\t\t<div class=\"_villas-365-property-inner\">\n\t<div class=\"row h-100\">\n\t\t<div class=\"col-12\">\n\t\t\t<div class=\"row\">\n\t\t\t\t<div class=\"col-12 mb-2\">\n\t\t\t\t\t<div class=\"_villas-365-property-image\">\n\t\t\t\t\t\t\t\t\t\t\t\t<div class=\"_villas-365-property-image-overlay\"><\/div>\n\t\t\t\t\t\t<a href=\"https:\/\/almarinavillas.com\/de\/eigentum\/37-esmeralda-by-almarina-villas\/\" class=\"unstyled-link _villas-365-property-image-link\" style=\"background-image:url('https:\/\/secure.365villas.com\/getimage\/uploads\/config\/alvaroaznar\/property\/gallery\/37\/20250211_032623_2818jpg.jpg');\" target=\"_blank\">\n\t\t\t\t\t\t\t<img decoding=\"async\" src=\"https:\/\/secure.365villas.com\/getimage\/uploads\/config\/alvaroaznar\/property\/gallery\/37\/20250211_032623_2818jpg.jpg\" alt=\"\" class=\"img-fluid d-block d-lg-none\">\n\t\t\t\t\t\t<\/a>\n\t\t\t\t\t\t\t\t\t\t\t\t\t\t\t\t\t\t<a href=\"https:\/\/almarinavillas.com\/de\/unterkunft\/\" class=\"_villas-365-property-info-label _villas-365-property-discount\" target=\"_blank\">\n\t\t\t\t\t\t\t<div class=\"_villas-365-property-discount-label\">Werbeaktionen<\/div><div class=\"_villas-365-property-discount-icon\"><i class=\"fa fa-fw fa-info-circle\"><\/i><\/div><div class=\"_villas-365-property-discount-text\">2 discounts available<\/div>\n\t\t\t\t\t\t<\/a>\n\t\t\t\t\t\t\t\t\t\t\t\t\n\t\t\t\t\t\t\t\t\t\t\t\t<div class=\"_villas-365-property-price\" title=\"\u20ac237.00 per night, \u20ac1,659.00 per week\">\n\t\t\t\t\t\t\t<span class=\"_villas-365-property-price-from-text\">Von<\/span>\n\t\t\t\t\t\t\t<br><span class=\"_villas-365-property-price-value\">\u20ac237.00<\/span>\/nacht\t\t\t\t\t\t<\/div>\n\t\t\t\t\t\t\n\t\t\t\t\t\t\t\t\t\t\t\t\t<div class=\"_villas-365-property-save-button loading\" data-property-id=\"37\">\n\t<i class=\"fas fa-spinner fa-spin fa-fw _villas-365-property-save-button-icon _villas-365-property-save-spinner\"><\/i>\n\t<i class=\"far fa-heart fa-fw _villas-365-property-save-button-icon _villas-365-property-save-inactive\"><\/i>\n\t<i class=\"fas fa-heart fa-fw _villas-365-property-save-button-icon _villas-365-property-save-active\"><\/i>\n\t<\/div>\n\t\t\t\t\t\t\t\t\t\t\t<\/div>\n\t\t\t\t<\/div>\n\t\t\t\t<div class=\"col-12\">\n\t\t\t\t\t<div class=\"_villas-365-property-inner-text\">\n\t\t\t\t\t\t<div class=\"row h-100\">\n\t\t\t\t\t\t\t<div class=\"col-12\">\n\t\t\t\t\t\t\t\t<div class=\"row\">\n\t\t\t\t\t\t\t\t\t\t\t\t\t\t\t\t\t\t<div class=\"col-12\">\n\t\t\t\t\t\t\t\t\t\t<h5 class=\"_villas-365-property-name\">\n\t\t\t\t\t\t\t\t\t\t\t<a href=\"https:\/\/almarinavillas.com\/de\/eigentum\/37-esmeralda-by-almarina-villas\/\" target=\"_blank\">Esmeralda - By Almarina Villas<\/a>\n\t\t\t\t\t\t\t\t\t\t<\/h5>\n\t\t\t\t\t\t\t\t\t<\/div>\n\t\t\t\t\t\t\t\t\t\n\t\t\t\t\t\t\t\t\t\t\t\t\t\t\t\t\t\t<div class=\"col-12\">\n\t\t\t\t\t\t\t\t\t\t<div class=\"_villas-365-property-summary\">\n\t\t\t\t\t\t\t\t\t\t\tDie Villa Esmeralda (Moraira) ist eine moderne Villa, die dank ihrer gro\u00dfz\u00fcgigen Terrassen mit Meerblick, einem wundersch\u00f6nen beheizten Pool (gegen Geb\u00fchr, siehe Bedingungen) und einer geschmackvollen Einrichtung, die moderne und mediterrane Stile el...\t\t\t\t\t\t\t\t\t\t<\/div>\n\t\t\t\t\t\t\t\t\t<\/div>\n\t\t\t\t\t\t\t\t\t\n\t\t\t\t\t\t\t\t\t\t\t\t\t\t\t\t\t\t<div class=\"col-6\">\n\t\t\t\t\t\t\t\t\t\t<div class=\"_villas-365-property-rooms\">\n\t\t<span class=\"_villas-365-property-room\"><i class=\"_villas-365-property-room-icon fas fa-user\"><\/i> 8<\/span>\n\t\t<span class=\"_villas-365-property-room\"><i class=\"_villas-365-property-room-icon fas fa-bed\"><\/i> 4<\/span>\n\t\t<span class=\"_villas-365-property-room\"><i class=\"_villas-365-property-room-icon fas fa-bath\"><\/i> 3<\/span>\n\t\t<\/div>\n\t\t\t\t\t\t\t\t\t<\/div>\n\t\t\t\t\t\t\t\t\t\n\t\t\t\t\t\t\t\t\t<div class=\"col-6 text-right\">\n\t\t\t\t\t\t\t\t\t\t<a href=\"https:\/\/almarinavillas.com\/de\/eigentum\/37-esmeralda-by-almarina-villas\/\" target=\"_blank\"\" class=\"_villas-365-property-button _villas-365-property-outline-button btn btn-outline-primary\">Reservieren<\/a>\n\t\t\t\t\t\t\t\t\t<\/div>\n\t\t\t\t\t\t\t\t<\/div>\n\t\t\t\t\t\t\t<\/div>\n\t\t\t\t\t\t<\/div>\n\t\t\t\t\t<\/div>\n\t\t\t\t<\/div>\n\t\t\t<\/div>\n\t\t<\/div>\n\t<\/div>\n<\/div>\t\t\t\t\t\t\t\t\t<\/div>\n\t\t\t\t\t\t\t\t<div class=\"_villas-365-property col-md mb-3\">\n\t\t\t\t\t\t\t\t\t\t\t<div class=\"_villas-365-property-inner\">\n\t<div class=\"row h-100\">\n\t\t<div class=\"col-12\">\n\t\t\t<div class=\"row\">\n\t\t\t\t<div class=\"col-12 mb-2\">\n\t\t\t\t\t<div class=\"_villas-365-property-image\">\n\t\t\t\t\t\t\t\t\t\t\t\t<div class=\"_villas-365-property-image-overlay\"><\/div>\n\t\t\t\t\t\t<a href=\"https:\/\/almarinavillas.com\/de\/eigentum\/4-la-colina-by-almarina-villas\/\" class=\"unstyled-link _villas-365-property-image-link\" style=\"background-image:url('https:\/\/secure.365villas.com\/getimage\/uploads\/config\/alvaroaznar\/property\/gallery\/4\/20250218_082214_334jpg.jpg');\" target=\"_blank\">\n\t\t\t\t\t\t\t<img decoding=\"async\" src=\"https:\/\/secure.365villas.com\/getimage\/uploads\/config\/alvaroaznar\/property\/gallery\/4\/20250218_082214_334jpg.jpg\" alt=\"\" class=\"img-fluid d-block d-lg-none\">\n\t\t\t\t\t\t<\/a>\n\t\t\t\t\t\t\t\t\t\t\t\t\t\t\t\t\t\t<div class=\"_villas-365-property-info-label _villas-365-property-featured\">\n\t\t\t\t\t\t\tEmpfohlen\t\t\t\t\t\t<\/div>\n\t\t\t\t\t\t\t\t\t\t\t\t\n\t\t\t\t\t\t\t\t\t\t\t\t<div class=\"_villas-365-property-price\" title=\"\u20ac251.00 per night, \u20ac1,757.00 per week\">\n\t\t\t\t\t\t\t<span class=\"_villas-365-property-price-from-text\">Von<\/span>\n\t\t\t\t\t\t\t<br><span class=\"_villas-365-property-price-value\">\u20ac251.00<\/span>\/nacht\t\t\t\t\t\t<\/div>\n\t\t\t\t\t\t\n\t\t\t\t\t\t\t\t\t\t\t\t\t<div class=\"_villas-365-property-save-button loading\" data-property-id=\"4\">\n\t<i class=\"fas fa-spinner fa-spin fa-fw _villas-365-property-save-button-icon _villas-365-property-save-spinner\"><\/i>\n\t<i class=\"far fa-heart fa-fw _villas-365-property-save-button-icon _villas-365-property-save-inactive\"><\/i>\n\t<i class=\"fas fa-heart fa-fw _villas-365-property-save-button-icon _villas-365-property-save-active\"><\/i>\n\t<\/div>\n\t\t\t\t\t\t\t\t\t\t\t<\/div>\n\t\t\t\t<\/div>\n\t\t\t\t<div class=\"col-12\">\n\t\t\t\t\t<div class=\"_villas-365-property-inner-text\">\n\t\t\t\t\t\t<div class=\"row h-100\">\n\t\t\t\t\t\t\t<div class=\"col-12\">\n\t\t\t\t\t\t\t\t<div class=\"row\">\n\t\t\t\t\t\t\t\t\t\t\t\t\t\t\t\t\t\t<div class=\"col-12\">\n\t\t\t\t\t\t\t\t\t\t<h5 class=\"_villas-365-property-name\">\n\t\t\t\t\t\t\t\t\t\t\t<a href=\"https:\/\/almarinavillas.com\/de\/eigentum\/4-la-colina-by-almarina-villas\/\" target=\"_blank\">La Colina - By Almarina Villas<\/a>\n\t\t\t\t\t\t\t\t\t\t<\/h5>\n\t\t\t\t\t\t\t\t\t<\/div>\n\t\t\t\t\t\t\t\t\t\n\t\t\t\t\t\t\t\t\t\t\t\t\t\t\t\t\t\t<div class=\"col-12\">\n\t\t\t\t\t\t\t\t\t\t<div class=\"_villas-365-property-summary\">\n\t\t\t\t\t\t\t\t\t\t\tLa Colina (Moraira) ist eine moderne und komfortable Villa mit gro\u00dfem Pool und spektakul\u00e4rem mediterranem Charme. Es bietet au\u00dferdem eine perfekte Lage neben dem Tennis- und Paddle-Tennis-Club Moraira, in einer ruhigen Gegend mit gehobenen Villen und...\t\t\t\t\t\t\t\t\t\t<\/div>\n\t\t\t\t\t\t\t\t\t<\/div>\n\t\t\t\t\t\t\t\t\t\n\t\t\t\t\t\t\t\t\t\t\t\t\t\t\t\t\t\t<div class=\"col-6\">\n\t\t\t\t\t\t\t\t\t\t<div class=\"_villas-365-property-rooms\">\n\t\t<span class=\"_villas-365-property-room\"><i class=\"_villas-365-property-room-icon fas fa-user\"><\/i> 6<\/span>\n\t\t<span class=\"_villas-365-property-room\"><i class=\"_villas-365-property-room-icon fas fa-bed\"><\/i> 3<\/span>\n\t\t<span class=\"_villas-365-property-room\"><i class=\"_villas-365-property-room-icon fas fa-bath\"><\/i> 3<\/span>\n\t\t<\/div>\n\t\t\t\t\t\t\t\t\t<\/div>\n\t\t\t\t\t\t\t\t\t\n\t\t\t\t\t\t\t\t\t<div class=\"col-6 text-right\">\n\t\t\t\t\t\t\t\t\t\t<a href=\"https:\/\/almarinavillas.com\/de\/eigentum\/4-la-colina-by-almarina-villas\/\" target=\"_blank\"\" class=\"_villas-365-property-button _villas-365-property-outline-button btn btn-outline-primary\">Reservieren<\/a>\n\t\t\t\t\t\t\t\t\t<\/div>\n\t\t\t\t\t\t\t\t<\/div>\n\t\t\t\t\t\t\t<\/div>\n\t\t\t\t\t\t<\/div>\n\t\t\t\t\t<\/div>\n\t\t\t\t<\/div>\n\t\t\t<\/div>\n\t\t<\/div>\n\t<\/div>\n<\/div>\t\t\t\t\t\t\t\t\t<\/div>\n\t\t\t\t\t\t\t\t<div class=\"_villas-365-property col-md mb-3\">\n\t\t\t\t\t\t\t\t\t\t\t<div class=\"_villas-365-property-inner\">\n\t<div class=\"row h-100\">\n\t\t<div class=\"col-12\">\n\t\t\t<div class=\"row\">\n\t\t\t\t<div class=\"col-12 mb-2\">\n\t\t\t\t\t<div class=\"_villas-365-property-image\">\n\t\t\t\t\t\t\t\t\t\t\t\t<div class=\"_villas-365-property-image-overlay\"><\/div>\n\t\t\t\t\t\t<a href=\"https:\/\/almarinavillas.com\/de\/eigentum\/15-mirador-by-almarina-villas\/\" class=\"unstyled-link _villas-365-property-image-link\" style=\"background-image:url('https:\/\/secure.365villas.com\/getimage\/uploads\/config\/alvaroaznar\/property\/gallery\/15\/20250527_142859_6321jpg.jpg');\" target=\"_blank\">\n\t\t\t\t\t\t\t<img decoding=\"async\" src=\"https:\/\/secure.365villas.com\/getimage\/uploads\/config\/alvaroaznar\/property\/gallery\/15\/20250527_142859_6321jpg.jpg\" alt=\"\" class=\"img-fluid d-block d-lg-none\">\n\t\t\t\t\t\t<\/a>\n\t\t\t\t\t\t\t\t\t\t\t\t\t\t\t\t\t\t<a href=\"https:\/\/almarinavillas.com\/de\/unterkunft\/\" class=\"_villas-365-property-info-label _villas-365-property-discount\" target=\"_blank\">\n\t\t\t\t\t\t\t<div class=\"_villas-365-property-discount-label\">Werbeaktionen<\/div><div class=\"_villas-365-property-discount-icon\"><i class=\"fa fa-fw fa-info-circle\"><\/i><\/div><div class=\"_villas-365-property-discount-text\">Last minute discount<\/div>\n\t\t\t\t\t\t<\/a>\n\t\t\t\t\t\t\t\t\t\t\t\t\n\t\t\t\t\t\t\t\t\t\t\t\t<div class=\"_villas-365-property-price\" title=\"\u20ac266.00 per night, \u20ac1,862.00 per week\">\n\t\t\t\t\t\t\t<span class=\"_villas-365-property-price-from-text\">Von<\/span>\n\t\t\t\t\t\t\t<br><span class=\"_villas-365-property-price-value\">\u20ac266.00<\/span>\/nacht\t\t\t\t\t\t<\/div>\n\t\t\t\t\t\t\n\t\t\t\t\t\t\t\t\t\t\t\t\t<div class=\"_villas-365-property-save-button loading\" data-property-id=\"15\">\n\t<i class=\"fas fa-spinner fa-spin fa-fw _villas-365-property-save-button-icon _villas-365-property-save-spinner\"><\/i>\n\t<i class=\"far fa-heart fa-fw _villas-365-property-save-button-icon _villas-365-property-save-inactive\"><\/i>\n\t<i class=\"fas fa-heart fa-fw _villas-365-property-save-button-icon _villas-365-property-save-active\"><\/i>\n\t<\/div>\n\t\t\t\t\t\t\t\t\t\t\t<\/div>\n\t\t\t\t<\/div>\n\t\t\t\t<div class=\"col-12\">\n\t\t\t\t\t<div class=\"_villas-365-property-inner-text\">\n\t\t\t\t\t\t<div class=\"row h-100\">\n\t\t\t\t\t\t\t<div class=\"col-12\">\n\t\t\t\t\t\t\t\t<div class=\"row\">\n\t\t\t\t\t\t\t\t\t\t\t\t\t\t\t\t\t\t<div class=\"col-12\">\n\t\t\t\t\t\t\t\t\t\t<h5 class=\"_villas-365-property-name\">\n\t\t\t\t\t\t\t\t\t\t\t<a href=\"https:\/\/almarinavillas.com\/de\/eigentum\/15-mirador-by-almarina-villas\/\" target=\"_blank\">Mirador - By Almarina Villas<\/a>\n\t\t\t\t\t\t\t\t\t\t<\/h5>\n\t\t\t\t\t\t\t\t\t<\/div>\n\t\t\t\t\t\t\t\t\t\n\t\t\t\t\t\t\t\t\t\t\t\t\t\t\t\t\t\t<div class=\"col-12\">\n\t\t\t\t\t\t\t\t\t\t<div class=\"_villas-365-property-summary\">\n\t\t\t\t\t\t\t\t\t\t\tVilla Mirador (Benissa) ist eine spektakul\u00e4re mediterrane Villa mit unglaublichem Panoramablick auf das Mittelmeer, den Pe\u00f1\u00f3n de Ifach auf der rechten Seite und das Cap d&#039;Or de Moraira auf der linken Seite. Nachts genie\u00dfen Sie die Beleuchtung von Cal...\t\t\t\t\t\t\t\t\t\t<\/div>\n\t\t\t\t\t\t\t\t\t<\/div>\n\t\t\t\t\t\t\t\t\t\n\t\t\t\t\t\t\t\t\t\t\t\t\t\t\t\t\t\t<div class=\"col-6\">\n\t\t\t\t\t\t\t\t\t\t<div class=\"_villas-365-property-rooms\">\n\t\t<span class=\"_villas-365-property-room\"><i class=\"_villas-365-property-room-icon fas fa-user\"><\/i> 8<\/span>\n\t\t<span class=\"_villas-365-property-room\"><i class=\"_villas-365-property-room-icon fas fa-bed\"><\/i> 4<\/span>\n\t\t<span class=\"_villas-365-property-room\"><i class=\"_villas-365-property-room-icon fas fa-bath\"><\/i> 3<\/span>\n\t\t<\/div>\n\t\t\t\t\t\t\t\t\t<\/div>\n\t\t\t\t\t\t\t\t\t\n\t\t\t\t\t\t\t\t\t<div class=\"col-6 text-right\">\n\t\t\t\t\t\t\t\t\t\t<a href=\"https:\/\/almarinavillas.com\/de\/eigentum\/15-mirador-by-almarina-villas\/\" target=\"_blank\"\" class=\"_villas-365-property-button _villas-365-property-outline-button btn btn-outline-primary\">Reservieren<\/a>\n\t\t\t\t\t\t\t\t\t<\/div>\n\t\t\t\t\t\t\t\t<\/div>\n\t\t\t\t\t\t\t<\/div>\n\t\t\t\t\t\t<\/div>\n\t\t\t\t\t<\/div>\n\t\t\t\t<\/div>\n\t\t\t<\/div>\n\t\t<\/div>\n\t<\/div>\n<\/div>\t\t\t\t\t\t\t\t\t<\/div>\n\t\t\t\t\t\t\t<\/div>\n\t\t\t\t\t\t<div class=\"row\">\n\t\t\t\t\t\t\t\t\t\t\t\t<div class=\"_villas-365-property col-md mb-3\">\n\t\t\t\t\t\t\t\t\t\t\t<div class=\"_villas-365-property-inner\">\n\t<div class=\"row h-100\">\n\t\t<div class=\"col-12\">\n\t\t\t<div class=\"row\">\n\t\t\t\t<div class=\"col-12 mb-2\">\n\t\t\t\t\t<div class=\"_villas-365-property-image\">\n\t\t\t\t\t\t\t\t\t\t\t\t<div class=\"_villas-365-property-image-overlay\"><\/div>\n\t\t\t\t\t\t<a href=\"https:\/\/almarinavillas.com\/de\/eigentum\/48-naranja-by-almarina-villas\/\" class=\"unstyled-link _villas-365-property-image-link\" style=\"background-image:url('https:\/\/secure.365villas.com\/getimage\/uploads\/config\/alvaroaznar\/property\/gallery\/48\/20250219_050025_3076jpg.jpg');\" target=\"_blank\">\n\t\t\t\t\t\t\t<img decoding=\"async\" src=\"https:\/\/secure.365villas.com\/getimage\/uploads\/config\/alvaroaznar\/property\/gallery\/48\/20250219_050025_3076jpg.jpg\" alt=\"\" class=\"img-fluid d-block d-lg-none\">\n\t\t\t\t\t\t<\/a>\n\t\t\t\t\t\t\t\t\t\t\t\t\t\t\t\t\t\t<a href=\"https:\/\/almarinavillas.com\/de\/unterkunft\/\" class=\"_villas-365-property-info-label _villas-365-property-discount\" target=\"_blank\">\n\t\t\t\t\t\t\t<div class=\"_villas-365-property-discount-label\">Werbeaktionen<\/div><div class=\"_villas-365-property-discount-icon\"><i class=\"fa fa-fw fa-info-circle\"><\/i><\/div><div class=\"_villas-365-property-discount-text\">Last minute discount<\/div>\n\t\t\t\t\t\t<\/a>\n\t\t\t\t\t\t\t\t\t\t\t\t\n\t\t\t\t\t\t\t\t\t\t\t\t<div class=\"_villas-365-property-price\" title=\"\u20ac241.00 per night, \u20ac1,687.00 per week\">\n\t\t\t\t\t\t\t<span class=\"_villas-365-property-price-from-text\">Von<\/span>\n\t\t\t\t\t\t\t<br><span class=\"_villas-365-property-price-value\">\u20ac241.00<\/span>\/nacht\t\t\t\t\t\t<\/div>\n\t\t\t\t\t\t\n\t\t\t\t\t\t\t\t\t\t\t\t\t<div class=\"_villas-365-property-save-button loading\" data-property-id=\"48\">\n\t<i class=\"fas fa-spinner fa-spin fa-fw _villas-365-property-save-button-icon _villas-365-property-save-spinner\"><\/i>\n\t<i class=\"far fa-heart fa-fw _villas-365-property-save-button-icon _villas-365-property-save-inactive\"><\/i>\n\t<i class=\"fas fa-heart fa-fw _villas-365-property-save-button-icon _villas-365-property-save-active\"><\/i>\n\t<\/div>\n\t\t\t\t\t\t\t\t\t\t\t<\/div>\n\t\t\t\t<\/div>\n\t\t\t\t<div class=\"col-12\">\n\t\t\t\t\t<div class=\"_villas-365-property-inner-text\">\n\t\t\t\t\t\t<div class=\"row h-100\">\n\t\t\t\t\t\t\t<div class=\"col-12\">\n\t\t\t\t\t\t\t\t<div class=\"row\">\n\t\t\t\t\t\t\t\t\t\t\t\t\t\t\t\t\t\t<div class=\"col-12\">\n\t\t\t\t\t\t\t\t\t\t<h5 class=\"_villas-365-property-name\">\n\t\t\t\t\t\t\t\t\t\t\t<a href=\"https:\/\/almarinavillas.com\/de\/eigentum\/48-naranja-by-almarina-villas\/\" target=\"_blank\">Naranja - By Almarina Villas<\/a>\n\t\t\t\t\t\t\t\t\t\t<\/h5>\n\t\t\t\t\t\t\t\t\t<\/div>\n\t\t\t\t\t\t\t\t\t\n\t\t\t\t\t\t\t\t\t\t\t\t\t\t\t\t\t\t<div class=\"col-12\">\n\t\t\t\t\t\t\t\t\t\t<div class=\"_villas-365-property-summary\">\n\t\t\t\t\t\t\t\t\t\t\tDie Villa Naranja (J\u00e1vea) ist eine einzigartige mediterrane Villa mit einem Charme, der Sie \u00fcberraschen wird. Sie besticht durch ihr wundersch\u00f6nes Innendesign. Sie bietet au\u00dferdem einen gro\u00dfz\u00fcgigen Entspannungsbereich am Pool und einen herrlichen Bli...\t\t\t\t\t\t\t\t\t\t<\/div>\n\t\t\t\t\t\t\t\t\t<\/div>\n\t\t\t\t\t\t\t\t\t\n\t\t\t\t\t\t\t\t\t\t\t\t\t\t\t\t\t\t<div class=\"col-6\">\n\t\t\t\t\t\t\t\t\t\t<div class=\"_villas-365-property-rooms\">\n\t\t<span class=\"_villas-365-property-room\"><i class=\"_villas-365-property-room-icon fas fa-user\"><\/i> 8<\/span>\n\t\t<span class=\"_villas-365-property-room\"><i class=\"_villas-365-property-room-icon fas fa-bed\"><\/i> 6<\/span>\n\t\t<span class=\"_villas-365-property-room\"><i class=\"_villas-365-property-room-icon fas fa-bath\"><\/i> 4<\/span>\n\t\t<\/div>\n\t\t\t\t\t\t\t\t\t<\/div>\n\t\t\t\t\t\t\t\t\t\n\t\t\t\t\t\t\t\t\t<div class=\"col-6 text-right\">\n\t\t\t\t\t\t\t\t\t\t<a href=\"https:\/\/almarinavillas.com\/de\/eigentum\/48-naranja-by-almarina-villas\/\" target=\"_blank\"\" class=\"_villas-365-property-button _villas-365-property-outline-button btn btn-outline-primary\">Reservieren<\/a>\n\t\t\t\t\t\t\t\t\t<\/div>\n\t\t\t\t\t\t\t\t<\/div>\n\t\t\t\t\t\t\t<\/div>\n\t\t\t\t\t\t<\/div>\n\t\t\t\t\t<\/div>\n\t\t\t\t<\/div>\n\t\t\t<\/div>\n\t\t<\/div>\n\t<\/div>\n<\/div>\t\t\t\t\t\t\t\t\t<\/div>\n\t\t\t\t\t\t\t\t<div class=\"_villas-365-property col-md mb-3\">\n\t\t\t\t\t\t\t\t\t\t\t<div class=\"_villas-365-property-inner\">\n\t<div class=\"row h-100\">\n\t\t<div class=\"col-12\">\n\t\t\t<div class=\"row\">\n\t\t\t\t<div class=\"col-12 mb-2\">\n\t\t\t\t\t<div class=\"_villas-365-property-image\">\n\t\t\t\t\t\t\t\t\t\t\t\t<div class=\"_villas-365-property-image-overlay\"><\/div>\n\t\t\t\t\t\t<a href=\"https:\/\/almarinavillas.com\/de\/eigentum\/10-vertigo-by-almarina-villas\/\" class=\"unstyled-link _villas-365-property-image-link\" style=\"background-image:url('https:\/\/secure.365villas.com\/getimage\/uploads\/config\/alvaroaznar\/property\/gallery\/10\/20250203_054721_47jpg.jpg');\" target=\"_blank\">\n\t\t\t\t\t\t\t<img decoding=\"async\" src=\"https:\/\/secure.365villas.com\/getimage\/uploads\/config\/alvaroaznar\/property\/gallery\/10\/20250203_054721_47jpg.jpg\" alt=\"\" class=\"img-fluid d-block d-lg-none\">\n\t\t\t\t\t\t<\/a>\n\t\t\t\t\t\t\t\t\t\t\t\t\t\t\t\t\t\t<a href=\"https:\/\/almarinavillas.com\/de\/unterkunft\/\" class=\"_villas-365-property-info-label _villas-365-property-discount\" target=\"_blank\">\n\t\t\t\t\t\t\t<div class=\"_villas-365-property-discount-label\">Werbeaktionen<\/div><div class=\"_villas-365-property-discount-icon\"><i class=\"fa fa-fw fa-info-circle\"><\/i><\/div><div class=\"_villas-365-property-discount-text\">Last minute discount<\/div>\n\t\t\t\t\t\t<\/a>\n\t\t\t\t\t\t\t\t\t\t\t\t\n\t\t\t\t\t\t\t\t\t\t\t\t<div class=\"_villas-365-property-price\" title=\"\u20ac643.00 per night, \u20ac4,501.00 per week\">\n\t\t\t\t\t\t\t<span class=\"_villas-365-property-price-from-text\">Von<\/span>\n\t\t\t\t\t\t\t<br><span class=\"_villas-365-property-price-value\">\u20ac643.00<\/span>\/nacht\t\t\t\t\t\t<\/div>\n\t\t\t\t\t\t\n\t\t\t\t\t\t\t\t\t\t\t\t\t<div class=\"_villas-365-property-save-button loading\" data-property-id=\"10\">\n\t<i class=\"fas fa-spinner fa-spin fa-fw _villas-365-property-save-button-icon _villas-365-property-save-spinner\"><\/i>\n\t<i class=\"far fa-heart fa-fw _villas-365-property-save-button-icon _villas-365-property-save-inactive\"><\/i>\n\t<i class=\"fas fa-heart fa-fw _villas-365-property-save-button-icon _villas-365-property-save-active\"><\/i>\n\t<\/div>\n\t\t\t\t\t\t\t\t\t\t\t<\/div>\n\t\t\t\t<\/div>\n\t\t\t\t<div class=\"col-12\">\n\t\t\t\t\t<div class=\"_villas-365-property-inner-text\">\n\t\t\t\t\t\t<div class=\"row h-100\">\n\t\t\t\t\t\t\t<div class=\"col-12\">\n\t\t\t\t\t\t\t\t<div class=\"row\">\n\t\t\t\t\t\t\t\t\t\t\t\t\t\t\t\t\t\t<div class=\"col-12\">\n\t\t\t\t\t\t\t\t\t\t<h5 class=\"_villas-365-property-name\">\n\t\t\t\t\t\t\t\t\t\t\t<a href=\"https:\/\/almarinavillas.com\/de\/eigentum\/10-vertigo-by-almarina-villas\/\" target=\"_blank\">Vertigo -  By Almarina Villas<\/a>\n\t\t\t\t\t\t\t\t\t\t<\/h5>\n\t\t\t\t\t\t\t\t\t<\/div>\n\t\t\t\t\t\t\t\t\t\n\t\t\t\t\t\t\t\t\t\t\t\t\t\t\t\t\t\t<div class=\"col-12\">\n\t\t\t\t\t\t\t\t\t\t<div class=\"_villas-365-property-summary\">\n\t\t\t\t\t\t\t\t\t\t\tVilla Vertigo (Benissa) ist eine spektakul\u00e4re und einzigartige Villa mit sorgf\u00e4ltiger Architektur und Einrichtung sowie unvergleichlicher Aussicht auf das Mittelmeer. Auch die Lage ist unglaublich: Restaurants, Str\u00e4nde und Gesch\u00e4fte sind zu Fu\u00df errei...\t\t\t\t\t\t\t\t\t\t<\/div>\n\t\t\t\t\t\t\t\t\t<\/div>\n\t\t\t\t\t\t\t\t\t\n\t\t\t\t\t\t\t\t\t\t\t\t\t\t\t\t\t\t<div class=\"col-6\">\n\t\t\t\t\t\t\t\t\t\t<div class=\"_villas-365-property-rooms\">\n\t\t<span class=\"_villas-365-property-room\"><i class=\"_villas-365-property-room-icon fas fa-user\"><\/i> 10<\/span>\n\t\t<span class=\"_villas-365-property-room\"><i class=\"_villas-365-property-room-icon fas fa-bed\"><\/i> 5<\/span>\n\t\t<span class=\"_villas-365-property-room\"><i class=\"_villas-365-property-room-icon fas fa-bath\"><\/i> 5<\/span>\n\t\t<\/div>\n\t\t\t\t\t\t\t\t\t<\/div>\n\t\t\t\t\t\t\t\t\t\n\t\t\t\t\t\t\t\t\t<div class=\"col-6 text-right\">\n\t\t\t\t\t\t\t\t\t\t<a href=\"https:\/\/almarinavillas.com\/de\/eigentum\/10-vertigo-by-almarina-villas\/\" target=\"_blank\"\" class=\"_villas-365-property-button _villas-365-property-outline-button btn btn-outline-primary\">Reservieren<\/a>\n\t\t\t\t\t\t\t\t\t<\/div>\n\t\t\t\t\t\t\t\t<\/div>\n\t\t\t\t\t\t\t<\/div>\n\t\t\t\t\t\t<\/div>\n\t\t\t\t\t<\/div>\n\t\t\t\t<\/div>\n\t\t\t<\/div>\n\t\t<\/div>\n\t<\/div>\n<\/div>\t\t\t\t\t\t\t\t\t<\/div>\n\t\t\t\t\t\t\t\t<div class=\"_villas-365-property col-md mb-3\">\n\t\t\t\t\t\t\t\t\t\t\t<div class=\"_villas-365-property-inner\">\n\t<div class=\"row h-100\">\n\t\t<div class=\"col-12\">\n\t\t\t<div class=\"row\">\n\t\t\t\t<div class=\"col-12 mb-2\">\n\t\t\t\t\t<div class=\"_villas-365-property-image\">\n\t\t\t\t\t\t\t\t\t\t\t\t<div class=\"_villas-365-property-image-overlay\"><\/div>\n\t\t\t\t\t\t<a href=\"https:\/\/almarinavillas.com\/de\/eigentum\/39-villa-lujo-by-almarina-villas\/\" class=\"unstyled-link _villas-365-property-image-link\" style=\"background-image:url('https:\/\/secure.365villas.com\/getimage\/uploads\/config\/alvaroaznar\/property\/gallery\/39\/20250314_015640_6390jpg.jpg');\" target=\"_blank\">\n\t\t\t\t\t\t\t<img decoding=\"async\" src=\"https:\/\/secure.365villas.com\/getimage\/uploads\/config\/alvaroaznar\/property\/gallery\/39\/20250314_015640_6390jpg.jpg\" alt=\"\" class=\"img-fluid d-block d-lg-none\">\n\t\t\t\t\t\t<\/a>\n\t\t\t\t\t\t\t\t\t\t\t\t\t\t\t\t\t\t<a href=\"https:\/\/almarinavillas.com\/de\/unterkunft\/\" class=\"_villas-365-property-info-label _villas-365-property-discount\" target=\"_blank\">\n\t\t\t\t\t\t\t<div class=\"_villas-365-property-discount-label\">Werbeaktionen<\/div><div class=\"_villas-365-property-discount-icon\"><i class=\"fa fa-fw fa-info-circle\"><\/i><\/div><div class=\"_villas-365-property-discount-text\">20% LUJO OFERTA ESPECIAL JUNIO \/ SPECIAL LUXURY JUNE VILLA DISCOUNT<\/div>\n\t\t\t\t\t\t<\/a>\n\t\t\t\t\t\t\t\t\t\t\t\t\n\t\t\t\t\t\t\t\t\t\t\t\t<div class=\"_villas-365-property-price\" title=\"\u20ac842.00 per night, \u20ac5,894.00 per week\">\n\t\t\t\t\t\t\t<span class=\"_villas-365-property-price-from-text\">Von<\/span>\n\t\t\t\t\t\t\t<br><span class=\"_villas-365-property-price-value\">\u20ac842.00<\/span>\/nacht\t\t\t\t\t\t<\/div>\n\t\t\t\t\t\t\n\t\t\t\t\t\t\t\t\t\t\t\t\t<div class=\"_villas-365-property-save-button loading\" data-property-id=\"39\">\n\t<i class=\"fas fa-spinner fa-spin fa-fw _villas-365-property-save-button-icon _villas-365-property-save-spinner\"><\/i>\n\t<i class=\"far fa-heart fa-fw _villas-365-property-save-button-icon _villas-365-property-save-inactive\"><\/i>\n\t<i class=\"fas fa-heart fa-fw _villas-365-property-save-button-icon _villas-365-property-save-active\"><\/i>\n\t<\/div>\n\t\t\t\t\t\t\t\t\t\t\t<\/div>\n\t\t\t\t<\/div>\n\t\t\t\t<div class=\"col-12\">\n\t\t\t\t\t<div class=\"_villas-365-property-inner-text\">\n\t\t\t\t\t\t<div class=\"row h-100\">\n\t\t\t\t\t\t\t<div class=\"col-12\">\n\t\t\t\t\t\t\t\t<div class=\"row\">\n\t\t\t\t\t\t\t\t\t\t\t\t\t\t\t\t\t\t<div class=\"col-12\">\n\t\t\t\t\t\t\t\t\t\t<h5 class=\"_villas-365-property-name\">\n\t\t\t\t\t\t\t\t\t\t\t<a href=\"https:\/\/almarinavillas.com\/de\/eigentum\/39-villa-lujo-by-almarina-villas\/\" target=\"_blank\">Villa Lujo - by Almarina Villas<\/a>\n\t\t\t\t\t\t\t\t\t\t<\/h5>\n\t\t\t\t\t\t\t\t\t<\/div>\n\t\t\t\t\t\t\t\t\t\n\t\t\t\t\t\t\t\t\t\t\t\t\t\t\t\t\t\t<div class=\"col-12\">\n\t\t\t\t\t\t\t\t\t\t<div class=\"_villas-365-property-summary\">\n\t\t\t\t\t\t\t\t\t\t\tDie Villa Lujo (Benissa) ist eine ikonische mediterrane Villa mit unvergleichlichem Panoramablick auf das Meer, die als wahre Oase der Ruhe, des Luxus und der Eleganz angesehen werden kann. Sie verf\u00fcgt \u00fcber einen Golfplatz, einen Petanque-Platz, eine...\t\t\t\t\t\t\t\t\t\t<\/div>\n\t\t\t\t\t\t\t\t\t<\/div>\n\t\t\t\t\t\t\t\t\t\n\t\t\t\t\t\t\t\t\t\t\t\t\t\t\t\t\t\t<div class=\"col-6\">\n\t\t\t\t\t\t\t\t\t\t<div class=\"_villas-365-property-rooms\">\n\t\t<span class=\"_villas-365-property-room\"><i class=\"_villas-365-property-room-icon fas fa-user\"><\/i> 14<\/span>\n\t\t<span class=\"_villas-365-property-room\"><i class=\"_villas-365-property-room-icon fas fa-bed\"><\/i> 7<\/span>\n\t\t<span class=\"_villas-365-property-room\"><i class=\"_villas-365-property-room-icon fas fa-bath\"><\/i> 7<\/span>\n\t\t<\/div>\n\t\t\t\t\t\t\t\t\t<\/div>\n\t\t\t\t\t\t\t\t\t\n\t\t\t\t\t\t\t\t\t<div class=\"col-6 text-right\">\n\t\t\t\t\t\t\t\t\t\t<a href=\"https:\/\/almarinavillas.com\/de\/eigentum\/39-villa-lujo-by-almarina-villas\/\" target=\"_blank\"\" class=\"_villas-365-property-button _villas-365-property-outline-button btn btn-outline-primary\">Reservieren<\/a>\n\t\t\t\t\t\t\t\t\t<\/div>\n\t\t\t\t\t\t\t\t<\/div>\n\t\t\t\t\t\t\t<\/div>\n\t\t\t\t\t\t<\/div>\n\t\t\t\t\t<\/div>\n\t\t\t\t<\/div>\n\t\t\t<\/div>\n\t\t<\/div>\n\t<\/div>\n<\/div>\t\t\t\t\t\t\t\t\t<\/div>\n\t\t\t\t\t\t\t<\/div>\n\t\t\t\t\t\t<div class=\"row\">\n\t\t\t\t\t\t\t\t\t\t\t\t<div class=\"_villas-365-property col-md mb-3\">\n\t\t\t\t\t\t\t\t\t\t\t<div class=\"_villas-365-property-inner\">\n\t<div class=\"row h-100\">\n\t\t<div class=\"col-12\">\n\t\t\t<div class=\"row\">\n\t\t\t\t<div class=\"col-12 mb-2\">\n\t\t\t\t\t<div class=\"_villas-365-property-image\">\n\t\t\t\t\t\t\t\t\t\t\t\t<div class=\"_villas-365-property-image-overlay\"><\/div>\n\t\t\t\t\t\t<a href=\"https:\/\/almarinavillas.com\/de\/eigentum\/3-aitana-by-almarina-villas\/\" class=\"unstyled-link _villas-365-property-image-link\" style=\"background-image:url('https:\/\/secure.365villas.com\/getimage\/uploads\/config\/alvaroaznar\/property\/gallery\/3\/20250203_051118_5104jpg.jpg');\" target=\"_blank\">\n\t\t\t\t\t\t\t<img decoding=\"async\" src=\"https:\/\/secure.365villas.com\/getimage\/uploads\/config\/alvaroaznar\/property\/gallery\/3\/20250203_051118_5104jpg.jpg\" alt=\"\" class=\"img-fluid d-block d-lg-none\">\n\t\t\t\t\t\t<\/a>\n\t\t\t\t\t\t\t\t\t\t\t\t\t\t\t\t\t\t<a href=\"https:\/\/almarinavillas.com\/de\/unterkunft\/\" class=\"_villas-365-property-info-label _villas-365-property-discount\" target=\"_blank\">\n\t\t\t\t\t\t\t<div class=\"_villas-365-property-discount-label\">Werbeaktionen<\/div><div class=\"_villas-365-property-discount-icon\"><i class=\"fa fa-fw fa-info-circle\"><\/i><\/div><div class=\"_villas-365-property-discount-text\">2 discounts available<\/div>\n\t\t\t\t\t\t<\/a>\n\t\t\t\t\t\t\t\t\t\t\t\t\n\t\t\t\t\t\t\t\t\t\t\t\t<div class=\"_villas-365-property-price\" title=\"\u20ac130.00 per night, \u20ac910.00 per week\">\n\t\t\t\t\t\t\t<span class=\"_villas-365-property-price-from-text\">Von<\/span>\n\t\t\t\t\t\t\t<br><span class=\"_villas-365-property-price-value\">\u20ac130.00<\/span>\/nacht\t\t\t\t\t\t<\/div>\n\t\t\t\t\t\t\n\t\t\t\t\t\t\t\t\t\t\t\t\t<div class=\"_villas-365-property-save-button loading\" data-property-id=\"3\">\n\t<i class=\"fas fa-spinner fa-spin fa-fw _villas-365-property-save-button-icon _villas-365-property-save-spinner\"><\/i>\n\t<i class=\"far fa-heart fa-fw _villas-365-property-save-button-icon _villas-365-property-save-inactive\"><\/i>\n\t<i class=\"fas fa-heart fa-fw _villas-365-property-save-button-icon _villas-365-property-save-active\"><\/i>\n\t<\/div>\n\t\t\t\t\t\t\t\t\t\t\t<\/div>\n\t\t\t\t<\/div>\n\t\t\t\t<div class=\"col-12\">\n\t\t\t\t\t<div class=\"_villas-365-property-inner-text\">\n\t\t\t\t\t\t<div class=\"row h-100\">\n\t\t\t\t\t\t\t<div class=\"col-12\">\n\t\t\t\t\t\t\t\t<div class=\"row\">\n\t\t\t\t\t\t\t\t\t\t\t\t\t\t\t\t\t\t<div class=\"col-12\">\n\t\t\t\t\t\t\t\t\t\t<h5 class=\"_villas-365-property-name\">\n\t\t\t\t\t\t\t\t\t\t\t<a href=\"https:\/\/almarinavillas.com\/de\/eigentum\/3-aitana-by-almarina-villas\/\" target=\"_blank\">Aitana - By Almarina Villas<\/a>\n\t\t\t\t\t\t\t\t\t\t<\/h5>\n\t\t\t\t\t\t\t\t\t<\/div>\n\t\t\t\t\t\t\t\t\t\n\t\t\t\t\t\t\t\t\t\t\t\t\t\t\t\t\t\t<div class=\"col-12\">\n\t\t\t\t\t\t\t\t\t\t<div class=\"_villas-365-property-summary\">\n\t\t\t\t\t\t\t\t\t\t\tVilla Aitana (Calpe) hat gro\u00dfen mediterranen Charme. Sie werden die detaillierte und durchdachte Inneneinrichtung sowie den wundersch\u00f6nen Swimmingpool mit den umliegenden Sonnenliegen, Luxussofas und einer Terrasse mit Meerblick lieben. Ihr Haustier...\t\t\t\t\t\t\t\t\t\t<\/div>\n\t\t\t\t\t\t\t\t\t<\/div>\n\t\t\t\t\t\t\t\t\t\n\t\t\t\t\t\t\t\t\t\t\t\t\t\t\t\t\t\t<div class=\"col-6\">\n\t\t\t\t\t\t\t\t\t\t<div class=\"_villas-365-property-rooms\">\n\t\t<span class=\"_villas-365-property-room\"><i class=\"_villas-365-property-room-icon fas fa-user\"><\/i> 6<\/span>\n\t\t<span class=\"_villas-365-property-room\"><i class=\"_villas-365-property-room-icon fas fa-bed\"><\/i> 3<\/span>\n\t\t<span class=\"_villas-365-property-room\"><i class=\"_villas-365-property-room-icon fas fa-bath\"><\/i> 1<\/span>\n\t\t<\/div>\n\t\t\t\t\t\t\t\t\t<\/div>\n\t\t\t\t\t\t\t\t\t\n\t\t\t\t\t\t\t\t\t<div class=\"col-6 text-right\">\n\t\t\t\t\t\t\t\t\t\t<a href=\"https:\/\/almarinavillas.com\/de\/eigentum\/3-aitana-by-almarina-villas\/\" target=\"_blank\"\" class=\"_villas-365-property-button _villas-365-property-outline-button btn btn-outline-primary\">Reservieren<\/a>\n\t\t\t\t\t\t\t\t\t<\/div>\n\t\t\t\t\t\t\t\t<\/div>\n\t\t\t\t\t\t\t<\/div>\n\t\t\t\t\t\t<\/div>\n\t\t\t\t\t<\/div>\n\t\t\t\t<\/div>\n\t\t\t<\/div>\n\t\t<\/div>\n\t<\/div>\n<\/div>\t\t\t\t\t\t\t\t\t<\/div>\n\t\t\t\t\t\t\t\t<div class=\"_villas-365-property col-md mb-3\">\n\t\t\t\t\t\t\t\t\t\t\t<div class=\"_villas-365-property-inner\">\n\t<div class=\"row h-100\">\n\t\t<div class=\"col-12\">\n\t\t\t<div class=\"row\">\n\t\t\t\t<div class=\"col-12 mb-2\">\n\t\t\t\t\t<div class=\"_villas-365-property-image\">\n\t\t\t\t\t\t\t\t\t\t\t\t<div class=\"_villas-365-property-image-overlay\"><\/div>\n\t\t\t\t\t\t<a href=\"https:\/\/almarinavillas.com\/de\/eigentum\/16-al-vent-by-almarina-villas\/\" class=\"unstyled-link _villas-365-property-image-link\" style=\"background-image:url('https:\/\/secure.365villas.com\/getimage\/uploads\/config\/alvaroaznar\/property\/gallery\/16\/20250226_075250_412jpg.jpg');\" target=\"_blank\">\n\t\t\t\t\t\t\t<img decoding=\"async\" src=\"https:\/\/secure.365villas.com\/getimage\/uploads\/config\/alvaroaznar\/property\/gallery\/16\/20250226_075250_412jpg.jpg\" alt=\"\" class=\"img-fluid d-block d-lg-none\">\n\t\t\t\t\t\t<\/a>\n\t\t\t\t\t\t\t\t\t\t\t\t\t\t\t\t\t\t<a href=\"https:\/\/almarinavillas.com\/de\/unterkunft\/\" class=\"_villas-365-property-info-label _villas-365-property-discount\" target=\"_blank\">\n\t\t\t\t\t\t\t<div class=\"_villas-365-property-discount-label\">Werbeaktionen<\/div><div class=\"_villas-365-property-discount-icon\"><i class=\"fa fa-fw fa-info-circle\"><\/i><\/div><div class=\"_villas-365-property-discount-text\">Last minute discount<\/div>\n\t\t\t\t\t\t<\/a>\n\t\t\t\t\t\t\t\t\t\t\t\t\n\t\t\t\t\t\t\t\t\t\t\t\t<div class=\"_villas-365-property-price\" title=\"\u20ac232.00 per night, \u20ac1,624.00 per week\">\n\t\t\t\t\t\t\t<span class=\"_villas-365-property-price-from-text\">Von<\/span>\n\t\t\t\t\t\t\t<br><span class=\"_villas-365-property-price-value\">\u20ac232.00<\/span>\/nacht\t\t\t\t\t\t<\/div>\n\t\t\t\t\t\t\n\t\t\t\t\t\t\t\t\t\t\t\t\t<div class=\"_villas-365-property-save-button loading\" data-property-id=\"16\">\n\t<i class=\"fas fa-spinner fa-spin fa-fw _villas-365-property-save-button-icon _villas-365-property-save-spinner\"><\/i>\n\t<i class=\"far fa-heart fa-fw _villas-365-property-save-button-icon _villas-365-property-save-inactive\"><\/i>\n\t<i class=\"fas fa-heart fa-fw _villas-365-property-save-button-icon _villas-365-property-save-active\"><\/i>\n\t<\/div>\n\t\t\t\t\t\t\t\t\t\t\t<\/div>\n\t\t\t\t<\/div>\n\t\t\t\t<div class=\"col-12\">\n\t\t\t\t\t<div class=\"_villas-365-property-inner-text\">\n\t\t\t\t\t\t<div class=\"row h-100\">\n\t\t\t\t\t\t\t<div class=\"col-12\">\n\t\t\t\t\t\t\t\t<div class=\"row\">\n\t\t\t\t\t\t\t\t\t\t\t\t\t\t\t\t\t\t<div class=\"col-12\">\n\t\t\t\t\t\t\t\t\t\t<h5 class=\"_villas-365-property-name\">\n\t\t\t\t\t\t\t\t\t\t\t<a href=\"https:\/\/almarinavillas.com\/de\/eigentum\/16-al-vent-by-almarina-villas\/\" target=\"_blank\">Al Vent - By Almarina Villas<\/a>\n\t\t\t\t\t\t\t\t\t\t<\/h5>\n\t\t\t\t\t\t\t\t\t<\/div>\n\t\t\t\t\t\t\t\t\t\n\t\t\t\t\t\t\t\t\t\t\t\t\t\t\t\t\t\t<div class=\"col-12\">\n\t\t\t\t\t\t\t\t\t\t<div class=\"_villas-365-property-summary\">\n\t\t\t\t\t\t\t\t\t\t\tVilla al Vent (J\u00e1vea) ist eine mediterrane Villa mit viel Charme, stilvoll eingerichtet und mit spektakul\u00e4rem Panoramablick auf das Meer, einem gro\u00dfen Poolbereich mit unglaublicher Aussicht, einem kleinen Veranstaltungsbereich mit Meerblick und einer...\t\t\t\t\t\t\t\t\t\t<\/div>\n\t\t\t\t\t\t\t\t\t<\/div>\n\t\t\t\t\t\t\t\t\t\n\t\t\t\t\t\t\t\t\t\t\t\t\t\t\t\t\t\t<div class=\"col-6\">\n\t\t\t\t\t\t\t\t\t\t<div class=\"_villas-365-property-rooms\">\n\t\t<span class=\"_villas-365-property-room\"><i class=\"_villas-365-property-room-icon fas fa-user\"><\/i> 8<\/span>\n\t\t<span class=\"_villas-365-property-room\"><i class=\"_villas-365-property-room-icon fas fa-bed\"><\/i> 4<\/span>\n\t\t<span class=\"_villas-365-property-room\"><i class=\"_villas-365-property-room-icon fas fa-bath\"><\/i> 3<\/span>\n\t\t<\/div>\n\t\t\t\t\t\t\t\t\t<\/div>\n\t\t\t\t\t\t\t\t\t\n\t\t\t\t\t\t\t\t\t<div class=\"col-6 text-right\">\n\t\t\t\t\t\t\t\t\t\t<a href=\"https:\/\/almarinavillas.com\/de\/eigentum\/16-al-vent-by-almarina-villas\/\" target=\"_blank\"\" class=\"_villas-365-property-button _villas-365-property-outline-button btn btn-outline-primary\">Reservieren<\/a>\n\t\t\t\t\t\t\t\t\t<\/div>\n\t\t\t\t\t\t\t\t<\/div>\n\t\t\t\t\t\t\t<\/div>\n\t\t\t\t\t\t<\/div>\n\t\t\t\t\t<\/div>\n\t\t\t\t<\/div>\n\t\t\t<\/div>\n\t\t<\/div>\n\t<\/div>\n<\/div>\t\t\t\t\t\t\t\t\t<\/div>\n\t\t\t\t\t\t\t\t<div class=\"_villas-365-property col-md mb-3\">\n\t\t\t\t\t\t\t\t\t\t\t<div class=\"_villas-365-property-inner\">\n\t<div class=\"row h-100\">\n\t\t<div class=\"col-12\">\n\t\t\t<div class=\"row\">\n\t\t\t\t<div class=\"col-12 mb-2\">\n\t\t\t\t\t<div class=\"_villas-365-property-image\">\n\t\t\t\t\t\t\t\t\t\t\t\t<div class=\"_villas-365-property-image-overlay\"><\/div>\n\t\t\t\t\t\t<a href=\"https:\/\/almarinavillas.com\/de\/eigentum\/54-ancora-by-almarina-villas\/\" class=\"unstyled-link _villas-365-property-image-link\" style=\"background-image:url('https:\/\/secure.365villas.com\/getimage\/uploads\/config\/alvaroaznar\/property\/gallery\/54\/20250610_125207_6763jpg.jpg');\" target=\"_blank\">\n\t\t\t\t\t\t\t<img decoding=\"async\" src=\"https:\/\/secure.365villas.com\/getimage\/uploads\/config\/alvaroaznar\/property\/gallery\/54\/20250610_125207_6763jpg.jpg\" alt=\"\" class=\"img-fluid d-block d-lg-none\">\n\t\t\t\t\t\t<\/a>\n\t\t\t\t\t\t\t\t\t\t\t\t\t\t\t\t\t\t\n\t\t\t\t\t\t\t\t\t\t\t\t<div class=\"_villas-365-property-price\" title=\"\u20ac212.00 per night, \u20ac1,484.00 per week\">\n\t\t\t\t\t\t\t<span class=\"_villas-365-property-price-from-text\">Von<\/span>\n\t\t\t\t\t\t\t<br><span class=\"_villas-365-property-price-value\">\u20ac212.00<\/span>\/nacht\t\t\t\t\t\t<\/div>\n\t\t\t\t\t\t\n\t\t\t\t\t\t\t\t\t\t\t\t\t<div class=\"_villas-365-property-save-button loading\" data-property-id=\"54\">\n\t<i class=\"fas fa-spinner fa-spin fa-fw _villas-365-property-save-button-icon _villas-365-property-save-spinner\"><\/i>\n\t<i class=\"far fa-heart fa-fw _villas-365-property-save-button-icon _villas-365-property-save-inactive\"><\/i>\n\t<i class=\"fas fa-heart fa-fw _villas-365-property-save-button-icon _villas-365-property-save-active\"><\/i>\n\t<\/div>\n\t\t\t\t\t\t\t\t\t\t\t<\/div>\n\t\t\t\t<\/div>\n\t\t\t\t<div class=\"col-12\">\n\t\t\t\t\t<div class=\"_villas-365-property-inner-text\">\n\t\t\t\t\t\t<div class=\"row h-100\">\n\t\t\t\t\t\t\t<div class=\"col-12\">\n\t\t\t\t\t\t\t\t<div class=\"row\">\n\t\t\t\t\t\t\t\t\t\t\t\t\t\t\t\t\t\t<div class=\"col-12\">\n\t\t\t\t\t\t\t\t\t\t<h5 class=\"_villas-365-property-name\">\n\t\t\t\t\t\t\t\t\t\t\t<a href=\"https:\/\/almarinavillas.com\/de\/eigentum\/54-ancora-by-almarina-villas\/\" target=\"_blank\">Ancora - By Almarina Villas<\/a>\n\t\t\t\t\t\t\t\t\t\t<\/h5>\n\t\t\t\t\t\t\t\t\t<\/div>\n\t\t\t\t\t\t\t\t\t\n\t\t\t\t\t\t\t\t\t\t\t\t\t\t\t\t\t\t<div class=\"col-12\">\n\t\t\t\t\t\t\t\t\t\t<div class=\"_villas-365-property-summary\">\n\t\t\t\t\t\t\t\t\t\t\tVilla Ancora (Moraira) ist eine Villa mit der charakteristischen Architektur der Mittelmeerk\u00fcste, die von abgerundeten Linien gepr\u00e4gt ist und durch eine sorgf\u00e4ltig gestaltete Dekoration im ibizenkischen Stil unterstrichen wird. Dank ihrer Privatsph\u00e4r...\t\t\t\t\t\t\t\t\t\t<\/div>\n\t\t\t\t\t\t\t\t\t<\/div>\n\t\t\t\t\t\t\t\t\t\n\t\t\t\t\t\t\t\t\t\t\t\t\t\t\t\t\t\t<div class=\"col-6\">\n\t\t\t\t\t\t\t\t\t\t<div class=\"_villas-365-property-rooms\">\n\t\t<span class=\"_villas-365-property-room\"><i class=\"_villas-365-property-room-icon fas fa-user\"><\/i> 6<\/span>\n\t\t<span class=\"_villas-365-property-room\"><i class=\"_villas-365-property-room-icon fas fa-bed\"><\/i> 3<\/span>\n\t\t<span class=\"_villas-365-property-room\"><i class=\"_villas-365-property-room-icon fas fa-bath\"><\/i> 2<\/span>\n\t\t<\/div>\n\t\t\t\t\t\t\t\t\t<\/div>\n\t\t\t\t\t\t\t\t\t\n\t\t\t\t\t\t\t\t\t<div class=\"col-6 text-right\">\n\t\t\t\t\t\t\t\t\t\t<a href=\"https:\/\/almarinavillas.com\/de\/eigentum\/54-ancora-by-almarina-villas\/\" target=\"_blank\"\" class=\"_villas-365-property-button _villas-365-property-outline-button btn btn-outline-primary\">Reservieren<\/a>\n\t\t\t\t\t\t\t\t\t<\/div>\n\t\t\t\t\t\t\t\t<\/div>\n\t\t\t\t\t\t\t<\/div>\n\t\t\t\t\t\t<\/div>\n\t\t\t\t\t<\/div>\n\t\t\t\t<\/div>\n\t\t\t<\/div>\n\t\t<\/div>\n\t<\/div>\n<\/div>\t\t\t\t\t\t\t\t\t<\/div>\n\t\t\t\t\t\t\t<\/div>\n\t\t\t\t\t\t<div class=\"row\">\n\t\t\t\t\t\t\t\t\t\t\t\t<div class=\"_villas-365-property col-md mb-3\">\n\t\t\t\t\t\t\t\t\t\t\t<div class=\"_villas-365-property-inner\">\n\t<div class=\"row h-100\">\n\t\t<div class=\"col-12\">\n\t\t\t<div class=\"row\">\n\t\t\t\t<div class=\"col-12 mb-2\">\n\t\t\t\t\t<div class=\"_villas-365-property-image\">\n\t\t\t\t\t\t\t\t\t\t\t\t<div class=\"_villas-365-property-image-overlay\"><\/div>\n\t\t\t\t\t\t<a href=\"https:\/\/almarinavillas.com\/de\/eigentum\/58-bahia-de-javea-managed-by-almarina-villas\/\" class=\"unstyled-link _villas-365-property-image-link\" style=\"background-image:url('https:\/\/secure.365villas.com\/getimage\/uploads\/config\/alvaroaznar\/property\/gallery\/58\/20260421_074429_1311jpg.jpg');\" target=\"_blank\">\n\t\t\t\t\t\t\t<img decoding=\"async\" src=\"https:\/\/secure.365villas.com\/getimage\/uploads\/config\/alvaroaznar\/property\/gallery\/58\/20260421_074429_1311jpg.jpg\" alt=\"\" class=\"img-fluid d-block d-lg-none\">\n\t\t\t\t\t\t<\/a>\n\t\t\t\t\t\t\t\t\t\t\t\t\t\t\t\t\t\t<a href=\"https:\/\/almarinavillas.com\/de\/unterkunft\/\" class=\"_villas-365-property-info-label _villas-365-property-discount\" target=\"_blank\">\n\t\t\t\t\t\t\t<div class=\"_villas-365-property-discount-label\">Werbeaktionen<\/div><div class=\"_villas-365-property-discount-icon\"><i class=\"fa fa-fw fa-info-circle\"><\/i><\/div><div class=\"_villas-365-property-discount-text\">Last minute discount<\/div>\n\t\t\t\t\t\t<\/a>\n\t\t\t\t\t\t\t\t\t\t\t\t\n\t\t\t\t\t\t\t\t\t\t\t\t<div class=\"_villas-365-property-price\" title=\"\u20ac367.00 per night, \u20ac2,569.00 per week\">\n\t\t\t\t\t\t\t<span class=\"_villas-365-property-price-from-text\">Von<\/span>\n\t\t\t\t\t\t\t<br><span class=\"_villas-365-property-price-value\">\u20ac367.00<\/span>\/nacht\t\t\t\t\t\t<\/div>\n\t\t\t\t\t\t\n\t\t\t\t\t\t\t\t\t\t\t\t\t<div class=\"_villas-365-property-save-button loading\" data-property-id=\"58\">\n\t<i class=\"fas fa-spinner fa-spin fa-fw _villas-365-property-save-button-icon _villas-365-property-save-spinner\"><\/i>\n\t<i class=\"far fa-heart fa-fw _villas-365-property-save-button-icon _villas-365-property-save-inactive\"><\/i>\n\t<i class=\"fas fa-heart fa-fw _villas-365-property-save-button-icon _villas-365-property-save-active\"><\/i>\n\t<\/div>\n\t\t\t\t\t\t\t\t\t\t\t<\/div>\n\t\t\t\t<\/div>\n\t\t\t\t<div class=\"col-12\">\n\t\t\t\t\t<div class=\"_villas-365-property-inner-text\">\n\t\t\t\t\t\t<div class=\"row h-100\">\n\t\t\t\t\t\t\t<div class=\"col-12\">\n\t\t\t\t\t\t\t\t<div class=\"row\">\n\t\t\t\t\t\t\t\t\t\t\t\t\t\t\t\t\t\t<div class=\"col-12\">\n\t\t\t\t\t\t\t\t\t\t<h5 class=\"_villas-365-property-name\">\n\t\t\t\t\t\t\t\t\t\t\t<a href=\"https:\/\/almarinavillas.com\/de\/eigentum\/58-bahia-de-javea-managed-by-almarina-villas\/\" target=\"_blank\">Bahia de Javea - Managed by Almarina Villas<\/a>\n\t\t\t\t\t\t\t\t\t\t<\/h5>\n\t\t\t\t\t\t\t\t\t<\/div>\n\t\t\t\t\t\t\t\t\t\n\t\t\t\t\t\t\t\t\t\t\t\t\t\t\t\t\t\t<div class=\"col-12\">\n\t\t\t\t\t\t\t\t\t\t<div class=\"_villas-365-property-summary\">\n\t\t\t\t\t\t\t\t\t\t\tDie Villa Bay de J\u00e1vea (J\u00e1vea) ist eine charmante, stilvoll eingerichtete Strandvilla mit spektakul\u00e4rem Panoramablick auf das Meer und einem gro\u00dfz\u00fcgigen Poolbereich. Sie befindet sich in traumhafter Lage, nur wenige Gehminuten von erstklassigen Resta...\t\t\t\t\t\t\t\t\t\t<\/div>\n\t\t\t\t\t\t\t\t\t<\/div>\n\t\t\t\t\t\t\t\t\t\n\t\t\t\t\t\t\t\t\t\t\t\t\t\t\t\t\t\t<div class=\"col-6\">\n\t\t\t\t\t\t\t\t\t\t<div class=\"_villas-365-property-rooms\">\n\t\t<span class=\"_villas-365-property-room\"><i class=\"_villas-365-property-room-icon fas fa-user\"><\/i> 8<\/span>\n\t\t<span class=\"_villas-365-property-room\"><i class=\"_villas-365-property-room-icon fas fa-bed\"><\/i> 5<\/span>\n\t\t<span class=\"_villas-365-property-room\"><i class=\"_villas-365-property-room-icon fas fa-bath\"><\/i> 3<\/span>\n\t\t<\/div>\n\t\t\t\t\t\t\t\t\t<\/div>\n\t\t\t\t\t\t\t\t\t\n\t\t\t\t\t\t\t\t\t<div class=\"col-6 text-right\">\n\t\t\t\t\t\t\t\t\t\t<a href=\"https:\/\/almarinavillas.com\/de\/eigentum\/58-bahia-de-javea-managed-by-almarina-villas\/\" target=\"_blank\"\" class=\"_villas-365-property-button _villas-365-property-outline-button btn btn-outline-primary\">Reservieren<\/a>\n\t\t\t\t\t\t\t\t\t<\/div>\n\t\t\t\t\t\t\t\t<\/div>\n\t\t\t\t\t\t\t<\/div>\n\t\t\t\t\t\t<\/div>\n\t\t\t\t\t<\/div>\n\t\t\t\t<\/div>\n\t\t\t<\/div>\n\t\t<\/div>\n\t<\/div>\n<\/div>\t\t\t\t\t\t\t\t\t<\/div>\n\t\t\t\t\t\t\t\t<div class=\"_villas-365-property col-md mb-3\">\n\t\t\t\t\t\t\t\t\t\t\t<div class=\"_villas-365-property-inner\">\n\t<div class=\"row h-100\">\n\t\t<div class=\"col-12\">\n\t\t\t<div class=\"row\">\n\t\t\t\t<div class=\"col-12 mb-2\">\n\t\t\t\t\t<div class=\"_villas-365-property-image\">\n\t\t\t\t\t\t\t\t\t\t\t\t<div class=\"_villas-365-property-image-overlay\"><\/div>\n\t\t\t\t\t\t<a href=\"https:\/\/almarinavillas.com\/de\/eigentum\/25-baha-del-portet-by-almarina-villas\/\" class=\"unstyled-link _villas-365-property-image-link\" style=\"background-image:url('https:\/\/secure.365villas.com\/getimage\/uploads\/config\/alvaroaznar\/property\/gallery\/25\/20250226_070832_9079jpg.jpg');\" target=\"_blank\">\n\t\t\t\t\t\t\t<img decoding=\"async\" src=\"https:\/\/secure.365villas.com\/getimage\/uploads\/config\/alvaroaznar\/property\/gallery\/25\/20250226_070832_9079jpg.jpg\" alt=\"\" class=\"img-fluid d-block d-lg-none\">\n\t\t\t\t\t\t<\/a>\n\t\t\t\t\t\t\t\t\t\t\t\t\t\t\t\t\t\t<a href=\"https:\/\/almarinavillas.com\/de\/unterkunft\/\" class=\"_villas-365-property-info-label _villas-365-property-discount\" target=\"_blank\">\n\t\t\t\t\t\t\t<div class=\"_villas-365-property-discount-label\">Werbeaktionen<\/div><div class=\"_villas-365-property-discount-icon\"><i class=\"fa fa-fw fa-info-circle\"><\/i><\/div><div class=\"_villas-365-property-discount-text\">2 discounts available<\/div>\n\t\t\t\t\t\t<\/a>\n\t\t\t\t\t\t\t\t\t\t\t\t\n\t\t\t\t\t\t\t\t\t\t\t\t<div class=\"_villas-365-property-price\" title=\"\u20ac115.00 per night, \u20ac805.00 per week\">\n\t\t\t\t\t\t\t<span class=\"_villas-365-property-price-from-text\">Von<\/span>\n\t\t\t\t\t\t\t<br><span class=\"_villas-365-property-price-value\">\u20ac115.00<\/span>\/nacht\t\t\t\t\t\t<\/div>\n\t\t\t\t\t\t\n\t\t\t\t\t\t\t\t\t\t\t\t\t<div class=\"_villas-365-property-save-button loading\" data-property-id=\"25\">\n\t<i class=\"fas fa-spinner fa-spin fa-fw _villas-365-property-save-button-icon _villas-365-property-save-spinner\"><\/i>\n\t<i class=\"far fa-heart fa-fw _villas-365-property-save-button-icon _villas-365-property-save-inactive\"><\/i>\n\t<i class=\"fas fa-heart fa-fw _villas-365-property-save-button-icon _villas-365-property-save-active\"><\/i>\n\t<\/div>\n\t\t\t\t\t\t\t\t\t\t\t<\/div>\n\t\t\t\t<\/div>\n\t\t\t\t<div class=\"col-12\">\n\t\t\t\t\t<div class=\"_villas-365-property-inner-text\">\n\t\t\t\t\t\t<div class=\"row h-100\">\n\t\t\t\t\t\t\t<div class=\"col-12\">\n\t\t\t\t\t\t\t\t<div class=\"row\">\n\t\t\t\t\t\t\t\t\t\t\t\t\t\t\t\t\t\t<div class=\"col-12\">\n\t\t\t\t\t\t\t\t\t\t<h5 class=\"_villas-365-property-name\">\n\t\t\t\t\t\t\t\t\t\t\t<a href=\"https:\/\/almarinavillas.com\/de\/eigentum\/25-baha-del-portet-by-almarina-villas\/\" target=\"_blank\">Bah\u00eda del Portet - By Almarina Villas<\/a>\n\t\t\t\t\t\t\t\t\t\t<\/h5>\n\t\t\t\t\t\t\t\t\t<\/div>\n\t\t\t\t\t\t\t\t\t\n\t\t\t\t\t\t\t\t\t\t\t\t\t\t\t\t\t\t<div class=\"col-12\">\n\t\t\t\t\t\t\t\t\t\t<div class=\"_villas-365-property-summary\">\n\t\t\t\t\t\t\t\t\t\t\tBah\u00eda del Portet (Moraira) ist ein ger\u00e4umiges und elegantes Penthouse-Apartment mit viel Charme und einer gro\u00dfen Terrasse mit unglaublichem Panoramablick auf den Strand El Portet. Es besticht au\u00dferdem durch seine hervorragende Lage, nur 650 Meter vom...\t\t\t\t\t\t\t\t\t\t<\/div>\n\t\t\t\t\t\t\t\t\t<\/div>\n\t\t\t\t\t\t\t\t\t\n\t\t\t\t\t\t\t\t\t\t\t\t\t\t\t\t\t\t<div class=\"col-6\">\n\t\t\t\t\t\t\t\t\t\t<div class=\"_villas-365-property-rooms\">\n\t\t<span class=\"_villas-365-property-room\"><i class=\"_villas-365-property-room-icon fas fa-user\"><\/i> 5<\/span>\n\t\t<span class=\"_villas-365-property-room\"><i class=\"_villas-365-property-room-icon fas fa-bed\"><\/i> 2<\/span>\n\t\t<span class=\"_villas-365-property-room\"><i class=\"_villas-365-property-room-icon fas fa-bath\"><\/i> 2<\/span>\n\t\t<\/div>\n\t\t\t\t\t\t\t\t\t<\/div>\n\t\t\t\t\t\t\t\t\t\n\t\t\t\t\t\t\t\t\t<div class=\"col-6 text-right\">\n\t\t\t\t\t\t\t\t\t\t<a href=\"https:\/\/almarinavillas.com\/de\/eigentum\/25-baha-del-portet-by-almarina-villas\/\" target=\"_blank\"\" class=\"_villas-365-property-button _villas-365-property-outline-button btn btn-outline-primary\">Reservieren<\/a>\n\t\t\t\t\t\t\t\t\t<\/div>\n\t\t\t\t\t\t\t\t<\/div>\n\t\t\t\t\t\t\t<\/div>\n\t\t\t\t\t\t<\/div>\n\t\t\t\t\t<\/div>\n\t\t\t\t<\/div>\n\t\t\t<\/div>\n\t\t<\/div>\n\t<\/div>\n<\/div>\t\t\t\t\t\t\t\t\t<\/div>\n\t\t\t\t\t\t\t\t<div class=\"_villas-365-property col-md mb-3\">\n\t\t\t\t\t\t\t\t\t\t\t<div class=\"_villas-365-property-inner\">\n\t<div class=\"row h-100\">\n\t\t<div class=\"col-12\">\n\t\t\t<div class=\"row\">\n\t\t\t\t<div class=\"col-12 mb-2\">\n\t\t\t\t\t<div class=\"_villas-365-property-image\">\n\t\t\t\t\t\t\t\t\t\t\t\t<div class=\"_villas-365-property-image-overlay\"><\/div>\n\t\t\t\t\t\t<a href=\"https:\/\/almarinavillas.com\/de\/eigentum\/23-balilos-4-by-almarina-villas\/\" class=\"unstyled-link _villas-365-property-image-link\" style=\"background-image:url('https:\/\/secure.365villas.com\/getimage\/uploads\/config\/alvaroaznar\/property\/gallery\/23\/20230509_011510jpg.jpg');\" target=\"_blank\">\n\t\t\t\t\t\t\t<img decoding=\"async\" src=\"https:\/\/secure.365villas.com\/getimage\/uploads\/config\/alvaroaznar\/property\/gallery\/23\/20230509_011510jpg.jpg\" alt=\"\" class=\"img-fluid d-block d-lg-none\">\n\t\t\t\t\t\t<\/a>\n\t\t\t\t\t\t\t\t\t\t\t\t\t\t\t\t\t\t<a href=\"https:\/\/almarinavillas.com\/de\/unterkunft\/\" class=\"_villas-365-property-info-label _villas-365-property-discount\" target=\"_blank\">\n\t\t\t\t\t\t\t<div class=\"_villas-365-property-discount-label\">Werbeaktionen<\/div><div class=\"_villas-365-property-discount-icon\"><i class=\"fa fa-fw fa-info-circle\"><\/i><\/div><div class=\"_villas-365-property-discount-text\">Last minute discount<\/div>\n\t\t\t\t\t\t<\/a>\n\t\t\t\t\t\t\t\t\t\t\t\t\n\t\t\t\t\t\t\t\t\t\t\t\t<div class=\"_villas-365-property-price\" title=\"\u20ac176.00 per night, \u20ac1,232.00 per week\">\n\t\t\t\t\t\t\t<span class=\"_villas-365-property-price-from-text\">Von<\/span>\n\t\t\t\t\t\t\t<br><span class=\"_villas-365-property-price-value\">\u20ac176.00<\/span>\/nacht\t\t\t\t\t\t<\/div>\n\t\t\t\t\t\t\n\t\t\t\t\t\t\t\t\t\t\t\t\t<div class=\"_villas-365-property-save-button loading\" data-property-id=\"23\">\n\t<i class=\"fas fa-spinner fa-spin fa-fw _villas-365-property-save-button-icon _villas-365-property-save-spinner\"><\/i>\n\t<i class=\"far fa-heart fa-fw _villas-365-property-save-button-icon _villas-365-property-save-inactive\"><\/i>\n\t<i class=\"fas fa-heart fa-fw _villas-365-property-save-button-icon _villas-365-property-save-active\"><\/i>\n\t<\/div>\n\t\t\t\t\t\t\t\t\t\t\t<\/div>\n\t\t\t\t<\/div>\n\t\t\t\t<div class=\"col-12\">\n\t\t\t\t\t<div class=\"_villas-365-property-inner-text\">\n\t\t\t\t\t\t<div class=\"row h-100\">\n\t\t\t\t\t\t\t<div class=\"col-12\">\n\t\t\t\t\t\t\t\t<div class=\"row\">\n\t\t\t\t\t\t\t\t\t\t\t\t\t\t\t\t\t\t<div class=\"col-12\">\n\t\t\t\t\t\t\t\t\t\t<h5 class=\"_villas-365-property-name\">\n\t\t\t\t\t\t\t\t\t\t\t<a href=\"https:\/\/almarinavillas.com\/de\/eigentum\/23-balilos-4-by-almarina-villas\/\" target=\"_blank\">Balilos 4 - By Almarina Villas<\/a>\n\t\t\t\t\t\t\t\t\t\t<\/h5>\n\t\t\t\t\t\t\t\t\t<\/div>\n\t\t\t\t\t\t\t\t\t\n\t\t\t\t\t\t\t\t\t\t\t\t\t\t\t\t\t\t<div class=\"col-12\">\n\t\t\t\t\t\t\t\t\t\t<div class=\"_villas-365-property-summary\">\n\t\t\t\t\t\t\t\t\t\t\tBabilos 4 (Moraira) ist eine moderne mediterrane Villa mit Pool und spektakul\u00e4rem Panoramablick auf das Meer. Die elegante Einrichtung wird Sie begeistern. Seine unglaubliche Lage macht es einzigartig, nur 50 Meter vom Strand, zahlreichen Restaurants...\t\t\t\t\t\t\t\t\t\t<\/div>\n\t\t\t\t\t\t\t\t\t<\/div>\n\t\t\t\t\t\t\t\t\t\n\t\t\t\t\t\t\t\t\t\t\t\t\t\t\t\t\t\t<div class=\"col-6\">\n\t\t\t\t\t\t\t\t\t\t<div class=\"_villas-365-property-rooms\">\n\t\t<span class=\"_villas-365-property-room\"><i class=\"_villas-365-property-room-icon fas fa-user\"><\/i> 4<\/span>\n\t\t<span class=\"_villas-365-property-room\"><i class=\"_villas-365-property-room-icon fas fa-bed\"><\/i> 2<\/span>\n\t\t<span class=\"_villas-365-property-room\"><i class=\"_villas-365-property-room-icon fas fa-bath\"><\/i> 2<\/span>\n\t\t<\/div>\n\t\t\t\t\t\t\t\t\t<\/div>\n\t\t\t\t\t\t\t\t\t\n\t\t\t\t\t\t\t\t\t<div class=\"col-6 text-right\">\n\t\t\t\t\t\t\t\t\t\t<a href=\"https:\/\/almarinavillas.com\/de\/eigentum\/23-balilos-4-by-almarina-villas\/\" target=\"_blank\"\" class=\"_villas-365-property-button _villas-365-property-outline-button btn btn-outline-primary\">Reservieren<\/a>\n\t\t\t\t\t\t\t\t\t<\/div>\n\t\t\t\t\t\t\t\t<\/div>\n\t\t\t\t\t\t\t<\/div>\n\t\t\t\t\t\t<\/div>\n\t\t\t\t\t<\/div>\n\t\t\t\t<\/div>\n\t\t\t<\/div>\n\t\t<\/div>\n\t<\/div>\n<\/div>\t\t\t\t\t\t\t\t\t<\/div>\n\t\t\t\t\t\t\t<\/div>\n\t\t\t\t\t\t<div class=\"row\">\n\t\t\t\t\t\t\t\t\t\t\t\t<div class=\"_villas-365-property col-md mb-3\">\n\t\t\t\t\t\t\t\t\t\t\t<div class=\"_villas-365-property-inner\">\n\t<div class=\"row h-100\">\n\t\t<div class=\"col-12\">\n\t\t\t<div class=\"row\">\n\t\t\t\t<div class=\"col-12 mb-2\">\n\t\t\t\t\t<div class=\"_villas-365-property-image\">\n\t\t\t\t\t\t\t\t\t\t\t\t<div class=\"_villas-365-property-image-overlay\"><\/div>\n\t\t\t\t\t\t<a href=\"https:\/\/almarinavillas.com\/de\/eigentum\/22-balilos-8-by-almarina-villas\/\" class=\"unstyled-link _villas-365-property-image-link\" style=\"background-image:url('https:\/\/secure.365villas.com\/getimage\/uploads\/config\/alvaroaznar\/property\/gallery\/22\/20250205_043319_2945jpg.jpg');\" target=\"_blank\">\n\t\t\t\t\t\t\t<img decoding=\"async\" src=\"https:\/\/secure.365villas.com\/getimage\/uploads\/config\/alvaroaznar\/property\/gallery\/22\/20250205_043319_2945jpg.jpg\" alt=\"\" class=\"img-fluid d-block d-lg-none\">\n\t\t\t\t\t\t<\/a>\n\t\t\t\t\t\t\t\t\t\t\t\t\t\t\t\t\t\t<a href=\"https:\/\/almarinavillas.com\/de\/unterkunft\/\" class=\"_villas-365-property-info-label _villas-365-property-discount\" target=\"_blank\">\n\t\t\t\t\t\t\t<div class=\"_villas-365-property-discount-label\">Werbeaktionen<\/div><div class=\"_villas-365-property-discount-icon\"><i class=\"fa fa-fw fa-info-circle\"><\/i><\/div><div class=\"_villas-365-property-discount-text\">Last minute discount<\/div>\n\t\t\t\t\t\t<\/a>\n\t\t\t\t\t\t\t\t\t\t\t\t\n\t\t\t\t\t\t\t\t\t\t\t\t<div class=\"_villas-365-property-price\" title=\"\u20ac299.00 per night, \u20ac2,093.00 per week\">\n\t\t\t\t\t\t\t<span class=\"_villas-365-property-price-from-text\">Von<\/span>\n\t\t\t\t\t\t\t<br><span class=\"_villas-365-property-price-value\">\u20ac299.00<\/span>\/nacht\t\t\t\t\t\t<\/div>\n\t\t\t\t\t\t\n\t\t\t\t\t\t\t\t\t\t\t\t\t<div class=\"_villas-365-property-save-button loading\" data-property-id=\"22\">\n\t<i class=\"fas fa-spinner fa-spin fa-fw _villas-365-property-save-button-icon _villas-365-property-save-spinner\"><\/i>\n\t<i class=\"far fa-heart fa-fw _villas-365-property-save-button-icon _villas-365-property-save-inactive\"><\/i>\n\t<i class=\"fas fa-heart fa-fw _villas-365-property-save-button-icon _villas-365-property-save-active\"><\/i>\n\t<\/div>\n\t\t\t\t\t\t\t\t\t\t\t<\/div>\n\t\t\t\t<\/div>\n\t\t\t\t<div class=\"col-12\">\n\t\t\t\t\t<div class=\"_villas-365-property-inner-text\">\n\t\t\t\t\t\t<div class=\"row h-100\">\n\t\t\t\t\t\t\t<div class=\"col-12\">\n\t\t\t\t\t\t\t\t<div class=\"row\">\n\t\t\t\t\t\t\t\t\t\t\t\t\t\t\t\t\t\t<div class=\"col-12\">\n\t\t\t\t\t\t\t\t\t\t<h5 class=\"_villas-365-property-name\">\n\t\t\t\t\t\t\t\t\t\t\t<a href=\"https:\/\/almarinavillas.com\/de\/eigentum\/22-balilos-8-by-almarina-villas\/\" target=\"_blank\">Balilos 8 - By Almarina Villas<\/a>\n\t\t\t\t\t\t\t\t\t\t<\/h5>\n\t\t\t\t\t\t\t\t\t<\/div>\n\t\t\t\t\t\t\t\t\t\n\t\t\t\t\t\t\t\t\t\t\t\t\t\t\t\t\t\t<div class=\"col-12\">\n\t\t\t\t\t\t\t\t\t\t<div class=\"_villas-365-property-summary\">\n\t\t\t\t\t\t\t\t\t\t\tBabilos 8 (Moraira) ist eine moderne mediterrane Villa mit Pool und spektakul\u00e4rem Panoramablick auf das Meer. Die elegante Einrichtung wird Sie begeistern. Seine unglaubliche Lage macht es einzigartig, nur 50 Meter vom Strand, zahlreichen Restaurants...\t\t\t\t\t\t\t\t\t\t<\/div>\n\t\t\t\t\t\t\t\t\t<\/div>\n\t\t\t\t\t\t\t\t\t\n\t\t\t\t\t\t\t\t\t\t\t\t\t\t\t\t\t\t<div class=\"col-6\">\n\t\t\t\t\t\t\t\t\t\t<div class=\"_villas-365-property-rooms\">\n\t\t<span class=\"_villas-365-property-room\"><i class=\"_villas-365-property-room-icon fas fa-user\"><\/i> 8<\/span>\n\t\t<span class=\"_villas-365-property-room\"><i class=\"_villas-365-property-room-icon fas fa-bed\"><\/i> 4<\/span>\n\t\t<span class=\"_villas-365-property-room\"><i class=\"_villas-365-property-room-icon fas fa-bath\"><\/i> 4<\/span>\n\t\t<\/div>\n\t\t\t\t\t\t\t\t\t<\/div>\n\t\t\t\t\t\t\t\t\t\n\t\t\t\t\t\t\t\t\t<div class=\"col-6 text-right\">\n\t\t\t\t\t\t\t\t\t\t<a href=\"https:\/\/almarinavillas.com\/de\/eigentum\/22-balilos-8-by-almarina-villas\/\" target=\"_blank\"\" class=\"_villas-365-property-button _villas-365-property-outline-button btn btn-outline-primary\">Reservieren<\/a>\n\t\t\t\t\t\t\t\t\t<\/div>\n\t\t\t\t\t\t\t\t<\/div>\n\t\t\t\t\t\t\t<\/div>\n\t\t\t\t\t\t<\/div>\n\t\t\t\t\t<\/div>\n\t\t\t\t<\/div>\n\t\t\t<\/div>\n\t\t<\/div>\n\t<\/div>\n<\/div>\t\t\t\t\t\t\t\t\t<\/div>\n\t\t\t\t\t\t\t\t<div class=\"_villas-365-property col-md mb-3\">\n\t\t\t\t\t\t\t\t\t\t\t<div class=\"_villas-365-property-inner\">\n\t<div class=\"row h-100\">\n\t\t<div class=\"col-12\">\n\t\t\t<div class=\"row\">\n\t\t\t\t<div class=\"col-12 mb-2\">\n\t\t\t\t\t<div class=\"_villas-365-property-image\">\n\t\t\t\t\t\t\t\t\t\t\t\t<div class=\"_villas-365-property-image-overlay\"><\/div>\n\t\t\t\t\t\t<a href=\"https:\/\/almarinavillas.com\/de\/eigentum\/36-bianca-by-almarina-villas\/\" class=\"unstyled-link _villas-365-property-image-link\" style=\"background-image:url('https:\/\/secure.365villas.com\/getimage\/uploads\/config\/alvaroaznar\/property\/gallery\/36\/20231125_014710_5250jpg.jpg');\" target=\"_blank\">\n\t\t\t\t\t\t\t<img decoding=\"async\" src=\"https:\/\/secure.365villas.com\/getimage\/uploads\/config\/alvaroaznar\/property\/gallery\/36\/20231125_014710_5250jpg.jpg\" alt=\"\" class=\"img-fluid d-block d-lg-none\">\n\t\t\t\t\t\t<\/a>\n\t\t\t\t\t\t\t\t\t\t\t\t\t\t\t\t\t\t<a href=\"https:\/\/almarinavillas.com\/de\/unterkunft\/\" class=\"_villas-365-property-info-label _villas-365-property-discount\" target=\"_blank\">\n\t\t\t\t\t\t\t<div class=\"_villas-365-property-discount-label\">Werbeaktionen<\/div><div class=\"_villas-365-property-discount-icon\"><i class=\"fa fa-fw fa-info-circle\"><\/i><\/div><div class=\"_villas-365-property-discount-text\">Last minute discount<\/div>\n\t\t\t\t\t\t<\/a>\n\t\t\t\t\t\t\t\t\t\t\t\t\n\t\t\t\t\t\t\t\t\t\t\t\t<div class=\"_villas-365-property-price\" title=\"\u20ac177.00 per night, \u20ac1,239.00 per week\">\n\t\t\t\t\t\t\t<span class=\"_villas-365-property-price-from-text\">Von<\/span>\n\t\t\t\t\t\t\t<br><span class=\"_villas-365-property-price-value\">\u20ac177.00<\/span>\/nacht\t\t\t\t\t\t<\/div>\n\t\t\t\t\t\t\n\t\t\t\t\t\t\t\t\t\t\t\t\t<div class=\"_villas-365-property-save-button loading\" data-property-id=\"36\">\n\t<i class=\"fas fa-spinner fa-spin fa-fw _villas-365-property-save-button-icon _villas-365-property-save-spinner\"><\/i>\n\t<i class=\"far fa-heart fa-fw _villas-365-property-save-button-icon _villas-365-property-save-inactive\"><\/i>\n\t<i class=\"fas fa-heart fa-fw _villas-365-property-save-button-icon _villas-365-property-save-active\"><\/i>\n\t<\/div>\n\t\t\t\t\t\t\t\t\t\t\t<\/div>\n\t\t\t\t<\/div>\n\t\t\t\t<div class=\"col-12\">\n\t\t\t\t\t<div class=\"_villas-365-property-inner-text\">\n\t\t\t\t\t\t<div class=\"row h-100\">\n\t\t\t\t\t\t\t<div class=\"col-12\">\n\t\t\t\t\t\t\t\t<div class=\"row\">\n\t\t\t\t\t\t\t\t\t\t\t\t\t\t\t\t\t\t<div class=\"col-12\">\n\t\t\t\t\t\t\t\t\t\t<h5 class=\"_villas-365-property-name\">\n\t\t\t\t\t\t\t\t\t\t\t<a href=\"https:\/\/almarinavillas.com\/de\/eigentum\/36-bianca-by-almarina-villas\/\" target=\"_blank\">Bianca - by Almarina Villas<\/a>\n\t\t\t\t\t\t\t\t\t\t<\/h5>\n\t\t\t\t\t\t\t\t\t<\/div>\n\t\t\t\t\t\t\t\t\t\n\t\t\t\t\t\t\t\t\t\t\t\t\t\t\t\t\t\t<div class=\"col-12\">\n\t\t\t\t\t\t\t\t\t\t<div class=\"_villas-365-property-summary\">\n\t\t\t\t\t\t\t\t\t\t\tVilla Bianca (Moraira) ist eine moderne Doppelhaush\u00e4lfte mit einer gro\u00dfen Sonnenterrasse mit Sonnenliegen und Grill, einem sch\u00f6nen privaten Pool und Meerblick. Die Lage ist einfach unglaublich, weniger als 300 Meter (4 Minuten zu Fu\u00df) vom Meer, Resta...\t\t\t\t\t\t\t\t\t\t<\/div>\n\t\t\t\t\t\t\t\t\t<\/div>\n\t\t\t\t\t\t\t\t\t\n\t\t\t\t\t\t\t\t\t\t\t\t\t\t\t\t\t\t<div class=\"col-6\">\n\t\t\t\t\t\t\t\t\t\t<div class=\"_villas-365-property-rooms\">\n\t\t<span class=\"_villas-365-property-room\"><i class=\"_villas-365-property-room-icon fas fa-user\"><\/i> 8<\/span>\n\t\t<span class=\"_villas-365-property-room\"><i class=\"_villas-365-property-room-icon fas fa-bed\"><\/i> 4<\/span>\n\t\t<span class=\"_villas-365-property-room\"><i class=\"_villas-365-property-room-icon fas fa-bath\"><\/i> 3<\/span>\n\t\t<\/div>\n\t\t\t\t\t\t\t\t\t<\/div>\n\t\t\t\t\t\t\t\t\t\n\t\t\t\t\t\t\t\t\t<div class=\"col-6 text-right\">\n\t\t\t\t\t\t\t\t\t\t<a href=\"https:\/\/almarinavillas.com\/de\/eigentum\/36-bianca-by-almarina-villas\/\" target=\"_blank\"\" class=\"_villas-365-property-button _villas-365-property-outline-button btn btn-outline-primary\">Reservieren<\/a>\n\t\t\t\t\t\t\t\t\t<\/div>\n\t\t\t\t\t\t\t\t<\/div>\n\t\t\t\t\t\t\t<\/div>\n\t\t\t\t\t\t<\/div>\n\t\t\t\t\t<\/div>\n\t\t\t\t<\/div>\n\t\t\t<\/div>\n\t\t<\/div>\n\t<\/div>\n<\/div>\t\t\t\t\t\t\t\t\t<\/div>\n\t\t\t\t\t\t\t\t<div class=\"_villas-365-property col-md mb-3\">\n\t\t\t\t\t\t\t\t\t\t\t<div class=\"_villas-365-property-inner\">\n\t<div class=\"row h-100\">\n\t\t<div class=\"col-12\">\n\t\t\t<div class=\"row\">\n\t\t\t\t<div class=\"col-12 mb-2\">\n\t\t\t\t\t<div class=\"_villas-365-property-image\">\n\t\t\t\t\t\t\t\t\t\t\t\t<div class=\"_villas-365-property-image-overlay\"><\/div>\n\t\t\t\t\t\t<a href=\"https:\/\/almarinavillas.com\/de\/eigentum\/41-botnico-by-almarina-villas\/\" class=\"unstyled-link _villas-365-property-image-link\" style=\"background-image:url('https:\/\/secure.365villas.com\/getimage\/uploads\/config\/alvaroaznar\/property\/gallery\/41\/20250218_002536_7550jpg.jpg');\" target=\"_blank\">\n\t\t\t\t\t\t\t<img decoding=\"async\" src=\"https:\/\/secure.365villas.com\/getimage\/uploads\/config\/alvaroaznar\/property\/gallery\/41\/20250218_002536_7550jpg.jpg\" alt=\"\" class=\"img-fluid d-block d-lg-none\">\n\t\t\t\t\t\t<\/a>\n\t\t\t\t\t\t\t\t\t\t\t\t\t\t\t\t\t\t<a href=\"https:\/\/almarinavillas.com\/de\/unterkunft\/\" class=\"_villas-365-property-info-label _villas-365-property-discount\" target=\"_blank\">\n\t\t\t\t\t\t\t<div class=\"_villas-365-property-discount-label\">Werbeaktionen<\/div><div class=\"_villas-365-property-discount-icon\"><i class=\"fa fa-fw fa-info-circle\"><\/i><\/div><div class=\"_villas-365-property-discount-text\">Last minute discount<\/div>\n\t\t\t\t\t\t<\/a>\n\t\t\t\t\t\t\t\t\t\t\t\t\n\t\t\t\t\t\t\t\t\t\t\t\t<div class=\"_villas-365-property-price\" title=\"\u20ac218.00 per night, \u20ac1,526.00 per week\">\n\t\t\t\t\t\t\t<span class=\"_villas-365-property-price-from-text\">Von<\/span>\n\t\t\t\t\t\t\t<br><span class=\"_villas-365-property-price-value\">\u20ac218.00<\/span>\/nacht\t\t\t\t\t\t<\/div>\n\t\t\t\t\t\t\n\t\t\t\t\t\t\t\t\t\t\t\t\t<div class=\"_villas-365-property-save-button loading\" data-property-id=\"41\">\n\t<i class=\"fas fa-spinner fa-spin fa-fw _villas-365-property-save-button-icon _villas-365-property-save-spinner\"><\/i>\n\t<i class=\"far fa-heart fa-fw _villas-365-property-save-button-icon _villas-365-property-save-inactive\"><\/i>\n\t<i class=\"fas fa-heart fa-fw _villas-365-property-save-button-icon _villas-365-property-save-active\"><\/i>\n\t<\/div>\n\t\t\t\t\t\t\t\t\t\t\t<\/div>\n\t\t\t\t<\/div>\n\t\t\t\t<div class=\"col-12\">\n\t\t\t\t\t<div class=\"_villas-365-property-inner-text\">\n\t\t\t\t\t\t<div class=\"row h-100\">\n\t\t\t\t\t\t\t<div class=\"col-12\">\n\t\t\t\t\t\t\t\t<div class=\"row\">\n\t\t\t\t\t\t\t\t\t\t\t\t\t\t\t\t\t\t<div class=\"col-12\">\n\t\t\t\t\t\t\t\t\t\t<h5 class=\"_villas-365-property-name\">\n\t\t\t\t\t\t\t\t\t\t\t<a href=\"https:\/\/almarinavillas.com\/de\/eigentum\/41-botnico-by-almarina-villas\/\" target=\"_blank\">Bot\u00e1nico - By Almarina Villas<\/a>\n\t\t\t\t\t\t\t\t\t\t<\/h5>\n\t\t\t\t\t\t\t\t\t<\/div>\n\t\t\t\t\t\t\t\t\t\n\t\t\t\t\t\t\t\t\t\t\t\t\t\t\t\t\t\t<div class=\"col-12\">\n\t\t\t\t\t\t\t\t\t\t<div class=\"_villas-365-property-summary\">\n\t\t\t\t\t\t\t\t\t\t\tDie Villa Bot\u00e1nico (Benissa) ist eine wundersch\u00f6ne Villa im mediterranen Stil mit einem bezaubernden Garten, einem beheizten Pool (gegen Aufpreis, siehe Bedingungen) und gro\u00dfz\u00fcgigen Terrassen sowie einer gepflegten Einrichtung im zeitgen\u00f6ssischen Sti...\t\t\t\t\t\t\t\t\t\t<\/div>\n\t\t\t\t\t\t\t\t\t<\/div>\n\t\t\t\t\t\t\t\t\t\n\t\t\t\t\t\t\t\t\t\t\t\t\t\t\t\t\t\t<div class=\"col-6\">\n\t\t\t\t\t\t\t\t\t\t<div class=\"_villas-365-property-rooms\">\n\t\t<span class=\"_villas-365-property-room\"><i class=\"_villas-365-property-room-icon fas fa-user\"><\/i> 10<\/span>\n\t\t<span class=\"_villas-365-property-room\"><i class=\"_villas-365-property-room-icon fas fa-bed\"><\/i> 5<\/span>\n\t\t<span class=\"_villas-365-property-room\"><i class=\"_villas-365-property-room-icon fas fa-bath\"><\/i> 3<\/span>\n\t\t<\/div>\n\t\t\t\t\t\t\t\t\t<\/div>\n\t\t\t\t\t\t\t\t\t\n\t\t\t\t\t\t\t\t\t<div class=\"col-6 text-right\">\n\t\t\t\t\t\t\t\t\t\t<a href=\"https:\/\/almarinavillas.com\/de\/eigentum\/41-botnico-by-almarina-villas\/\" target=\"_blank\"\" class=\"_villas-365-property-button _villas-365-property-outline-button btn btn-outline-primary\">Reservieren<\/a>\n\t\t\t\t\t\t\t\t\t<\/div>\n\t\t\t\t\t\t\t\t<\/div>\n\t\t\t\t\t\t\t<\/div>\n\t\t\t\t\t\t<\/div>\n\t\t\t\t\t<\/div>\n\t\t\t\t<\/div>\n\t\t\t<\/div>\n\t\t<\/div>\n\t<\/div>\n<\/div>\t\t\t\t\t\t\t\t\t<\/div>\n\t\t\t\t\t\t\t<\/div>\n\t\t\t\t\t\t<div class=\"row\">\n\t\t\t\t\t\t\t\t\t\t\t\t<div class=\"_villas-365-property col-md mb-3\">\n\t\t\t\t\t\t\t\t\t\t\t<div class=\"_villas-365-property-inner\">\n\t<div class=\"row h-100\">\n\t\t<div class=\"col-12\">\n\t\t\t<div class=\"row\">\n\t\t\t\t<div class=\"col-12 mb-2\">\n\t\t\t\t\t<div class=\"_villas-365-property-image\">\n\t\t\t\t\t\t\t\t\t\t\t\t<div class=\"_villas-365-property-image-overlay\"><\/div>\n\t\t\t\t\t\t<a href=\"https:\/\/almarinavillas.com\/de\/eigentum\/14-brisa-de-mar-by-almarina-villas\/\" class=\"unstyled-link _villas-365-property-image-link\" style=\"background-image:url('https:\/\/secure.365villas.com\/getimage\/uploads\/config\/alvaroaznar\/property\/gallery\/14\/20250206_071150_9997jpg.jpg');\" target=\"_blank\">\n\t\t\t\t\t\t\t<img decoding=\"async\" src=\"https:\/\/secure.365villas.com\/getimage\/uploads\/config\/alvaroaznar\/property\/gallery\/14\/20250206_071150_9997jpg.jpg\" alt=\"\" class=\"img-fluid d-block d-lg-none\">\n\t\t\t\t\t\t<\/a>\n\t\t\t\t\t\t\t\t\t\t\t\t\t\t\t\t\t\t<a href=\"https:\/\/almarinavillas.com\/de\/unterkunft\/\" class=\"_villas-365-property-info-label _villas-365-property-discount\" target=\"_blank\">\n\t\t\t\t\t\t\t<div class=\"_villas-365-property-discount-label\">Werbeaktionen<\/div><div class=\"_villas-365-property-discount-icon\"><i class=\"fa fa-fw fa-info-circle\"><\/i><\/div><div class=\"_villas-365-property-discount-text\">Last minute discount<\/div>\n\t\t\t\t\t\t<\/a>\n\t\t\t\t\t\t\t\t\t\t\t\t\n\t\t\t\t\t\t\t\t\t\t\t\t<div class=\"_villas-365-property-price\" title=\"\u20ac252.00 per night, \u20ac1,764.00 per week\">\n\t\t\t\t\t\t\t<span class=\"_villas-365-property-price-from-text\">Von<\/span>\n\t\t\t\t\t\t\t<br><span class=\"_villas-365-property-price-value\">\u20ac252.00<\/span>\/nacht\t\t\t\t\t\t<\/div>\n\t\t\t\t\t\t\n\t\t\t\t\t\t\t\t\t\t\t\t\t<div class=\"_villas-365-property-save-button loading\" data-property-id=\"14\">\n\t<i class=\"fas fa-spinner fa-spin fa-fw _villas-365-property-save-button-icon _villas-365-property-save-spinner\"><\/i>\n\t<i class=\"far fa-heart fa-fw _villas-365-property-save-button-icon _villas-365-property-save-inactive\"><\/i>\n\t<i class=\"fas fa-heart fa-fw _villas-365-property-save-button-icon _villas-365-property-save-active\"><\/i>\n\t<\/div>\n\t\t\t\t\t\t\t\t\t\t\t<\/div>\n\t\t\t\t<\/div>\n\t\t\t\t<div class=\"col-12\">\n\t\t\t\t\t<div class=\"_villas-365-property-inner-text\">\n\t\t\t\t\t\t<div class=\"row h-100\">\n\t\t\t\t\t\t\t<div class=\"col-12\">\n\t\t\t\t\t\t\t\t<div class=\"row\">\n\t\t\t\t\t\t\t\t\t\t\t\t\t\t\t\t\t\t<div class=\"col-12\">\n\t\t\t\t\t\t\t\t\t\t<h5 class=\"_villas-365-property-name\">\n\t\t\t\t\t\t\t\t\t\t\t<a href=\"https:\/\/almarinavillas.com\/de\/eigentum\/14-brisa-de-mar-by-almarina-villas\/\" target=\"_blank\">Brisa de Mar - By Almarina Villas<\/a>\n\t\t\t\t\t\t\t\t\t\t<\/h5>\n\t\t\t\t\t\t\t\t\t<\/div>\n\t\t\t\t\t\t\t\t\t\n\t\t\t\t\t\t\t\t\t\t\t\t\t\t\t\t\t\t<div class=\"col-12\">\n\t\t\t\t\t\t\t\t\t\t<div class=\"_villas-365-property-summary\">\n\t\t\t\t\t\t\t\t\t\t\tBrisa de Mar (Benissa) ist eine wundersch\u00f6ne und ger\u00e4umige Villa mit Pool in fantastischer Lage, nur 200 Meter (3 Gehminuten) vom Sandstrand La Fustera und 1 Gehminute von mehreren charmanten Restaurants und einem Supermarkt entfernt. Die Villa besti...\t\t\t\t\t\t\t\t\t\t<\/div>\n\t\t\t\t\t\t\t\t\t<\/div>\n\t\t\t\t\t\t\t\t\t\n\t\t\t\t\t\t\t\t\t\t\t\t\t\t\t\t\t\t<div class=\"col-6\">\n\t\t\t\t\t\t\t\t\t\t<div class=\"_villas-365-property-rooms\">\n\t\t<span class=\"_villas-365-property-room\"><i class=\"_villas-365-property-room-icon fas fa-user\"><\/i> 10<\/span>\n\t\t<span class=\"_villas-365-property-room\"><i class=\"_villas-365-property-room-icon fas fa-bed\"><\/i> 5<\/span>\n\t\t<span class=\"_villas-365-property-room\"><i class=\"_villas-365-property-room-icon fas fa-bath\"><\/i> 4<\/span>\n\t\t<\/div>\n\t\t\t\t\t\t\t\t\t<\/div>\n\t\t\t\t\t\t\t\t\t\n\t\t\t\t\t\t\t\t\t<div class=\"col-6 text-right\">\n\t\t\t\t\t\t\t\t\t\t<a href=\"https:\/\/almarinavillas.com\/de\/eigentum\/14-brisa-de-mar-by-almarina-villas\/\" target=\"_blank\"\" class=\"_villas-365-property-button _villas-365-property-outline-button btn btn-outline-primary\">Reservieren<\/a>\n\t\t\t\t\t\t\t\t\t<\/div>\n\t\t\t\t\t\t\t\t<\/div>\n\t\t\t\t\t\t\t<\/div>\n\t\t\t\t\t\t<\/div>\n\t\t\t\t\t<\/div>\n\t\t\t\t<\/div>\n\t\t\t<\/div>\n\t\t<\/div>\n\t<\/div>\n<\/div>\t\t\t\t\t\t\t\t\t<\/div>\n\t\t\t\t\t\t\t\t<div class=\"_villas-365-property col-md mb-3\">\n\t\t\t\t\t\t\t\t\t\t\t<div class=\"_villas-365-property-inner\">\n\t<div class=\"row h-100\">\n\t\t<div class=\"col-12\">\n\t\t\t<div class=\"row\">\n\t\t\t\t<div class=\"col-12 mb-2\">\n\t\t\t\t\t<div class=\"_villas-365-property-image\">\n\t\t\t\t\t\t\t\t\t\t\t\t<div class=\"_villas-365-property-image-overlay\"><\/div>\n\t\t\t\t\t\t<a href=\"https:\/\/almarinavillas.com\/de\/eigentum\/20-buenavista-by-almarina-villas\/\" class=\"unstyled-link _villas-365-property-image-link\" style=\"background-image:url('https:\/\/secure.365villas.com\/getimage\/uploads\/config\/alvaroaznar\/property\/gallery\/20\/20221021_041210jpg.jpg');\" target=\"_blank\">\n\t\t\t\t\t\t\t<img decoding=\"async\" src=\"https:\/\/secure.365villas.com\/getimage\/uploads\/config\/alvaroaznar\/property\/gallery\/20\/20221021_041210jpg.jpg\" alt=\"\" class=\"img-fluid d-block d-lg-none\">\n\t\t\t\t\t\t<\/a>\n\t\t\t\t\t\t\t\t\t\t\t\t\t\t\t\t\t\t<a href=\"https:\/\/almarinavillas.com\/de\/unterkunft\/\" class=\"_villas-365-property-info-label _villas-365-property-discount\" target=\"_blank\">\n\t\t\t\t\t\t\t<div class=\"_villas-365-property-discount-label\">Werbeaktionen<\/div><div class=\"_villas-365-property-discount-icon\"><i class=\"fa fa-fw fa-info-circle\"><\/i><\/div><div class=\"_villas-365-property-discount-text\">Last minute discount<\/div>\n\t\t\t\t\t\t<\/a>\n\t\t\t\t\t\t\t\t\t\t\t\t\n\t\t\t\t\t\t\t\t\t\t\t\t<div class=\"_villas-365-property-price\" title=\"\u20ac216.00 per night, \u20ac1,512.00 per week\">\n\t\t\t\t\t\t\t<span class=\"_villas-365-property-price-from-text\">Von<\/span>\n\t\t\t\t\t\t\t<br><span class=\"_villas-365-property-price-value\">\u20ac216.00<\/span>\/nacht\t\t\t\t\t\t<\/div>\n\t\t\t\t\t\t\n\t\t\t\t\t\t\t\t\t\t\t\t\t<div class=\"_villas-365-property-save-button loading\" data-property-id=\"20\">\n\t<i class=\"fas fa-spinner fa-spin fa-fw _villas-365-property-save-button-icon _villas-365-property-save-spinner\"><\/i>\n\t<i class=\"far fa-heart fa-fw _villas-365-property-save-button-icon _villas-365-property-save-inactive\"><\/i>\n\t<i class=\"fas fa-heart fa-fw _villas-365-property-save-button-icon _villas-365-property-save-active\"><\/i>\n\t<\/div>\n\t\t\t\t\t\t\t\t\t\t\t<\/div>\n\t\t\t\t<\/div>\n\t\t\t\t<div class=\"col-12\">\n\t\t\t\t\t<div class=\"_villas-365-property-inner-text\">\n\t\t\t\t\t\t<div class=\"row h-100\">\n\t\t\t\t\t\t\t<div class=\"col-12\">\n\t\t\t\t\t\t\t\t<div class=\"row\">\n\t\t\t\t\t\t\t\t\t\t\t\t\t\t\t\t\t\t<div class=\"col-12\">\n\t\t\t\t\t\t\t\t\t\t<h5 class=\"_villas-365-property-name\">\n\t\t\t\t\t\t\t\t\t\t\t<a href=\"https:\/\/almarinavillas.com\/de\/eigentum\/20-buenavista-by-almarina-villas\/\" target=\"_blank\">Buenavista - By Almarina Villas<\/a>\n\t\t\t\t\t\t\t\t\t\t<\/h5>\n\t\t\t\t\t\t\t\t\t<\/div>\n\t\t\t\t\t\t\t\t\t\n\t\t\t\t\t\t\t\t\t\t\t\t\t\t\t\t\t\t<div class=\"col-12\">\n\t\t\t\t\t\t\t\t\t\t<div class=\"_villas-365-property-summary\">\n\t\t\t\t\t\t\t\t\t\t\tBuenavista (Benissa) ist eine moderne Villa mit beheiztem Pool (extra, siehe Bedingungen) und herrlichem Blick auf das Meer und den Pinienwald von Benissa. Es verf\u00fcgt \u00fcber eine ausgezeichnete Terrasse, einen Chill-out-Bereich und einen Grillplatz. Si...\t\t\t\t\t\t\t\t\t\t<\/div>\n\t\t\t\t\t\t\t\t\t<\/div>\n\t\t\t\t\t\t\t\t\t\n\t\t\t\t\t\t\t\t\t\t\t\t\t\t\t\t\t\t<div class=\"col-6\">\n\t\t\t\t\t\t\t\t\t\t<div class=\"_villas-365-property-rooms\">\n\t\t<span class=\"_villas-365-property-room\"><i class=\"_villas-365-property-room-icon fas fa-user\"><\/i> 8<\/span>\n\t\t<span class=\"_villas-365-property-room\"><i class=\"_villas-365-property-room-icon fas fa-bed\"><\/i> 4<\/span>\n\t\t<span class=\"_villas-365-property-room\"><i class=\"_villas-365-property-room-icon fas fa-bath\"><\/i> 4<\/span>\n\t\t<\/div>\n\t\t\t\t\t\t\t\t\t<\/div>\n\t\t\t\t\t\t\t\t\t\n\t\t\t\t\t\t\t\t\t<div class=\"col-6 text-right\">\n\t\t\t\t\t\t\t\t\t\t<a href=\"https:\/\/almarinavillas.com\/de\/eigentum\/20-buenavista-by-almarina-villas\/\" target=\"_blank\"\" class=\"_villas-365-property-button _villas-365-property-outline-button btn btn-outline-primary\">Reservieren<\/a>\n\t\t\t\t\t\t\t\t\t<\/div>\n\t\t\t\t\t\t\t\t<\/div>\n\t\t\t\t\t\t\t<\/div>\n\t\t\t\t\t\t<\/div>\n\t\t\t\t\t<\/div>\n\t\t\t\t<\/div>\n\t\t\t<\/div>\n\t\t<\/div>\n\t<\/div>\n<\/div>\t\t\t\t\t\t\t\t\t<\/div>\n\t\t\t\t\t\t\t\t<div class=\"_villas-365-property col-md mb-3\">\n\t\t\t\t\t\t\t\t\t\t\t<div class=\"_villas-365-property-inner\">\n\t<div class=\"row h-100\">\n\t\t<div class=\"col-12\">\n\t\t\t<div class=\"row\">\n\t\t\t\t<div class=\"col-12 mb-2\">\n\t\t\t\t\t<div class=\"_villas-365-property-image\">\n\t\t\t\t\t\t\t\t\t\t\t\t<div class=\"_villas-365-property-image-overlay\"><\/div>\n\t\t\t\t\t\t<a href=\"https:\/\/almarinavillas.com\/de\/eigentum\/33-casa-peponi-by-almarina-villas\/\" class=\"unstyled-link _villas-365-property-image-link\" style=\"background-image:url('https:\/\/secure.365villas.com\/getimage\/uploads\/config\/alvaroaznar\/property\/gallery\/33\/20250211_072504_6541jpg.jpg');\" target=\"_blank\">\n\t\t\t\t\t\t\t<img decoding=\"async\" src=\"https:\/\/secure.365villas.com\/getimage\/uploads\/config\/alvaroaznar\/property\/gallery\/33\/20250211_072504_6541jpg.jpg\" alt=\"\" class=\"img-fluid d-block d-lg-none\">\n\t\t\t\t\t\t<\/a>\n\t\t\t\t\t\t\t\t\t\t\t\t\t\t\t\t\t\t<a href=\"https:\/\/almarinavillas.com\/de\/unterkunft\/\" class=\"_villas-365-property-info-label _villas-365-property-discount\" target=\"_blank\">\n\t\t\t\t\t\t\t<div class=\"_villas-365-property-discount-label\">Werbeaktionen<\/div><div class=\"_villas-365-property-discount-icon\"><i class=\"fa fa-fw fa-info-circle\"><\/i><\/div><div class=\"_villas-365-property-discount-text\">Last minute discount<\/div>\n\t\t\t\t\t\t<\/a>\n\t\t\t\t\t\t\t\t\t\t\t\t\n\t\t\t\t\t\t\t\t\t\t\t\t<div class=\"_villas-365-property-price\" title=\"\u20ac176.00 per night, \u20ac1,232.00 per week\">\n\t\t\t\t\t\t\t<span class=\"_villas-365-property-price-from-text\">Von<\/span>\n\t\t\t\t\t\t\t<br><span class=\"_villas-365-property-price-value\">\u20ac176.00<\/span>\/nacht\t\t\t\t\t\t<\/div>\n\t\t\t\t\t\t\n\t\t\t\t\t\t\t\t\t\t\t\t\t<div class=\"_villas-365-property-save-button loading\" data-property-id=\"33\">\n\t<i class=\"fas fa-spinner fa-spin fa-fw _villas-365-property-save-button-icon _villas-365-property-save-spinner\"><\/i>\n\t<i class=\"far fa-heart fa-fw _villas-365-property-save-button-icon _villas-365-property-save-inactive\"><\/i>\n\t<i class=\"fas fa-heart fa-fw _villas-365-property-save-button-icon _villas-365-property-save-active\"><\/i>\n\t<\/div>\n\t\t\t\t\t\t\t\t\t\t\t<\/div>\n\t\t\t\t<\/div>\n\t\t\t\t<div class=\"col-12\">\n\t\t\t\t\t<div class=\"_villas-365-property-inner-text\">\n\t\t\t\t\t\t<div class=\"row h-100\">\n\t\t\t\t\t\t\t<div class=\"col-12\">\n\t\t\t\t\t\t\t\t<div class=\"row\">\n\t\t\t\t\t\t\t\t\t\t\t\t\t\t\t\t\t\t<div class=\"col-12\">\n\t\t\t\t\t\t\t\t\t\t<h5 class=\"_villas-365-property-name\">\n\t\t\t\t\t\t\t\t\t\t\t<a href=\"https:\/\/almarinavillas.com\/de\/eigentum\/33-casa-peponi-by-almarina-villas\/\" target=\"_blank\">Casa Peponi - By Almarina Villas<\/a>\n\t\t\t\t\t\t\t\t\t\t<\/h5>\n\t\t\t\t\t\t\t\t\t<\/div>\n\t\t\t\t\t\t\t\t\t\n\t\t\t\t\t\t\t\t\t\t\t\t\t\t\t\t\t\t<div class=\"col-12\">\n\t\t\t\t\t\t\t\t\t\t<div class=\"_villas-365-property-summary\">\n\t\t\t\t\t\t\t\t\t\t\tVilla Casa Peponi (J\u00e1vea) ist eine Villa mit einem wundersch\u00f6nen Pool und einer gro\u00dfen Terrasse mit Blick auf das Meer, die Sie mit ihrer wundervollen Einrichtung bezaubern wird. Die gro\u00dfe Terrasse verf\u00fcgt \u00fcber einen fantastischen Grillbereich und ei...\t\t\t\t\t\t\t\t\t\t<\/div>\n\t\t\t\t\t\t\t\t\t<\/div>\n\t\t\t\t\t\t\t\t\t\n\t\t\t\t\t\t\t\t\t\t\t\t\t\t\t\t\t\t<div class=\"col-6\">\n\t\t\t\t\t\t\t\t\t\t<div class=\"_villas-365-property-rooms\">\n\t\t<span class=\"_villas-365-property-room\"><i class=\"_villas-365-property-room-icon fas fa-user\"><\/i> 6<\/span>\n\t\t<span class=\"_villas-365-property-room\"><i class=\"_villas-365-property-room-icon fas fa-bed\"><\/i> 3<\/span>\n\t\t<span class=\"_villas-365-property-room\"><i class=\"_villas-365-property-room-icon fas fa-bath\"><\/i> 2<\/span>\n\t\t<\/div>\n\t\t\t\t\t\t\t\t\t<\/div>\n\t\t\t\t\t\t\t\t\t\n\t\t\t\t\t\t\t\t\t<div class=\"col-6 text-right\">\n\t\t\t\t\t\t\t\t\t\t<a href=\"https:\/\/almarinavillas.com\/de\/eigentum\/33-casa-peponi-by-almarina-villas\/\" target=\"_blank\"\" class=\"_villas-365-property-button _villas-365-property-outline-button btn btn-outline-primary\">Reservieren<\/a>\n\t\t\t\t\t\t\t\t\t<\/div>\n\t\t\t\t\t\t\t\t<\/div>\n\t\t\t\t\t\t\t<\/div>\n\t\t\t\t\t\t<\/div>\n\t\t\t\t\t<\/div>\n\t\t\t\t<\/div>\n\t\t\t<\/div>\n\t\t<\/div>\n\t<\/div>\n<\/div>\t\t\t\t\t\t\t\t\t<\/div>\n\t\t\t\t\t\t\t<\/div>\n\t\t\t\t\t\t<div class=\"row\">\n\t\t\t\t\t\t\t\t\t\t\t\t<div class=\"_villas-365-property col-md mb-3\">\n\t\t\t\t\t\t\t\t\t\t\t<div class=\"_villas-365-property-inner\">\n\t<div class=\"row h-100\">\n\t\t<div class=\"col-12\">\n\t\t\t<div class=\"row\">\n\t\t\t\t<div class=\"col-12 mb-2\">\n\t\t\t\t\t<div class=\"_villas-365-property-image\">\n\t\t\t\t\t\t\t\t\t\t\t\t<div class=\"_villas-365-property-image-overlay\"><\/div>\n\t\t\t\t\t\t<a href=\"https:\/\/almarinavillas.com\/de\/eigentum\/42-el-faro-by-almarina-villas\/\" class=\"unstyled-link _villas-365-property-image-link\" style=\"background-image:url('https:\/\/secure.365villas.com\/getimage\/uploads\/config\/alvaroaznar\/property\/gallery\/42\/20250217_080615_9035jpg.jpg');\" target=\"_blank\">\n\t\t\t\t\t\t\t<img decoding=\"async\" src=\"https:\/\/secure.365villas.com\/getimage\/uploads\/config\/alvaroaznar\/property\/gallery\/42\/20250217_080615_9035jpg.jpg\" alt=\"\" class=\"img-fluid d-block d-lg-none\">\n\t\t\t\t\t\t<\/a>\n\t\t\t\t\t\t\t\t\t\t\t\t\t\t\t\t\t\t<a href=\"https:\/\/almarinavillas.com\/de\/unterkunft\/\" class=\"_villas-365-property-info-label _villas-365-property-discount\" target=\"_blank\">\n\t\t\t\t\t\t\t<div class=\"_villas-365-property-discount-label\">Werbeaktionen<\/div><div class=\"_villas-365-property-discount-icon\"><i class=\"fa fa-fw fa-info-circle\"><\/i><\/div><div class=\"_villas-365-property-discount-text\">Last minute discount<\/div>\n\t\t\t\t\t\t<\/a>\n\t\t\t\t\t\t\t\t\t\t\t\t\n\t\t\t\t\t\t\t\t\t\t\t\t<div class=\"_villas-365-property-price\" title=\"\u20ac291.00 per night, \u20ac2,037.00 per week\">\n\t\t\t\t\t\t\t<span class=\"_villas-365-property-price-from-text\">Von<\/span>\n\t\t\t\t\t\t\t<br><span class=\"_villas-365-property-price-value\">\u20ac291.00<\/span>\/nacht\t\t\t\t\t\t<\/div>\n\t\t\t\t\t\t\n\t\t\t\t\t\t\t\t\t\t\t\t\t<div class=\"_villas-365-property-save-button loading\" data-property-id=\"42\">\n\t<i class=\"fas fa-spinner fa-spin fa-fw _villas-365-property-save-button-icon _villas-365-property-save-spinner\"><\/i>\n\t<i class=\"far fa-heart fa-fw _villas-365-property-save-button-icon _villas-365-property-save-inactive\"><\/i>\n\t<i class=\"fas fa-heart fa-fw _villas-365-property-save-button-icon _villas-365-property-save-active\"><\/i>\n\t<\/div>\n\t\t\t\t\t\t\t\t\t\t\t<\/div>\n\t\t\t\t<\/div>\n\t\t\t\t<div class=\"col-12\">\n\t\t\t\t\t<div class=\"_villas-365-property-inner-text\">\n\t\t\t\t\t\t<div class=\"row h-100\">\n\t\t\t\t\t\t\t<div class=\"col-12\">\n\t\t\t\t\t\t\t\t<div class=\"row\">\n\t\t\t\t\t\t\t\t\t\t\t\t\t\t\t\t\t\t<div class=\"col-12\">\n\t\t\t\t\t\t\t\t\t\t<h5 class=\"_villas-365-property-name\">\n\t\t\t\t\t\t\t\t\t\t\t<a href=\"https:\/\/almarinavillas.com\/de\/eigentum\/42-el-faro-by-almarina-villas\/\" target=\"_blank\">El Faro - By Almarina Villas<\/a>\n\t\t\t\t\t\t\t\t\t\t<\/h5>\n\t\t\t\t\t\t\t\t\t<\/div>\n\t\t\t\t\t\t\t\t\t\n\t\t\t\t\t\t\t\t\t\t\t\t\t\t\t\t\t\t<div class=\"col-12\">\n\t\t\t\t\t\t\t\t\t\t<div class=\"_villas-365-property-summary\">\n\t\t\t\t\t\t\t\t\t\t\tEl Faro (J\u00e1vea) ist eine der Villen mit dem besten und unglaublichsten Meerblick, den Sie sowohl von der Terrasse als auch von allen Zimmern der Villa aus genie\u00dfen k\u00f6nnen. Ein einmaliges Erlebnis, das Sie ein Leben lang in Erinnerung behalten werden....\t\t\t\t\t\t\t\t\t\t<\/div>\n\t\t\t\t\t\t\t\t\t<\/div>\n\t\t\t\t\t\t\t\t\t\n\t\t\t\t\t\t\t\t\t\t\t\t\t\t\t\t\t\t<div class=\"col-6\">\n\t\t\t\t\t\t\t\t\t\t<div class=\"_villas-365-property-rooms\">\n\t\t<span class=\"_villas-365-property-room\"><i class=\"_villas-365-property-room-icon fas fa-user\"><\/i> 10<\/span>\n\t\t<span class=\"_villas-365-property-room\"><i class=\"_villas-365-property-room-icon fas fa-bed\"><\/i> 5<\/span>\n\t\t<span class=\"_villas-365-property-room\"><i class=\"_villas-365-property-room-icon fas fa-bath\"><\/i> 5<\/span>\n\t\t<\/div>\n\t\t\t\t\t\t\t\t\t<\/div>\n\t\t\t\t\t\t\t\t\t\n\t\t\t\t\t\t\t\t\t<div class=\"col-6 text-right\">\n\t\t\t\t\t\t\t\t\t\t<a href=\"https:\/\/almarinavillas.com\/de\/eigentum\/42-el-faro-by-almarina-villas\/\" target=\"_blank\"\" class=\"_villas-365-property-button _villas-365-property-outline-button btn btn-outline-primary\">Reservieren<\/a>\n\t\t\t\t\t\t\t\t\t<\/div>\n\t\t\t\t\t\t\t\t<\/div>\n\t\t\t\t\t\t\t<\/div>\n\t\t\t\t\t\t<\/div>\n\t\t\t\t\t<\/div>\n\t\t\t\t<\/div>\n\t\t\t<\/div>\n\t\t<\/div>\n\t<\/div>\n<\/div>\t\t\t\t\t\t\t\t\t<\/div>\n\t\t\t\t\t\t\t\t<div class=\"_villas-365-property col-md mb-3\">\n\t\t\t\t\t\t\t\t\t\t\t<div class=\"_villas-365-property-inner\">\n\t<div class=\"row h-100\">\n\t\t<div class=\"col-12\">\n\t\t\t<div class=\"row\">\n\t\t\t\t<div class=\"col-12 mb-2\">\n\t\t\t\t\t<div class=\"_villas-365-property-image\">\n\t\t\t\t\t\t\t\t\t\t\t\t<div class=\"_villas-365-property-image-overlay\"><\/div>\n\t\t\t\t\t\t<a href=\"https:\/\/almarinavillas.com\/de\/eigentum\/30-el-olivo-by-almarina-villas\/\" class=\"unstyled-link _villas-365-property-image-link\" style=\"background-image:url('https:\/\/secure.365villas.com\/getimage\/uploads\/config\/alvaroaznar\/property\/gallery\/30\/20250205_075656_7560jpg.jpg');\" target=\"_blank\">\n\t\t\t\t\t\t\t<img decoding=\"async\" src=\"https:\/\/secure.365villas.com\/getimage\/uploads\/config\/alvaroaznar\/property\/gallery\/30\/20250205_075656_7560jpg.jpg\" alt=\"\" class=\"img-fluid d-block d-lg-none\">\n\t\t\t\t\t\t<\/a>\n\t\t\t\t\t\t\t\t\t\t\t\t\t\t\t\t\t\t<a href=\"https:\/\/almarinavillas.com\/de\/unterkunft\/\" class=\"_villas-365-property-info-label _villas-365-property-discount\" target=\"_blank\">\n\t\t\t\t\t\t\t<div class=\"_villas-365-property-discount-label\">Werbeaktionen<\/div><div class=\"_villas-365-property-discount-icon\"><i class=\"fa fa-fw fa-info-circle\"><\/i><\/div><div class=\"_villas-365-property-discount-text\">2 discounts available<\/div>\n\t\t\t\t\t\t<\/a>\n\t\t\t\t\t\t\t\t\t\t\t\t\n\t\t\t\t\t\t\t\t\t\t\t\t<div class=\"_villas-365-property-price\" title=\"\u20ac200.00 per night, \u20ac1,400.00 per week\">\n\t\t\t\t\t\t\t<span class=\"_villas-365-property-price-from-text\">Von<\/span>\n\t\t\t\t\t\t\t<br><span class=\"_villas-365-property-price-value\">\u20ac200.00<\/span>\/nacht\t\t\t\t\t\t<\/div>\n\t\t\t\t\t\t\n\t\t\t\t\t\t\t\t\t\t\t\t\t<div class=\"_villas-365-property-save-button loading\" data-property-id=\"30\">\n\t<i class=\"fas fa-spinner fa-spin fa-fw _villas-365-property-save-button-icon _villas-365-property-save-spinner\"><\/i>\n\t<i class=\"far fa-heart fa-fw _villas-365-property-save-button-icon _villas-365-property-save-inactive\"><\/i>\n\t<i class=\"fas fa-heart fa-fw _villas-365-property-save-button-icon _villas-365-property-save-active\"><\/i>\n\t<\/div>\n\t\t\t\t\t\t\t\t\t\t\t<\/div>\n\t\t\t\t<\/div>\n\t\t\t\t<div class=\"col-12\">\n\t\t\t\t\t<div class=\"_villas-365-property-inner-text\">\n\t\t\t\t\t\t<div class=\"row h-100\">\n\t\t\t\t\t\t\t<div class=\"col-12\">\n\t\t\t\t\t\t\t\t<div class=\"row\">\n\t\t\t\t\t\t\t\t\t\t\t\t\t\t\t\t\t\t<div class=\"col-12\">\n\t\t\t\t\t\t\t\t\t\t<h5 class=\"_villas-365-property-name\">\n\t\t\t\t\t\t\t\t\t\t\t<a href=\"https:\/\/almarinavillas.com\/de\/eigentum\/30-el-olivo-by-almarina-villas\/\" target=\"_blank\">El Olivo - By Almarina Villas<\/a>\n\t\t\t\t\t\t\t\t\t\t<\/h5>\n\t\t\t\t\t\t\t\t\t<\/div>\n\t\t\t\t\t\t\t\t\t\n\t\t\t\t\t\t\t\t\t\t\t\t\t\t\t\t\t\t<div class=\"col-12\">\n\t\t\t\t\t\t\t\t\t\t<div class=\"_villas-365-property-summary\">\n\t\t\t\t\t\t\t\t\t\t\tVilla el Olivo (Moraira) ist eine moderne und komfortable Villa mit wundersch\u00f6ner Einrichtung im mediterranen Stil, einer gro\u00dfen Sonnenterrasse mit H\u00e4ngematten, einem wundersch\u00f6nen Pool und einem Grillbereich. Die Lage ist unglaublich, weniger als 30...\t\t\t\t\t\t\t\t\t\t<\/div>\n\t\t\t\t\t\t\t\t\t<\/div>\n\t\t\t\t\t\t\t\t\t\n\t\t\t\t\t\t\t\t\t\t\t\t\t\t\t\t\t\t<div class=\"col-6\">\n\t\t\t\t\t\t\t\t\t\t<div class=\"_villas-365-property-rooms\">\n\t\t<span class=\"_villas-365-property-room\"><i class=\"_villas-365-property-room-icon fas fa-user\"><\/i> 6<\/span>\n\t\t<span class=\"_villas-365-property-room\"><i class=\"_villas-365-property-room-icon fas fa-bed\"><\/i> 3<\/span>\n\t\t<span class=\"_villas-365-property-room\"><i class=\"_villas-365-property-room-icon fas fa-bath\"><\/i> 2<\/span>\n\t\t<\/div>\n\t\t\t\t\t\t\t\t\t<\/div>\n\t\t\t\t\t\t\t\t\t\n\t\t\t\t\t\t\t\t\t<div class=\"col-6 text-right\">\n\t\t\t\t\t\t\t\t\t\t<a href=\"https:\/\/almarinavillas.com\/de\/eigentum\/30-el-olivo-by-almarina-villas\/\" target=\"_blank\"\" class=\"_villas-365-property-button _villas-365-property-outline-button btn btn-outline-primary\">Reservieren<\/a>\n\t\t\t\t\t\t\t\t\t<\/div>\n\t\t\t\t\t\t\t\t<\/div>\n\t\t\t\t\t\t\t<\/div>\n\t\t\t\t\t\t<\/div>\n\t\t\t\t\t<\/div>\n\t\t\t\t<\/div>\n\t\t\t<\/div>\n\t\t<\/div>\n\t<\/div>\n<\/div>\t\t\t\t\t\t\t\t\t<\/div>\n\t\t\t\t\t\t\t\t<div class=\"_villas-365-property col-md mb-3\">\n\t\t\t\t\t\t\t\t\t\t\t<div class=\"_villas-365-property-inner\">\n\t<div class=\"row h-100\">\n\t\t<div class=\"col-12\">\n\t\t\t<div class=\"row\">\n\t\t\t\t<div class=\"col-12 mb-2\">\n\t\t\t\t\t<div class=\"_villas-365-property-image\">\n\t\t\t\t\t\t\t\t\t\t\t\t<div class=\"_villas-365-property-image-overlay\"><\/div>\n\t\t\t\t\t\t<a href=\"https:\/\/almarinavillas.com\/de\/eigentum\/35-el-paseo-by-almarina-villas\/\" class=\"unstyled-link _villas-365-property-image-link\" style=\"background-image:url('https:\/\/secure.365villas.com\/getimage\/uploads\/config\/alvaroaznar\/property\/gallery\/35\/20250218_073300_9195jpg.jpg');\" target=\"_blank\">\n\t\t\t\t\t\t\t<img decoding=\"async\" src=\"https:\/\/secure.365villas.com\/getimage\/uploads\/config\/alvaroaznar\/property\/gallery\/35\/20250218_073300_9195jpg.jpg\" alt=\"\" class=\"img-fluid d-block d-lg-none\">\n\t\t\t\t\t\t<\/a>\n\t\t\t\t\t\t\t\t\t\t\t\t\t\t\t\t\t\t<a href=\"https:\/\/almarinavillas.com\/de\/unterkunft\/\" class=\"_villas-365-property-info-label _villas-365-property-discount\" target=\"_blank\">\n\t\t\t\t\t\t\t<div class=\"_villas-365-property-discount-label\">Werbeaktionen<\/div><div class=\"_villas-365-property-discount-icon\"><i class=\"fa fa-fw fa-info-circle\"><\/i><\/div><div class=\"_villas-365-property-discount-text\">Last minute discount<\/div>\n\t\t\t\t\t\t<\/a>\n\t\t\t\t\t\t\t\t\t\t\t\t\n\t\t\t\t\t\t\t\t\t\t\t\t<div class=\"_villas-365-property-price\" title=\"\u20ac177.00 per night, \u20ac1,239.00 per week\">\n\t\t\t\t\t\t\t<span class=\"_villas-365-property-price-from-text\">Von<\/span>\n\t\t\t\t\t\t\t<br><span class=\"_villas-365-property-price-value\">\u20ac177.00<\/span>\/nacht\t\t\t\t\t\t<\/div>\n\t\t\t\t\t\t\n\t\t\t\t\t\t\t\t\t\t\t\t\t<div class=\"_villas-365-property-save-button loading\" data-property-id=\"35\">\n\t<i class=\"fas fa-spinner fa-spin fa-fw _villas-365-property-save-button-icon _villas-365-property-save-spinner\"><\/i>\n\t<i class=\"far fa-heart fa-fw _villas-365-property-save-button-icon _villas-365-property-save-inactive\"><\/i>\n\t<i class=\"fas fa-heart fa-fw _villas-365-property-save-button-icon _villas-365-property-save-active\"><\/i>\n\t<\/div>\n\t\t\t\t\t\t\t\t\t\t\t<\/div>\n\t\t\t\t<\/div>\n\t\t\t\t<div class=\"col-12\">\n\t\t\t\t\t<div class=\"_villas-365-property-inner-text\">\n\t\t\t\t\t\t<div class=\"row h-100\">\n\t\t\t\t\t\t\t<div class=\"col-12\">\n\t\t\t\t\t\t\t\t<div class=\"row\">\n\t\t\t\t\t\t\t\t\t\t\t\t\t\t\t\t\t\t<div class=\"col-12\">\n\t\t\t\t\t\t\t\t\t\t<h5 class=\"_villas-365-property-name\">\n\t\t\t\t\t\t\t\t\t\t\t<a href=\"https:\/\/almarinavillas.com\/de\/eigentum\/35-el-paseo-by-almarina-villas\/\" target=\"_blank\">El Paseo - By Almarina Villas<\/a>\n\t\t\t\t\t\t\t\t\t\t<\/h5>\n\t\t\t\t\t\t\t\t\t<\/div>\n\t\t\t\t\t\t\t\t\t\n\t\t\t\t\t\t\t\t\t\t\t\t\t\t\t\t\t\t<div class=\"col-12\">\n\t\t\t\t\t\t\t\t\t\t<div class=\"_villas-365-property-summary\">\n\t\t\t\t\t\t\t\t\t\t\tVilla el Paseo (Moraira) ist eine moderne Doppelhaush\u00e4lfte im wundersch\u00f6nen mediterranen Stil mit gro\u00dfer Sonnenterrasse, Grill und sch\u00f6nem privaten Pool mit Meerblick. Es hat eine unglaubliche Lage, weniger als 300 Meter vom Meer, Restaurants und Ges...\t\t\t\t\t\t\t\t\t\t<\/div>\n\t\t\t\t\t\t\t\t\t<\/div>\n\t\t\t\t\t\t\t\t\t\n\t\t\t\t\t\t\t\t\t\t\t\t\t\t\t\t\t\t<div class=\"col-6\">\n\t\t\t\t\t\t\t\t\t\t<div class=\"_villas-365-property-rooms\">\n\t\t<span class=\"_villas-365-property-room\"><i class=\"_villas-365-property-room-icon fas fa-user\"><\/i> 8<\/span>\n\t\t<span class=\"_villas-365-property-room\"><i class=\"_villas-365-property-room-icon fas fa-bed\"><\/i> 4<\/span>\n\t\t<span class=\"_villas-365-property-room\"><i class=\"_villas-365-property-room-icon fas fa-bath\"><\/i> 3<\/span>\n\t\t<\/div>\n\t\t\t\t\t\t\t\t\t<\/div>\n\t\t\t\t\t\t\t\t\t\n\t\t\t\t\t\t\t\t\t<div class=\"col-6 text-right\">\n\t\t\t\t\t\t\t\t\t\t<a href=\"https:\/\/almarinavillas.com\/de\/eigentum\/35-el-paseo-by-almarina-villas\/\" target=\"_blank\"\" class=\"_villas-365-property-button _villas-365-property-outline-button btn btn-outline-primary\">Reservieren<\/a>\n\t\t\t\t\t\t\t\t\t<\/div>\n\t\t\t\t\t\t\t\t<\/div>\n\t\t\t\t\t\t\t<\/div>\n\t\t\t\t\t\t<\/div>\n\t\t\t\t\t<\/div>\n\t\t\t\t<\/div>\n\t\t\t<\/div>\n\t\t<\/div>\n\t<\/div>\n<\/div>\t\t\t\t\t\t\t\t\t<\/div>\n\t\t\t\t\t\t\t<\/div>\n\t\t\t\t\t\t<div class=\"row\">\n\t\t\t\t\t\t\t\t\t\t\t\t<div class=\"_villas-365-property col-md mb-3\">\n\t\t\t\t\t\t\t\t\t\t\t<div class=\"_villas-365-property-inner\">\n\t<div class=\"row h-100\">\n\t\t<div class=\"col-12\">\n\t\t\t<div class=\"row\">\n\t\t\t\t<div class=\"col-12 mb-2\">\n\t\t\t\t\t<div class=\"_villas-365-property-image\">\n\t\t\t\t\t\t\t\t\t\t\t\t<div class=\"_villas-365-property-image-overlay\"><\/div>\n\t\t\t\t\t\t<a href=\"https:\/\/almarinavillas.com\/de\/eigentum\/19-el-portet-by-almarina-villas\/\" class=\"unstyled-link _villas-365-property-image-link\" style=\"background-image:url('https:\/\/secure.365villas.com\/getimage\/uploads\/config\/alvaroaznar\/property\/gallery\/19\/20250211_065907_6487jpg.jpg');\" target=\"_blank\">\n\t\t\t\t\t\t\t<img decoding=\"async\" src=\"https:\/\/secure.365villas.com\/getimage\/uploads\/config\/alvaroaznar\/property\/gallery\/19\/20250211_065907_6487jpg.jpg\" alt=\"\" class=\"img-fluid d-block d-lg-none\">\n\t\t\t\t\t\t<\/a>\n\t\t\t\t\t\t\t\t\t\t\t\t\t\t\t\t\t\t\n\t\t\t\t\t\t\t\t\t\t\t\t<div class=\"_villas-365-property-price\" title=\"\u20ac233.00 per night, \u20ac1,631.00 per week\">\n\t\t\t\t\t\t\t<span class=\"_villas-365-property-price-from-text\">Von<\/span>\n\t\t\t\t\t\t\t<br><span class=\"_villas-365-property-price-value\">\u20ac233.00<\/span>\/nacht\t\t\t\t\t\t<\/div>\n\t\t\t\t\t\t\n\t\t\t\t\t\t\t\t\t\t\t\t\t<div class=\"_villas-365-property-save-button loading\" data-property-id=\"19\">\n\t<i class=\"fas fa-spinner fa-spin fa-fw _villas-365-property-save-button-icon _villas-365-property-save-spinner\"><\/i>\n\t<i class=\"far fa-heart fa-fw _villas-365-property-save-button-icon _villas-365-property-save-inactive\"><\/i>\n\t<i class=\"fas fa-heart fa-fw _villas-365-property-save-button-icon _villas-365-property-save-active\"><\/i>\n\t<\/div>\n\t\t\t\t\t\t\t\t\t\t\t<\/div>\n\t\t\t\t<\/div>\n\t\t\t\t<div class=\"col-12\">\n\t\t\t\t\t<div class=\"_villas-365-property-inner-text\">\n\t\t\t\t\t\t<div class=\"row h-100\">\n\t\t\t\t\t\t\t<div class=\"col-12\">\n\t\t\t\t\t\t\t\t<div class=\"row\">\n\t\t\t\t\t\t\t\t\t\t\t\t\t\t\t\t\t\t<div class=\"col-12\">\n\t\t\t\t\t\t\t\t\t\t<h5 class=\"_villas-365-property-name\">\n\t\t\t\t\t\t\t\t\t\t\t<a href=\"https:\/\/almarinavillas.com\/de\/eigentum\/19-el-portet-by-almarina-villas\/\" target=\"_blank\">El Portet - By Almarina Villas<\/a>\n\t\t\t\t\t\t\t\t\t\t<\/h5>\n\t\t\t\t\t\t\t\t\t<\/div>\n\t\t\t\t\t\t\t\t\t\n\t\t\t\t\t\t\t\t\t\t\t\t\t\t\t\t\t\t<div class=\"col-12\">\n\t\t\t\t\t\t\t\t\t\t<div class=\"_villas-365-property-summary\">\n\t\t\t\t\t\t\t\t\t\t\tVilla el Portet (Moraira) ist eine wundersch\u00f6ne Villa mit authentischem mediterranem Lebensstil, einem Poolbereich, einem Grill und einer Chill-out-Zone auf dem Dach. Es besticht au\u00dferdem durch seine unglaubliche Lage, nur wenige Gehminuten vom Stran...\t\t\t\t\t\t\t\t\t\t<\/div>\n\t\t\t\t\t\t\t\t\t<\/div>\n\t\t\t\t\t\t\t\t\t\n\t\t\t\t\t\t\t\t\t\t\t\t\t\t\t\t\t\t<div class=\"col-6\">\n\t\t\t\t\t\t\t\t\t\t<div class=\"_villas-365-property-rooms\">\n\t\t<span class=\"_villas-365-property-room\"><i class=\"_villas-365-property-room-icon fas fa-user\"><\/i> 9<\/span>\n\t\t<span class=\"_villas-365-property-room\"><i class=\"_villas-365-property-room-icon fas fa-bed\"><\/i> 4<\/span>\n\t\t<span class=\"_villas-365-property-room\"><i class=\"_villas-365-property-room-icon fas fa-bath\"><\/i> 3<\/span>\n\t\t<\/div>\n\t\t\t\t\t\t\t\t\t<\/div>\n\t\t\t\t\t\t\t\t\t\n\t\t\t\t\t\t\t\t\t<div class=\"col-6 text-right\">\n\t\t\t\t\t\t\t\t\t\t<a href=\"https:\/\/almarinavillas.com\/de\/eigentum\/19-el-portet-by-almarina-villas\/\" target=\"_blank\"\" class=\"_villas-365-property-button _villas-365-property-outline-button btn btn-outline-primary\">Reservieren<\/a>\n\t\t\t\t\t\t\t\t\t<\/div>\n\t\t\t\t\t\t\t\t<\/div>\n\t\t\t\t\t\t\t<\/div>\n\t\t\t\t\t\t<\/div>\n\t\t\t\t\t<\/div>\n\t\t\t\t<\/div>\n\t\t\t<\/div>\n\t\t<\/div>\n\t<\/div>\n<\/div>\t\t\t\t\t\t\t\t\t<\/div>\n\t\t\t\t\t\t\t\t<div class=\"_villas-365-property col-md mb-3\">\n\t\t\t\t\t\t\t\t\t\t\t<div class=\"_villas-365-property-inner\">\n\t<div class=\"row h-100\">\n\t\t<div class=\"col-12\">\n\t\t\t<div class=\"row\">\n\t\t\t\t<div class=\"col-12 mb-2\">\n\t\t\t\t\t<div class=\"_villas-365-property-image\">\n\t\t\t\t\t\t\t\t\t\t\t\t<div class=\"_villas-365-property-image-overlay\"><\/div>\n\t\t\t\t\t\t<a href=\"https:\/\/almarinavillas.com\/de\/eigentum\/29-la-calita-by-almarina-villas\/\" class=\"unstyled-link _villas-365-property-image-link\" style=\"background-image:url('https:\/\/secure.365villas.com\/getimage\/uploads\/config\/alvaroaznar\/property\/gallery\/29\/20230708_012459_2563jpg.jpg');\" target=\"_blank\">\n\t\t\t\t\t\t\t<img decoding=\"async\" src=\"https:\/\/secure.365villas.com\/getimage\/uploads\/config\/alvaroaznar\/property\/gallery\/29\/20230708_012459_2563jpg.jpg\" alt=\"\" class=\"img-fluid d-block d-lg-none\">\n\t\t\t\t\t\t<\/a>\n\t\t\t\t\t\t\t\t\t\t\t\t\t\t\t\t\t\t<a href=\"https:\/\/almarinavillas.com\/de\/unterkunft\/\" class=\"_villas-365-property-info-label _villas-365-property-discount\" target=\"_blank\">\n\t\t\t\t\t\t\t<div class=\"_villas-365-property-discount-label\">Werbeaktionen<\/div><div class=\"_villas-365-property-discount-icon\"><i class=\"fa fa-fw fa-info-circle\"><\/i><\/div><div class=\"_villas-365-property-discount-text\">ESPECIAL ABRIL Y MAYO 20% DTO \/ APRIL &amp; MARCH SPECIAL 20%<\/div>\n\t\t\t\t\t\t<\/a>\n\t\t\t\t\t\t\t\t\t\t\t\t\n\t\t\t\t\t\t\t\t\t\t\t\t<div class=\"_villas-365-property-price\" title=\"\u20ac193.00 per night, \u20ac1,351.00 per week\">\n\t\t\t\t\t\t\t<span class=\"_villas-365-property-price-from-text\">Von<\/span>\n\t\t\t\t\t\t\t<br><span class=\"_villas-365-property-price-value\">\u20ac193.00<\/span>\/nacht\t\t\t\t\t\t<\/div>\n\t\t\t\t\t\t\n\t\t\t\t\t\t\t\t\t\t\t\t\t<div class=\"_villas-365-property-save-button loading\" data-property-id=\"29\">\n\t<i class=\"fas fa-spinner fa-spin fa-fw _villas-365-property-save-button-icon _villas-365-property-save-spinner\"><\/i>\n\t<i class=\"far fa-heart fa-fw _villas-365-property-save-button-icon _villas-365-property-save-inactive\"><\/i>\n\t<i class=\"fas fa-heart fa-fw _villas-365-property-save-button-icon _villas-365-property-save-active\"><\/i>\n\t<\/div>\n\t\t\t\t\t\t\t\t\t\t\t<\/div>\n\t\t\t\t<\/div>\n\t\t\t\t<div class=\"col-12\">\n\t\t\t\t\t<div class=\"_villas-365-property-inner-text\">\n\t\t\t\t\t\t<div class=\"row h-100\">\n\t\t\t\t\t\t\t<div class=\"col-12\">\n\t\t\t\t\t\t\t\t<div class=\"row\">\n\t\t\t\t\t\t\t\t\t\t\t\t\t\t\t\t\t\t<div class=\"col-12\">\n\t\t\t\t\t\t\t\t\t\t<h5 class=\"_villas-365-property-name\">\n\t\t\t\t\t\t\t\t\t\t\t<a href=\"https:\/\/almarinavillas.com\/de\/eigentum\/29-la-calita-by-almarina-villas\/\" target=\"_blank\">La Calita - By Almarina Villas<\/a>\n\t\t\t\t\t\t\t\t\t\t<\/h5>\n\t\t\t\t\t\t\t\t\t<\/div>\n\t\t\t\t\t\t\t\t\t\n\t\t\t\t\t\t\t\t\t\t\t\t\t\t\t\t\t\t<div class=\"col-12\">\n\t\t\t\t\t\t\t\t\t\t<div class=\"_villas-365-property-summary\">\n\t\t\t\t\t\t\t\t\t\t\tVilla la Calita (Moraira) ist eine moderne, komfortable und sch\u00f6ne mediterrane Villa mit einer gro\u00dfen Terrasse, einem Solarium mit H\u00e4ngematten, einem Swimmingpool und einem Grill. Der Vorteil einer unglaublichen Lage, nur 300 Meter (4 Minuten zu Fu\u00df)...\t\t\t\t\t\t\t\t\t\t<\/div>\n\t\t\t\t\t\t\t\t\t<\/div>\n\t\t\t\t\t\t\t\t\t\n\t\t\t\t\t\t\t\t\t\t\t\t\t\t\t\t\t\t<div class=\"col-6\">\n\t\t\t\t\t\t\t\t\t\t<div class=\"_villas-365-property-rooms\">\n\t\t<span class=\"_villas-365-property-room\"><i class=\"_villas-365-property-room-icon fas fa-user\"><\/i> 6<\/span>\n\t\t<span class=\"_villas-365-property-room\"><i class=\"_villas-365-property-room-icon fas fa-bed\"><\/i> 3<\/span>\n\t\t<span class=\"_villas-365-property-room\"><i class=\"_villas-365-property-room-icon fas fa-bath\"><\/i> 2<\/span>\n\t\t<\/div>\n\t\t\t\t\t\t\t\t\t<\/div>\n\t\t\t\t\t\t\t\t\t\n\t\t\t\t\t\t\t\t\t<div class=\"col-6 text-right\">\n\t\t\t\t\t\t\t\t\t\t<a href=\"https:\/\/almarinavillas.com\/de\/eigentum\/29-la-calita-by-almarina-villas\/\" target=\"_blank\"\" class=\"_villas-365-property-button _villas-365-property-outline-button btn btn-outline-primary\">Reservieren<\/a>\n\t\t\t\t\t\t\t\t\t<\/div>\n\t\t\t\t\t\t\t\t<\/div>\n\t\t\t\t\t\t\t<\/div>\n\t\t\t\t\t\t<\/div>\n\t\t\t\t\t<\/div>\n\t\t\t\t<\/div>\n\t\t\t<\/div>\n\t\t<\/div>\n\t<\/div>\n<\/div>\t\t\t\t\t\t\t\t\t<\/div>\n\t\t\t\t\t\t\t\t<div class=\"_villas-365-property col-md mb-3\">\n\t\t\t\t\t\t\t\t\t\t\t<div class=\"_villas-365-property-inner\">\n\t<div class=\"row h-100\">\n\t\t<div class=\"col-12\">\n\t\t\t<div class=\"row\">\n\t\t\t\t<div class=\"col-12 mb-2\">\n\t\t\t\t\t<div class=\"_villas-365-property-image\">\n\t\t\t\t\t\t\t\t\t\t\t\t<div class=\"_villas-365-property-image-overlay\"><\/div>\n\t\t\t\t\t\t<a href=\"https:\/\/almarinavillas.com\/de\/eigentum\/5-la-calma-by-almarina-villas\/\" class=\"unstyled-link _villas-365-property-image-link\" style=\"background-image:url('https:\/\/secure.365villas.com\/getimage\/uploads\/config\/alvaroaznar\/property\/gallery\/5\/20250218_031043_990jpg.jpg');\" target=\"_blank\">\n\t\t\t\t\t\t\t<img decoding=\"async\" src=\"https:\/\/secure.365villas.com\/getimage\/uploads\/config\/alvaroaznar\/property\/gallery\/5\/20250218_031043_990jpg.jpg\" alt=\"\" class=\"img-fluid d-block d-lg-none\">\n\t\t\t\t\t\t<\/a>\n\t\t\t\t\t\t\t\t\t\t\t\t\t\t\t\t\t\t<a href=\"https:\/\/almarinavillas.com\/de\/unterkunft\/\" class=\"_villas-365-property-info-label _villas-365-property-discount\" target=\"_blank\">\n\t\t\t\t\t\t\t<div class=\"_villas-365-property-discount-label\">Werbeaktionen<\/div><div class=\"_villas-365-property-discount-icon\"><i class=\"fa fa-fw fa-info-circle\"><\/i><\/div><div class=\"_villas-365-property-discount-text\">Last minute discount<\/div>\n\t\t\t\t\t\t<\/a>\n\t\t\t\t\t\t\t\t\t\t\t\t\n\t\t\t\t\t\t\t\t\t\t\t\t<div class=\"_villas-365-property-price\" title=\"\u20ac183.00 per night, \u20ac1,281.00 per week\">\n\t\t\t\t\t\t\t<span class=\"_villas-365-property-price-from-text\">Von<\/span>\n\t\t\t\t\t\t\t<br><span class=\"_villas-365-property-price-value\">\u20ac183.00<\/span>\/nacht\t\t\t\t\t\t<\/div>\n\t\t\t\t\t\t\n\t\t\t\t\t\t\t\t\t\t\t\t\t<div class=\"_villas-365-property-save-button loading\" data-property-id=\"5\">\n\t<i class=\"fas fa-spinner fa-spin fa-fw _villas-365-property-save-button-icon _villas-365-property-save-spinner\"><\/i>\n\t<i class=\"far fa-heart fa-fw _villas-365-property-save-button-icon _villas-365-property-save-inactive\"><\/i>\n\t<i class=\"fas fa-heart fa-fw _villas-365-property-save-button-icon _villas-365-property-save-active\"><\/i>\n\t<\/div>\n\t\t\t\t\t\t\t\t\t\t\t<\/div>\n\t\t\t\t<\/div>\n\t\t\t\t<div class=\"col-12\">\n\t\t\t\t\t<div class=\"_villas-365-property-inner-text\">\n\t\t\t\t\t\t<div class=\"row h-100\">\n\t\t\t\t\t\t\t<div class=\"col-12\">\n\t\t\t\t\t\t\t\t<div class=\"row\">\n\t\t\t\t\t\t\t\t\t\t\t\t\t\t\t\t\t\t<div class=\"col-12\">\n\t\t\t\t\t\t\t\t\t\t<h5 class=\"_villas-365-property-name\">\n\t\t\t\t\t\t\t\t\t\t\t<a href=\"https:\/\/almarinavillas.com\/de\/eigentum\/5-la-calma-by-almarina-villas\/\" target=\"_blank\">La Calma - By Almarina Villas<\/a>\n\t\t\t\t\t\t\t\t\t\t<\/h5>\n\t\t\t\t\t\t\t\t\t<\/div>\n\t\t\t\t\t\t\t\t\t\n\t\t\t\t\t\t\t\t\t\t\t\t\t\t\t\t\t\t<div class=\"col-12\">\n\t\t\t\t\t\t\t\t\t\t<div class=\"_villas-365-property-summary\">\n\t\t\t\t\t\t\t\t\t\t\tVilla La Calma (Moraira) ist eine moderne mediterrane Villa in idealer Lage, 6 Gehminuten vom Sandstrand von Les Platgetes, mehreren charmanten Restaurants und Annehmlichkeiten wie einer Apotheke, einer B\u00e4ckerei und Imbissbuden entfernt. Ihr Haustier...\t\t\t\t\t\t\t\t\t\t<\/div>\n\t\t\t\t\t\t\t\t\t<\/div>\n\t\t\t\t\t\t\t\t\t\n\t\t\t\t\t\t\t\t\t\t\t\t\t\t\t\t\t\t<div class=\"col-6\">\n\t\t\t\t\t\t\t\t\t\t<div class=\"_villas-365-property-rooms\">\n\t\t<span class=\"_villas-365-property-room\"><i class=\"_villas-365-property-room-icon fas fa-user\"><\/i> 6<\/span>\n\t\t<span class=\"_villas-365-property-room\"><i class=\"_villas-365-property-room-icon fas fa-bed\"><\/i> 3<\/span>\n\t\t<span class=\"_villas-365-property-room\"><i class=\"_villas-365-property-room-icon fas fa-bath\"><\/i> 2<\/span>\n\t\t<\/div>\n\t\t\t\t\t\t\t\t\t<\/div>\n\t\t\t\t\t\t\t\t\t\n\t\t\t\t\t\t\t\t\t<div class=\"col-6 text-right\">\n\t\t\t\t\t\t\t\t\t\t<a href=\"https:\/\/almarinavillas.com\/de\/eigentum\/5-la-calma-by-almarina-villas\/\" target=\"_blank\"\" class=\"_villas-365-property-button _villas-365-property-outline-button btn btn-outline-primary\">Reservieren<\/a>\n\t\t\t\t\t\t\t\t\t<\/div>\n\t\t\t\t\t\t\t\t<\/div>\n\t\t\t\t\t\t\t<\/div>\n\t\t\t\t\t\t<\/div>\n\t\t\t\t\t<\/div>\n\t\t\t\t<\/div>\n\t\t\t<\/div>\n\t\t<\/div>\n\t<\/div>\n<\/div>\t\t\t\t\t\t\t\t\t<\/div>\n\t\t\t\t\t\t\t<\/div>\n\t\t\t\t\t\t<div class=\"row\">\n\t\t\t\t\t\t\t\t\t\t\t\t<div class=\"_villas-365-property col-md mb-3\">\n\t\t\t\t\t\t\t\t\t\t\t<div class=\"_villas-365-property-inner\">\n\t<div class=\"row h-100\">\n\t\t<div class=\"col-12\">\n\t\t\t<div class=\"row\">\n\t\t\t\t<div class=\"col-12 mb-2\">\n\t\t\t\t\t<div class=\"_villas-365-property-image\">\n\t\t\t\t\t\t\t\t\t\t\t\t<div class=\"_villas-365-property-image-overlay\"><\/div>\n\t\t\t\t\t\t<a href=\"https:\/\/almarinavillas.com\/de\/eigentum\/1-la-mar-by-almarina-villas\/\" class=\"unstyled-link _villas-365-property-image-link\" style=\"background-image:url('https:\/\/secure.365villas.com\/getimage\/uploads\/config\/alvaroaznar\/property\/gallery\/1\/20250622_061229_4965jpg.jpg');\" target=\"_blank\">\n\t\t\t\t\t\t\t<img decoding=\"async\" src=\"https:\/\/secure.365villas.com\/getimage\/uploads\/config\/alvaroaznar\/property\/gallery\/1\/20250622_061229_4965jpg.jpg\" alt=\"\" class=\"img-fluid d-block d-lg-none\">\n\t\t\t\t\t\t<\/a>\n\t\t\t\t\t\t\t\t\t\t\t\t\t\t\t\t\t\t\n\t\t\t\t\t\t\t\t\t\t\t\t<div class=\"_villas-365-property-price\" title=\"\u20ac369.00 per night, \u20ac2,583.00 per week\">\n\t\t\t\t\t\t\t<span class=\"_villas-365-property-price-from-text\">Von<\/span>\n\t\t\t\t\t\t\t<br><span class=\"_villas-365-property-price-value\">\u20ac369.00<\/span>\/nacht\t\t\t\t\t\t<\/div>\n\t\t\t\t\t\t\n\t\t\t\t\t\t\t\t\t\t\t\t\t<div class=\"_villas-365-property-save-button loading\" data-property-id=\"1\">\n\t<i class=\"fas fa-spinner fa-spin fa-fw _villas-365-property-save-button-icon _villas-365-property-save-spinner\"><\/i>\n\t<i class=\"far fa-heart fa-fw _villas-365-property-save-button-icon _villas-365-property-save-inactive\"><\/i>\n\t<i class=\"fas fa-heart fa-fw _villas-365-property-save-button-icon _villas-365-property-save-active\"><\/i>\n\t<\/div>\n\t\t\t\t\t\t\t\t\t\t\t<\/div>\n\t\t\t\t<\/div>\n\t\t\t\t<div class=\"col-12\">\n\t\t\t\t\t<div class=\"_villas-365-property-inner-text\">\n\t\t\t\t\t\t<div class=\"row h-100\">\n\t\t\t\t\t\t\t<div class=\"col-12\">\n\t\t\t\t\t\t\t\t<div class=\"row\">\n\t\t\t\t\t\t\t\t\t\t\t\t\t\t\t\t\t\t<div class=\"col-12\">\n\t\t\t\t\t\t\t\t\t\t<h5 class=\"_villas-365-property-name\">\n\t\t\t\t\t\t\t\t\t\t\t<a href=\"https:\/\/almarinavillas.com\/de\/eigentum\/1-la-mar-by-almarina-villas\/\" target=\"_blank\">La Mar - By Almarina Villas<\/a>\n\t\t\t\t\t\t\t\t\t\t<\/h5>\n\t\t\t\t\t\t\t\t\t<\/div>\n\t\t\t\t\t\t\t\t\t\n\t\t\t\t\t\t\t\t\t\t\t\t\t\t\t\t\t\t<div class=\"col-12\">\n\t\t\t\t\t\t\t\t\t\t<div class=\"_villas-365-property-summary\">\n\t\t\t\t\t\t\t\t\t\t\tVilla La Mar (Benissa) ist eine wundersch\u00f6ne Villa mit Meerblick und einer einzigartigen Lage, nur 220 Meter (3 Gehminuten) vom Sandstrand von La Fustera, fantastischen Restaurants und mehreren Superm\u00e4rkten entfernt. Es verf\u00fcgt \u00fcber eine durchdachte...\t\t\t\t\t\t\t\t\t\t<\/div>\n\t\t\t\t\t\t\t\t\t<\/div>\n\t\t\t\t\t\t\t\t\t\n\t\t\t\t\t\t\t\t\t\t\t\t\t\t\t\t\t\t<div class=\"col-6\">\n\t\t\t\t\t\t\t\t\t\t<div class=\"_villas-365-property-rooms\">\n\t\t<span class=\"_villas-365-property-room\"><i class=\"_villas-365-property-room-icon fas fa-user\"><\/i> 14<\/span>\n\t\t<span class=\"_villas-365-property-room\"><i class=\"_villas-365-property-room-icon fas fa-bed\"><\/i> 6<\/span>\n\t\t<span class=\"_villas-365-property-room\"><i class=\"_villas-365-property-room-icon fas fa-bath\"><\/i> 6<\/span>\n\t\t<\/div>\n\t\t\t\t\t\t\t\t\t<\/div>\n\t\t\t\t\t\t\t\t\t\n\t\t\t\t\t\t\t\t\t<div class=\"col-6 text-right\">\n\t\t\t\t\t\t\t\t\t\t<a href=\"https:\/\/almarinavillas.com\/de\/eigentum\/1-la-mar-by-almarina-villas\/\" target=\"_blank\"\" class=\"_villas-365-property-button _villas-365-property-outline-button btn btn-outline-primary\">Reservieren<\/a>\n\t\t\t\t\t\t\t\t\t<\/div>\n\t\t\t\t\t\t\t\t<\/div>\n\t\t\t\t\t\t\t<\/div>\n\t\t\t\t\t\t<\/div>\n\t\t\t\t\t<\/div>\n\t\t\t\t<\/div>\n\t\t\t<\/div>\n\t\t<\/div>\n\t<\/div>\n<\/div>\t\t\t\t\t\t\t\t\t<\/div>\n\t\t\t\t\t\t\t\t<div class=\"_villas-365-property col-md mb-3\">\n\t\t\t\t\t\t\t\t\t\t\t<div class=\"_villas-365-property-inner\">\n\t<div class=\"row h-100\">\n\t\t<div class=\"col-12\">\n\t\t\t<div class=\"row\">\n\t\t\t\t<div class=\"col-12 mb-2\">\n\t\t\t\t\t<div class=\"_villas-365-property-image\">\n\t\t\t\t\t\t\t\t\t\t\t\t<div class=\"_villas-365-property-image-overlay\"><\/div>\n\t\t\t\t\t\t<a href=\"https:\/\/almarinavillas.com\/de\/eigentum\/34-mar-y-cel-by-almarina-villas\/\" class=\"unstyled-link _villas-365-property-image-link\" style=\"background-image:url('https:\/\/secure.365villas.com\/getimage\/uploads\/config\/alvaroaznar\/property\/gallery\/34\/20250221_041410_4337jpg.jpg');\" target=\"_blank\">\n\t\t\t\t\t\t\t<img decoding=\"async\" src=\"https:\/\/secure.365villas.com\/getimage\/uploads\/config\/alvaroaznar\/property\/gallery\/34\/20250221_041410_4337jpg.jpg\" alt=\"\" class=\"img-fluid d-block d-lg-none\">\n\t\t\t\t\t\t<\/a>\n\t\t\t\t\t\t\t\t\t\t\t\t\t\t\t\t\t\t<a href=\"https:\/\/almarinavillas.com\/de\/unterkunft\/\" class=\"_villas-365-property-info-label _villas-365-property-discount\" target=\"_blank\">\n\t\t\t\t\t\t\t<div class=\"_villas-365-property-discount-label\">Werbeaktionen<\/div><div class=\"_villas-365-property-discount-icon\"><i class=\"fa fa-fw fa-info-circle\"><\/i><\/div><div class=\"_villas-365-property-discount-text\">Last minute discount<\/div>\n\t\t\t\t\t\t<\/a>\n\t\t\t\t\t\t\t\t\t\t\t\t\n\t\t\t\t\t\t\t\t\t\t\t\t<div class=\"_villas-365-property-price\" title=\"\u20ac311.00 per night, \u20ac2,177.00 per week\">\n\t\t\t\t\t\t\t<span class=\"_villas-365-property-price-from-text\">Von<\/span>\n\t\t\t\t\t\t\t<br><span class=\"_villas-365-property-price-value\">\u20ac311.00<\/span>\/nacht\t\t\t\t\t\t<\/div>\n\t\t\t\t\t\t\n\t\t\t\t\t\t\t\t\t\t\t\t\t<div class=\"_villas-365-property-save-button loading\" data-property-id=\"34\">\n\t<i class=\"fas fa-spinner fa-spin fa-fw _villas-365-property-save-button-icon _villas-365-property-save-spinner\"><\/i>\n\t<i class=\"far fa-heart fa-fw _villas-365-property-save-button-icon _villas-365-property-save-inactive\"><\/i>\n\t<i class=\"fas fa-heart fa-fw _villas-365-property-save-button-icon _villas-365-property-save-active\"><\/i>\n\t<\/div>\n\t\t\t\t\t\t\t\t\t\t\t<\/div>\n\t\t\t\t<\/div>\n\t\t\t\t<div class=\"col-12\">\n\t\t\t\t\t<div class=\"_villas-365-property-inner-text\">\n\t\t\t\t\t\t<div class=\"row h-100\">\n\t\t\t\t\t\t\t<div class=\"col-12\">\n\t\t\t\t\t\t\t\t<div class=\"row\">\n\t\t\t\t\t\t\t\t\t\t\t\t\t\t\t\t\t\t<div class=\"col-12\">\n\t\t\t\t\t\t\t\t\t\t<h5 class=\"_villas-365-property-name\">\n\t\t\t\t\t\t\t\t\t\t\t<a href=\"https:\/\/almarinavillas.com\/de\/eigentum\/34-mar-y-cel-by-almarina-villas\/\" target=\"_blank\">Mar y Cel - By Almarina Villas<\/a>\n\t\t\t\t\t\t\t\t\t\t<\/h5>\n\t\t\t\t\t\t\t\t\t<\/div>\n\t\t\t\t\t\t\t\t\t\n\t\t\t\t\t\t\t\t\t\t\t\t\t\t\t\t\t\t<div class=\"col-12\">\n\t\t\t\t\t\t\t\t\t\t<div class=\"_villas-365-property-summary\">\n\t\t\t\t\t\t\t\t\t\t\tMar y Cel (Moraira) ist eine sch\u00f6ne, ger\u00e4umige Villa mit Meerblick, nur 50 Meter vom wundersch\u00f6nen Sandstrand El Portet und seinen Restaurants entfernt. Seine mediterrane Einrichtung vermittelt ein wunderbares Gef\u00fchl der Ruhe. Die Etagenbetten werden...\t\t\t\t\t\t\t\t\t\t<\/div>\n\t\t\t\t\t\t\t\t\t<\/div>\n\t\t\t\t\t\t\t\t\t\n\t\t\t\t\t\t\t\t\t\t\t\t\t\t\t\t\t\t<div class=\"col-6\">\n\t\t\t\t\t\t\t\t\t\t<div class=\"_villas-365-property-rooms\">\n\t\t<span class=\"_villas-365-property-room\"><i class=\"_villas-365-property-room-icon fas fa-user\"><\/i> 12<\/span>\n\t\t<span class=\"_villas-365-property-room\"><i class=\"_villas-365-property-room-icon fas fa-bed\"><\/i> 5<\/span>\n\t\t<span class=\"_villas-365-property-room\"><i class=\"_villas-365-property-room-icon fas fa-bath\"><\/i> 5<\/span>\n\t\t<\/div>\n\t\t\t\t\t\t\t\t\t<\/div>\n\t\t\t\t\t\t\t\t\t\n\t\t\t\t\t\t\t\t\t<div class=\"col-6 text-right\">\n\t\t\t\t\t\t\t\t\t\t<a href=\"https:\/\/almarinavillas.com\/de\/eigentum\/34-mar-y-cel-by-almarina-villas\/\" target=\"_blank\"\" class=\"_villas-365-property-button _villas-365-property-outline-button btn btn-outline-primary\">Reservieren<\/a>\n\t\t\t\t\t\t\t\t\t<\/div>\n\t\t\t\t\t\t\t\t<\/div>\n\t\t\t\t\t\t\t<\/div>\n\t\t\t\t\t\t<\/div>\n\t\t\t\t\t<\/div>\n\t\t\t\t<\/div>\n\t\t\t<\/div>\n\t\t<\/div>\n\t<\/div>\n<\/div>\t\t\t\t\t\t\t\t\t<\/div>\n\t\t\t\t\t\t\t\t<div class=\"_villas-365-property col-md mb-3\">\n\t\t\t\t\t\t\t\t\t\t\t<div class=\"_villas-365-property-inner\">\n\t<div class=\"row h-100\">\n\t\t<div class=\"col-12\">\n\t\t\t<div class=\"row\">\n\t\t\t\t<div class=\"col-12 mb-2\">\n\t\t\t\t\t<div class=\"_villas-365-property-image\">\n\t\t\t\t\t\t\t\t\t\t\t\t<div class=\"_villas-365-property-image-overlay\"><\/div>\n\t\t\t\t\t\t<a href=\"https:\/\/almarinavillas.com\/de\/eigentum\/6-mareta-by-almarina-villas\/\" class=\"unstyled-link _villas-365-property-image-link\" style=\"background-image:url('https:\/\/secure.365villas.com\/getimage\/uploads\/config\/alvaroaznar\/property\/gallery\/6\/20250218_034444_2757jpg.jpg');\" target=\"_blank\">\n\t\t\t\t\t\t\t<img decoding=\"async\" src=\"https:\/\/secure.365villas.com\/getimage\/uploads\/config\/alvaroaznar\/property\/gallery\/6\/20250218_034444_2757jpg.jpg\" alt=\"\" class=\"img-fluid d-block d-lg-none\">\n\t\t\t\t\t\t<\/a>\n\t\t\t\t\t\t\t\t\t\t\t\t\t\t\t\t\t\t<a href=\"https:\/\/almarinavillas.com\/de\/unterkunft\/\" class=\"_villas-365-property-info-label _villas-365-property-discount\" target=\"_blank\">\n\t\t\t\t\t\t\t<div class=\"_villas-365-property-discount-label\">Werbeaktionen<\/div><div class=\"_villas-365-property-discount-icon\"><i class=\"fa fa-fw fa-info-circle\"><\/i><\/div><div class=\"_villas-365-property-discount-text\">Last minute discount<\/div>\n\t\t\t\t\t\t<\/a>\n\t\t\t\t\t\t\t\t\t\t\t\t\n\t\t\t\t\t\t\t\t\t\t\t\t<div class=\"_villas-365-property-price\" title=\"\u20ac180.00 per night, \u20ac1,260.00 per week\">\n\t\t\t\t\t\t\t<span class=\"_villas-365-property-price-from-text\">Von<\/span>\n\t\t\t\t\t\t\t<br><span class=\"_villas-365-property-price-value\">\u20ac180.00<\/span>\/nacht\t\t\t\t\t\t<\/div>\n\t\t\t\t\t\t\n\t\t\t\t\t\t\t\t\t\t\t\t\t<div class=\"_villas-365-property-save-button loading\" data-property-id=\"6\">\n\t<i class=\"fas fa-spinner fa-spin fa-fw _villas-365-property-save-button-icon _villas-365-property-save-spinner\"><\/i>\n\t<i class=\"far fa-heart fa-fw _villas-365-property-save-button-icon _villas-365-property-save-inactive\"><\/i>\n\t<i class=\"fas fa-heart fa-fw _villas-365-property-save-button-icon _villas-365-property-save-active\"><\/i>\n\t<\/div>\n\t\t\t\t\t\t\t\t\t\t\t<\/div>\n\t\t\t\t<\/div>\n\t\t\t\t<div class=\"col-12\">\n\t\t\t\t\t<div class=\"_villas-365-property-inner-text\">\n\t\t\t\t\t\t<div class=\"row h-100\">\n\t\t\t\t\t\t\t<div class=\"col-12\">\n\t\t\t\t\t\t\t\t<div class=\"row\">\n\t\t\t\t\t\t\t\t\t\t\t\t\t\t\t\t\t\t<div class=\"col-12\">\n\t\t\t\t\t\t\t\t\t\t<h5 class=\"_villas-365-property-name\">\n\t\t\t\t\t\t\t\t\t\t\t<a href=\"https:\/\/almarinavillas.com\/de\/eigentum\/6-mareta-by-almarina-villas\/\" target=\"_blank\">Mareta - By Almarina Villas<\/a>\n\t\t\t\t\t\t\t\t\t\t<\/h5>\n\t\t\t\t\t\t\t\t\t<\/div>\n\t\t\t\t\t\t\t\t\t\n\t\t\t\t\t\t\t\t\t\t\t\t\t\t\t\t\t\t<div class=\"col-12\">\n\t\t\t\t\t\t\t\t\t\t<div class=\"_villas-365-property-summary\">\n\t\t\t\t\t\t\t\t\t\t\tVilla Mareta (Moraira) ist eine moderne Villa mit mediterranem Charme und perfekter Lage, 5 Gehminuten vom Strand Les Playetes und dem Restaurant- und Unterhaltungsviertel sowie 10 Minuten vom Strand L&#039;Ampolla entfernt. Es verf\u00fcgt au\u00dferdem \u00fcber zwei...\t\t\t\t\t\t\t\t\t\t<\/div>\n\t\t\t\t\t\t\t\t\t<\/div>\n\t\t\t\t\t\t\t\t\t\n\t\t\t\t\t\t\t\t\t\t\t\t\t\t\t\t\t\t<div class=\"col-6\">\n\t\t\t\t\t\t\t\t\t\t<div class=\"_villas-365-property-rooms\">\n\t\t<span class=\"_villas-365-property-room\"><i class=\"_villas-365-property-room-icon fas fa-user\"><\/i> 6<\/span>\n\t\t<span class=\"_villas-365-property-room\"><i class=\"_villas-365-property-room-icon fas fa-bed\"><\/i> 3<\/span>\n\t\t<span class=\"_villas-365-property-room\"><i class=\"_villas-365-property-room-icon fas fa-bath\"><\/i> 2<\/span>\n\t\t<\/div>\n\t\t\t\t\t\t\t\t\t<\/div>\n\t\t\t\t\t\t\t\t\t\n\t\t\t\t\t\t\t\t\t<div class=\"col-6 text-right\">\n\t\t\t\t\t\t\t\t\t\t<a href=\"https:\/\/almarinavillas.com\/de\/eigentum\/6-mareta-by-almarina-villas\/\" target=\"_blank\"\" class=\"_villas-365-property-button _villas-365-property-outline-button btn btn-outline-primary\">Reservieren<\/a>\n\t\t\t\t\t\t\t\t\t<\/div>\n\t\t\t\t\t\t\t\t<\/div>\n\t\t\t\t\t\t\t<\/div>\n\t\t\t\t\t\t<\/div>\n\t\t\t\t\t<\/div>\n\t\t\t\t<\/div>\n\t\t\t<\/div>\n\t\t<\/div>\n\t<\/div>\n<\/div>\t\t\t\t\t\t\t\t\t<\/div>\n\t\t\t\t\t\t\t<\/div>\n\t\t\t\t\t\t<div class=\"row\">\n\t\t\t\t\t\t\t\t\t\t\t\t<div class=\"_villas-365-property col-md mb-3\">\n\t\t\t\t\t\t\t\t\t\t\t<div class=\"_villas-365-property-inner\">\n\t<div class=\"row h-100\">\n\t\t<div class=\"col-12\">\n\t\t\t<div class=\"row\">\n\t\t\t\t<div class=\"col-12 mb-2\">\n\t\t\t\t\t<div class=\"_villas-365-property-image\">\n\t\t\t\t\t\t\t\t\t\t\t\t<div class=\"_villas-365-property-image-overlay\"><\/div>\n\t\t\t\t\t\t<a href=\"https:\/\/almarinavillas.com\/de\/eigentum\/32-moraira-bay-6-by-almarina-villas\/\" class=\"unstyled-link _villas-365-property-image-link\" style=\"background-image:url('https:\/\/secure.365villas.com\/getimage\/uploads\/config\/alvaroaznar\/property\/gallery\/32\/20250211_042842_2551jpg.jpg');\" target=\"_blank\">\n\t\t\t\t\t\t\t<img decoding=\"async\" src=\"https:\/\/secure.365villas.com\/getimage\/uploads\/config\/alvaroaznar\/property\/gallery\/32\/20250211_042842_2551jpg.jpg\" alt=\"\" class=\"img-fluid d-block d-lg-none\">\n\t\t\t\t\t\t<\/a>\n\t\t\t\t\t\t\t\t\t\t\t\t\t\t\t\t\t\t<a href=\"https:\/\/almarinavillas.com\/de\/unterkunft\/\" class=\"_villas-365-property-info-label _villas-365-property-discount\" target=\"_blank\">\n\t\t\t\t\t\t\t<div class=\"_villas-365-property-discount-label\">Werbeaktionen<\/div><div class=\"_villas-365-property-discount-icon\"><i class=\"fa fa-fw fa-info-circle\"><\/i><\/div><div class=\"_villas-365-property-discount-text\">Last minute discount<\/div>\n\t\t\t\t\t\t<\/a>\n\t\t\t\t\t\t\t\t\t\t\t\t\n\t\t\t\t\t\t\t\t\t\t\t\t<div class=\"_villas-365-property-price\" title=\"\u20ac174.00 per night, \u20ac1,218.00 per week\">\n\t\t\t\t\t\t\t<span class=\"_villas-365-property-price-from-text\">Von<\/span>\n\t\t\t\t\t\t\t<br><span class=\"_villas-365-property-price-value\">\u20ac174.00<\/span>\/nacht\t\t\t\t\t\t<\/div>\n\t\t\t\t\t\t\n\t\t\t\t\t\t\t\t\t\t\t\t\t<div class=\"_villas-365-property-save-button loading\" data-property-id=\"32\">\n\t<i class=\"fas fa-spinner fa-spin fa-fw _villas-365-property-save-button-icon _villas-365-property-save-spinner\"><\/i>\n\t<i class=\"far fa-heart fa-fw _villas-365-property-save-button-icon _villas-365-property-save-inactive\"><\/i>\n\t<i class=\"fas fa-heart fa-fw _villas-365-property-save-button-icon _villas-365-property-save-active\"><\/i>\n\t<\/div>\n\t\t\t\t\t\t\t\t\t\t\t<\/div>\n\t\t\t\t<\/div>\n\t\t\t\t<div class=\"col-12\">\n\t\t\t\t\t<div class=\"_villas-365-property-inner-text\">\n\t\t\t\t\t\t<div class=\"row h-100\">\n\t\t\t\t\t\t\t<div class=\"col-12\">\n\t\t\t\t\t\t\t\t<div class=\"row\">\n\t\t\t\t\t\t\t\t\t\t\t\t\t\t\t\t\t\t<div class=\"col-12\">\n\t\t\t\t\t\t\t\t\t\t<h5 class=\"_villas-365-property-name\">\n\t\t\t\t\t\t\t\t\t\t\t<a href=\"https:\/\/almarinavillas.com\/de\/eigentum\/32-moraira-bay-6-by-almarina-villas\/\" target=\"_blank\">Moraira Bay - By Almarina Villas<\/a>\n\t\t\t\t\t\t\t\t\t\t<\/h5>\n\t\t\t\t\t\t\t\t\t<\/div>\n\t\t\t\t\t\t\t\t\t\n\t\t\t\t\t\t\t\t\t\t\t\t\t\t\t\t\t\t<div class=\"col-12\">\n\t\t\t\t\t\t\t\t\t\t<div class=\"_villas-365-property-summary\">\n\t\t\t\t\t\t\t\t\t\t\tDie Bucht von Moraira (Moraira) hat einen einzigartigen Charme. Von der gro\u00dfen Terrasse aus k\u00f6nnen Sie die unglaubliche Aussicht auf das Meer genie\u00dfen, begleitet vom Rauschen des Meeres, das sanft vor Ihnen bricht. Die Lage ist unglaublich, nur 50 m...\t\t\t\t\t\t\t\t\t\t<\/div>\n\t\t\t\t\t\t\t\t\t<\/div>\n\t\t\t\t\t\t\t\t\t\n\t\t\t\t\t\t\t\t\t\t\t\t\t\t\t\t\t\t<div class=\"col-6\">\n\t\t\t\t\t\t\t\t\t\t<div class=\"_villas-365-property-rooms\">\n\t\t<span class=\"_villas-365-property-room\"><i class=\"_villas-365-property-room-icon fas fa-user\"><\/i> 6<\/span>\n\t\t<span class=\"_villas-365-property-room\"><i class=\"_villas-365-property-room-icon fas fa-bed\"><\/i> 3<\/span>\n\t\t<span class=\"_villas-365-property-room\"><i class=\"_villas-365-property-room-icon fas fa-bath\"><\/i> 2<\/span>\n\t\t<\/div>\n\t\t\t\t\t\t\t\t\t<\/div>\n\t\t\t\t\t\t\t\t\t\n\t\t\t\t\t\t\t\t\t<div class=\"col-6 text-right\">\n\t\t\t\t\t\t\t\t\t\t<a href=\"https:\/\/almarinavillas.com\/de\/eigentum\/32-moraira-bay-6-by-almarina-villas\/\" target=\"_blank\"\" class=\"_villas-365-property-button _villas-365-property-outline-button btn btn-outline-primary\">Reservieren<\/a>\n\t\t\t\t\t\t\t\t\t<\/div>\n\t\t\t\t\t\t\t\t<\/div>\n\t\t\t\t\t\t\t<\/div>\n\t\t\t\t\t\t<\/div>\n\t\t\t\t\t<\/div>\n\t\t\t\t<\/div>\n\t\t\t<\/div>\n\t\t<\/div>\n\t<\/div>\n<\/div>\t\t\t\t\t\t\t\t\t<\/div>\n\t\t\t\t\t\t\t\t<div class=\"_villas-365-property col-md mb-3\">\n\t\t\t\t\t\t\t\t\t\t\t<div class=\"_villas-365-property-inner\">\n\t<div class=\"row h-100\">\n\t\t<div class=\"col-12\">\n\t\t\t<div class=\"row\">\n\t\t\t\t<div class=\"col-12 mb-2\">\n\t\t\t\t\t<div class=\"_villas-365-property-image\">\n\t\t\t\t\t\t\t\t\t\t\t\t<div class=\"_villas-365-property-image-overlay\"><\/div>\n\t\t\t\t\t\t<a href=\"https:\/\/almarinavillas.com\/de\/eigentum\/38-puerto-del-sol-by-almarina-villas\/\" class=\"unstyled-link _villas-365-property-image-link\" style=\"background-image:url('https:\/\/secure.365villas.com\/getimage\/uploads\/config\/alvaroaznar\/property\/gallery\/38\/20250225_045126_8803jpg.jpg');\" target=\"_blank\">\n\t\t\t\t\t\t\t<img decoding=\"async\" src=\"https:\/\/secure.365villas.com\/getimage\/uploads\/config\/alvaroaznar\/property\/gallery\/38\/20250225_045126_8803jpg.jpg\" alt=\"\" class=\"img-fluid d-block d-lg-none\">\n\t\t\t\t\t\t<\/a>\n\t\t\t\t\t\t\t\t\t\t\t\t\t\t\t\t\t\t<a href=\"https:\/\/almarinavillas.com\/de\/unterkunft\/\" class=\"_villas-365-property-info-label _villas-365-property-discount\" target=\"_blank\">\n\t\t\t\t\t\t\t<div class=\"_villas-365-property-discount-label\">Werbeaktionen<\/div><div class=\"_villas-365-property-discount-icon\"><i class=\"fa fa-fw fa-info-circle\"><\/i><\/div><div class=\"_villas-365-property-discount-text\">Last minute discount<\/div>\n\t\t\t\t\t\t<\/a>\n\t\t\t\t\t\t\t\t\t\t\t\t\n\t\t\t\t\t\t\t\t\t\t\t\t<div class=\"_villas-365-property-price\" title=\"\u20ac292.00 per night, \u20ac2,044.00 per week\">\n\t\t\t\t\t\t\t<span class=\"_villas-365-property-price-from-text\">Von<\/span>\n\t\t\t\t\t\t\t<br><span class=\"_villas-365-property-price-value\">\u20ac292.00<\/span>\/nacht\t\t\t\t\t\t<\/div>\n\t\t\t\t\t\t\n\t\t\t\t\t\t\t\t\t\t\t\t\t<div class=\"_villas-365-property-save-button loading\" data-property-id=\"38\">\n\t<i class=\"fas fa-spinner fa-spin fa-fw _villas-365-property-save-button-icon _villas-365-property-save-spinner\"><\/i>\n\t<i class=\"far fa-heart fa-fw _villas-365-property-save-button-icon _villas-365-property-save-inactive\"><\/i>\n\t<i class=\"fas fa-heart fa-fw _villas-365-property-save-button-icon _villas-365-property-save-active\"><\/i>\n\t<\/div>\n\t\t\t\t\t\t\t\t\t\t\t<\/div>\n\t\t\t\t<\/div>\n\t\t\t\t<div class=\"col-12\">\n\t\t\t\t\t<div class=\"_villas-365-property-inner-text\">\n\t\t\t\t\t\t<div class=\"row h-100\">\n\t\t\t\t\t\t\t<div class=\"col-12\">\n\t\t\t\t\t\t\t\t<div class=\"row\">\n\t\t\t\t\t\t\t\t\t\t\t\t\t\t\t\t\t\t<div class=\"col-12\">\n\t\t\t\t\t\t\t\t\t\t<h5 class=\"_villas-365-property-name\">\n\t\t\t\t\t\t\t\t\t\t\t<a href=\"https:\/\/almarinavillas.com\/de\/eigentum\/38-puerto-del-sol-by-almarina-villas\/\" target=\"_blank\">Puerto del Sol - By Almarina Villas<\/a>\n\t\t\t\t\t\t\t\t\t\t<\/h5>\n\t\t\t\t\t\t\t\t\t<\/div>\n\t\t\t\t\t\t\t\t\t\n\t\t\t\t\t\t\t\t\t\t\t\t\t\t\t\t\t\t<div class=\"col-12\">\n\t\t\t\t\t\t\t\t\t\t<div class=\"_villas-365-property-summary\">\n\t\t\t\t\t\t\t\t\t\t\tPuerto del Sol (Moraira) ist eine mediterrane Villa mit einer unglaublichen Lage und Aussicht, nur 2 Gehminuten vom Strand Playa del Portet und dem Restaurantviertel entfernt. Die gro\u00dfe Terrasse bietet einen atemberaubenden Panoramablick auf das Meer...\t\t\t\t\t\t\t\t\t\t<\/div>\n\t\t\t\t\t\t\t\t\t<\/div>\n\t\t\t\t\t\t\t\t\t\n\t\t\t\t\t\t\t\t\t\t\t\t\t\t\t\t\t\t<div class=\"col-6\">\n\t\t\t\t\t\t\t\t\t\t<div class=\"_villas-365-property-rooms\">\n\t\t<span class=\"_villas-365-property-room\"><i class=\"_villas-365-property-room-icon fas fa-user\"><\/i> 8<\/span>\n\t\t<span class=\"_villas-365-property-room\"><i class=\"_villas-365-property-room-icon fas fa-bed\"><\/i> 4<\/span>\n\t\t<span class=\"_villas-365-property-room\"><i class=\"_villas-365-property-room-icon fas fa-bath\"><\/i> 3<\/span>\n\t\t<\/div>\n\t\t\t\t\t\t\t\t\t<\/div>\n\t\t\t\t\t\t\t\t\t\n\t\t\t\t\t\t\t\t\t<div class=\"col-6 text-right\">\n\t\t\t\t\t\t\t\t\t\t<a href=\"https:\/\/almarinavillas.com\/de\/eigentum\/38-puerto-del-sol-by-almarina-villas\/\" target=\"_blank\"\" class=\"_villas-365-property-button _villas-365-property-outline-button btn btn-outline-primary\">Reservieren<\/a>\n\t\t\t\t\t\t\t\t\t<\/div>\n\t\t\t\t\t\t\t\t<\/div>\n\t\t\t\t\t\t\t<\/div>\n\t\t\t\t\t\t<\/div>\n\t\t\t\t\t<\/div>\n\t\t\t\t<\/div>\n\t\t\t<\/div>\n\t\t<\/div>\n\t<\/div>\n<\/div>\t\t\t\t\t\t\t\t\t<\/div>\n\t\t\t\t\t\t\t\t<div class=\"_villas-365-property col-md mb-3\">\n\t\t\t\t\t\t\t\t\t\t\t<div class=\"_villas-365-property-inner\">\n\t<div class=\"row h-100\">\n\t\t<div class=\"col-12\">\n\t\t\t<div class=\"row\">\n\t\t\t\t<div class=\"col-12 mb-2\">\n\t\t\t\t\t<div class=\"_villas-365-property-image\">\n\t\t\t\t\t\t\t\t\t\t\t\t<div class=\"_villas-365-property-image-overlay\"><\/div>\n\t\t\t\t\t\t<a href=\"https:\/\/almarinavillas.com\/de\/eigentum\/18-romero-by-almarina-villas\/\" class=\"unstyled-link _villas-365-property-image-link\" style=\"background-image:url('https:\/\/secure.365villas.com\/getimage\/uploads\/config\/alvaroaznar\/property\/gallery\/18\/20250206_070340_8708jpg.jpg');\" target=\"_blank\">\n\t\t\t\t\t\t\t<img decoding=\"async\" src=\"https:\/\/secure.365villas.com\/getimage\/uploads\/config\/alvaroaznar\/property\/gallery\/18\/20250206_070340_8708jpg.jpg\" alt=\"\" class=\"img-fluid d-block d-lg-none\">\n\t\t\t\t\t\t<\/a>\n\t\t\t\t\t\t\t\t\t\t\t\t\t\t\t\t\t\t<a href=\"https:\/\/almarinavillas.com\/de\/unterkunft\/\" class=\"_villas-365-property-info-label _villas-365-property-discount\" target=\"_blank\">\n\t\t\t\t\t\t\t<div class=\"_villas-365-property-discount-label\">Werbeaktionen<\/div><div class=\"_villas-365-property-discount-icon\"><i class=\"fa fa-fw fa-info-circle\"><\/i><\/div><div class=\"_villas-365-property-discount-text\">Last minute discount<\/div>\n\t\t\t\t\t\t<\/a>\n\t\t\t\t\t\t\t\t\t\t\t\t\n\t\t\t\t\t\t\t\t\t\t\t\t<div class=\"_villas-365-property-price\" title=\"\u20ac210.00 per night, \u20ac1,470.00 per week\">\n\t\t\t\t\t\t\t<span class=\"_villas-365-property-price-from-text\">Von<\/span>\n\t\t\t\t\t\t\t<br><span class=\"_villas-365-property-price-value\">\u20ac210.00<\/span>\/nacht\t\t\t\t\t\t<\/div>\n\t\t\t\t\t\t\n\t\t\t\t\t\t\t\t\t\t\t\t\t<div class=\"_villas-365-property-save-button loading\" data-property-id=\"18\">\n\t<i class=\"fas fa-spinner fa-spin fa-fw _villas-365-property-save-button-icon _villas-365-property-save-spinner\"><\/i>\n\t<i class=\"far fa-heart fa-fw _villas-365-property-save-button-icon _villas-365-property-save-inactive\"><\/i>\n\t<i class=\"fas fa-heart fa-fw _villas-365-property-save-button-icon _villas-365-property-save-active\"><\/i>\n\t<\/div>\n\t\t\t\t\t\t\t\t\t\t\t<\/div>\n\t\t\t\t<\/div>\n\t\t\t\t<div class=\"col-12\">\n\t\t\t\t\t<div class=\"_villas-365-property-inner-text\">\n\t\t\t\t\t\t<div class=\"row h-100\">\n\t\t\t\t\t\t\t<div class=\"col-12\">\n\t\t\t\t\t\t\t\t<div class=\"row\">\n\t\t\t\t\t\t\t\t\t\t\t\t\t\t\t\t\t\t<div class=\"col-12\">\n\t\t\t\t\t\t\t\t\t\t<h5 class=\"_villas-365-property-name\">\n\t\t\t\t\t\t\t\t\t\t\t<a href=\"https:\/\/almarinavillas.com\/de\/eigentum\/18-romero-by-almarina-villas\/\" target=\"_blank\">Romero - By Almarina Villas<\/a>\n\t\t\t\t\t\t\t\t\t\t<\/h5>\n\t\t\t\t\t\t\t\t\t<\/div>\n\t\t\t\t\t\t\t\t\t\n\t\t\t\t\t\t\t\t\t\t\t\t\t\t\t\t\t\t<div class=\"col-12\">\n\t\t\t\t\t\t\t\t\t\t<div class=\"_villas-365-property-summary\">\n\t\t\t\t\t\t\t\t\t\t\tCasa Romero (Benissa) ist eine wundersch\u00f6ne mediterrane Villa, elegant und sehr gem\u00fctlich, mit unglaublichem Meerblick von der ger\u00e4umigen Terrasse und dem fantastischen Grill- und Chill-out-Bereich. Es verf\u00fcgt au\u00dferdem \u00fcber einen gro\u00dfen Pool mit Kind...\t\t\t\t\t\t\t\t\t\t<\/div>\n\t\t\t\t\t\t\t\t\t<\/div>\n\t\t\t\t\t\t\t\t\t\n\t\t\t\t\t\t\t\t\t\t\t\t\t\t\t\t\t\t<div class=\"col-6\">\n\t\t\t\t\t\t\t\t\t\t<div class=\"_villas-365-property-rooms\">\n\t\t<span class=\"_villas-365-property-room\"><i class=\"_villas-365-property-room-icon fas fa-user\"><\/i> 8<\/span>\n\t\t<span class=\"_villas-365-property-room\"><i class=\"_villas-365-property-room-icon fas fa-bed\"><\/i> 4<\/span>\n\t\t<span class=\"_villas-365-property-room\"><i class=\"_villas-365-property-room-icon fas fa-bath\"><\/i> 3<\/span>\n\t\t<\/div>\n\t\t\t\t\t\t\t\t\t<\/div>\n\t\t\t\t\t\t\t\t\t\n\t\t\t\t\t\t\t\t\t<div class=\"col-6 text-right\">\n\t\t\t\t\t\t\t\t\t\t<a href=\"https:\/\/almarinavillas.com\/de\/eigentum\/18-romero-by-almarina-villas\/\" target=\"_blank\"\" class=\"_villas-365-property-button _villas-365-property-outline-button btn btn-outline-primary\">Reservieren<\/a>\n\t\t\t\t\t\t\t\t\t<\/div>\n\t\t\t\t\t\t\t\t<\/div>\n\t\t\t\t\t\t\t<\/div>\n\t\t\t\t\t\t<\/div>\n\t\t\t\t\t<\/div>\n\t\t\t\t<\/div>\n\t\t\t<\/div>\n\t\t<\/div>\n\t<\/div>\n<\/div>\t\t\t\t\t\t\t\t\t<\/div>\n\t\t\t\t\t\t\t<\/div>\n\t\t\t\t\t\t<div class=\"row\">\n\t\t\t\t\t\t\t\t\t\t\t\t<div class=\"_villas-365-property col-md mb-3\">\n\t\t\t\t\t\t\t\t\t\t\t<div class=\"_villas-365-property-inner\">\n\t<div class=\"row h-100\">\n\t\t<div class=\"col-12\">\n\t\t\t<div class=\"row\">\n\t\t\t\t<div class=\"col-12 mb-2\">\n\t\t\t\t\t<div class=\"_villas-365-property-image\">\n\t\t\t\t\t\t\t\t\t\t\t\t<div class=\"_villas-365-property-image-overlay\"><\/div>\n\t\t\t\t\t\t<a href=\"https:\/\/almarinavillas.com\/de\/eigentum\/17-son-de-mar-by-almarina-villas\/\" class=\"unstyled-link _villas-365-property-image-link\" style=\"background-image:url('https:\/\/secure.365villas.com\/getimage\/uploads\/config\/alvaroaznar\/property\/gallery\/17\/20220718_120415jpg.jpg');\" target=\"_blank\">\n\t\t\t\t\t\t\t<img decoding=\"async\" src=\"https:\/\/secure.365villas.com\/getimage\/uploads\/config\/alvaroaznar\/property\/gallery\/17\/20220718_120415jpg.jpg\" alt=\"\" class=\"img-fluid d-block d-lg-none\">\n\t\t\t\t\t\t<\/a>\n\t\t\t\t\t\t\t\t\t\t\t\t\t\t\t\t\t\t<a href=\"https:\/\/almarinavillas.com\/de\/unterkunft\/\" class=\"_villas-365-property-info-label _villas-365-property-discount\" target=\"_blank\">\n\t\t\t\t\t\t\t<div class=\"_villas-365-property-discount-label\">Werbeaktionen<\/div><div class=\"_villas-365-property-discount-icon\"><i class=\"fa fa-fw fa-info-circle\"><\/i><\/div><div class=\"_villas-365-property-discount-text\">Last minute discount<\/div>\n\t\t\t\t\t\t<\/a>\n\t\t\t\t\t\t\t\t\t\t\t\t\n\t\t\t\t\t\t\t\t\t\t\t\t<div class=\"_villas-365-property-price\" title=\"\u20ac174.00 per night, \u20ac1,218.00 per week\">\n\t\t\t\t\t\t\t<span class=\"_villas-365-property-price-from-text\">Von<\/span>\n\t\t\t\t\t\t\t<br><span class=\"_villas-365-property-price-value\">\u20ac174.00<\/span>\/nacht\t\t\t\t\t\t<\/div>\n\t\t\t\t\t\t\n\t\t\t\t\t\t\t\t\t\t\t\t\t<div class=\"_villas-365-property-save-button loading\" data-property-id=\"17\">\n\t<i class=\"fas fa-spinner fa-spin fa-fw _villas-365-property-save-button-icon _villas-365-property-save-spinner\"><\/i>\n\t<i class=\"far fa-heart fa-fw _villas-365-property-save-button-icon _villas-365-property-save-inactive\"><\/i>\n\t<i class=\"fas fa-heart fa-fw _villas-365-property-save-button-icon _villas-365-property-save-active\"><\/i>\n\t<\/div>\n\t\t\t\t\t\t\t\t\t\t\t<\/div>\n\t\t\t\t<\/div>\n\t\t\t\t<div class=\"col-12\">\n\t\t\t\t\t<div class=\"_villas-365-property-inner-text\">\n\t\t\t\t\t\t<div class=\"row h-100\">\n\t\t\t\t\t\t\t<div class=\"col-12\">\n\t\t\t\t\t\t\t\t<div class=\"row\">\n\t\t\t\t\t\t\t\t\t\t\t\t\t\t\t\t\t\t<div class=\"col-12\">\n\t\t\t\t\t\t\t\t\t\t<h5 class=\"_villas-365-property-name\">\n\t\t\t\t\t\t\t\t\t\t\t<a href=\"https:\/\/almarinavillas.com\/de\/eigentum\/17-son-de-mar-by-almarina-villas\/\" target=\"_blank\">Son de Mar - By Almarina Villas<\/a>\n\t\t\t\t\t\t\t\t\t\t<\/h5>\n\t\t\t\t\t\t\t\t\t<\/div>\n\t\t\t\t\t\t\t\t\t\n\t\t\t\t\t\t\t\t\t\t\t\t\t\t\t\t\t\t<div class=\"col-12\">\n\t\t\t\t\t\t\t\t\t\t<div class=\"_villas-365-property-summary\">\n\t\t\t\t\t\t\t\t\t\t\tSon de Mar (J\u00e1vea) ist eine Villa mit Meerblick und dem Charme authentischer mediterraner D\u00f6rfer. Es ist wundersch\u00f6n im ibizenkischen Stil eingerichtet und hat eine unglaubliche Lage: 10 Gehminuten vom Strand \u201eLa Gravel\u201c und dem Viertel mit den Resta...\t\t\t\t\t\t\t\t\t\t<\/div>\n\t\t\t\t\t\t\t\t\t<\/div>\n\t\t\t\t\t\t\t\t\t\n\t\t\t\t\t\t\t\t\t\t\t\t\t\t\t\t\t\t<div class=\"col-6\">\n\t\t\t\t\t\t\t\t\t\t<div class=\"_villas-365-property-rooms\">\n\t\t<span class=\"_villas-365-property-room\"><i class=\"_villas-365-property-room-icon fas fa-user\"><\/i> 8<\/span>\n\t\t<span class=\"_villas-365-property-room\"><i class=\"_villas-365-property-room-icon fas fa-bed\"><\/i> 3<\/span>\n\t\t<span class=\"_villas-365-property-room\"><i class=\"_villas-365-property-room-icon fas fa-bath\"><\/i> 3<\/span>\n\t\t<\/div>\n\t\t\t\t\t\t\t\t\t<\/div>\n\t\t\t\t\t\t\t\t\t\n\t\t\t\t\t\t\t\t\t<div class=\"col-6 text-right\">\n\t\t\t\t\t\t\t\t\t\t<a href=\"https:\/\/almarinavillas.com\/de\/eigentum\/17-son-de-mar-by-almarina-villas\/\" target=\"_blank\"\" class=\"_villas-365-property-button _villas-365-property-outline-button btn btn-outline-primary\">Reservieren<\/a>\n\t\t\t\t\t\t\t\t\t<\/div>\n\t\t\t\t\t\t\t\t<\/div>\n\t\t\t\t\t\t\t<\/div>\n\t\t\t\t\t\t<\/div>\n\t\t\t\t\t<\/div>\n\t\t\t\t<\/div>\n\t\t\t<\/div>\n\t\t<\/div>\n\t<\/div>\n<\/div>\t\t\t\t\t\t\t\t\t<\/div>\n\t\t\t\t\t\t\t\t<div class=\"_villas-365-property col-md mb-3\">\n\t\t\t\t\t\t\t\t\t\t\t<div class=\"_villas-365-property-inner\">\n\t<div class=\"row h-100\">\n\t\t<div class=\"col-12\">\n\t\t\t<div class=\"row\">\n\t\t\t\t<div class=\"col-12 mb-2\">\n\t\t\t\t\t<div class=\"_villas-365-property-image\">\n\t\t\t\t\t\t\t\t\t\t\t\t<div class=\"_villas-365-property-image-overlay\"><\/div>\n\t\t\t\t\t\t<a href=\"https:\/\/almarinavillas.com\/de\/eigentum\/24-the-sea-views-by-almarina-villas\/\" class=\"unstyled-link _villas-365-property-image-link\" style=\"background-image:url('https:\/\/secure.365villas.com\/getimage\/uploads\/config\/alvaroaznar\/property\/gallery\/24\/20250425_074959_5312jpg.jpg');\" target=\"_blank\">\n\t\t\t\t\t\t\t<img decoding=\"async\" src=\"https:\/\/secure.365villas.com\/getimage\/uploads\/config\/alvaroaznar\/property\/gallery\/24\/20250425_074959_5312jpg.jpg\" alt=\"\" class=\"img-fluid d-block d-lg-none\">\n\t\t\t\t\t\t<\/a>\n\t\t\t\t\t\t\t\t\t\t\t\t\t\t\t\t\t\t<a href=\"https:\/\/almarinavillas.com\/de\/unterkunft\/\" class=\"_villas-365-property-info-label _villas-365-property-discount\" target=\"_blank\">\n\t\t\t\t\t\t\t<div class=\"_villas-365-property-discount-label\">Werbeaktionen<\/div><div class=\"_villas-365-property-discount-icon\"><i class=\"fa fa-fw fa-info-circle\"><\/i><\/div><div class=\"_villas-365-property-discount-text\">Last minute discount<\/div>\n\t\t\t\t\t\t<\/a>\n\t\t\t\t\t\t\t\t\t\t\t\t\n\t\t\t\t\t\t\t\t\t\t\t\t<div class=\"_villas-365-property-price\" title=\"\u20ac236.00 per night, \u20ac1,652.00 per week\">\n\t\t\t\t\t\t\t<span class=\"_villas-365-property-price-from-text\">Von<\/span>\n\t\t\t\t\t\t\t<br><span class=\"_villas-365-property-price-value\">\u20ac236.00<\/span>\/nacht\t\t\t\t\t\t<\/div>\n\t\t\t\t\t\t\n\t\t\t\t\t\t\t\t\t\t\t\t\t<div class=\"_villas-365-property-save-button loading\" data-property-id=\"24\">\n\t<i class=\"fas fa-spinner fa-spin fa-fw _villas-365-property-save-button-icon _villas-365-property-save-spinner\"><\/i>\n\t<i class=\"far fa-heart fa-fw _villas-365-property-save-button-icon _villas-365-property-save-inactive\"><\/i>\n\t<i class=\"fas fa-heart fa-fw _villas-365-property-save-button-icon _villas-365-property-save-active\"><\/i>\n\t<\/div>\n\t\t\t\t\t\t\t\t\t\t\t<\/div>\n\t\t\t\t<\/div>\n\t\t\t\t<div class=\"col-12\">\n\t\t\t\t\t<div class=\"_villas-365-property-inner-text\">\n\t\t\t\t\t\t<div class=\"row h-100\">\n\t\t\t\t\t\t\t<div class=\"col-12\">\n\t\t\t\t\t\t\t\t<div class=\"row\">\n\t\t\t\t\t\t\t\t\t\t\t\t\t\t\t\t\t\t<div class=\"col-12\">\n\t\t\t\t\t\t\t\t\t\t<h5 class=\"_villas-365-property-name\">\n\t\t\t\t\t\t\t\t\t\t\t<a href=\"https:\/\/almarinavillas.com\/de\/eigentum\/24-the-sea-views-by-almarina-villas\/\" target=\"_blank\">The Sea Views - By Almarina Villas<\/a>\n\t\t\t\t\t\t\t\t\t\t<\/h5>\n\t\t\t\t\t\t\t\t\t<\/div>\n\t\t\t\t\t\t\t\t\t\n\t\t\t\t\t\t\t\t\t\t\t\t\t\t\t\t\t\t<div class=\"col-12\">\n\t\t\t\t\t\t\t\t\t\t<div class=\"_villas-365-property-summary\">\n\t\t\t\t\t\t\t\t\t\t\tDas Ferienhaus \u201eSea Views (Moraira)\u201c ist ein einzigartiges Anwesen mit einer gro\u00dfen Terrasse und einem atemberaubenden Blick auf die Bucht von Moraira. Die Lage, nur 300 Meter vom Sandstrand El Portet und den besten Restaurants entfernt, macht es zum...\t\t\t\t\t\t\t\t\t\t<\/div>\n\t\t\t\t\t\t\t\t\t<\/div>\n\t\t\t\t\t\t\t\t\t\n\t\t\t\t\t\t\t\t\t\t\t\t\t\t\t\t\t\t<div class=\"col-6\">\n\t\t\t\t\t\t\t\t\t\t<div class=\"_villas-365-property-rooms\">\n\t\t<span class=\"_villas-365-property-room\"><i class=\"_villas-365-property-room-icon fas fa-user\"><\/i> 8<\/span>\n\t\t<span class=\"_villas-365-property-room\"><i class=\"_villas-365-property-room-icon fas fa-bed\"><\/i> 4<\/span>\n\t\t<span class=\"_villas-365-property-room\"><i class=\"_villas-365-property-room-icon fas fa-bath\"><\/i> 3<\/span>\n\t\t<\/div>\n\t\t\t\t\t\t\t\t\t<\/div>\n\t\t\t\t\t\t\t\t\t\n\t\t\t\t\t\t\t\t\t<div class=\"col-6 text-right\">\n\t\t\t\t\t\t\t\t\t\t<a href=\"https:\/\/almarinavillas.com\/de\/eigentum\/24-the-sea-views-by-almarina-villas\/\" target=\"_blank\"\" class=\"_villas-365-property-button _villas-365-property-outline-button btn btn-outline-primary\">Reservieren<\/a>\n\t\t\t\t\t\t\t\t\t<\/div>\n\t\t\t\t\t\t\t\t<\/div>\n\t\t\t\t\t\t\t<\/div>\n\t\t\t\t\t\t<\/div>\n\t\t\t\t\t<\/div>\n\t\t\t\t<\/div>\n\t\t\t<\/div>\n\t\t<\/div>\n\t<\/div>\n<\/div>\t\t\t\t\t\t\t\t\t<\/div>\n\t\t\t\t\t\t\t\t<div class=\" col-md mb-3\">\n\t\t\t\t\t\t\t\t\t<\/div>\n\t\t\t\t\t\t\t<\/div>\n\t\t\t\t\t\n\t\t\t<\/div>\n<\/div>\n[\/et_pb_code][\/et_pb_column][\/et_pb_row][\/et_pb_section]<\/p>\n","protected":false},"excerpt":{"rendered":"<p>\n<div class=\"_villas-365-bootstrap _villas-365-search _villas-365-search-full\">\n\t<form method=\"GET\" action=\"https:\/\/almarinavillas.com\/en\/accommodation\/\" accept-charset=\"UTF-8\" class=\"_villas-365-search-form\">\n\t\t<div id=\"_villas-365-search-form-fields\" class=\"container-fluid\">\n\t\t\t<div class=\"row justify-content-center\">\n\t\t\t\t<div class=\"col-12\">\n\t\t\t\t\t<div class=\"row align-items-end _villas-365-date-range-container justify-content-center _villas-365-field-container _villas-365-large\">\n\t\t\t\t\t\t\t\t\t\t\t\t<div class=\"col-12 col-md-4 col-lg-2\">\n\t\t\t\t\t\t\t<label class=\"d-none\" for=\"categoryselect\">Eigenschaftsgruppe<\/label>\n\t\t\t\t\t\t\t<div class=\"input-group chosen-input-group search-categories\">\n\t\t\t\t\t\t\t\t<input type=\"hidden\" name=\"categoryid\" id=\"_villas-365-search-categoryid\" value=\"\">\n\t\t\t\t\t\t\t\t<input type=\"hidden\" name=\"propertyid\" id=\"_villas-365-search-propertyid\" value=\"\">\n\t\t\t\t\t\t\t\t<select class=\"form-control search-text chosen-select chosen-select-single\" placeholder=\"Eigenschaftsgruppe\" data-placeholder=\"Eigenschaftsgruppe\">\n\t\t\t\t\t\t\t\t\t<option value=\"\">Eigenschaftsgruppe<\/option>\n\t\t\t\t\t\t\t\t\t\t\t\t\t\t\t\t\t\t\t\t<option value=\"category26\" class=\"search-category\" data-id=\"26\" data-type=\"category\">Authentischer Charme<\/option>\n\t\t\t\t\t\t\t\t\t\t\t<optgroup label=\"Authentischer Charme\">\n\t\t\t\t\t\t\t\t\t\t\t\t\t\t\t\t\t\t\t\t<option value=\"property16\" class=\"search-category-property\" data-id=\"16\" data-type=\"property\">Al Vent - By Almarina Villas<\/option>\n\t\t\t\t\t\t\t\t\t\t\t\t\t\t\t\t\t\t\t\t<option value=\"property54\" class=\"search-category-property\" data-id=\"54\" data-type=\"property\">Ancora - By Almarina Villas<\/option>\n\t\t\t\t\t\t\t\t\t\t\t\t\t\t\t\t\t\t\t\t<option value=\"property59\" class=\"search-category-property\" data-id=\"59\" data-type=\"property\">Apolonia - by Almarina Villas<\/option>\n\t\t\t\t\t\t\t\t\t\t\t\t\t\t\t\t\t\t\t\t<option value=\"property25\" class=\"search-category-property\" data-id=\"25\" data-type=\"property\">Bah\u00eda del Portet - By Almarina Villas<\/option>\n\t\t\t\t\t\t\t\t\t\t\t\t\t\t\t\t\t\t\t\t<option value=\"property23\" class=\"search-category-property\" data-id=\"23\" data-type=\"property\">Balilos 4 - By Almarina Villas<\/option>\n\t\t\t\t\t\t\t\t\t\t\t\t\t\t\t\t\t\t\t\t<option value=\"property22\" class=\"search-category-property\" data-id=\"22\" data-type=\"property\">Balilos 8 - By Almarina Villas<\/option>\n\t\t\t\t\t\t\t\t\t\t\t\t\t\t\t\t\t\t\t\t<option value=\"property47\" class=\"search-category-property\" data-id=\"47\" data-type=\"property\">Bisserot - By Almarina Villas<\/option>\n\t\t\t\t\t\t\t\t\t\t\t\t\t\t\t\t\t\t\t\t<option value=\"property14\" class=\"search-category-property\" data-id=\"14\" data-type=\"property\">Brisa de Mar - By Almarina Villas<\/option>\n\t\t\t\t\t\t\t\t\t\t\t\t\t\t\t\t\t\t\t\t<option value=\"property20\" class=\"search-category-property\" data-id=\"20\" data-type=\"property\">Buenavista - By Almarina Villas<\/option>\n\t\t\t\t\t\t\t\t\t\t\t\t\t\t\t\t\t\t\t\t<option value=\"property33\" class=\"search-category-property\" data-id=\"33\" data-type=\"property\">Casa Peponi - By Almarina Villas<\/option>\n\t\t\t\t\t\t\t\t\t\t\t\t\t\t\t\t\t\t\t\t<option value=\"property30\" class=\"search-category-property\" data-id=\"30\" data-type=\"property\">El Olivo - By Almarina Villas<\/option>\n\t\t\t\t\t\t\t\t\t\t\t\t\t\t\t\t\t\t\t\t<option value=\"property21\" class=\"search-category-property\" data-id=\"21\" data-type=\"property\">El Toro - By Almarina Villas<\/option>\n\t\t\t\t\t\t\t\t\t\t\t\t\t\t\t\t\t\t\t\t<option value=\"property1\" class=\"search-category-property\" data-id=\"1\" data-type=\"property\">La Mar - By Almarina Villas<\/option>\n\t\t\t\t\t\t\t\t\t\t\t\t\t\t\t\t\t\t\t\t<option value=\"property34\" class=\"search-category-property\" data-id=\"34\" data-type=\"property\">Mar y Cel - By Almarina Villas<\/option>\n\t\t\t\t\t\t\t\t\t\t\t\t\t\t\t\t\t\t\t\t<option value=\"property48\" class=\"search-category-property\" data-id=\"48\" data-type=\"property\">Naranja - By Almarina Villas<\/option>\n\t\t\t\t\t\t\t\t\t\t\t\t\t\t\t\t\t\t\t\t<option value=\"property10\" class=\"search-category-property\" data-id=\"10\" data-type=\"property\">Vertigo -  By Almarina Villas<\/option>\n\t\t\t\t\t\t\t\t\t\t\t\t\t\t\t\t\t\t\t\t<option value=\"property39\" class=\"search-category-property\" data-id=\"39\" data-type=\"property\">Villa Lujo - by Almarina Villas<\/option>\n\t\t\t\t\t\t\t\t\t\t\t\t\t\t\t\t\t\t\t\t\t<\/optgroup>\n\t\t\t\t\t\t\t\t\t\t\t\t\t\t\t\t\t\t\t\t\t<option value=\"category20\" class=\"search-category\" data-id=\"20\" data-type=\"category\">Vollst\u00e4ndiger Luxus<\/option>\n\t\t\t\t\t\t\t\t\t\t\t<optgroup label=\"Vollst\u00e4ndiger Luxus\">\n\t\t\t\t\t\t\t\t\t\t\t\t\t\t\t\t\t\t\t\t<option value=\"property16\" class=\"search-category-property\" data-id=\"16\" data-type=\"property\">Al Vent - By Almarina Villas<\/option>\n\t\t\t\t\t\t\t\t\t\t\t\t\t\t\t\t\t\t\t\t<option value=\"property59\" class=\"search-category-property\" data-id=\"59\" data-type=\"property\">Apolonia - by Almarina Villas<\/option>\n\t\t\t\t\t\t\t\t\t\t\t\t\t\t\t\t\t\t\t\t<option value=\"property51\" class=\"search-category-property\" data-id=\"51\" data-type=\"property\">Atlas - by Almarina Villas<\/option>\n\t\t\t\t\t\t\t\t\t\t\t\t\t\t\t\t\t\t\t\t<option value=\"property50\" class=\"search-category-property\" data-id=\"50\" data-type=\"property\">Baladrar Views - By Almarina Villas<\/option>\n\t\t\t\t\t\t\t\t\t\t\t\t\t\t\t\t\t\t\t\t<option value=\"property22\" class=\"search-category-property\" data-id=\"22\" data-type=\"property\">Balilos 8 - By Almarina Villas<\/option>\n\t\t\t\t\t\t\t\t\t\t\t\t\t\t\t\t\t\t\t\t<option value=\"property8\" class=\"search-category-property\" data-id=\"8\" data-type=\"property\">Coral - By Almarina Villas<\/option>\n\t\t\t\t\t\t\t\t\t\t\t\t\t\t\t\t\t\t\t\t<option value=\"property37\" class=\"search-category-property\" data-id=\"37\" data-type=\"property\">Esmeralda - By Almarina Villas<\/option>\n\t\t\t\t\t\t\t\t\t\t\t\t\t\t\t\t\t\t\t\t<option value=\"property15\" class=\"search-category-property\" data-id=\"15\" data-type=\"property\">Mirador - By Almarina Villas<\/option>\n\t\t\t\t\t\t\t\t\t\t\t\t\t\t\t\t\t\t\t\t<option value=\"property48\" class=\"search-category-property\" data-id=\"48\" data-type=\"property\">Naranja - By Almarina Villas<\/option>\n\t\t\t\t\t\t\t\t\t\t\t\t\t\t\t\t\t\t\t\t<option value=\"property10\" class=\"search-category-property\" data-id=\"10\" data-type=\"property\">Vertigo -  By Almarina Villas<\/option>\n\t\t\t\t\t\t\t\t\t\t\t\t\t\t\t\t\t\t\t\t<option value=\"property39\" class=\"search-category-property\" data-id=\"39\" data-type=\"property\">Villa Lujo - by Almarina Villas<\/option>\n\t\t\t\t\t\t\t\t\t\t\t\t\t\t\t\t\t\t\t\t\t<\/optgroup>\n\t\t\t\t\t\t\t\t\t\t\t\t\t\t\t\t\t\t\t\t\t<option value=\"category27\" class=\"search-category\" data-id=\"27\" data-type=\"category\">Gro\u00dfe Villen<\/option>\n\t\t\t\t\t\t\t\t\t\t\t<optgroup label=\"Gro\u00dfe Villen\">\n\t\t\t\t\t\t\t\t\t\t\t\t\t\t\t\t\t\t\t\t<option value=\"property59\" class=\"search-category-property\" data-id=\"59\" data-type=\"property\">Apolonia - by Almarina Villas<\/option>\n\t\t\t\t\t\t\t\t\t\t\t\t\t\t\t\t\t\t\t\t<option value=\"property50\" class=\"search-category-property\" data-id=\"50\" data-type=\"property\">Baladrar Views - By Almarina Villas<\/option>\n\t\t\t\t\t\t\t\t\t\t\t\t\t\t\t\t\t\t\t\t<option value=\"property41\" class=\"search-category-property\" data-id=\"41\" data-type=\"property\">Bot\u00e1nico - By Almarina Villas<\/option>\n\t\t\t\t\t\t\t\t\t\t\t\t\t\t\t\t\t\t\t\t<option value=\"property14\" class=\"search-category-property\" data-id=\"14\" data-type=\"property\">Brisa de Mar - By Almarina Villas<\/option>\n\t\t\t\t\t\t\t\t\t\t\t\t\t\t\t\t\t\t\t\t<option value=\"property8\" class=\"search-category-property\" data-id=\"8\" data-type=\"property\">Coral - By Almarina Villas<\/option>\n\t\t\t\t\t\t\t\t\t\t\t\t\t\t\t\t\t\t\t\t<option value=\"property42\" class=\"search-category-property\" data-id=\"42\" data-type=\"property\">El Faro - By Almarina Villas<\/option>\n\t\t\t\t\t\t\t\t\t\t\t\t\t\t\t\t\t\t\t\t<option value=\"property21\" class=\"search-category-property\" data-id=\"21\" data-type=\"property\">El Toro - By Almarina Villas<\/option>\n\t\t\t\t\t\t\t\t\t\t\t\t\t\t\t\t\t\t\t\t<option value=\"property1\" class=\"search-category-property\" data-id=\"1\" data-type=\"property\">La Mar - By Almarina Villas<\/option>\n\t\t\t\t\t\t\t\t\t\t\t\t\t\t\t\t\t\t\t\t<option value=\"property34\" class=\"search-category-property\" data-id=\"34\" data-type=\"property\">Mar y Cel - By Almarina Villas<\/option>\n\t\t\t\t\t\t\t\t\t\t\t\t\t\t\t\t\t\t\t\t<option value=\"property48\" class=\"search-category-property\" data-id=\"48\" data-type=\"property\">Naranja - By Almarina Villas<\/option>\n\t\t\t\t\t\t\t\t\t\t\t\t\t\t\t\t\t\t\t\t<option value=\"property10\" class=\"search-category-property\" data-id=\"10\" data-type=\"property\">Vertigo -  By Almarina Villas<\/option>\n\t\t\t\t\t\t\t\t\t\t\t\t\t\t\t\t\t\t\t\t<option value=\"property39\" class=\"search-category-property\" data-id=\"39\" data-type=\"property\">Villa Lujo - by Almarina Villas<\/option>\n\t\t\t\t\t\t\t\t\t\t\t\t\t\t\t\t\t\t\t\t\t<\/optgroup>\n\t\t\t\t\t\t\t\t\t\t\t\t\t\t\t\t\t\t\t\t\t<option value=\"category15\" class=\"search-category\" data-id=\"15\" data-type=\"category\">Mediterraner Stil<\/option>\n\t\t\t\t\t\t\t\t\t\t\t<optgroup label=\"Mediterraner Stil\">\n\t\t\t\t\t\t\t\t\t\t\t\t\t\t\t\t\t\t\t\t<option value=\"property3\" class=\"search-category-property\" data-id=\"3\" data-type=\"property\">Aitana - By Almarina Villas<\/option>\n\t\t\t\t\t\t\t\t\t\t\t\t\t\t\t\t\t\t\t\t<option value=\"property16\" class=\"search-category-property\" data-id=\"16\" data-type=\"property\">Al Vent - By Almarina Villas<\/option>\n\t\t\t\t\t\t\t\t\t\t\t\t\t\t\t\t\t\t\t\t<option value=\"property54\" class=\"search-category-property\" data-id=\"54\" data-type=\"property\">Ancora - By Almarina Villas<\/option>\n\t\t\t\t\t\t\t\t\t\t\t\t\t\t\t\t\t\t\t\t<option value=\"property59\" class=\"search-category-property\" data-id=\"59\" data-type=\"property\">Apolonia - by Almarina Villas<\/option>\n\t\t\t\t\t\t\t\t\t\t\t\t\t\t\t\t\t\t\t\t<option value=\"property25\" class=\"search-category-property\" data-id=\"25\" data-type=\"property\">Bah\u00eda del Portet - By Almarina Villas<\/option>\n\t\t\t\t\t\t\t\t\t\t\t\t\t\t\t\t\t\t\t\t<option value=\"property50\" class=\"search-category-property\" data-id=\"50\" data-type=\"property\">Baladrar Views - By Almarina Villas<\/option>\n\t\t\t\t\t\t\t\t\t\t\t\t\t\t\t\t\t\t\t\t<option value=\"property23\" class=\"search-category-property\" data-id=\"23\" data-type=\"property\">Balilos 4 - By Almarina Villas<\/option>\n\t\t\t\t\t\t\t\t\t\t\t\t\t\t\t\t\t\t\t\t<option value=\"property22\" class=\"search-category-property\" data-id=\"22\" data-type=\"property\">Balilos 8 - By Almarina Villas<\/option>\n\t\t\t\t\t\t\t\t\t\t\t\t\t\t\t\t\t\t\t\t<option value=\"property36\" class=\"search-category-property\" data-id=\"36\" data-type=\"property\">Bianca - by Almarina Villas<\/option>\n\t\t\t\t\t\t\t\t\t\t\t\t\t\t\t\t\t\t\t\t<option value=\"property47\" class=\"search-category-property\" data-id=\"47\" data-type=\"property\">Bisserot - By Almarina Villas<\/option>\n\t\t\t\t\t\t\t\t\t\t\t\t\t\t\t\t\t\t\t\t<option value=\"property33\" class=\"search-category-property\" data-id=\"33\" data-type=\"property\">Casa Peponi - By Almarina Villas<\/option>\n\t\t\t\t\t\t\t\t\t\t\t\t\t\t\t\t\t\t\t\t<option value=\"property30\" class=\"search-category-property\" data-id=\"30\" data-type=\"property\">El Olivo - By Almarina Villas<\/option>\n\t\t\t\t\t\t\t\t\t\t\t\t\t\t\t\t\t\t\t\t<option value=\"property19\" class=\"search-category-property\" data-id=\"19\" data-type=\"property\">El Portet - By Almarina Villas<\/option>\n\t\t\t\t\t\t\t\t\t\t\t\t\t\t\t\t\t\t\t\t<option value=\"property21\" class=\"search-category-property\" data-id=\"21\" data-type=\"property\">El Toro - By Almarina Villas<\/option>\n\t\t\t\t\t\t\t\t\t\t\t\t\t\t\t\t\t\t\t\t<option value=\"property29\" class=\"search-category-property\" data-id=\"29\" data-type=\"property\">La Calita - By Almarina Villas<\/option>\n\t\t\t\t\t\t\t\t\t\t\t\t\t\t\t\t\t\t\t\t<option value=\"property4\" class=\"search-category-property\" data-id=\"4\" data-type=\"property\">La Colina - By Almarina Villas<\/option>\n\t\t\t\t\t\t\t\t\t\t\t\t\t\t\t\t\t\t\t\t<option value=\"property1\" class=\"search-category-property\" data-id=\"1\" data-type=\"property\">La Mar - By Almarina Villas<\/option>\n\t\t\t\t\t\t\t\t\t\t\t\t\t\t\t\t\t\t\t\t<option value=\"property34\" class=\"search-category-property\" data-id=\"34\" data-type=\"property\">Mar y Cel - By Almarina Villas<\/option>\n\t\t\t\t\t\t\t\t\t\t\t\t\t\t\t\t\t\t\t\t<option value=\"property15\" class=\"search-category-property\" data-id=\"15\" data-type=\"property\">Mirador - By Almarina Villas<\/option>\n\t\t\t\t\t\t\t\t\t\t\t\t\t\t\t\t\t\t\t\t<option value=\"property32\" class=\"search-category-property\" data-id=\"32\" data-type=\"property\">Moraira Bay - By Almarina Villas<\/option>\n\t\t\t\t\t\t\t\t\t\t\t\t\t\t\t\t\t\t\t\t<option value=\"property48\" class=\"search-category-property\" data-id=\"48\" data-type=\"property\">Naranja - By Almarina Villas<\/option>\n\t\t\t\t\t\t\t\t\t\t\t\t\t\t\t\t\t\t\t\t<option value=\"property38\" class=\"search-category-property\" data-id=\"38\" data-type=\"property\">Puerto del Sol - By Almarina Villas<\/option>\n\t\t\t\t\t\t\t\t\t\t\t\t\t\t\t\t\t\t\t\t<option value=\"property18\" class=\"search-category-property\" data-id=\"18\" data-type=\"property\">Romero - By Almarina Villas<\/option>\n\t\t\t\t\t\t\t\t\t\t\t\t\t\t\t\t\t\t\t\t<option value=\"property17\" class=\"search-category-property\" data-id=\"17\" data-type=\"property\">Son de Mar - By Almarina Villas<\/option>\n\t\t\t\t\t\t\t\t\t\t\t\t\t\t\t\t\t\t\t\t<option value=\"property24\" class=\"search-category-property\" data-id=\"24\" data-type=\"property\">The Sea Views - By Almarina Villas<\/option>\n\t\t\t\t\t\t\t\t\t\t\t\t\t\t\t\t\t\t\t\t<option value=\"property39\" class=\"search-category-property\" data-id=\"39\" data-type=\"property\">Villa Lujo - by Almarina Villas<\/option>\n\t\t\t\t\t\t\t\t\t\t\t\t\t\t\t\t\t\t\t\t\t<\/optgroup>\n\t\t\t\t\t\t\t\t\t\t\t\t\t\t\t\t\t\t\t\t\t<option value=\"category14\" class=\"search-category\" data-id=\"14\" data-type=\"category\">Moderner Stil<\/option>\n\t\t\t\t\t\t\t\t\t\t\t<optgroup label=\"Moderner Stil\">\n\t\t\t\t\t\t\t\t\t\t\t\t\t\t\t\t\t\t\t\t<option value=\"property51\" class=\"search-category-property\" data-id=\"51\" data-type=\"property\">Atlas - by Almarina Villas<\/option>\n\t\t\t\t\t\t\t\t\t\t\t\t\t\t\t\t\t\t\t\t<option value=\"property50\" class=\"search-category-property\" data-id=\"50\" data-type=\"property\">Baladrar Views - By Almarina Villas<\/option>\n\t\t\t\t\t\t\t\t\t\t\t\t\t\t\t\t\t\t\t\t<option value=\"property23\" class=\"search-category-property\" data-id=\"23\" data-type=\"property\">Balilos 4 - By Almarina Villas<\/option>\n\t\t\t\t\t\t\t\t\t\t\t\t\t\t\t\t\t\t\t\t<option value=\"property22\" class=\"search-category-property\" data-id=\"22\" data-type=\"property\">Balilos 8 - By Almarina Villas<\/option>\n\t\t\t\t\t\t\t\t\t\t\t\t\t\t\t\t\t\t\t\t<option value=\"property36\" class=\"search-category-property\" data-id=\"36\" data-type=\"property\">Bianca - by Almarina Villas<\/option>\n\t\t\t\t\t\t\t\t\t\t\t\t\t\t\t\t\t\t\t\t<option value=\"property41\" class=\"search-category-property\" data-id=\"41\" data-type=\"property\">Bot\u00e1nico - By Almarina Villas<\/option>\n\t\t\t\t\t\t\t\t\t\t\t\t\t\t\t\t\t\t\t\t<option value=\"property20\" class=\"search-category-property\" data-id=\"20\" data-type=\"property\">Buenavista - By Almarina Villas<\/option>\n\t\t\t\t\t\t\t\t\t\t\t\t\t\t\t\t\t\t\t\t<option value=\"property8\" class=\"search-category-property\" data-id=\"8\" data-type=\"property\">Coral - By Almarina Villas<\/option>\n\t\t\t\t\t\t\t\t\t\t\t\t\t\t\t\t\t\t\t\t<option value=\"property30\" class=\"search-category-property\" data-id=\"30\" data-type=\"property\">El Olivo - By Almarina Villas<\/option>\n\t\t\t\t\t\t\t\t\t\t\t\t\t\t\t\t\t\t\t\t<option value=\"property35\" class=\"search-category-property\" data-id=\"35\" data-type=\"property\">El Paseo - By Almarina Villas<\/option>\n\t\t\t\t\t\t\t\t\t\t\t\t\t\t\t\t\t\t\t\t<option value=\"property21\" class=\"search-category-property\" data-id=\"21\" data-type=\"property\">El Toro - By Almarina Villas<\/option>\n\t\t\t\t\t\t\t\t\t\t\t\t\t\t\t\t\t\t\t\t<option value=\"property37\" class=\"search-category-property\" data-id=\"37\" data-type=\"property\">Esmeralda - By Almarina Villas<\/option>\n\t\t\t\t\t\t\t\t\t\t\t\t\t\t\t\t\t\t\t\t<option value=\"property29\" class=\"search-category-property\" data-id=\"29\" data-type=\"property\">La Calita - By Almarina Villas<\/option>\n\t\t\t\t\t\t\t\t\t\t\t\t\t\t\t\t\t\t\t\t<option value=\"property5\" class=\"search-category-property\" data-id=\"5\" data-type=\"property\">La Calma - By Almarina Villas<\/option>\n\t\t\t\t\t\t\t\t\t\t\t\t\t\t\t\t\t\t\t\t<option value=\"property4\" class=\"search-category-property\" data-id=\"4\" data-type=\"property\">La Colina - By Almarina Villas<\/option>\n\t\t\t\t\t\t\t\t\t\t\t\t\t\t\t\t\t\t\t\t<option value=\"property6\" class=\"search-category-property\" data-id=\"6\" data-type=\"property\">Mareta - By Almarina Villas<\/option>\n\t\t\t\t\t\t\t\t\t\t\t\t\t\t\t\t\t\t\t\t<option value=\"property24\" class=\"search-category-property\" data-id=\"24\" data-type=\"property\">The Sea Views - By Almarina Villas<\/option>\n\t\t\t\t\t\t\t\t\t\t\t\t\t\t\t\t\t\t\t\t<option value=\"property39\" class=\"search-category-property\" data-id=\"39\" data-type=\"property\">Villa Lujo - by Almarina Villas<\/option>\n\t\t\t\t\t\t\t\t\t\t\t\t\t\t\t\t\t\t\t\t\t<\/optgroup>\n\t\t\t\t\t\t\t\t\t\t\t\t\t\t\t\t\t\t\t\t\t<option value=\"category18\" class=\"search-category\" data-id=\"18\" data-type=\"category\">Auf dem Meer (<400M)<\/option>\n\t\t\t\t\t\t\t\t\t\t\t<optgroup label=\"Auf dem Meer (<400M)\">\n\t\t\t\t\t\t\t\t\t\t\t\t\t\t\t\t\t\t\t\t<option value=\"property54\" class=\"search-category-property\" data-id=\"54\" data-type=\"property\">Ancora - By Almarina Villas<\/option>\n\t\t\t\t\t\t\t\t\t\t\t\t\t\t\t\t\t\t\t\t<option value=\"property59\" class=\"search-category-property\" data-id=\"59\" data-type=\"property\">Apolonia - by Almarina Villas<\/option>\n\t\t\t\t\t\t\t\t\t\t\t\t\t\t\t\t\t\t\t\t<option value=\"property58\" class=\"search-category-property\" data-id=\"58\" data-type=\"property\">Bahia de Javea - Managed by Almarina Villas<\/option>\n\t\t\t\t\t\t\t\t\t\t\t\t\t\t\t\t\t\t\t\t<option value=\"property23\" class=\"search-category-property\" data-id=\"23\" data-type=\"property\">Balilos 4 - By Almarina Villas<\/option>\n\t\t\t\t\t\t\t\t\t\t\t\t\t\t\t\t\t\t\t\t<option value=\"property22\" class=\"search-category-property\" data-id=\"22\" data-type=\"property\">Balilos 8 - By Almarina Villas<\/option>\n\t\t\t\t\t\t\t\t\t\t\t\t\t\t\t\t\t\t\t\t<option value=\"property36\" class=\"search-category-property\" data-id=\"36\" data-type=\"property\">Bianca - by Almarina Villas<\/option>\n\t\t\t\t\t\t\t\t\t\t\t\t\t\t\t\t\t\t\t\t<option value=\"property14\" class=\"search-category-property\" data-id=\"14\" data-type=\"property\">Brisa de Mar - By Almarina Villas<\/option>\n\t\t\t\t\t\t\t\t\t\t\t\t\t\t\t\t\t\t\t\t<option value=\"property42\" class=\"search-category-property\" data-id=\"42\" data-type=\"property\">El Faro - By Almarina Villas<\/option>\n\t\t\t\t\t\t\t\t\t\t\t\t\t\t\t\t\t\t\t\t<option value=\"property30\" class=\"search-category-property\" data-id=\"30\" data-type=\"property\">El Olivo - By Almarina Villas<\/option>\n\t\t\t\t\t\t\t\t\t\t\t\t\t\t\t\t\t\t\t\t<option value=\"property35\" class=\"search-category-property\" data-id=\"35\" data-type=\"property\">El Paseo - By Almarina Villas<\/option>\n\t\t\t\t\t\t\t\t\t\t\t\t\t\t\t\t\t\t\t\t<option value=\"property19\" class=\"search-category-property\" data-id=\"19\" data-type=\"property\">El Portet - By Almarina Villas<\/option>\n\t\t\t\t\t\t\t\t\t\t\t\t\t\t\t\t\t\t\t\t<option value=\"property29\" class=\"search-category-property\" data-id=\"29\" data-type=\"property\">La Calita - By Almarina Villas<\/option>\n\t\t\t\t\t\t\t\t\t\t\t\t\t\t\t\t\t\t\t\t<option value=\"property5\" class=\"search-category-property\" data-id=\"5\" data-type=\"property\">La Calma - By Almarina Villas<\/option>\n\t\t\t\t\t\t\t\t\t\t\t\t\t\t\t\t\t\t\t\t<option value=\"property1\" class=\"search-category-property\" data-id=\"1\" data-type=\"property\">La Mar - By Almarina Villas<\/option>\n\t\t\t\t\t\t\t\t\t\t\t\t\t\t\t\t\t\t\t\t<option value=\"property34\" class=\"search-category-property\" data-id=\"34\" data-type=\"property\">Mar y Cel - By Almarina Villas<\/option>\n\t\t\t\t\t\t\t\t\t\t\t\t\t\t\t\t\t\t\t\t<option value=\"property6\" class=\"search-category-property\" data-id=\"6\" data-type=\"property\">Mareta - By Almarina Villas<\/option>\n\t\t\t\t\t\t\t\t\t\t\t\t\t\t\t\t\t\t\t\t<option value=\"property32\" class=\"search-category-property\" data-id=\"32\" data-type=\"property\">Moraira Bay - By Almarina Villas<\/option>\n\t\t\t\t\t\t\t\t\t\t\t\t\t\t\t\t\t\t\t\t<option value=\"property38\" class=\"search-category-property\" data-id=\"38\" data-type=\"property\">Puerto del Sol - By Almarina Villas<\/option>\n\t\t\t\t\t\t\t\t\t\t\t\t\t\t\t\t\t\t\t\t<option value=\"property17\" class=\"search-category-property\" data-id=\"17\" data-type=\"property\">Son de Mar - By Almarina Villas<\/option>\n\t\t\t\t\t\t\t\t\t\t\t\t\t\t\t\t\t\t\t\t<option value=\"property24\" class=\"search-category-property\" data-id=\"24\" data-type=\"property\">The Sea Views - By Almarina Villas<\/option>\n\t\t\t\t\t\t\t\t\t\t\t\t\t\t\t\t\t\t\t\t<option value=\"property10\" class=\"search-category-property\" data-id=\"10\" data-type=\"property\">Vertigo -  By Almarina Villas<\/option>\n\t\t\t\t\t\t\t\t\t\t\t\t\t\t\t\t\t\t\t\t\t<\/optgroup>\n\t\t\t\t\t\t\t\t\t\t\t\t\t\t\t\t\t\t\t\t\t<option value=\"category25\" class=\"search-category\" data-id=\"25\" data-type=\"category\">Haustierfreundlich<\/option>\n\t\t\t\t\t\t\t\t\t\t\t<optgroup label=\"Haustierfreundlich\">\n\t\t\t\t\t\t\t\t\t\t\t\t\t\t\t\t\t\t\t\t<option value=\"property3\" class=\"search-category-property\" data-id=\"3\" data-type=\"property\">Aitana - By Almarina Villas<\/option>\n\t\t\t\t\t\t\t\t\t\t\t\t\t\t\t\t\t\t\t\t<option value=\"property16\" class=\"search-category-property\" data-id=\"16\" data-type=\"property\">Al Vent - By Almarina Villas<\/option>\n\t\t\t\t\t\t\t\t\t\t\t\t\t\t\t\t\t\t\t\t<option value=\"property54\" class=\"search-category-property\" data-id=\"54\" data-type=\"property\">Ancora - By Almarina Villas<\/option>\n\t\t\t\t\t\t\t\t\t\t\t\t\t\t\t\t\t\t\t\t<option value=\"property59\" class=\"search-category-property\" data-id=\"59\" data-type=\"property\">Apolonia - by Almarina Villas<\/option>\n\t\t\t\t\t\t\t\t\t\t\t\t\t\t\t\t\t\t\t\t<option value=\"property51\" class=\"search-category-property\" data-id=\"51\" data-type=\"property\">Atlas - by Almarina Villas<\/option>\n\t\t\t\t\t\t\t\t\t\t\t\t\t\t\t\t\t\t\t\t<option value=\"property50\" class=\"search-category-property\" data-id=\"50\" data-type=\"property\">Baladrar Views - By Almarina Villas<\/option>\n\t\t\t\t\t\t\t\t\t\t\t\t\t\t\t\t\t\t\t\t<option value=\"property23\" class=\"search-category-property\" data-id=\"23\" data-type=\"property\">Balilos 4 - By Almarina Villas<\/option>\n\t\t\t\t\t\t\t\t\t\t\t\t\t\t\t\t\t\t\t\t<option value=\"property22\" class=\"search-category-property\" data-id=\"22\" data-type=\"property\">Balilos 8 - By Almarina Villas<\/option>\n\t\t\t\t\t\t\t\t\t\t\t\t\t\t\t\t\t\t\t\t<option value=\"property36\" class=\"search-category-property\" data-id=\"36\" data-type=\"property\">Bianca - by Almarina Villas<\/option>\n\t\t\t\t\t\t\t\t\t\t\t\t\t\t\t\t\t\t\t\t<option value=\"property41\" class=\"search-category-property\" data-id=\"41\" data-type=\"property\">Bot\u00e1nico - By Almarina Villas<\/option>\n\t\t\t\t\t\t\t\t\t\t\t\t\t\t\t\t\t\t\t\t<option value=\"property14\" class=\"search-category-property\" data-id=\"14\" data-type=\"property\">Brisa de Mar - By Almarina Villas<\/option>\n\t\t\t\t\t\t\t\t\t\t\t\t\t\t\t\t\t\t\t\t<option value=\"property33\" class=\"search-category-property\" data-id=\"33\" data-type=\"property\">Casa Peponi - By Almarina Villas<\/option>\n\t\t\t\t\t\t\t\t\t\t\t\t\t\t\t\t\t\t\t\t<option value=\"property8\" class=\"search-category-property\" data-id=\"8\" data-type=\"property\">Coral - By Almarina Villas<\/option>\n\t\t\t\t\t\t\t\t\t\t\t\t\t\t\t\t\t\t\t\t<option value=\"property42\" class=\"search-category-property\" data-id=\"42\" data-type=\"property\">El Faro - By Almarina Villas<\/option>\n\t\t\t\t\t\t\t\t\t\t\t\t\t\t\t\t\t\t\t\t<option value=\"property30\" class=\"search-category-property\" data-id=\"30\" data-type=\"property\">El Olivo - By Almarina Villas<\/option>\n\t\t\t\t\t\t\t\t\t\t\t\t\t\t\t\t\t\t\t\t<option value=\"property35\" class=\"search-category-property\" data-id=\"35\" data-type=\"property\">El Paseo - By Almarina Villas<\/option>\n\t\t\t\t\t\t\t\t\t\t\t\t\t\t\t\t\t\t\t\t<option value=\"property19\" class=\"search-category-property\" data-id=\"19\" data-type=\"property\">El Portet - By Almarina Villas<\/option>\n\t\t\t\t\t\t\t\t\t\t\t\t\t\t\t\t\t\t\t\t<option value=\"property37\" class=\"search-category-property\" data-id=\"37\" data-type=\"property\">Esmeralda - By Almarina Villas<\/option>\n\t\t\t\t\t\t\t\t\t\t\t\t\t\t\t\t\t\t\t\t<option value=\"property29\" class=\"search-category-property\" data-id=\"29\" data-type=\"property\">La Calita - By Almarina Villas<\/option>\n\t\t\t\t\t\t\t\t\t\t\t\t\t\t\t\t\t\t\t\t<option value=\"property5\" class=\"search-category-property\" data-id=\"5\" data-type=\"property\">La Calma - By Almarina Villas<\/option>\n\t\t\t\t\t\t\t\t\t\t\t\t\t\t\t\t\t\t\t\t<option value=\"property1\" class=\"search-category-property\" data-id=\"1\" data-type=\"property\">La Mar - By Almarina Villas<\/option>\n\t\t\t\t\t\t\t\t\t\t\t\t\t\t\t\t\t\t\t\t<option value=\"property34\" class=\"search-category-property\" data-id=\"34\" data-type=\"property\">Mar y Cel - By Almarina Villas<\/option>\n\t\t\t\t\t\t\t\t\t\t\t\t\t\t\t\t\t\t\t\t<option value=\"property6\" class=\"search-category-property\" data-id=\"6\" data-type=\"property\">Mareta - By Almarina Villas<\/option>\n\t\t\t\t\t\t\t\t\t\t\t\t\t\t\t\t\t\t\t\t<option value=\"property38\" class=\"search-category-property\" data-id=\"38\" data-type=\"property\">Puerto del Sol - By Almarina Villas<\/option>\n\t\t\t\t\t\t\t\t\t\t\t\t\t\t\t\t\t\t\t\t<option value=\"property18\" class=\"search-category-property\" data-id=\"18\" data-type=\"property\">Romero - By Almarina Villas<\/option>\n\t\t\t\t\t\t\t\t\t\t\t\t\t\t\t\t\t\t\t\t<option value=\"property17\" class=\"search-category-property\" data-id=\"17\" data-type=\"property\">Son de Mar - By Almarina Villas<\/option>\n\t\t\t\t\t\t\t\t\t\t\t\t\t\t\t\t\t\t\t\t<option value=\"property24\" class=\"search-category-property\" data-id=\"24\" data-type=\"property\">The Sea Views - By Almarina Villas<\/option>\n\t\t\t\t\t\t\t\t\t\t\t\t\t\t\t\t\t\t\t\t\t<\/optgroup>\n\t\t\t\t\t\t\t\t\t\t\t\t\t\t\t\t\t\t\t\t\t<option value=\"category17\" class=\"search-category\" data-id=\"17\" data-type=\"category\">Blick aufs Meer <\/option>\n\t\t\t\t\t\t\t\t\t\t\t<optgroup label=\"Blick aufs Meer \">\n\t\t\t\t\t\t\t\t\t\t\t\t\t\t\t\t\t\t\t\t<option value=\"property16\" class=\"search-category-property\" data-id=\"16\" data-type=\"property\">Al Vent - By Almarina Villas<\/option>\n\t\t\t\t\t\t\t\t\t\t\t\t\t\t\t\t\t\t\t\t<option value=\"property54\" class=\"search-category-property\" data-id=\"54\" data-type=\"property\">Ancora - By Almarina Villas<\/option>\n\t\t\t\t\t\t\t\t\t\t\t\t\t\t\t\t\t\t\t\t<option value=\"property59\" class=\"search-category-property\" data-id=\"59\" data-type=\"property\">Apolonia - by Almarina Villas<\/option>\n\t\t\t\t\t\t\t\t\t\t\t\t\t\t\t\t\t\t\t\t<option value=\"property51\" class=\"search-category-property\" data-id=\"51\" data-type=\"property\">Atlas - by Almarina Villas<\/option>\n\t\t\t\t\t\t\t\t\t\t\t\t\t\t\t\t\t\t\t\t<option value=\"property58\" class=\"search-category-property\" data-id=\"58\" data-type=\"property\">Bahia de Javea - Managed by Almarina Villas<\/option>\n\t\t\t\t\t\t\t\t\t\t\t\t\t\t\t\t\t\t\t\t<option value=\"property25\" class=\"search-category-property\" data-id=\"25\" data-type=\"property\">Bah\u00eda del Portet - By Almarina Villas<\/option>\n\t\t\t\t\t\t\t\t\t\t\t\t\t\t\t\t\t\t\t\t<option value=\"property50\" class=\"search-category-property\" data-id=\"50\" data-type=\"property\">Baladrar Views - By Almarina Villas<\/option>\n\t\t\t\t\t\t\t\t\t\t\t\t\t\t\t\t\t\t\t\t<option value=\"property23\" class=\"search-category-property\" data-id=\"23\" data-type=\"property\">Balilos 4 - By Almarina Villas<\/option>\n\t\t\t\t\t\t\t\t\t\t\t\t\t\t\t\t\t\t\t\t<option value=\"property22\" class=\"search-category-property\" data-id=\"22\" data-type=\"property\">Balilos 8 - By Almarina Villas<\/option>\n\t\t\t\t\t\t\t\t\t\t\t\t\t\t\t\t\t\t\t\t<option value=\"property36\" class=\"search-category-property\" data-id=\"36\" data-type=\"property\">Bianca - by Almarina Villas<\/option>\n\t\t\t\t\t\t\t\t\t\t\t\t\t\t\t\t\t\t\t\t<option value=\"property20\" class=\"search-category-property\" data-id=\"20\" data-type=\"property\">Buenavista - By Almarina Villas<\/option>\n\t\t\t\t\t\t\t\t\t\t\t\t\t\t\t\t\t\t\t\t<option value=\"property33\" class=\"search-category-property\" data-id=\"33\" data-type=\"property\">Casa Peponi - By Almarina Villas<\/option>\n\t\t\t\t\t\t\t\t\t\t\t\t\t\t\t\t\t\t\t\t<option value=\"property8\" class=\"search-category-property\" data-id=\"8\" data-type=\"property\">Coral - By Almarina Villas<\/option>\n\t\t\t\t\t\t\t\t\t\t\t\t\t\t\t\t\t\t\t\t<option value=\"property42\" class=\"search-category-property\" data-id=\"42\" data-type=\"property\">El Faro - By Almarina Villas<\/option>\n\t\t\t\t\t\t\t\t\t\t\t\t\t\t\t\t\t\t\t\t<option value=\"property30\" class=\"search-category-property\" data-id=\"30\" data-type=\"property\">El Olivo - By Almarina Villas<\/option>\n\t\t\t\t\t\t\t\t\t\t\t\t\t\t\t\t\t\t\t\t<option value=\"property35\" class=\"search-category-property\" data-id=\"35\" data-type=\"property\">El Paseo - By Almarina Villas<\/option>\n\t\t\t\t\t\t\t\t\t\t\t\t\t\t\t\t\t\t\t\t<option value=\"property19\" class=\"search-category-property\" data-id=\"19\" data-type=\"property\">El Portet - By Almarina Villas<\/option>\n\t\t\t\t\t\t\t\t\t\t\t\t\t\t\t\t\t\t\t\t<option value=\"property21\" class=\"search-category-property\" data-id=\"21\" data-type=\"property\">El Toro - By Almarina Villas<\/option>\n\t\t\t\t\t\t\t\t\t\t\t\t\t\t\t\t\t\t\t\t<option value=\"property37\" class=\"search-category-property\" data-id=\"37\" data-type=\"property\">Esmeralda - By Almarina Villas<\/option>\n\t\t\t\t\t\t\t\t\t\t\t\t\t\t\t\t\t\t\t\t<option value=\"property29\" class=\"search-category-property\" data-id=\"29\" data-type=\"property\">La Calita - By Almarina Villas<\/option>\n\t\t\t\t\t\t\t\t\t\t\t\t\t\t\t\t\t\t\t\t<option value=\"property5\" class=\"search-category-property\" data-id=\"5\" data-type=\"property\">La Calma - By Almarina Villas<\/option>\n\t\t\t\t\t\t\t\t\t\t\t\t\t\t\t\t\t\t\t\t<option value=\"property1\" class=\"search-category-property\" data-id=\"1\" data-type=\"property\">La Mar - By Almarina Villas<\/option>\n\t\t\t\t\t\t\t\t\t\t\t\t\t\t\t\t\t\t\t\t<option value=\"property34\" class=\"search-category-property\" data-id=\"34\" data-type=\"property\">Mar y Cel - By Almarina Villas<\/option>\n\t\t\t\t\t\t\t\t\t\t\t\t\t\t\t\t\t\t\t\t<option value=\"property6\" class=\"search-category-property\" data-id=\"6\" data-type=\"property\">Mareta - By Almarina Villas<\/option>\n\t\t\t\t\t\t\t\t\t\t\t\t\t\t\t\t\t\t\t\t<option value=\"property15\" class=\"search-category-property\" data-id=\"15\" data-type=\"property\">Mirador - By Almarina Villas<\/option>\n\t\t\t\t\t\t\t\t\t\t\t\t\t\t\t\t\t\t\t\t<option value=\"property32\" class=\"search-category-property\" data-id=\"32\" data-type=\"property\">Moraira Bay - By Almarina Villas<\/option>\n\t\t\t\t\t\t\t\t\t\t\t\t\t\t\t\t\t\t\t\t<option value=\"property38\" class=\"search-category-property\" data-id=\"38\" data-type=\"property\">Puerto del Sol - By Almarina Villas<\/option>\n\t\t\t\t\t\t\t\t\t\t\t\t\t\t\t\t\t\t\t\t<option value=\"property18\" class=\"search-category-property\" data-id=\"18\" data-type=\"property\">Romero - By Almarina Villas<\/option>\n\t\t\t\t\t\t\t\t\t\t\t\t\t\t\t\t\t\t\t\t<option value=\"property17\" class=\"search-category-property\" data-id=\"17\" data-type=\"property\">Son de Mar - By Almarina Villas<\/option>\n\t\t\t\t\t\t\t\t\t\t\t\t\t\t\t\t\t\t\t\t<option value=\"property24\" class=\"search-category-property\" data-id=\"24\" data-type=\"property\">The Sea Views - By Almarina Villas<\/option>\n\t\t\t\t\t\t\t\t\t\t\t\t\t\t\t\t\t\t\t\t<option value=\"property10\" class=\"search-category-property\" data-id=\"10\" data-type=\"property\">Vertigo -  By Almarina Villas<\/option>\n\t\t\t\t\t\t\t\t\t\t\t\t\t\t\t\t\t\t\t\t<option value=\"property39\" class=\"search-category-property\" data-id=\"39\" data-type=\"property\">Villa Lujo - by Almarina Villas<\/option>\n\t\t\t\t\t\t\t\t\t\t\t\t\t\t\t\t\t\t\t\t\t<\/optgroup>\n\t\t\t\t\t\t\t\t\t\t\t\t\t\t\t\t\t\t<\/select>\n\t\t\t\t\t\t\t\t<div class=\"input-group-append\">\n\t\t\t\t\t\t\t\t\t<span class=\"input-group-text input-group-text-icon-sm\"><i class=\"fas fa-fw fa-chevron-down\"><\/i><\/span>\n\t\t\t\t\t\t\t\t<\/div>\n\t\t\t\t\t\t\t<\/div>\n\t\t\t\t\t\t<\/div>\n\t\t\t\t\t\t\n\t\t\t\t\t\t\t\t\t\t\t\t<div class=\"col-12 col-md-4 col-lg-2 _villas-365-date-container\">\n\t\t\t\t\t\t\t<label class=\"d-none\" for=\"checkin\">Anreise<\/label>\n\t\t\t\t\t\t\t<div class=\"input-group\">\n\t\t\t\t\t\t\t\t<input type=\"text\" class=\"form-control _villas-365-checkin _villas-365-date-control _villas-365-date-control-start\" value=\"\" placeholder=\"Anreise\" data-start-field-id=\"_villas-365-checkin\" data-end-field-id=\"_villas-365-checkout\">\n\t\t\t\t\t\t\t\t<div class=\"input-group-append\">\n\t\t\t\t\t\t\t\t\t<span class=\"input-group-text\"><i class=\"far fa-fw fa-calendar-alt\"><\/i><\/span>\n\t\t\t\t\t\t\t\t<\/div>\n\t\t\t\t\t\t\t<\/div>\n\t\t\t\t\t\t<\/div>\n\t\t\t\t\t\t<div class=\"col-12 col-md-4 col-lg-2 _villas-365-date-container\">\n\t\t\t\t\t\t\t<label class=\"d-none\" for=\"checkout\">Abreise<\/label>\n\t\t\t\t\t\t\t<div class=\"input-group\">\n\t\t\t\t\t\t\t\t<input type=\"text\" class=\"form-control _villas-365-checkout _villas-365-date-control _villas-365-date-control-end\" value=\"\" placeholder=\"Abreise\">\n\t\t\t\t\t\t\t\t<div class=\"input-group-append\">\n\t\t\t\t\t\t\t\t\t<span class=\"input-group-text\"><i class=\"far fa-fw fa-calendar-alt\"><\/i><\/span>\n\t\t\t\t\t\t\t\t<\/div>\n\t\t\t\t\t\t\t<\/div>\n\t\t\t\t\t\t<\/div>\n\t\t\t\t\t\t\n\t\t\t\t\t\t\t\t\t\t\t\t<div class=\"col-12 col-md-4 col-lg-2\">\n\t\t\t\t\t\t\t<label class=\"d-none\" for=\"adultguests\">Erwachsene<\/label>\n\t\t\t\t\t\t\t<div class=\"input-group chosen-input-group search-guests\">\n\t\t\t\t\t\t\t\t<select name=\"adultguests\" class=\"form-control search-text chosen-select chosen-select-single\" placeholder=\"Erwachsene\" data-placeholder=\"Erwachsene\">\n\t\t\t\t\t\t\t\t\t<option value=\"\">Erwachsene<\/option>\n\t\t\t\t\t\t\t\t\t\t\t\t\t\t\t\t\t\t<option value=\"1\">1<\/option>\n\t\t\t\t\t\t\t\t\t\t\t\t\t\t\t\t\t\t<option value=\"2\">2<\/option>\n\t\t\t\t\t\t\t\t\t\t\t\t\t\t\t\t\t\t<option value=\"3\">3<\/option>\n\t\t\t\t\t\t\t\t\t\t\t\t\t\t\t\t\t\t<option value=\"4\">4<\/option>\n\t\t\t\t\t\t\t\t\t\t\t\t\t\t\t\t\t\t<option value=\"5\">5<\/option>\n\t\t\t\t\t\t\t\t\t\t\t\t\t\t\t\t\t\t<option value=\"6\">6<\/option>\n\t\t\t\t\t\t\t\t\t\t\t\t\t\t\t\t\t\t<option value=\"7\">7<\/option>\n\t\t\t\t\t\t\t\t\t\t\t\t\t\t\t\t\t\t<option value=\"8\">8<\/option>\n\t\t\t\t\t\t\t\t\t\t\t\t\t\t\t\t\t\t<option value=\"9\">9<\/option>\n\t\t\t\t\t\t\t\t\t\t\t\t\t\t\t\t\t\t<option value=\"10\">10<\/option>\n\t\t\t\t\t\t\t\t\t\t\t\t\t\t\t\t\t\t<option value=\"11\">11<\/option>\n\t\t\t\t\t\t\t\t\t\t\t\t\t\t\t\t\t\t<option value=\"12\">12<\/option>\n\t\t\t\t\t\t\t\t\t\t\t\t\t\t\t\t\t\t<option value=\"13\">13<\/option>\n\t\t\t\t\t\t\t\t\t\t\t\t\t\t\t\t\t\t<option value=\"14\">14<\/option>\n\t\t\t\t\t\t\t\t\t\t\t\t\t\t\t\t\t<\/select>\n\t\t\t\t\t\t\t\t<div class=\"input-group-append\">\n\t\t\t\t\t\t\t\t\t<span class=\"input-group-text\"><i class=\"fas fa-fw fa-user-friends\"><\/i><\/span>\n\t\t\t\t\t\t\t\t<\/div>\n\t\t\t\t\t\t\t<\/div>\n\t\t\t\t\t\t<\/div>\n\t\t\t\t\t\t\n\t\t\t\t\t\t\n\t\t\t\t\t\t\n\t\t\t\t\t\t\n\t\t\t\t\t\t\n\t\t\t\t\t\t\n\t\t\t\t\t\t\t\t\t\t\t\t<div class=\"col-12 col-md-4 col-lg-2\">\n\t\t\t\t\t\t\t<label class=\"d-none\" for=\"city\">Stadt<\/label>\n\t\t\t\t\t\t\t<div class=\"input-group chosen-input-group\">\n\t\t\t\t\t\t\t\t<select name=\"city\" class=\"form-control search-text chosen-select chosen-select-single\" placeholder=\"Stadt\" data-placeholder=\"Stadt\">\n\t\t\t\t\t\t\t\t\t<option value=\"\">Stadt<\/option>\n\t\t\t\t\t\t\t\t\t\t\t\t\t\t\t\t\t\t<option value=\"BENISSA\">BENISSA<\/option>\n\t\t\t\t\t\t\t\t\t\t\t\t\t\t\t\t\t\t<option value=\"CALPE\">CALPE<\/option>\n\t\t\t\t\t\t\t\t\t\t\t\t\t\t\t\t\t\t<option value=\"DENIA\">DENIA<\/option>\n\t\t\t\t\t\t\t\t\t\t\t\t\t\t\t\t\t\t<option value=\"J\u00c1VEA\">J\u00c1VEA<\/option>\n\t\t\t\t\t\t\t\t\t\t\t\t\t\t\t\t\t\t<option value=\"MORAIRA\">MORAIRA<\/option>\n\t\t\t\t\t\t\t\t\t\t\t\t\t\t\t\t\t<\/select>\n\t\t\t\t\t\t\t\t<div class=\"input-group-append\">\n\t\t\t\t\t\t\t\t\t<span class=\"input-group-text\"><i class=\"fas fa-fw fa-city\"><\/i><\/span>\n\t\t\t\t\t\t\t\t<\/div>\n\t\t\t\t\t\t\t<\/div>\n\t\t\t\t\t\t<\/div>\n\t\t\t\t\t\t\n\t\t\t\t\t\t\n\t\t\t\t\t\t\t\t\t\t\t\t\n\t\t\t\t\t\t<div class=\"col-12 col-md-4 col-lg-2 mt-2 mt-md-0\">\n\t\t\t\t\t\t\t<div class=\"d-flex\">\n\t\t\t\t\t\t\t\t\t\t\t\t\t\t\t\t<button type=\"button\" class=\"_villas-365-search-button _villas-365-filter-button btn btn-primary\"><i class=\"fas fa-fw fa-sliders-h\"><\/i><span class=\"sr-only\">Filter<\/span><\/button>\n\t\t\t\t\t\t\t\t\t\t\t\t\t\t\t\t<button type=\"submit\" class=\"_villas-365-search-button btn btn-primary\">Suchen<\/button>\n\t\t\t\t\t\t\t<\/div>\n\t\t\t\t\t\t<\/div>\n\t\t\t\t\t<\/div>\n\t\t\t\t<\/div>\n\t\t\t<\/div>\n\t\t<\/div>\n\n\t\t\t\t<div id=\"_villas-365-search-form-filter\" style=\"display: none;\">\n\t\t\t<div class=\"_villas-365-search-form-filter-inner\">\n\t\t\t\t<div class=\"container-fluid\">\n\t\t\t\t\t<div class=\"row align-items-end _villas-365-date-range-container _villas-365-field-container\">\n\t\t\t\t\t\t\n\t\t\t\t\t\t\n\t\t\t\t\t\t\n\t\t\t\t\t\t\n\t\t\t\t\t\t\n\t\t\t\t\t\t\n\t\t\t\t\t\t\n\t\t\t\t\t\t\n\t\t\t\t\t\t\n\t\t\t\t\t\t\n\t\t\t\t\t\t\t\t\t\t\t<\/div>\n\n\t\t\t\t\t\t\t\t\t\t<div class=\"row _villas-365-hr-container\">\n\t\t\t\t\t\t<div class=\"col\">\n\t\t\t\t\t\t\t<div class=\"_villas-365-hr\"><\/div>\n\t\t\t\t\t\t<\/div>\n\t\t\t\t\t<\/div>\n\t\t\t\t\t<div class=\"row _villas-365-field-container _villas-365-options-container\">\n\t\t\t\t\t\t<div class=\"col-12 col-md-4 col-lg-2 _villas-365-option-container\">\n\t\t\t\t\t\t\t<strong>Filteroptionen:<\/strong>\n\t\t\t\t\t\t<\/div>\n\n\t\t\t\t\t\t<div class=\"col-12 col-lg-10\">\n\t\t\t\t\t\t\t<div class=\"row align-items-center _villas-365-option-checkboxes\">\n\t\t\t\t\t\t\t\t\t\t\t\t\t\t\t\t<div class=\"col-12 col-md-4 col-lg-5-columns _villas-365-option-checkbox _villas-365-option-container\">\n\t\t\t\t\t\t\t\t\t<label>\n\t\t\t\t\t\t\t\t\t\t<input type=\"checkbox\" name=\"searchoptions[pet]\" >&nbsp;Haustiere\t\t\t\t\t\t\t\t\t<\/label>\n\t\t\t\t\t\t\t\t\t<div class=\"_villas-365-option-checkbox-custom-container\">\n\t\t\t\t\t\t\t\t\t\t<span class=\"_villas-365-option-checkbox-custom \">\n\t\t\t\t\t\t\t\t\t\t\t<i class=\"fas fa-fw fa-check\"><\/i>\n\t\t\t\t\t\t\t\t\t\t<\/span>\n\t\t\t\t\t\t\t\t\t\t<span class=\"_villas-365-option-checkbox-custom-text\">Haustiere<\/span>\n\t\t\t\t\t\t\t\t\t<\/div>\n\t\t\t\t\t\t\t\t<\/div>\n\t\t\t\t\t\t\t\t\t\t\t\t\t\t\t\t<div class=\"col-12 col-md-4 col-lg-5-columns _villas-365-option-checkbox _villas-365-option-container\">\n\t\t\t\t\t\t\t\t\t<label>\n\t\t\t\t\t\t\t\t\t\t<input type=\"checkbox\" name=\"searchoptions[airconditioner]\" >&nbsp;Klimatisiert\t\t\t\t\t\t\t\t\t<\/label>\n\t\t\t\t\t\t\t\t\t<div class=\"_villas-365-option-checkbox-custom-container\">\n\t\t\t\t\t\t\t\t\t\t<span class=\"_villas-365-option-checkbox-custom \">\n\t\t\t\t\t\t\t\t\t\t\t<i class=\"fas fa-fw fa-check\"><\/i>\n\t\t\t\t\t\t\t\t\t\t<\/span>\n\t\t\t\t\t\t\t\t\t\t<span class=\"_villas-365-option-checkbox-custom-text\">Klimatisiert<\/span>\n\t\t\t\t\t\t\t\t\t<\/div>\n\t\t\t\t\t\t\t\t<\/div>\n\t\t\t\t\t\t\t\t\t\t\t\t\t\t\t\t<div class=\"col-12 col-md-4 col-lg-5-columns _villas-365-option-checkbox _villas-365-option-container\">\n\t\t\t\t\t\t\t\t\t<label>\n\t\t\t\t\t\t\t\t\t\t<input type=\"checkbox\" name=\"searchoptions[ocean]\" >&nbsp;Am Meer\t\t\t\t\t\t\t\t\t<\/label>\n\t\t\t\t\t\t\t\t\t<div class=\"_villas-365-option-checkbox-custom-container\">\n\t\t\t\t\t\t\t\t\t\t<span class=\"_villas-365-option-checkbox-custom \">\n\t\t\t\t\t\t\t\t\t\t\t<i class=\"fas fa-fw fa-check\"><\/i>\n\t\t\t\t\t\t\t\t\t\t<\/span>\n\t\t\t\t\t\t\t\t\t\t<span class=\"_villas-365-option-checkbox-custom-text\">Am Meer<\/span>\n\t\t\t\t\t\t\t\t\t<\/div>\n\t\t\t\t\t\t\t\t<\/div>\n\t\t\t\t\t\t\t\t\t\t\t\t\t\t\t<\/div>\n\t\t\t\t\t\t<\/div>\n\t\t\t\t\t<\/div>\n\t\t\t\t\t\n\t\t\t\t\t\n\t\t\t\t\t<div class=\"row _villas-365-hr-container\">\n\t\t\t\t\t\t<div class=\"col\">\n\t\t\t\t\t\t\t<div class=\"_villas-365-hr\"><\/div>\n\t\t\t\t\t\t<\/div>\n\t\t\t\t\t<\/div>\n\t\t\t\t\t<div class=\"row justify-content-end _villas-365-field-container _villas-365-search-form-filter-buttons\">\n\t\t\t\t\t\t<div class=\"col-12 col-md-5 col-lg-4 mt-2 mt-md-0\">\n\t\t\t\t\t\t\t<div class=\"d-flex\">\n\t\t\t\t\t\t\t\t<button type=\"button\" id=\"_villas-365-search-reset\" class=\"btn btn btn-outline-primary _villas-365-property-outline-button\">Zur\u00fccksetzen<\/button>\n\t\t\t\t\t\t\t\t<button type=\"submit\" id=\"_villas-365-search-apply\" class=\"btn btn-primary _villas-365-property-button\">Anwenden<\/button>\n\t\t\t\t\t\t\t<\/div>\n\t\t\t\t\t\t<\/div>\n\t\t\t\t\t<\/div>\n\t\t\t\t<\/div>\n\t\t\t<\/div>\n\t\t<\/div>\n\t\t\n\t\t<div id=\"_datetime-hidden-fields\">\n\t\t\t<input id=\"_villas-365-checkin\" type='hidden' name='checkin' value=\"\">\n\t\t\t<input id=\"_villas-365-checkout\" type='hidden' name='checkout' value=\"\">\n\t\t<\/div>\n\t\t<div id=\"_hidden-fields\">\n\t\t\t\t\t\t<input id=\"_villas-365-sort\" type='hidden' name='sort' value=\"\">\n\n\t\t\t\t\t\t<input id=\"_villas-365-view\" type='hidden' name='view' value=\"\">\n\t\t<\/div>\n\t<\/form>\n<\/div>\n<div id=\"properties-list\" class=\"_villas-365-bootstrap _villas-365-properties _villas-365-properties-grid\">\n\t<div class=\"_villas-365-properties-header\">\n\t\t<div class=\"container\">\n\t<div class=\"row align-items-center\">\n\t\t<div class=\"col-12 col-md\">\n\t\t\t<h2 class=\"_villas-365-properties-title\">38 Verf\u00fcgbar<\/h2>\n\t\t<\/div>\n\n\t\t\t<\/div>\n\t<div class=\"row\">\n\t\t<div class=\"col\">\n\t\t\t<div class=\"_villas-365-properties-title-separator\"><\/div>\n\t\t<\/div>\n\t<\/div>\n\n\t<div class=\"row align-items-center\">\n\t\t<div class=\"col-12 col-sm mb-half-gutter mb-sm-0\">\n\t\t\t<div class=\"_villas-365-properties-view-controls\">\n\t\t\t\t<span class=\"_villas-365-properties-view-control _villas-365-properties-view-control-title\">Ansehen:<\/span>\n\t\t\t\t\t\t\t\t<a class=\"_villas-365-properties-view-control _villas-365-properties-view-button\" href=\"https:\/\/almarinavillas.com\/en\/accommodation\/?q=&categoryid=&propertyid=&checkin=&checkout=&guests=&adultguests=&childguests=&minprice=&maxprice=&price=&city=&propertyids=&view=map\" data-href=\"https:\/\/almarinavillas.com\/en\/accommodation\/?q=&categoryid=&propertyid=&checkin=&checkout=&guests=&adultguests=&childguests=&minprice=&maxprice=&price=&city=&propertyids=&view=map\"><i class=\"fas fa-map-marker-alt\"><\/i><span class=\"sr-only\">Map<\/span><\/a>\n\t\t\t\t<a class=\"_villas-365-properties-view-control _villas-365-properties-view-button active\" href=\"https:\/\/almarinavillas.com\/en\/accommodation\/?q=&categoryid=&propertyid=&checkin=&checkout=&guests=&adultguests=&childguests=&minprice=&maxprice=&price=&city=&propertyids=&view=grid\" data-href=\"https:\/\/almarinavillas.com\/en\/accommodation\/?q=&categoryid=&propertyid=&checkin=&checkout=&guests=&adultguests=&childguests=&minprice=&maxprice=&price=&city=&propertyids=&view=grid\"><i class=\"fas fa-th\"><\/i><span class=\"sr-only\">Grid<\/span><\/a>\n\t\t\t\t<a class=\"_villas-365-properties-view-control _villas-365-properties-view-button\" href=\"https:\/\/almarinavillas.com\/en\/accommodation\/?q=&categoryid=&propertyid=&checkin=&checkout=&guests=&adultguests=&childguests=&minprice=&maxprice=&price=&city=&propertyids=&view=list\" data-href=\"https:\/\/almarinavillas.com\/en\/accommodation\/?q=&categoryid=&propertyid=&checkin=&checkout=&guests=&adultguests=&childguests=&minprice=&maxprice=&price=&city=&propertyids=&view=list\"><i class=\"fas fa-list\"><\/i><span class=\"sr-only\">List<\/span><\/a>\n\t\t\t<\/div>\n\t\t<\/div>\n\t\t<div class=\"col-12 col-sm-auto\">\n\t\t\t<div class=\"_villas-365-properties-sort-controls\">\n\t\t\t\t\t\t\t\t<span class=\"_villas-365-properties-sort-control-label\">Sortieren:<\/span>\n\t\t\t\t<select name=\"sort\" class=\"_villas-365-properties-sort-control form-control search-text chosen-select chosen-select-single\" data-href=\"https:\/\/almarinavillas.com\/en\/accommodation\/?q=&categoryid=&propertyid=&checkin=&checkout=&guests=&adultguests=&childguests=&minprice=&maxprice=&price=&city=&view=grid&propertyids=&sort=\" data-placeholder=\"W\u00e4hlen\">\n\t\t\t\t\t<option value=\"\" selected><\/option>\n\t\t\t\t\t<option value=\"price-high\">Preis von Hoch bis Niedrig<\/option>\n\t\t\t\t\t<option value=\"price-low\">Preis von Niedrig bis Hoch<\/option>\n\t\t\t\t\t<option value=\"bedrooms\">Schlafzimmer<\/option>\n\t\t\t\t\t<option value=\"name\">Vorname<\/option>\n\t\t\t\t<\/select>\n\t\t\t<\/div>\n\t\t<\/div>\n\t<\/div>\n<\/div>\n\t<\/div>\n\n\t<div class=\"container mt-4\">\n\t\t\t\t\t\t\t\t\t\t\t<div class=\"row\">\n\t\t\t\t\t\t\t\t\t\t\t\t<div class=\"_villas-365-property col-md mb-3\">\n\t\t\t\t\t\t\t\t\t\t\t<div class=\"_villas-365-property-inner\">\n\t<div class=\"row h-100\">\n\t\t<div class=\"col-12\">\n\t\t\t<div class=\"row\">\n\t\t\t\t<div class=\"col-12 mb-2\">\n\t\t\t\t\t<div class=\"_villas-365-property-image\">\n\t\t\t\t\t\t\t\t\t\t\t\t<div class=\"_villas-365-property-image-overlay\"><\/div>\n\t\t\t\t\t\t<a href=\"https:\/\/almarinavillas.com\/de\/eigentum\/59-apolonia-by-almarina-villas\/\" class=\"unstyled-link _villas-365-property-image-link\" style=\"background-image:url('https:\/\/secure.365villas.com\/getimage\/uploads\/config\/alvaroaznar\/property\/gallery\/59\/20260227_112042_9912jpg.jpg');\" target=\"_blank\">\n\t\t\t\t\t\t\t<img decoding=\"async\" src=\"https:\/\/secure.365villas.com\/getimage\/uploads\/config\/alvaroaznar\/property\/gallery\/59\/20260227_112042_9912jpg.jpg\" alt=\"\" class=\"img-fluid d-block d-lg-none\">\n\t\t\t\t\t\t<\/a>\n\t\t\t\t\t\t\t\t\t\t\t\t\t\t\t\t\t\t<a href=\"https:\/\/almarinavillas.com\/de\/unterkunft\/\" class=\"_villas-365-property-info-label _villas-365-property-discount\" target=\"_blank\">\n\t\t\t\t\t\t\t<div class=\"_villas-365-property-discount-label\">Werbeaktionen<\/div><div class=\"_villas-365-property-discount-icon\"><i class=\"fa fa-fw fa-info-circle\"><\/i><\/div><div class=\"_villas-365-property-discount-text\">Last minute discount<\/div>\n\t\t\t\t\t\t<\/a>\n\t\t\t\t\t\t\t\t\t\t\t\t\n\t\t\t\t\t\t\t\t\t\t\t\t<div class=\"_villas-365-property-price\" title=\"\u20ac453.00 per night, \u20ac3,171.00 per week\">\n\t\t\t\t\t\t\t<span class=\"_villas-365-property-price-from-text\">Von<\/span>\n\t\t\t\t\t\t\t<br><span class=\"_villas-365-property-price-value\">\u20ac453.00<\/span>\/nacht\t\t\t\t\t\t<\/div>\n\t\t\t\t\t\t\n\t\t\t\t\t\t\t\t\t\t\t\t\t<div class=\"_villas-365-property-save-button loading\" data-property-id=\"59\">\n\t<i class=\"fas fa-spinner fa-spin fa-fw _villas-365-property-save-button-icon _villas-365-property-save-spinner\"><\/i>\n\t<i class=\"far fa-heart fa-fw _villas-365-property-save-button-icon _villas-365-property-save-inactive\"><\/i>\n\t<i class=\"fas fa-heart fa-fw _villas-365-property-save-button-icon _villas-365-property-save-active\"><\/i>\n\t<\/div>\n\t\t\t\t\t\t\t\t\t\t\t<\/div>\n\t\t\t\t<\/div>\n\t\t\t\t<div class=\"col-12\">\n\t\t\t\t\t<div class=\"_villas-365-property-inner-text\">\n\t\t\t\t\t\t<div class=\"row h-100\">\n\t\t\t\t\t\t\t<div class=\"col-12\">\n\t\t\t\t\t\t\t\t<div class=\"row\">\n\t\t\t\t\t\t\t\t\t\t\t\t\t\t\t\t\t\t<div class=\"col-12\">\n\t\t\t\t\t\t\t\t\t\t<h5 class=\"_villas-365-property-name\">\n\t\t\t\t\t\t\t\t\t\t\t<a href=\"https:\/\/almarinavillas.com\/de\/eigentum\/59-apolonia-by-almarina-villas\/\" target=\"_blank\">Apolonia - by Almarina Villas<\/a>\n\t\t\t\t\t\t\t\t\t\t<\/h5>\n\t\t\t\t\t\t\t\t\t<\/div>\n\t\t\t\t\t\t\t\t\t\n\t\t\t\t\t\t\t\t\t\t\t\t\t\t\t\t\t\t<div class=\"col-12\">\n\t\t\t\t\t\t\t\t\t\t<div class=\"_villas-365-property-summary\">\n\t\t\t\t\t\t\t\t\t\t\tDie Villa Apolonia (Calpe) ist eine spektakul\u00e4re und einzigartige Villa,  die sich durch ihre mediterrane Architektur und ihre gepflegte Einrichtung auszeichnet und von der Villa aus einen unvergleichlichen Meerblick bietet \u2013 von den herrlichen Terra...\t\t\t\t\t\t\t\t\t\t<\/div>\n\t\t\t\t\t\t\t\t\t<\/div>\n\t\t\t\t\t\t\t\t\t\n\t\t\t\t\t\t\t\t\t\t\t\t\t\t\t\t\t\t<div class=\"col-6\">\n\t\t\t\t\t\t\t\t\t\t<div class=\"_villas-365-property-rooms\">\n\t\t<span class=\"_villas-365-property-room\"><i class=\"_villas-365-property-room-icon fas fa-user\"><\/i> 10<\/span>\n\t\t<span class=\"_villas-365-property-room\"><i class=\"_villas-365-property-room-icon fas fa-bed\"><\/i> 5<\/span>\n\t\t<span class=\"_villas-365-property-room\"><i class=\"_villas-365-property-room-icon fas fa-bath\"><\/i> 4<\/span>\n\t\t<\/div>\n\t\t\t\t\t\t\t\t\t<\/div>\n\t\t\t\t\t\t\t\t\t\n\t\t\t\t\t\t\t\t\t<div class=\"col-6 text-right\">\n\t\t\t\t\t\t\t\t\t\t<a href=\"https:\/\/almarinavillas.com\/de\/eigentum\/59-apolonia-by-almarina-villas\/\" target=\"_blank\"\" class=\"_villas-365-property-button _villas-365-property-outline-button btn btn-outline-primary\">Reservieren<\/a>\n\t\t\t\t\t\t\t\t\t<\/div>\n\t\t\t\t\t\t\t\t<\/div>\n\t\t\t\t\t\t\t<\/div>\n\t\t\t\t\t\t<\/div>\n\t\t\t\t\t<\/div>\n\t\t\t\t<\/div>\n\t\t\t<\/div>\n\t\t<\/div>\n\t<\/div>\n<\/div>\t\t\t\t\t\t\t\t\t<\/div>\n\t\t\t\t\t\t\t\t<div class=\"_villas-365-property col-md mb-3\">\n\t\t\t\t\t\t\t\t\t\t\t<div class=\"_villas-365-property-inner\">\n\t<div class=\"row h-100\">\n\t\t<div class=\"col-12\">\n\t\t\t<div class=\"row\">\n\t\t\t\t<div class=\"col-12 mb-2\">\n\t\t\t\t\t<div class=\"_villas-365-property-image\">\n\t\t\t\t\t\t\t\t\t\t\t\t<div class=\"_villas-365-property-image-overlay\"><\/div>\n\t\t\t\t\t\t<a href=\"https:\/\/almarinavillas.com\/de\/eigentum\/51-atlas-by-almarina-villas\/\" class=\"unstyled-link _villas-365-property-image-link\" style=\"background-image:url('https:\/\/secure.365villas.com\/getimage\/uploads\/config\/alvaroaznar\/property\/gallery\/51\/20260226_094809_5858jpg.jpg');\" target=\"_blank\">\n\t\t\t\t\t\t\t<img decoding=\"async\" src=\"https:\/\/secure.365villas.com\/getimage\/uploads\/config\/alvaroaznar\/property\/gallery\/51\/20260226_094809_5858jpg.jpg\" alt=\"\" class=\"img-fluid d-block d-lg-none\">\n\t\t\t\t\t\t<\/a>\n\t\t\t\t\t\t\t\t\t\t\t\t\t\t\t\t\t\t<a href=\"https:\/\/almarinavillas.com\/de\/unterkunft\/\" class=\"_villas-365-property-info-label _villas-365-property-discount\" target=\"_blank\">\n\t\t\t\t\t\t\t<div class=\"_villas-365-property-discount-label\">Werbeaktionen<\/div><div class=\"_villas-365-property-discount-icon\"><i class=\"fa fa-fw fa-info-circle\"><\/i><\/div><div class=\"_villas-365-property-discount-text\">LUJO DESCUENTO ESPECIAL 15% ABRIL Y MAYO! - SPECIAL  15% LUXURY APRIL &amp; MAY (25% PARA UNA SEMANA O M\u00c1S - 25% ONE WEEK OR MORE)<\/div>\n\t\t\t\t\t\t<\/a>\n\t\t\t\t\t\t\t\t\t\t\t\t\n\t\t\t\t\t\t\t\t\t\t\t\t<div class=\"_villas-365-property-price\" title=\"\u20ac309.00 per night, \u20ac2,163.00 per week\">\n\t\t\t\t\t\t\t<span class=\"_villas-365-property-price-from-text\">Von<\/span>\n\t\t\t\t\t\t\t<br><span class=\"_villas-365-property-price-value\">\u20ac309.00<\/span>\/nacht\t\t\t\t\t\t<\/div>\n\t\t\t\t\t\t\n\t\t\t\t\t\t\t\t\t\t\t\t\t<div class=\"_villas-365-property-save-button loading\" data-property-id=\"51\">\n\t<i class=\"fas fa-spinner fa-spin fa-fw _villas-365-property-save-button-icon _villas-365-property-save-spinner\"><\/i>\n\t<i class=\"far fa-heart fa-fw _villas-365-property-save-button-icon _villas-365-property-save-inactive\"><\/i>\n\t<i class=\"fas fa-heart fa-fw _villas-365-property-save-button-icon _villas-365-property-save-active\"><\/i>\n\t<\/div>\n\t\t\t\t\t\t\t\t\t\t\t<\/div>\n\t\t\t\t<\/div>\n\t\t\t\t<div class=\"col-12\">\n\t\t\t\t\t<div class=\"_villas-365-property-inner-text\">\n\t\t\t\t\t\t<div class=\"row h-100\">\n\t\t\t\t\t\t\t<div class=\"col-12\">\n\t\t\t\t\t\t\t\t<div class=\"row\">\n\t\t\t\t\t\t\t\t\t\t\t\t\t\t\t\t\t\t<div class=\"col-12\">\n\t\t\t\t\t\t\t\t\t\t<h5 class=\"_villas-365-property-name\">\n\t\t\t\t\t\t\t\t\t\t\t<a href=\"https:\/\/almarinavillas.com\/de\/eigentum\/51-atlas-by-almarina-villas\/\" target=\"_blank\">Atlas - by Almarina Villas<\/a>\n\t\t\t\t\t\t\t\t\t\t<\/h5>\n\t\t\t\t\t\t\t\t\t<\/div>\n\t\t\t\t\t\t\t\t\t\n\t\t\t\t\t\t\t\t\t\t\t\t\t\t\t\t\t\t<div class=\"col-12\">\n\t\t\t\t\t\t\t\t\t\t<div class=\"_villas-365-property-summary\">\n\t\t\t\t\t\t\t\t\t\t\tDie Villa Atlas (J\u00e1vea) ist eine gro\u00dfe, moderne Villa mit 4 Schlafzimmern, die speziell f\u00fcr einen unvergesslichen Aufenthalt an der wundersch\u00f6nen Mittelmeerk\u00fcste J\u00e1veas konzipiert wurde. Sie bietet ihren G\u00e4sten Eleganz und Stil, viel Platz, Licht und...\t\t\t\t\t\t\t\t\t\t<\/div>\n\t\t\t\t\t\t\t\t\t<\/div>\n\t\t\t\t\t\t\t\t\t\n\t\t\t\t\t\t\t\t\t\t\t\t\t\t\t\t\t\t<div class=\"col-6\">\n\t\t\t\t\t\t\t\t\t\t<div class=\"_villas-365-property-rooms\">\n\t\t<span class=\"_villas-365-property-room\"><i class=\"_villas-365-property-room-icon fas fa-user\"><\/i> 8<\/span>\n\t\t<span class=\"_villas-365-property-room\"><i class=\"_villas-365-property-room-icon fas fa-bed\"><\/i> 4<\/span>\n\t\t<span class=\"_villas-365-property-room\"><i class=\"_villas-365-property-room-icon fas fa-bath\"><\/i> 3<\/span>\n\t\t<\/div>\n\t\t\t\t\t\t\t\t\t<\/div>\n\t\t\t\t\t\t\t\t\t\n\t\t\t\t\t\t\t\t\t<div class=\"col-6 text-right\">\n\t\t\t\t\t\t\t\t\t\t<a href=\"https:\/\/almarinavillas.com\/de\/eigentum\/51-atlas-by-almarina-villas\/\" target=\"_blank\"\" class=\"_villas-365-property-button _villas-365-property-outline-button btn btn-outline-primary\">Reservieren<\/a>\n\t\t\t\t\t\t\t\t\t<\/div>\n\t\t\t\t\t\t\t\t<\/div>\n\t\t\t\t\t\t\t<\/div>\n\t\t\t\t\t\t<\/div>\n\t\t\t\t\t<\/div>\n\t\t\t\t<\/div>\n\t\t\t<\/div>\n\t\t<\/div>\n\t<\/div>\n<\/div>\t\t\t\t\t\t\t\t\t<\/div>\n\t\t\t\t\t\t\t\t<div class=\"_villas-365-property col-md mb-3\">\n\t\t\t\t\t\t\t\t\t\t\t<div class=\"_villas-365-property-inner\">\n\t<div class=\"row h-100\">\n\t\t<div class=\"col-12\">\n\t\t\t<div class=\"row\">\n\t\t\t\t<div class=\"col-12 mb-2\">\n\t\t\t\t\t<div class=\"_villas-365-property-image\">\n\t\t\t\t\t\t\t\t\t\t\t\t<div class=\"_villas-365-property-image-overlay\"><\/div>\n\t\t\t\t\t\t<a href=\"https:\/\/almarinavillas.com\/de\/eigentum\/50-baladrar-views-by-almarina-villas\/\" class=\"unstyled-link _villas-365-property-image-link\" style=\"background-image:url('https:\/\/secure.365villas.com\/getimage\/uploads\/config\/alvaroaznar\/property\/gallery\/50\/20250219_043419_9241jpg.jpg');\" target=\"_blank\">\n\t\t\t\t\t\t\t<img decoding=\"async\" src=\"https:\/\/secure.365villas.com\/getimage\/uploads\/config\/alvaroaznar\/property\/gallery\/50\/20250219_043419_9241jpg.jpg\" alt=\"\" class=\"img-fluid d-block d-lg-none\">\n\t\t\t\t\t\t<\/a>\n\t\t\t\t\t\t\t\t\t\t\t\t\t\t\t\t\t\t<a href=\"https:\/\/almarinavillas.com\/de\/unterkunft\/\" class=\"_villas-365-property-info-label _villas-365-property-discount\" target=\"_blank\">\n\t\t\t\t\t\t\t<div class=\"_villas-365-property-discount-label\">Werbeaktionen<\/div><div class=\"_villas-365-property-discount-icon\"><i class=\"fa fa-fw fa-info-circle\"><\/i><\/div><div class=\"_villas-365-property-discount-text\">Last minute discount<\/div>\n\t\t\t\t\t\t<\/a>\n\t\t\t\t\t\t\t\t\t\t\t\t\n\t\t\t\t\t\t\t\t\t\t\t\t<div class=\"_villas-365-property-price\" title=\"\u20ac391.00 per night, \u20ac2,737.00 per week\">\n\t\t\t\t\t\t\t<span class=\"_villas-365-property-price-from-text\">Von<\/span>\n\t\t\t\t\t\t\t<br><span class=\"_villas-365-property-price-value\">\u20ac391.00<\/span>\/nacht\t\t\t\t\t\t<\/div>\n\t\t\t\t\t\t\n\t\t\t\t\t\t\t\t\t\t\t\t\t<div class=\"_villas-365-property-save-button loading\" data-property-id=\"50\">\n\t<i class=\"fas fa-spinner fa-spin fa-fw _villas-365-property-save-button-icon _villas-365-property-save-spinner\"><\/i>\n\t<i class=\"far fa-heart fa-fw _villas-365-property-save-button-icon _villas-365-property-save-inactive\"><\/i>\n\t<i class=\"fas fa-heart fa-fw _villas-365-property-save-button-icon _villas-365-property-save-active\"><\/i>\n\t<\/div>\n\t\t\t\t\t\t\t\t\t\t\t<\/div>\n\t\t\t\t<\/div>\n\t\t\t\t<div class=\"col-12\">\n\t\t\t\t\t<div class=\"_villas-365-property-inner-text\">\n\t\t\t\t\t\t<div class=\"row h-100\">\n\t\t\t\t\t\t\t<div class=\"col-12\">\n\t\t\t\t\t\t\t\t<div class=\"row\">\n\t\t\t\t\t\t\t\t\t\t\t\t\t\t\t\t\t\t<div class=\"col-12\">\n\t\t\t\t\t\t\t\t\t\t<h5 class=\"_villas-365-property-name\">\n\t\t\t\t\t\t\t\t\t\t\t<a href=\"https:\/\/almarinavillas.com\/de\/eigentum\/50-baladrar-views-by-almarina-villas\/\" target=\"_blank\">Baladrar Views - By Almarina Villas<\/a>\n\t\t\t\t\t\t\t\t\t\t<\/h5>\n\t\t\t\t\t\t\t\t\t<\/div>\n\t\t\t\t\t\t\t\t\t\n\t\t\t\t\t\t\t\t\t\t\t\t\t\t\t\t\t\t<div class=\"col-12\">\n\t\t\t\t\t\t\t\t\t\t<div class=\"_villas-365-property-summary\">\n\t\t\t\t\t\t\t\t\t\t\tBaladrar Views (Benissa) ist unglaublich wegen seines gro\u00dfartigen Stils und seiner Eleganz, modern, mit viel Licht und Sonne den ganzen Tag \u00fcber auf seinen gro\u00dfen Terrassen und seinem unglaublichen 12 m langen beheizten Pool (extra, siehe Bedingungen...\t\t\t\t\t\t\t\t\t\t<\/div>\n\t\t\t\t\t\t\t\t\t<\/div>\n\t\t\t\t\t\t\t\t\t\n\t\t\t\t\t\t\t\t\t\t\t\t\t\t\t\t\t\t<div class=\"col-6\">\n\t\t\t\t\t\t\t\t\t\t<div class=\"_villas-365-property-rooms\">\n\t\t<span class=\"_villas-365-property-room\"><i class=\"_villas-365-property-room-icon fas fa-user\"><\/i> 8<\/span>\n\t\t<span class=\"_villas-365-property-room\"><i class=\"_villas-365-property-room-icon fas fa-bed\"><\/i> 4<\/span>\n\t\t<span class=\"_villas-365-property-room\"><i class=\"_villas-365-property-room-icon fas fa-bath\"><\/i> 3<\/span>\n\t\t<\/div>\n\t\t\t\t\t\t\t\t\t<\/div>\n\t\t\t\t\t\t\t\t\t\n\t\t\t\t\t\t\t\t\t<div class=\"col-6 text-right\">\n\t\t\t\t\t\t\t\t\t\t<a href=\"https:\/\/almarinavillas.com\/de\/eigentum\/50-baladrar-views-by-almarina-villas\/\" target=\"_blank\"\" class=\"_villas-365-property-button _villas-365-property-outline-button btn btn-outline-primary\">Reservieren<\/a>\n\t\t\t\t\t\t\t\t\t<\/div>\n\t\t\t\t\t\t\t\t<\/div>\n\t\t\t\t\t\t\t<\/div>\n\t\t\t\t\t\t<\/div>\n\t\t\t\t\t<\/div>\n\t\t\t\t<\/div>\n\t\t\t<\/div>\n\t\t<\/div>\n\t<\/div>\n<\/div>\t\t\t\t\t\t\t\t\t<\/div>\n\t\t\t\t\t\t\t<\/div>\n\t\t\t\t\t\t<div class=\"row\">\n\t\t\t\t\t\t\t\t\t\t\t\t<div class=\"_villas-365-property col-md mb-3\">\n\t\t\t\t\t\t\t\t\t\t\t<div class=\"_villas-365-property-inner\">\n\t<div class=\"row h-100\">\n\t\t<div class=\"col-12\">\n\t\t\t<div class=\"row\">\n\t\t\t\t<div class=\"col-12 mb-2\">\n\t\t\t\t\t<div class=\"_villas-365-property-image\">\n\t\t\t\t\t\t\t\t\t\t\t\t<div class=\"_villas-365-property-image-overlay\"><\/div>\n\t\t\t\t\t\t<a href=\"https:\/\/almarinavillas.com\/de\/eigentum\/47-bisserot-by-almarina-villas\/\" class=\"unstyled-link _villas-365-property-image-link\" style=\"background-image:url('https:\/\/secure.365villas.com\/getimage\/uploads\/config\/alvaroaznar\/property\/gallery\/47\/20250219_034024_4950jpg.jpg');\" target=\"_blank\">\n\t\t\t\t\t\t\t<img decoding=\"async\" src=\"https:\/\/secure.365villas.com\/getimage\/uploads\/config\/alvaroaznar\/property\/gallery\/47\/20250219_034024_4950jpg.jpg\" alt=\"\" class=\"img-fluid d-block d-lg-none\">\n\t\t\t\t\t\t<\/a>\n\t\t\t\t\t\t\t\t\t\t\t\t\t\t\t\t\t\t<a href=\"https:\/\/almarinavillas.com\/de\/unterkunft\/\" class=\"_villas-365-property-info-label _villas-365-property-discount\" target=\"_blank\">\n\t\t\t\t\t\t\t<div class=\"_villas-365-property-discount-label\">Werbeaktionen<\/div><div class=\"_villas-365-property-discount-icon\"><i class=\"fa fa-fw fa-info-circle\"><\/i><\/div><div class=\"_villas-365-property-discount-text\">2 discounts available<\/div>\n\t\t\t\t\t\t<\/a>\n\t\t\t\t\t\t\t\t\t\t\t\t\n\t\t\t\t\t\t\t\t\t\t\t\t<div class=\"_villas-365-property-price\" title=\"\u20ac192.00 per night, \u20ac1,344.00 per week\">\n\t\t\t\t\t\t\t<span class=\"_villas-365-property-price-from-text\">Von<\/span>\n\t\t\t\t\t\t\t<br><span class=\"_villas-365-property-price-value\">\u20ac192.00<\/span>\/nacht\t\t\t\t\t\t<\/div>\n\t\t\t\t\t\t\n\t\t\t\t\t\t\t\t\t\t\t\t\t<div class=\"_villas-365-property-save-button loading\" data-property-id=\"47\">\n\t<i class=\"fas fa-spinner fa-spin fa-fw _villas-365-property-save-button-icon _villas-365-property-save-spinner\"><\/i>\n\t<i class=\"far fa-heart fa-fw _villas-365-property-save-button-icon _villas-365-property-save-inactive\"><\/i>\n\t<i class=\"fas fa-heart fa-fw _villas-365-property-save-button-icon _villas-365-property-save-active\"><\/i>\n\t<\/div>\n\t\t\t\t\t\t\t\t\t\t\t<\/div>\n\t\t\t\t<\/div>\n\t\t\t\t<div class=\"col-12\">\n\t\t\t\t\t<div class=\"_villas-365-property-inner-text\">\n\t\t\t\t\t\t<div class=\"row h-100\">\n\t\t\t\t\t\t\t<div class=\"col-12\">\n\t\t\t\t\t\t\t\t<div class=\"row\">\n\t\t\t\t\t\t\t\t\t\t\t\t\t\t\t\t\t\t<div class=\"col-12\">\n\t\t\t\t\t\t\t\t\t\t<h5 class=\"_villas-365-property-name\">\n\t\t\t\t\t\t\t\t\t\t\t<a href=\"https:\/\/almarinavillas.com\/de\/eigentum\/47-bisserot-by-almarina-villas\/\" target=\"_blank\">Bisserot - By Almarina Villas<\/a>\n\t\t\t\t\t\t\t\t\t\t<\/h5>\n\t\t\t\t\t\t\t\t\t<\/div>\n\t\t\t\t\t\t\t\t\t\n\t\t\t\t\t\t\t\t\t\t\t\t\t\t\t\t\t\t<div class=\"col-12\">\n\t\t\t\t\t\t\t\t\t\t<div class=\"_villas-365-property-summary\">\n\t\t\t\t\t\t\t\t\t\t\tVilla Bisserot (Denia) ist eine Villa mit einem einzigartigen und besonderen Charme. Es liegt auf einem gro\u00dfen Grundst\u00fcck von \u00fcber 8.000 m2 und bietet Ruhe und Frieden, auch dank seiner wundersch\u00f6nen mediterranen Dekoration. Haustiere sind in dieser...\t\t\t\t\t\t\t\t\t\t<\/div>\n\t\t\t\t\t\t\t\t\t<\/div>\n\t\t\t\t\t\t\t\t\t\n\t\t\t\t\t\t\t\t\t\t\t\t\t\t\t\t\t\t<div class=\"col-6\">\n\t\t\t\t\t\t\t\t\t\t<div class=\"_villas-365-property-rooms\">\n\t\t<span class=\"_villas-365-property-room\"><i class=\"_villas-365-property-room-icon fas fa-user\"><\/i> 7<\/span>\n\t\t<span class=\"_villas-365-property-room\"><i class=\"_villas-365-property-room-icon fas fa-bed\"><\/i> 4<\/span>\n\t\t<span class=\"_villas-365-property-room\"><i class=\"_villas-365-property-room-icon fas fa-bath\"><\/i> 2<\/span>\n\t\t<\/div>\n\t\t\t\t\t\t\t\t\t<\/div>\n\t\t\t\t\t\t\t\t\t\n\t\t\t\t\t\t\t\t\t<div class=\"col-6 text-right\">\n\t\t\t\t\t\t\t\t\t\t<a href=\"https:\/\/almarinavillas.com\/de\/eigentum\/47-bisserot-by-almarina-villas\/\" target=\"_blank\"\" class=\"_villas-365-property-button _villas-365-property-outline-button btn btn-outline-primary\">Reservieren<\/a>\n\t\t\t\t\t\t\t\t\t<\/div>\n\t\t\t\t\t\t\t\t<\/div>\n\t\t\t\t\t\t\t<\/div>\n\t\t\t\t\t\t<\/div>\n\t\t\t\t\t<\/div>\n\t\t\t\t<\/div>\n\t\t\t<\/div>\n\t\t<\/div>\n\t<\/div>\n<\/div>\t\t\t\t\t\t\t\t\t<\/div>\n\t\t\t\t\t\t\t\t<div class=\"_villas-365-property col-md mb-3\">\n\t\t\t\t\t\t\t\t\t\t\t<div class=\"_villas-365-property-inner\">\n\t<div class=\"row h-100\">\n\t\t<div class=\"col-12\">\n\t\t\t<div class=\"row\">\n\t\t\t\t<div class=\"col-12 mb-2\">\n\t\t\t\t\t<div class=\"_villas-365-property-image\">\n\t\t\t\t\t\t\t\t\t\t\t\t<div class=\"_villas-365-property-image-overlay\"><\/div>\n\t\t\t\t\t\t<a href=\"https:\/\/almarinavillas.com\/de\/eigentum\/8-coral-by-almarina-villas\/\" class=\"unstyled-link _villas-365-property-image-link\" style=\"background-image:url('https:\/\/secure.365villas.com\/getimage\/uploads\/config\/alvaroaznar\/property\/gallery\/8\/20250205_081947_8957jpg.jpg');\" target=\"_blank\">\n\t\t\t\t\t\t\t<img decoding=\"async\" src=\"https:\/\/secure.365villas.com\/getimage\/uploads\/config\/alvaroaznar\/property\/gallery\/8\/20250205_081947_8957jpg.jpg\" alt=\"\" class=\"img-fluid d-block d-lg-none\">\n\t\t\t\t\t\t<\/a>\n\t\t\t\t\t\t\t\t\t\t\t\t\t\t\t\t\t\t<a href=\"https:\/\/almarinavillas.com\/de\/unterkunft\/\" class=\"_villas-365-property-info-label _villas-365-property-discount\" target=\"_blank\">\n\t\t\t\t\t\t\t<div class=\"_villas-365-property-discount-label\">Werbeaktionen<\/div><div class=\"_villas-365-property-discount-icon\"><i class=\"fa fa-fw fa-info-circle\"><\/i><\/div><div class=\"_villas-365-property-discount-text\">LUJO DESCUENTO ESPECIAL 20% ABRIL Y MAYO! - SPECIAL  20% LUXURY APRIL &amp; MAY<\/div>\n\t\t\t\t\t\t<\/a>\n\t\t\t\t\t\t\t\t\t\t\t\t\n\t\t\t\t\t\t\t\t\t\t\t\t<div class=\"_villas-365-property-price\" title=\"\u20ac480.00 per night, \u20ac3,360.00 per week\">\n\t\t\t\t\t\t\t<span class=\"_villas-365-property-price-from-text\">Von<\/span>\n\t\t\t\t\t\t\t<br><span class=\"_villas-365-property-price-value\">\u20ac480.00<\/span>\/nacht\t\t\t\t\t\t<\/div>\n\t\t\t\t\t\t\n\t\t\t\t\t\t\t\t\t\t\t\t\t<div class=\"_villas-365-property-save-button loading\" data-property-id=\"8\">\n\t<i class=\"fas fa-spinner fa-spin fa-fw _villas-365-property-save-button-icon _villas-365-property-save-spinner\"><\/i>\n\t<i class=\"far fa-heart fa-fw _villas-365-property-save-button-icon _villas-365-property-save-inactive\"><\/i>\n\t<i class=\"fas fa-heart fa-fw _villas-365-property-save-button-icon _villas-365-property-save-active\"><\/i>\n\t<\/div>\n\t\t\t\t\t\t\t\t\t\t\t<\/div>\n\t\t\t\t<\/div>\n\t\t\t\t<div class=\"col-12\">\n\t\t\t\t\t<div class=\"_villas-365-property-inner-text\">\n\t\t\t\t\t\t<div class=\"row h-100\">\n\t\t\t\t\t\t\t<div class=\"col-12\">\n\t\t\t\t\t\t\t\t<div class=\"row\">\n\t\t\t\t\t\t\t\t\t\t\t\t\t\t\t\t\t\t<div class=\"col-12\">\n\t\t\t\t\t\t\t\t\t\t<h5 class=\"_villas-365-property-name\">\n\t\t\t\t\t\t\t\t\t\t\t<a href=\"https:\/\/almarinavillas.com\/de\/eigentum\/8-coral-by-almarina-villas\/\" target=\"_blank\">Coral - By Almarina Villas<\/a>\n\t\t\t\t\t\t\t\t\t\t<\/h5>\n\t\t\t\t\t\t\t\t\t<\/div>\n\t\t\t\t\t\t\t\t\t\n\t\t\t\t\t\t\t\t\t\t\t\t\t\t\t\t\t\t<div class=\"col-12\">\n\t\t\t\t\t\t\t\t\t\t<div class=\"_villas-365-property-summary\">\n\t\t\t\t\t\t\t\t\t\t\tVilla Coral (J\u00e1vea) ist eine unglaubliche, moderne Luxusvilla mit Meerblick, einem gro\u00dfen Poolbereich, au\u00dfergew\u00f6hnlichem zeitgen\u00f6ssischem Dekor, einem Whirlpool, einem Spielzimmer und einem Aufzug, ideal f\u00fcr G\u00e4ste mit eingeschr\u00e4nkter Mobilit\u00e4t. Whirl...\t\t\t\t\t\t\t\t\t\t<\/div>\n\t\t\t\t\t\t\t\t\t<\/div>\n\t\t\t\t\t\t\t\t\t\n\t\t\t\t\t\t\t\t\t\t\t\t\t\t\t\t\t\t<div class=\"col-6\">\n\t\t\t\t\t\t\t\t\t\t<div class=\"_villas-365-property-rooms\">\n\t\t<span class=\"_villas-365-property-room\"><i class=\"_villas-365-property-room-icon fas fa-user\"><\/i> 10<\/span>\n\t\t<span class=\"_villas-365-property-room\"><i class=\"_villas-365-property-room-icon fas fa-bed\"><\/i> 5<\/span>\n\t\t<span class=\"_villas-365-property-room\"><i class=\"_villas-365-property-room-icon fas fa-bath\"><\/i> 4<\/span>\n\t\t<\/div>\n\t\t\t\t\t\t\t\t\t<\/div>\n\t\t\t\t\t\t\t\t\t\n\t\t\t\t\t\t\t\t\t<div class=\"col-6 text-right\">\n\t\t\t\t\t\t\t\t\t\t<a href=\"https:\/\/almarinavillas.com\/de\/eigentum\/8-coral-by-almarina-villas\/\" target=\"_blank\"\" class=\"_villas-365-property-button _villas-365-property-outline-button btn btn-outline-primary\">Reservieren<\/a>\n\t\t\t\t\t\t\t\t\t<\/div>\n\t\t\t\t\t\t\t\t<\/div>\n\t\t\t\t\t\t\t<\/div>\n\t\t\t\t\t\t<\/div>\n\t\t\t\t\t<\/div>\n\t\t\t\t<\/div>\n\t\t\t<\/div>\n\t\t<\/div>\n\t<\/div>\n<\/div>\t\t\t\t\t\t\t\t\t<\/div>\n\t\t\t\t\t\t\t\t<div class=\"_villas-365-property col-md mb-3\">\n\t\t\t\t\t\t\t\t\t\t\t<div class=\"_villas-365-property-inner\">\n\t<div class=\"row h-100\">\n\t\t<div class=\"col-12\">\n\t\t\t<div class=\"row\">\n\t\t\t\t<div class=\"col-12 mb-2\">\n\t\t\t\t\t<div class=\"_villas-365-property-image\">\n\t\t\t\t\t\t\t\t\t\t\t\t<div class=\"_villas-365-property-image-overlay\"><\/div>\n\t\t\t\t\t\t<a href=\"https:\/\/almarinavillas.com\/de\/eigentum\/21-el-toro-by-almarina-villas\/\" class=\"unstyled-link _villas-365-property-image-link\" style=\"background-image:url('https:\/\/secure.365villas.com\/getimage\/uploads\/config\/alvaroaznar\/property\/gallery\/21\/20221104_145346jpg.jpg');\" target=\"_blank\">\n\t\t\t\t\t\t\t<img decoding=\"async\" src=\"https:\/\/secure.365villas.com\/getimage\/uploads\/config\/alvaroaznar\/property\/gallery\/21\/20221104_145346jpg.jpg\" alt=\"\" class=\"img-fluid d-block d-lg-none\">\n\t\t\t\t\t\t<\/a>\n\t\t\t\t\t\t\t\t\t\t\t\t\t\t\t\t\t\t<div class=\"_villas-365-property-info-label _villas-365-property-featured\">\n\t\t\t\t\t\t\tEmpfohlen\t\t\t\t\t\t<\/div>\n\t\t\t\t\t\t\t\t\t\t\t\t\n\t\t\t\t\t\t\t\t\t\t\t\t<div class=\"_villas-365-property-price\" title=\"\u20ac264.00 per night, \u20ac1,848.00 per week\">\n\t\t\t\t\t\t\t<span class=\"_villas-365-property-price-from-text\">Von<\/span>\n\t\t\t\t\t\t\t<br><span class=\"_villas-365-property-price-value\">\u20ac264.00<\/span>\/nacht\t\t\t\t\t\t<\/div>\n\t\t\t\t\t\t\n\t\t\t\t\t\t\t\t\t\t\t\t\t<div class=\"_villas-365-property-save-button loading\" data-property-id=\"21\">\n\t<i class=\"fas fa-spinner fa-spin fa-fw _villas-365-property-save-button-icon _villas-365-property-save-spinner\"><\/i>\n\t<i class=\"far fa-heart fa-fw _villas-365-property-save-button-icon _villas-365-property-save-inactive\"><\/i>\n\t<i class=\"fas fa-heart fa-fw _villas-365-property-save-button-icon _villas-365-property-save-active\"><\/i>\n\t<\/div>\n\t\t\t\t\t\t\t\t\t\t\t<\/div>\n\t\t\t\t<\/div>\n\t\t\t\t<div class=\"col-12\">\n\t\t\t\t\t<div class=\"_villas-365-property-inner-text\">\n\t\t\t\t\t\t<div class=\"row h-100\">\n\t\t\t\t\t\t\t<div class=\"col-12\">\n\t\t\t\t\t\t\t\t<div class=\"row\">\n\t\t\t\t\t\t\t\t\t\t\t\t\t\t\t\t\t\t<div class=\"col-12\">\n\t\t\t\t\t\t\t\t\t\t<h5 class=\"_villas-365-property-name\">\n\t\t\t\t\t\t\t\t\t\t\t<a href=\"https:\/\/almarinavillas.com\/de\/eigentum\/21-el-toro-by-almarina-villas\/\" target=\"_blank\">El Toro - By Almarina Villas<\/a>\n\t\t\t\t\t\t\t\t\t\t<\/h5>\n\t\t\t\t\t\t\t\t\t<\/div>\n\t\t\t\t\t\t\t\t\t\n\t\t\t\t\t\t\t\t\t\t\t\t\t\t\t\t\t\t<div class=\"col-12\">\n\t\t\t\t\t\t\t\t\t\t<div class=\"_villas-365-property-summary\">\n\t\t\t\t\t\t\t\t\t\t\tVilla el Toro (Benissa) ist eine wundersch\u00f6ne und ger\u00e4umige Villa mit einem einzigartigen Dekorationsstil, der mediterrane und moderne Stile mit exquisitem Geschmack vereint. Die Villa bietet mit ihren verschiedenen Innen- und Au\u00dfenbereichen eine gro...\t\t\t\t\t\t\t\t\t\t<\/div>\n\t\t\t\t\t\t\t\t\t<\/div>\n\t\t\t\t\t\t\t\t\t\n\t\t\t\t\t\t\t\t\t\t\t\t\t\t\t\t\t\t<div class=\"col-6\">\n\t\t\t\t\t\t\t\t\t\t<div class=\"_villas-365-property-rooms\">\n\t\t<span class=\"_villas-365-property-room\"><i class=\"_villas-365-property-room-icon fas fa-user\"><\/i> 10<\/span>\n\t\t<span class=\"_villas-365-property-room\"><i class=\"_villas-365-property-room-icon fas fa-bed\"><\/i> 5<\/span>\n\t\t<span class=\"_villas-365-property-room\"><i class=\"_villas-365-property-room-icon fas fa-bath\"><\/i> 3<\/span>\n\t\t<\/div>\n\t\t\t\t\t\t\t\t\t<\/div>\n\t\t\t\t\t\t\t\t\t\n\t\t\t\t\t\t\t\t\t<div class=\"col-6 text-right\">\n\t\t\t\t\t\t\t\t\t\t<a href=\"https:\/\/almarinavillas.com\/de\/eigentum\/21-el-toro-by-almarina-villas\/\" target=\"_blank\"\" class=\"_villas-365-property-button _villas-365-property-outline-button btn btn-outline-primary\">Reservieren<\/a>\n\t\t\t\t\t\t\t\t\t<\/div>\n\t\t\t\t\t\t\t\t<\/div>\n\t\t\t\t\t\t\t<\/div>\n\t\t\t\t\t\t<\/div>\n\t\t\t\t\t<\/div>\n\t\t\t\t<\/div>\n\t\t\t<\/div>\n\t\t<\/div>\n\t<\/div>\n<\/div>\t\t\t\t\t\t\t\t\t<\/div>\n\t\t\t\t\t\t\t<\/div>\n\t\t\t\t\t\t<div class=\"row\">\n\t\t\t\t\t\t\t\t\t\t\t\t<div class=\"_villas-365-property col-md mb-3\">\n\t\t\t\t\t\t\t\t\t\t\t<div class=\"_villas-365-property-inner\">\n\t<div class=\"row h-100\">\n\t\t<div class=\"col-12\">\n\t\t\t<div class=\"row\">\n\t\t\t\t<div class=\"col-12 mb-2\">\n\t\t\t\t\t<div class=\"_villas-365-property-image\">\n\t\t\t\t\t\t\t\t\t\t\t\t<div class=\"_villas-365-property-image-overlay\"><\/div>\n\t\t\t\t\t\t<a href=\"https:\/\/almarinavillas.com\/de\/eigentum\/37-esmeralda-by-almarina-villas\/\" class=\"unstyled-link _villas-365-property-image-link\" style=\"background-image:url('https:\/\/secure.365villas.com\/getimage\/uploads\/config\/alvaroaznar\/property\/gallery\/37\/20250211_032623_2818jpg.jpg');\" target=\"_blank\">\n\t\t\t\t\t\t\t<img decoding=\"async\" src=\"https:\/\/secure.365villas.com\/getimage\/uploads\/config\/alvaroaznar\/property\/gallery\/37\/20250211_032623_2818jpg.jpg\" alt=\"\" class=\"img-fluid d-block d-lg-none\">\n\t\t\t\t\t\t<\/a>\n\t\t\t\t\t\t\t\t\t\t\t\t\t\t\t\t\t\t<a href=\"https:\/\/almarinavillas.com\/de\/unterkunft\/\" class=\"_villas-365-property-info-label _villas-365-property-discount\" target=\"_blank\">\n\t\t\t\t\t\t\t<div class=\"_villas-365-property-discount-label\">Werbeaktionen<\/div><div class=\"_villas-365-property-discount-icon\"><i class=\"fa fa-fw fa-info-circle\"><\/i><\/div><div class=\"_villas-365-property-discount-text\">2 discounts available<\/div>\n\t\t\t\t\t\t<\/a>\n\t\t\t\t\t\t\t\t\t\t\t\t\n\t\t\t\t\t\t\t\t\t\t\t\t<div class=\"_villas-365-property-price\" title=\"\u20ac237.00 per night, \u20ac1,659.00 per week\">\n\t\t\t\t\t\t\t<span class=\"_villas-365-property-price-from-text\">Von<\/span>\n\t\t\t\t\t\t\t<br><span class=\"_villas-365-property-price-value\">\u20ac237.00<\/span>\/nacht\t\t\t\t\t\t<\/div>\n\t\t\t\t\t\t\n\t\t\t\t\t\t\t\t\t\t\t\t\t<div class=\"_villas-365-property-save-button loading\" data-property-id=\"37\">\n\t<i class=\"fas fa-spinner fa-spin fa-fw _villas-365-property-save-button-icon _villas-365-property-save-spinner\"><\/i>\n\t<i class=\"far fa-heart fa-fw _villas-365-property-save-button-icon _villas-365-property-save-inactive\"><\/i>\n\t<i class=\"fas fa-heart fa-fw _villas-365-property-save-button-icon _villas-365-property-save-active\"><\/i>\n\t<\/div>\n\t\t\t\t\t\t\t\t\t\t\t<\/div>\n\t\t\t\t<\/div>\n\t\t\t\t<div class=\"col-12\">\n\t\t\t\t\t<div class=\"_villas-365-property-inner-text\">\n\t\t\t\t\t\t<div class=\"row h-100\">\n\t\t\t\t\t\t\t<div class=\"col-12\">\n\t\t\t\t\t\t\t\t<div class=\"row\">\n\t\t\t\t\t\t\t\t\t\t\t\t\t\t\t\t\t\t<div class=\"col-12\">\n\t\t\t\t\t\t\t\t\t\t<h5 class=\"_villas-365-property-name\">\n\t\t\t\t\t\t\t\t\t\t\t<a href=\"https:\/\/almarinavillas.com\/de\/eigentum\/37-esmeralda-by-almarina-villas\/\" target=\"_blank\">Esmeralda - By Almarina Villas<\/a>\n\t\t\t\t\t\t\t\t\t\t<\/h5>\n\t\t\t\t\t\t\t\t\t<\/div>\n\t\t\t\t\t\t\t\t\t\n\t\t\t\t\t\t\t\t\t\t\t\t\t\t\t\t\t\t<div class=\"col-12\">\n\t\t\t\t\t\t\t\t\t\t<div class=\"_villas-365-property-summary\">\n\t\t\t\t\t\t\t\t\t\t\tDie Villa Esmeralda (Moraira) ist eine moderne Villa, die dank ihrer gro\u00dfz\u00fcgigen Terrassen mit Meerblick, einem wundersch\u00f6nen beheizten Pool (gegen Geb\u00fchr, siehe Bedingungen) und einer geschmackvollen Einrichtung, die moderne und mediterrane Stile el...\t\t\t\t\t\t\t\t\t\t<\/div>\n\t\t\t\t\t\t\t\t\t<\/div>\n\t\t\t\t\t\t\t\t\t\n\t\t\t\t\t\t\t\t\t\t\t\t\t\t\t\t\t\t<div class=\"col-6\">\n\t\t\t\t\t\t\t\t\t\t<div class=\"_villas-365-property-rooms\">\n\t\t<span class=\"_villas-365-property-room\"><i class=\"_villas-365-property-room-icon fas fa-user\"><\/i> 8<\/span>\n\t\t<span class=\"_villas-365-property-room\"><i class=\"_villas-365-property-room-icon fas fa-bed\"><\/i> 4<\/span>\n\t\t<span class=\"_villas-365-property-room\"><i class=\"_villas-365-property-room-icon fas fa-bath\"><\/i> 3<\/span>\n\t\t<\/div>\n\t\t\t\t\t\t\t\t\t<\/div>\n\t\t\t\t\t\t\t\t\t\n\t\t\t\t\t\t\t\t\t<div class=\"col-6 text-right\">\n\t\t\t\t\t\t\t\t\t\t<a href=\"https:\/\/almarinavillas.com\/de\/eigentum\/37-esmeralda-by-almarina-villas\/\" target=\"_blank\"\" class=\"_villas-365-property-button _villas-365-property-outline-button btn btn-outline-primary\">Reservieren<\/a>\n\t\t\t\t\t\t\t\t\t<\/div>\n\t\t\t\t\t\t\t\t<\/div>\n\t\t\t\t\t\t\t<\/div>\n\t\t\t\t\t\t<\/div>\n\t\t\t\t\t<\/div>\n\t\t\t\t<\/div>\n\t\t\t<\/div>\n\t\t<\/div>\n\t<\/div>\n<\/div>\t\t\t\t\t\t\t\t\t<\/div>\n\t\t\t\t\t\t\t\t<div class=\"_villas-365-property col-md mb-3\">\n\t\t\t\t\t\t\t\t\t\t\t<div class=\"_villas-365-property-inner\">\n\t<div class=\"row h-100\">\n\t\t<div class=\"col-12\">\n\t\t\t<div class=\"row\">\n\t\t\t\t<div class=\"col-12 mb-2\">\n\t\t\t\t\t<div class=\"_villas-365-property-image\">\n\t\t\t\t\t\t\t\t\t\t\t\t<div class=\"_villas-365-property-image-overlay\"><\/div>\n\t\t\t\t\t\t<a href=\"https:\/\/almarinavillas.com\/de\/eigentum\/4-la-colina-by-almarina-villas\/\" class=\"unstyled-link _villas-365-property-image-link\" style=\"background-image:url('https:\/\/secure.365villas.com\/getimage\/uploads\/config\/alvaroaznar\/property\/gallery\/4\/20250218_082214_334jpg.jpg');\" target=\"_blank\">\n\t\t\t\t\t\t\t<img decoding=\"async\" src=\"https:\/\/secure.365villas.com\/getimage\/uploads\/config\/alvaroaznar\/property\/gallery\/4\/20250218_082214_334jpg.jpg\" alt=\"\" class=\"img-fluid d-block d-lg-none\">\n\t\t\t\t\t\t<\/a>\n\t\t\t\t\t\t\t\t\t\t\t\t\t\t\t\t\t\t<div class=\"_villas-365-property-info-label _villas-365-property-featured\">\n\t\t\t\t\t\t\tEmpfohlen\t\t\t\t\t\t<\/div>\n\t\t\t\t\t\t\t\t\t\t\t\t\n\t\t\t\t\t\t\t\t\t\t\t\t<div class=\"_villas-365-property-price\" title=\"\u20ac251.00 per night, \u20ac1,757.00 per week\">\n\t\t\t\t\t\t\t<span class=\"_villas-365-property-price-from-text\">Von<\/span>\n\t\t\t\t\t\t\t<br><span class=\"_villas-365-property-price-value\">\u20ac251.00<\/span>\/nacht\t\t\t\t\t\t<\/div>\n\t\t\t\t\t\t\n\t\t\t\t\t\t\t\t\t\t\t\t\t<div class=\"_villas-365-property-save-button loading\" data-property-id=\"4\">\n\t<i class=\"fas fa-spinner fa-spin fa-fw _villas-365-property-save-button-icon _villas-365-property-save-spinner\"><\/i>\n\t<i class=\"far fa-heart fa-fw _villas-365-property-save-button-icon _villas-365-property-save-inactive\"><\/i>\n\t<i class=\"fas fa-heart fa-fw _villas-365-property-save-button-icon _villas-365-property-save-active\"><\/i>\n\t<\/div>\n\t\t\t\t\t\t\t\t\t\t\t<\/div>\n\t\t\t\t<\/div>\n\t\t\t\t<div class=\"col-12\">\n\t\t\t\t\t<div class=\"_villas-365-property-inner-text\">\n\t\t\t\t\t\t<div class=\"row h-100\">\n\t\t\t\t\t\t\t<div class=\"col-12\">\n\t\t\t\t\t\t\t\t<div class=\"row\">\n\t\t\t\t\t\t\t\t\t\t\t\t\t\t\t\t\t\t<div class=\"col-12\">\n\t\t\t\t\t\t\t\t\t\t<h5 class=\"_villas-365-property-name\">\n\t\t\t\t\t\t\t\t\t\t\t<a href=\"https:\/\/almarinavillas.com\/de\/eigentum\/4-la-colina-by-almarina-villas\/\" target=\"_blank\">La Colina - By Almarina Villas<\/a>\n\t\t\t\t\t\t\t\t\t\t<\/h5>\n\t\t\t\t\t\t\t\t\t<\/div>\n\t\t\t\t\t\t\t\t\t\n\t\t\t\t\t\t\t\t\t\t\t\t\t\t\t\t\t\t<div class=\"col-12\">\n\t\t\t\t\t\t\t\t\t\t<div class=\"_villas-365-property-summary\">\n\t\t\t\t\t\t\t\t\t\t\tLa Colina (Moraira) ist eine moderne und komfortable Villa mit gro\u00dfem Pool und spektakul\u00e4rem mediterranem Charme. Es bietet au\u00dferdem eine perfekte Lage neben dem Tennis- und Paddle-Tennis-Club Moraira, in einer ruhigen Gegend mit gehobenen Villen und...\t\t\t\t\t\t\t\t\t\t<\/div>\n\t\t\t\t\t\t\t\t\t<\/div>\n\t\t\t\t\t\t\t\t\t\n\t\t\t\t\t\t\t\t\t\t\t\t\t\t\t\t\t\t<div class=\"col-6\">\n\t\t\t\t\t\t\t\t\t\t<div class=\"_villas-365-property-rooms\">\n\t\t<span class=\"_villas-365-property-room\"><i class=\"_villas-365-property-room-icon fas fa-user\"><\/i> 6<\/span>\n\t\t<span class=\"_villas-365-property-room\"><i class=\"_villas-365-property-room-icon fas fa-bed\"><\/i> 3<\/span>\n\t\t<span class=\"_villas-365-property-room\"><i class=\"_villas-365-property-room-icon fas fa-bath\"><\/i> 3<\/span>\n\t\t<\/div>\n\t\t\t\t\t\t\t\t\t<\/div>\n\t\t\t\t\t\t\t\t\t\n\t\t\t\t\t\t\t\t\t<div class=\"col-6 text-right\">\n\t\t\t\t\t\t\t\t\t\t<a href=\"https:\/\/almarinavillas.com\/de\/eigentum\/4-la-colina-by-almarina-villas\/\" target=\"_blank\"\" class=\"_villas-365-property-button _villas-365-property-outline-button btn btn-outline-primary\">Reservieren<\/a>\n\t\t\t\t\t\t\t\t\t<\/div>\n\t\t\t\t\t\t\t\t<\/div>\n\t\t\t\t\t\t\t<\/div>\n\t\t\t\t\t\t<\/div>\n\t\t\t\t\t<\/div>\n\t\t\t\t<\/div>\n\t\t\t<\/div>\n\t\t<\/div>\n\t<\/div>\n<\/div>\t\t\t\t\t\t\t\t\t<\/div>\n\t\t\t\t\t\t\t\t<div class=\"_villas-365-property col-md mb-3\">\n\t\t\t\t\t\t\t\t\t\t\t<div class=\"_villas-365-property-inner\">\n\t<div class=\"row h-100\">\n\t\t<div class=\"col-12\">\n\t\t\t<div class=\"row\">\n\t\t\t\t<div class=\"col-12 mb-2\">\n\t\t\t\t\t<div class=\"_villas-365-property-image\">\n\t\t\t\t\t\t\t\t\t\t\t\t<div class=\"_villas-365-property-image-overlay\"><\/div>\n\t\t\t\t\t\t<a href=\"https:\/\/almarinavillas.com\/de\/eigentum\/15-mirador-by-almarina-villas\/\" class=\"unstyled-link _villas-365-property-image-link\" style=\"background-image:url('https:\/\/secure.365villas.com\/getimage\/uploads\/config\/alvaroaznar\/property\/gallery\/15\/20250527_142859_6321jpg.jpg');\" target=\"_blank\">\n\t\t\t\t\t\t\t<img decoding=\"async\" src=\"https:\/\/secure.365villas.com\/getimage\/uploads\/config\/alvaroaznar\/property\/gallery\/15\/20250527_142859_6321jpg.jpg\" alt=\"\" class=\"img-fluid d-block d-lg-none\">\n\t\t\t\t\t\t<\/a>\n\t\t\t\t\t\t\t\t\t\t\t\t\t\t\t\t\t\t<a href=\"https:\/\/almarinavillas.com\/de\/unterkunft\/\" class=\"_villas-365-property-info-label _villas-365-property-discount\" target=\"_blank\">\n\t\t\t\t\t\t\t<div class=\"_villas-365-property-discount-label\">Werbeaktionen<\/div><div class=\"_villas-365-property-discount-icon\"><i class=\"fa fa-fw fa-info-circle\"><\/i><\/div><div class=\"_villas-365-property-discount-text\">Last minute discount<\/div>\n\t\t\t\t\t\t<\/a>\n\t\t\t\t\t\t\t\t\t\t\t\t\n\t\t\t\t\t\t\t\t\t\t\t\t<div class=\"_villas-365-property-price\" title=\"\u20ac266.00 per night, \u20ac1,862.00 per week\">\n\t\t\t\t\t\t\t<span class=\"_villas-365-property-price-from-text\">Von<\/span>\n\t\t\t\t\t\t\t<br><span class=\"_villas-365-property-price-value\">\u20ac266.00<\/span>\/nacht\t\t\t\t\t\t<\/div>\n\t\t\t\t\t\t\n\t\t\t\t\t\t\t\t\t\t\t\t\t<div class=\"_villas-365-property-save-button loading\" data-property-id=\"15\">\n\t<i class=\"fas fa-spinner fa-spin fa-fw _villas-365-property-save-button-icon _villas-365-property-save-spinner\"><\/i>\n\t<i class=\"far fa-heart fa-fw _villas-365-property-save-button-icon _villas-365-property-save-inactive\"><\/i>\n\t<i class=\"fas fa-heart fa-fw _villas-365-property-save-button-icon _villas-365-property-save-active\"><\/i>\n\t<\/div>\n\t\t\t\t\t\t\t\t\t\t\t<\/div>\n\t\t\t\t<\/div>\n\t\t\t\t<div class=\"col-12\">\n\t\t\t\t\t<div class=\"_villas-365-property-inner-text\">\n\t\t\t\t\t\t<div class=\"row h-100\">\n\t\t\t\t\t\t\t<div class=\"col-12\">\n\t\t\t\t\t\t\t\t<div class=\"row\">\n\t\t\t\t\t\t\t\t\t\t\t\t\t\t\t\t\t\t<div class=\"col-12\">\n\t\t\t\t\t\t\t\t\t\t<h5 class=\"_villas-365-property-name\">\n\t\t\t\t\t\t\t\t\t\t\t<a href=\"https:\/\/almarinavillas.com\/de\/eigentum\/15-mirador-by-almarina-villas\/\" target=\"_blank\">Mirador - By Almarina Villas<\/a>\n\t\t\t\t\t\t\t\t\t\t<\/h5>\n\t\t\t\t\t\t\t\t\t<\/div>\n\t\t\t\t\t\t\t\t\t\n\t\t\t\t\t\t\t\t\t\t\t\t\t\t\t\t\t\t<div class=\"col-12\">\n\t\t\t\t\t\t\t\t\t\t<div class=\"_villas-365-property-summary\">\n\t\t\t\t\t\t\t\t\t\t\tVilla Mirador (Benissa) ist eine spektakul\u00e4re mediterrane Villa mit unglaublichem Panoramablick auf das Mittelmeer, den Pe\u00f1\u00f3n de Ifach auf der rechten Seite und das Cap d&#039;Or de Moraira auf der linken Seite. Nachts genie\u00dfen Sie die Beleuchtung von Cal...\t\t\t\t\t\t\t\t\t\t<\/div>\n\t\t\t\t\t\t\t\t\t<\/div>\n\t\t\t\t\t\t\t\t\t\n\t\t\t\t\t\t\t\t\t\t\t\t\t\t\t\t\t\t<div class=\"col-6\">\n\t\t\t\t\t\t\t\t\t\t<div class=\"_villas-365-property-rooms\">\n\t\t<span class=\"_villas-365-property-room\"><i class=\"_villas-365-property-room-icon fas fa-user\"><\/i> 8<\/span>\n\t\t<span class=\"_villas-365-property-room\"><i class=\"_villas-365-property-room-icon fas fa-bed\"><\/i> 4<\/span>\n\t\t<span class=\"_villas-365-property-room\"><i class=\"_villas-365-property-room-icon fas fa-bath\"><\/i> 3<\/span>\n\t\t<\/div>\n\t\t\t\t\t\t\t\t\t<\/div>\n\t\t\t\t\t\t\t\t\t\n\t\t\t\t\t\t\t\t\t<div class=\"col-6 text-right\">\n\t\t\t\t\t\t\t\t\t\t<a href=\"https:\/\/almarinavillas.com\/de\/eigentum\/15-mirador-by-almarina-villas\/\" target=\"_blank\"\" class=\"_villas-365-property-button _villas-365-property-outline-button btn btn-outline-primary\">Reservieren<\/a>\n\t\t\t\t\t\t\t\t\t<\/div>\n\t\t\t\t\t\t\t\t<\/div>\n\t\t\t\t\t\t\t<\/div>\n\t\t\t\t\t\t<\/div>\n\t\t\t\t\t<\/div>\n\t\t\t\t<\/div>\n\t\t\t<\/div>\n\t\t<\/div>\n\t<\/div>\n<\/div>\t\t\t\t\t\t\t\t\t<\/div>\n\t\t\t\t\t\t\t<\/div>\n\t\t\t\t\t\t<div class=\"row\">\n\t\t\t\t\t\t\t\t\t\t\t\t<div class=\"_villas-365-property col-md mb-3\">\n\t\t\t\t\t\t\t\t\t\t\t<div class=\"_villas-365-property-inner\">\n\t<div class=\"row h-100\">\n\t\t<div class=\"col-12\">\n\t\t\t<div class=\"row\">\n\t\t\t\t<div class=\"col-12 mb-2\">\n\t\t\t\t\t<div class=\"_villas-365-property-image\">\n\t\t\t\t\t\t\t\t\t\t\t\t<div class=\"_villas-365-property-image-overlay\"><\/div>\n\t\t\t\t\t\t<a href=\"https:\/\/almarinavillas.com\/de\/eigentum\/48-naranja-by-almarina-villas\/\" class=\"unstyled-link _villas-365-property-image-link\" style=\"background-image:url('https:\/\/secure.365villas.com\/getimage\/uploads\/config\/alvaroaznar\/property\/gallery\/48\/20250219_050025_3076jpg.jpg');\" target=\"_blank\">\n\t\t\t\t\t\t\t<img decoding=\"async\" src=\"https:\/\/secure.365villas.com\/getimage\/uploads\/config\/alvaroaznar\/property\/gallery\/48\/20250219_050025_3076jpg.jpg\" alt=\"\" class=\"img-fluid d-block d-lg-none\">\n\t\t\t\t\t\t<\/a>\n\t\t\t\t\t\t\t\t\t\t\t\t\t\t\t\t\t\t<a href=\"https:\/\/almarinavillas.com\/de\/unterkunft\/\" class=\"_villas-365-property-info-label _villas-365-property-discount\" target=\"_blank\">\n\t\t\t\t\t\t\t<div class=\"_villas-365-property-discount-label\">Werbeaktionen<\/div><div class=\"_villas-365-property-discount-icon\"><i class=\"fa fa-fw fa-info-circle\"><\/i><\/div><div class=\"_villas-365-property-discount-text\">Last minute discount<\/div>\n\t\t\t\t\t\t<\/a>\n\t\t\t\t\t\t\t\t\t\t\t\t\n\t\t\t\t\t\t\t\t\t\t\t\t<div class=\"_villas-365-property-price\" title=\"\u20ac241.00 per night, \u20ac1,687.00 per week\">\n\t\t\t\t\t\t\t<span class=\"_villas-365-property-price-from-text\">Von<\/span>\n\t\t\t\t\t\t\t<br><span class=\"_villas-365-property-price-value\">\u20ac241.00<\/span>\/nacht\t\t\t\t\t\t<\/div>\n\t\t\t\t\t\t\n\t\t\t\t\t\t\t\t\t\t\t\t\t<div class=\"_villas-365-property-save-button loading\" data-property-id=\"48\">\n\t<i class=\"fas fa-spinner fa-spin fa-fw _villas-365-property-save-button-icon _villas-365-property-save-spinner\"><\/i>\n\t<i class=\"far fa-heart fa-fw _villas-365-property-save-button-icon _villas-365-property-save-inactive\"><\/i>\n\t<i class=\"fas fa-heart fa-fw _villas-365-property-save-button-icon _villas-365-property-save-active\"><\/i>\n\t<\/div>\n\t\t\t\t\t\t\t\t\t\t\t<\/div>\n\t\t\t\t<\/div>\n\t\t\t\t<div class=\"col-12\">\n\t\t\t\t\t<div class=\"_villas-365-property-inner-text\">\n\t\t\t\t\t\t<div class=\"row h-100\">\n\t\t\t\t\t\t\t<div class=\"col-12\">\n\t\t\t\t\t\t\t\t<div class=\"row\">\n\t\t\t\t\t\t\t\t\t\t\t\t\t\t\t\t\t\t<div class=\"col-12\">\n\t\t\t\t\t\t\t\t\t\t<h5 class=\"_villas-365-property-name\">\n\t\t\t\t\t\t\t\t\t\t\t<a href=\"https:\/\/almarinavillas.com\/de\/eigentum\/48-naranja-by-almarina-villas\/\" target=\"_blank\">Naranja - By Almarina Villas<\/a>\n\t\t\t\t\t\t\t\t\t\t<\/h5>\n\t\t\t\t\t\t\t\t\t<\/div>\n\t\t\t\t\t\t\t\t\t\n\t\t\t\t\t\t\t\t\t\t\t\t\t\t\t\t\t\t<div class=\"col-12\">\n\t\t\t\t\t\t\t\t\t\t<div class=\"_villas-365-property-summary\">\n\t\t\t\t\t\t\t\t\t\t\tDie Villa Naranja (J\u00e1vea) ist eine einzigartige mediterrane Villa mit einem Charme, der Sie \u00fcberraschen wird. Sie besticht durch ihr wundersch\u00f6nes Innendesign. Sie bietet au\u00dferdem einen gro\u00dfz\u00fcgigen Entspannungsbereich am Pool und einen herrlichen Bli...\t\t\t\t\t\t\t\t\t\t<\/div>\n\t\t\t\t\t\t\t\t\t<\/div>\n\t\t\t\t\t\t\t\t\t\n\t\t\t\t\t\t\t\t\t\t\t\t\t\t\t\t\t\t<div class=\"col-6\">\n\t\t\t\t\t\t\t\t\t\t<div class=\"_villas-365-property-rooms\">\n\t\t<span class=\"_villas-365-property-room\"><i class=\"_villas-365-property-room-icon fas fa-user\"><\/i> 8<\/span>\n\t\t<span class=\"_villas-365-property-room\"><i class=\"_villas-365-property-room-icon fas fa-bed\"><\/i> 6<\/span>\n\t\t<span class=\"_villas-365-property-room\"><i class=\"_villas-365-property-room-icon fas fa-bath\"><\/i> 4<\/span>\n\t\t<\/div>\n\t\t\t\t\t\t\t\t\t<\/div>\n\t\t\t\t\t\t\t\t\t\n\t\t\t\t\t\t\t\t\t<div class=\"col-6 text-right\">\n\t\t\t\t\t\t\t\t\t\t<a href=\"https:\/\/almarinavillas.com\/de\/eigentum\/48-naranja-by-almarina-villas\/\" target=\"_blank\"\" class=\"_villas-365-property-button _villas-365-property-outline-button btn btn-outline-primary\">Reservieren<\/a>\n\t\t\t\t\t\t\t\t\t<\/div>\n\t\t\t\t\t\t\t\t<\/div>\n\t\t\t\t\t\t\t<\/div>\n\t\t\t\t\t\t<\/div>\n\t\t\t\t\t<\/div>\n\t\t\t\t<\/div>\n\t\t\t<\/div>\n\t\t<\/div>\n\t<\/div>\n<\/div>\t\t\t\t\t\t\t\t\t<\/div>\n\t\t\t\t\t\t\t\t<div class=\"_villas-365-property col-md mb-3\">\n\t\t\t\t\t\t\t\t\t\t\t<div class=\"_villas-365-property-inner\">\n\t<div class=\"row h-100\">\n\t\t<div class=\"col-12\">\n\t\t\t<div class=\"row\">\n\t\t\t\t<div class=\"col-12 mb-2\">\n\t\t\t\t\t<div class=\"_villas-365-property-image\">\n\t\t\t\t\t\t\t\t\t\t\t\t<div class=\"_villas-365-property-image-overlay\"><\/div>\n\t\t\t\t\t\t<a href=\"https:\/\/almarinavillas.com\/de\/eigentum\/10-vertigo-by-almarina-villas\/\" class=\"unstyled-link _villas-365-property-image-link\" style=\"background-image:url('https:\/\/secure.365villas.com\/getimage\/uploads\/config\/alvaroaznar\/property\/gallery\/10\/20250203_054721_47jpg.jpg');\" target=\"_blank\">\n\t\t\t\t\t\t\t<img decoding=\"async\" src=\"https:\/\/secure.365villas.com\/getimage\/uploads\/config\/alvaroaznar\/property\/gallery\/10\/20250203_054721_47jpg.jpg\" alt=\"\" class=\"img-fluid d-block d-lg-none\">\n\t\t\t\t\t\t<\/a>\n\t\t\t\t\t\t\t\t\t\t\t\t\t\t\t\t\t\t<a href=\"https:\/\/almarinavillas.com\/de\/unterkunft\/\" class=\"_villas-365-property-info-label _villas-365-property-discount\" target=\"_blank\">\n\t\t\t\t\t\t\t<div class=\"_villas-365-property-discount-label\">Werbeaktionen<\/div><div class=\"_villas-365-property-discount-icon\"><i class=\"fa fa-fw fa-info-circle\"><\/i><\/div><div class=\"_villas-365-property-discount-text\">Last minute discount<\/div>\n\t\t\t\t\t\t<\/a>\n\t\t\t\t\t\t\t\t\t\t\t\t\n\t\t\t\t\t\t\t\t\t\t\t\t<div class=\"_villas-365-property-price\" title=\"\u20ac643.00 per night, \u20ac4,501.00 per week\">\n\t\t\t\t\t\t\t<span class=\"_villas-365-property-price-from-text\">Von<\/span>\n\t\t\t\t\t\t\t<br><span class=\"_villas-365-property-price-value\">\u20ac643.00<\/span>\/nacht\t\t\t\t\t\t<\/div>\n\t\t\t\t\t\t\n\t\t\t\t\t\t\t\t\t\t\t\t\t<div class=\"_villas-365-property-save-button loading\" data-property-id=\"10\">\n\t<i class=\"fas fa-spinner fa-spin fa-fw _villas-365-property-save-button-icon _villas-365-property-save-spinner\"><\/i>\n\t<i class=\"far fa-heart fa-fw _villas-365-property-save-button-icon _villas-365-property-save-inactive\"><\/i>\n\t<i class=\"fas fa-heart fa-fw _villas-365-property-save-button-icon _villas-365-property-save-active\"><\/i>\n\t<\/div>\n\t\t\t\t\t\t\t\t\t\t\t<\/div>\n\t\t\t\t<\/div>\n\t\t\t\t<div class=\"col-12\">\n\t\t\t\t\t<div class=\"_villas-365-property-inner-text\">\n\t\t\t\t\t\t<div class=\"row h-100\">\n\t\t\t\t\t\t\t<div class=\"col-12\">\n\t\t\t\t\t\t\t\t<div class=\"row\">\n\t\t\t\t\t\t\t\t\t\t\t\t\t\t\t\t\t\t<div class=\"col-12\">\n\t\t\t\t\t\t\t\t\t\t<h5 class=\"_villas-365-property-name\">\n\t\t\t\t\t\t\t\t\t\t\t<a href=\"https:\/\/almarinavillas.com\/de\/eigentum\/10-vertigo-by-almarina-villas\/\" target=\"_blank\">Vertigo -  By Almarina Villas<\/a>\n\t\t\t\t\t\t\t\t\t\t<\/h5>\n\t\t\t\t\t\t\t\t\t<\/div>\n\t\t\t\t\t\t\t\t\t\n\t\t\t\t\t\t\t\t\t\t\t\t\t\t\t\t\t\t<div class=\"col-12\">\n\t\t\t\t\t\t\t\t\t\t<div class=\"_villas-365-property-summary\">\n\t\t\t\t\t\t\t\t\t\t\tVilla Vertigo (Benissa) ist eine spektakul\u00e4re und einzigartige Villa mit sorgf\u00e4ltiger Architektur und Einrichtung sowie unvergleichlicher Aussicht auf das Mittelmeer. Auch die Lage ist unglaublich: Restaurants, Str\u00e4nde und Gesch\u00e4fte sind zu Fu\u00df errei...\t\t\t\t\t\t\t\t\t\t<\/div>\n\t\t\t\t\t\t\t\t\t<\/div>\n\t\t\t\t\t\t\t\t\t\n\t\t\t\t\t\t\t\t\t\t\t\t\t\t\t\t\t\t<div class=\"col-6\">\n\t\t\t\t\t\t\t\t\t\t<div class=\"_villas-365-property-rooms\">\n\t\t<span class=\"_villas-365-property-room\"><i class=\"_villas-365-property-room-icon fas fa-user\"><\/i> 10<\/span>\n\t\t<span class=\"_villas-365-property-room\"><i class=\"_villas-365-property-room-icon fas fa-bed\"><\/i> 5<\/span>\n\t\t<span class=\"_villas-365-property-room\"><i class=\"_villas-365-property-room-icon fas fa-bath\"><\/i> 5<\/span>\n\t\t<\/div>\n\t\t\t\t\t\t\t\t\t<\/div>\n\t\t\t\t\t\t\t\t\t\n\t\t\t\t\t\t\t\t\t<div class=\"col-6 text-right\">\n\t\t\t\t\t\t\t\t\t\t<a href=\"https:\/\/almarinavillas.com\/de\/eigentum\/10-vertigo-by-almarina-villas\/\" target=\"_blank\"\" class=\"_villas-365-property-button _villas-365-property-outline-button btn btn-outline-primary\">Reservieren<\/a>\n\t\t\t\t\t\t\t\t\t<\/div>\n\t\t\t\t\t\t\t\t<\/div>\n\t\t\t\t\t\t\t<\/div>\n\t\t\t\t\t\t<\/div>\n\t\t\t\t\t<\/div>\n\t\t\t\t<\/div>\n\t\t\t<\/div>\n\t\t<\/div>\n\t<\/div>\n<\/div>\t\t\t\t\t\t\t\t\t<\/div>\n\t\t\t\t\t\t\t\t<div class=\"_villas-365-property col-md mb-3\">\n\t\t\t\t\t\t\t\t\t\t\t<div class=\"_villas-365-property-inner\">\n\t<div class=\"row h-100\">\n\t\t<div class=\"col-12\">\n\t\t\t<div class=\"row\">\n\t\t\t\t<div class=\"col-12 mb-2\">\n\t\t\t\t\t<div class=\"_villas-365-property-image\">\n\t\t\t\t\t\t\t\t\t\t\t\t<div class=\"_villas-365-property-image-overlay\"><\/div>\n\t\t\t\t\t\t<a href=\"https:\/\/almarinavillas.com\/de\/eigentum\/39-villa-lujo-by-almarina-villas\/\" class=\"unstyled-link _villas-365-property-image-link\" style=\"background-image:url('https:\/\/secure.365villas.com\/getimage\/uploads\/config\/alvaroaznar\/property\/gallery\/39\/20250314_015640_6390jpg.jpg');\" target=\"_blank\">\n\t\t\t\t\t\t\t<img decoding=\"async\" src=\"https:\/\/secure.365villas.com\/getimage\/uploads\/config\/alvaroaznar\/property\/gallery\/39\/20250314_015640_6390jpg.jpg\" alt=\"\" class=\"img-fluid d-block d-lg-none\">\n\t\t\t\t\t\t<\/a>\n\t\t\t\t\t\t\t\t\t\t\t\t\t\t\t\t\t\t<a href=\"https:\/\/almarinavillas.com\/de\/unterkunft\/\" class=\"_villas-365-property-info-label _villas-365-property-discount\" target=\"_blank\">\n\t\t\t\t\t\t\t<div class=\"_villas-365-property-discount-label\">Werbeaktionen<\/div><div class=\"_villas-365-property-discount-icon\"><i class=\"fa fa-fw fa-info-circle\"><\/i><\/div><div class=\"_villas-365-property-discount-text\">20% LUJO OFERTA ESPECIAL JUNIO \/ SPECIAL LUXURY JUNE VILLA DISCOUNT<\/div>\n\t\t\t\t\t\t<\/a>\n\t\t\t\t\t\t\t\t\t\t\t\t\n\t\t\t\t\t\t\t\t\t\t\t\t<div class=\"_villas-365-property-price\" title=\"\u20ac842.00 per night, \u20ac5,894.00 per week\">\n\t\t\t\t\t\t\t<span class=\"_villas-365-property-price-from-text\">Von<\/span>\n\t\t\t\t\t\t\t<br><span class=\"_villas-365-property-price-value\">\u20ac842.00<\/span>\/nacht\t\t\t\t\t\t<\/div>\n\t\t\t\t\t\t\n\t\t\t\t\t\t\t\t\t\t\t\t\t<div class=\"_villas-365-property-save-button loading\" data-property-id=\"39\">\n\t<i class=\"fas fa-spinner fa-spin fa-fw _villas-365-property-save-button-icon _villas-365-property-save-spinner\"><\/i>\n\t<i class=\"far fa-heart fa-fw _villas-365-property-save-button-icon _villas-365-property-save-inactive\"><\/i>\n\t<i class=\"fas fa-heart fa-fw _villas-365-property-save-button-icon _villas-365-property-save-active\"><\/i>\n\t<\/div>\n\t\t\t\t\t\t\t\t\t\t\t<\/div>\n\t\t\t\t<\/div>\n\t\t\t\t<div class=\"col-12\">\n\t\t\t\t\t<div class=\"_villas-365-property-inner-text\">\n\t\t\t\t\t\t<div class=\"row h-100\">\n\t\t\t\t\t\t\t<div class=\"col-12\">\n\t\t\t\t\t\t\t\t<div class=\"row\">\n\t\t\t\t\t\t\t\t\t\t\t\t\t\t\t\t\t\t<div class=\"col-12\">\n\t\t\t\t\t\t\t\t\t\t<h5 class=\"_villas-365-property-name\">\n\t\t\t\t\t\t\t\t\t\t\t<a href=\"https:\/\/almarinavillas.com\/de\/eigentum\/39-villa-lujo-by-almarina-villas\/\" target=\"_blank\">Villa Lujo - by Almarina Villas<\/a>\n\t\t\t\t\t\t\t\t\t\t<\/h5>\n\t\t\t\t\t\t\t\t\t<\/div>\n\t\t\t\t\t\t\t\t\t\n\t\t\t\t\t\t\t\t\t\t\t\t\t\t\t\t\t\t<div class=\"col-12\">\n\t\t\t\t\t\t\t\t\t\t<div class=\"_villas-365-property-summary\">\n\t\t\t\t\t\t\t\t\t\t\tDie Villa Lujo (Benissa) ist eine ikonische mediterrane Villa mit unvergleichlichem Panoramablick auf das Meer, die als wahre Oase der Ruhe, des Luxus und der Eleganz angesehen werden kann. Sie verf\u00fcgt \u00fcber einen Golfplatz, einen Petanque-Platz, eine...\t\t\t\t\t\t\t\t\t\t<\/div>\n\t\t\t\t\t\t\t\t\t<\/div>\n\t\t\t\t\t\t\t\t\t\n\t\t\t\t\t\t\t\t\t\t\t\t\t\t\t\t\t\t<div class=\"col-6\">\n\t\t\t\t\t\t\t\t\t\t<div class=\"_villas-365-property-rooms\">\n\t\t<span class=\"_villas-365-property-room\"><i class=\"_villas-365-property-room-icon fas fa-user\"><\/i> 14<\/span>\n\t\t<span class=\"_villas-365-property-room\"><i class=\"_villas-365-property-room-icon fas fa-bed\"><\/i> 7<\/span>\n\t\t<span class=\"_villas-365-property-room\"><i class=\"_villas-365-property-room-icon fas fa-bath\"><\/i> 7<\/span>\n\t\t<\/div>\n\t\t\t\t\t\t\t\t\t<\/div>\n\t\t\t\t\t\t\t\t\t\n\t\t\t\t\t\t\t\t\t<div class=\"col-6 text-right\">\n\t\t\t\t\t\t\t\t\t\t<a href=\"https:\/\/almarinavillas.com\/de\/eigentum\/39-villa-lujo-by-almarina-villas\/\" target=\"_blank\"\" class=\"_villas-365-property-button _villas-365-property-outline-button btn btn-outline-primary\">Reservieren<\/a>\n\t\t\t\t\t\t\t\t\t<\/div>\n\t\t\t\t\t\t\t\t<\/div>\n\t\t\t\t\t\t\t<\/div>\n\t\t\t\t\t\t<\/div>\n\t\t\t\t\t<\/div>\n\t\t\t\t<\/div>\n\t\t\t<\/div>\n\t\t<\/div>\n\t<\/div>\n<\/div>\t\t\t\t\t\t\t\t\t<\/div>\n\t\t\t\t\t\t\t<\/div>\n\t\t\t\t\t\t<div class=\"row\">\n\t\t\t\t\t\t\t\t\t\t\t\t<div class=\"_villas-365-property col-md mb-3\">\n\t\t\t\t\t\t\t\t\t\t\t<div class=\"_villas-365-property-inner\">\n\t<div class=\"row h-100\">\n\t\t<div class=\"col-12\">\n\t\t\t<div class=\"row\">\n\t\t\t\t<div class=\"col-12 mb-2\">\n\t\t\t\t\t<div class=\"_villas-365-property-image\">\n\t\t\t\t\t\t\t\t\t\t\t\t<div class=\"_villas-365-property-image-overlay\"><\/div>\n\t\t\t\t\t\t<a href=\"https:\/\/almarinavillas.com\/de\/eigentum\/3-aitana-by-almarina-villas\/\" class=\"unstyled-link _villas-365-property-image-link\" style=\"background-image:url('https:\/\/secure.365villas.com\/getimage\/uploads\/config\/alvaroaznar\/property\/gallery\/3\/20250203_051118_5104jpg.jpg');\" target=\"_blank\">\n\t\t\t\t\t\t\t<img decoding=\"async\" src=\"https:\/\/secure.365villas.com\/getimage\/uploads\/config\/alvaroaznar\/property\/gallery\/3\/20250203_051118_5104jpg.jpg\" alt=\"\" class=\"img-fluid d-block d-lg-none\">\n\t\t\t\t\t\t<\/a>\n\t\t\t\t\t\t\t\t\t\t\t\t\t\t\t\t\t\t<a href=\"https:\/\/almarinavillas.com\/de\/unterkunft\/\" class=\"_villas-365-property-info-label _villas-365-property-discount\" target=\"_blank\">\n\t\t\t\t\t\t\t<div class=\"_villas-365-property-discount-label\">Werbeaktionen<\/div><div class=\"_villas-365-property-discount-icon\"><i class=\"fa fa-fw fa-info-circle\"><\/i><\/div><div class=\"_villas-365-property-discount-text\">2 discounts available<\/div>\n\t\t\t\t\t\t<\/a>\n\t\t\t\t\t\t\t\t\t\t\t\t\n\t\t\t\t\t\t\t\t\t\t\t\t<div class=\"_villas-365-property-price\" title=\"\u20ac130.00 per night, \u20ac910.00 per week\">\n\t\t\t\t\t\t\t<span class=\"_villas-365-property-price-from-text\">Von<\/span>\n\t\t\t\t\t\t\t<br><span class=\"_villas-365-property-price-value\">\u20ac130.00<\/span>\/nacht\t\t\t\t\t\t<\/div>\n\t\t\t\t\t\t\n\t\t\t\t\t\t\t\t\t\t\t\t\t<div class=\"_villas-365-property-save-button loading\" data-property-id=\"3\">\n\t<i class=\"fas fa-spinner fa-spin fa-fw _villas-365-property-save-button-icon _villas-365-property-save-spinner\"><\/i>\n\t<i class=\"far fa-heart fa-fw _villas-365-property-save-button-icon _villas-365-property-save-inactive\"><\/i>\n\t<i class=\"fas fa-heart fa-fw _villas-365-property-save-button-icon _villas-365-property-save-active\"><\/i>\n\t<\/div>\n\t\t\t\t\t\t\t\t\t\t\t<\/div>\n\t\t\t\t<\/div>\n\t\t\t\t<div class=\"col-12\">\n\t\t\t\t\t<div class=\"_villas-365-property-inner-text\">\n\t\t\t\t\t\t<div class=\"row h-100\">\n\t\t\t\t\t\t\t<div class=\"col-12\">\n\t\t\t\t\t\t\t\t<div class=\"row\">\n\t\t\t\t\t\t\t\t\t\t\t\t\t\t\t\t\t\t<div class=\"col-12\">\n\t\t\t\t\t\t\t\t\t\t<h5 class=\"_villas-365-property-name\">\n\t\t\t\t\t\t\t\t\t\t\t<a href=\"https:\/\/almarinavillas.com\/de\/eigentum\/3-aitana-by-almarina-villas\/\" target=\"_blank\">Aitana - By Almarina Villas<\/a>\n\t\t\t\t\t\t\t\t\t\t<\/h5>\n\t\t\t\t\t\t\t\t\t<\/div>\n\t\t\t\t\t\t\t\t\t\n\t\t\t\t\t\t\t\t\t\t\t\t\t\t\t\t\t\t<div class=\"col-12\">\n\t\t\t\t\t\t\t\t\t\t<div class=\"_villas-365-property-summary\">\n\t\t\t\t\t\t\t\t\t\t\tVilla Aitana (Calpe) hat gro\u00dfen mediterranen Charme. Sie werden die detaillierte und durchdachte Inneneinrichtung sowie den wundersch\u00f6nen Swimmingpool mit den umliegenden Sonnenliegen, Luxussofas und einer Terrasse mit Meerblick lieben. Ihr Haustier...\t\t\t\t\t\t\t\t\t\t<\/div>\n\t\t\t\t\t\t\t\t\t<\/div>\n\t\t\t\t\t\t\t\t\t\n\t\t\t\t\t\t\t\t\t\t\t\t\t\t\t\t\t\t<div class=\"col-6\">\n\t\t\t\t\t\t\t\t\t\t<div class=\"_villas-365-property-rooms\">\n\t\t<span class=\"_villas-365-property-room\"><i class=\"_villas-365-property-room-icon fas fa-user\"><\/i> 6<\/span>\n\t\t<span class=\"_villas-365-property-room\"><i class=\"_villas-365-property-room-icon fas fa-bed\"><\/i> 3<\/span>\n\t\t<span class=\"_villas-365-property-room\"><i class=\"_villas-365-property-room-icon fas fa-bath\"><\/i> 1<\/span>\n\t\t<\/div>\n\t\t\t\t\t\t\t\t\t<\/div>\n\t\t\t\t\t\t\t\t\t\n\t\t\t\t\t\t\t\t\t<div class=\"col-6 text-right\">\n\t\t\t\t\t\t\t\t\t\t<a href=\"https:\/\/almarinavillas.com\/de\/eigentum\/3-aitana-by-almarina-villas\/\" target=\"_blank\"\" class=\"_villas-365-property-button _villas-365-property-outline-button btn btn-outline-primary\">Reservieren<\/a>\n\t\t\t\t\t\t\t\t\t<\/div>\n\t\t\t\t\t\t\t\t<\/div>\n\t\t\t\t\t\t\t<\/div>\n\t\t\t\t\t\t<\/div>\n\t\t\t\t\t<\/div>\n\t\t\t\t<\/div>\n\t\t\t<\/div>\n\t\t<\/div>\n\t<\/div>\n<\/div>\t\t\t\t\t\t\t\t\t<\/div>\n\t\t\t\t\t\t\t\t<div class=\"_villas-365-property col-md mb-3\">\n\t\t\t\t\t\t\t\t\t\t\t<div class=\"_villas-365-property-inner\">\n\t<div class=\"row h-100\">\n\t\t<div class=\"col-12\">\n\t\t\t<div class=\"row\">\n\t\t\t\t<div class=\"col-12 mb-2\">\n\t\t\t\t\t<div class=\"_villas-365-property-image\">\n\t\t\t\t\t\t\t\t\t\t\t\t<div class=\"_villas-365-property-image-overlay\"><\/div>\n\t\t\t\t\t\t<a href=\"https:\/\/almarinavillas.com\/de\/eigentum\/16-al-vent-by-almarina-villas\/\" class=\"unstyled-link _villas-365-property-image-link\" style=\"background-image:url('https:\/\/secure.365villas.com\/getimage\/uploads\/config\/alvaroaznar\/property\/gallery\/16\/20250226_075250_412jpg.jpg');\" target=\"_blank\">\n\t\t\t\t\t\t\t<img decoding=\"async\" src=\"https:\/\/secure.365villas.com\/getimage\/uploads\/config\/alvaroaznar\/property\/gallery\/16\/20250226_075250_412jpg.jpg\" alt=\"\" class=\"img-fluid d-block d-lg-none\">\n\t\t\t\t\t\t<\/a>\n\t\t\t\t\t\t\t\t\t\t\t\t\t\t\t\t\t\t<a href=\"https:\/\/almarinavillas.com\/de\/unterkunft\/\" class=\"_villas-365-property-info-label _villas-365-property-discount\" target=\"_blank\">\n\t\t\t\t\t\t\t<div class=\"_villas-365-property-discount-label\">Werbeaktionen<\/div><div class=\"_villas-365-property-discount-icon\"><i class=\"fa fa-fw fa-info-circle\"><\/i><\/div><div class=\"_villas-365-property-discount-text\">Last minute discount<\/div>\n\t\t\t\t\t\t<\/a>\n\t\t\t\t\t\t\t\t\t\t\t\t\n\t\t\t\t\t\t\t\t\t\t\t\t<div class=\"_villas-365-property-price\" title=\"\u20ac232.00 per night, \u20ac1,624.00 per week\">\n\t\t\t\t\t\t\t<span class=\"_villas-365-property-price-from-text\">Von<\/span>\n\t\t\t\t\t\t\t<br><span class=\"_villas-365-property-price-value\">\u20ac232.00<\/span>\/nacht\t\t\t\t\t\t<\/div>\n\t\t\t\t\t\t\n\t\t\t\t\t\t\t\t\t\t\t\t\t<div class=\"_villas-365-property-save-button loading\" data-property-id=\"16\">\n\t<i class=\"fas fa-spinner fa-spin fa-fw _villas-365-property-save-button-icon _villas-365-property-save-spinner\"><\/i>\n\t<i class=\"far fa-heart fa-fw _villas-365-property-save-button-icon _villas-365-property-save-inactive\"><\/i>\n\t<i class=\"fas fa-heart fa-fw _villas-365-property-save-button-icon _villas-365-property-save-active\"><\/i>\n\t<\/div>\n\t\t\t\t\t\t\t\t\t\t\t<\/div>\n\t\t\t\t<\/div>\n\t\t\t\t<div class=\"col-12\">\n\t\t\t\t\t<div class=\"_villas-365-property-inner-text\">\n\t\t\t\t\t\t<div class=\"row h-100\">\n\t\t\t\t\t\t\t<div class=\"col-12\">\n\t\t\t\t\t\t\t\t<div class=\"row\">\n\t\t\t\t\t\t\t\t\t\t\t\t\t\t\t\t\t\t<div class=\"col-12\">\n\t\t\t\t\t\t\t\t\t\t<h5 class=\"_villas-365-property-name\">\n\t\t\t\t\t\t\t\t\t\t\t<a href=\"https:\/\/almarinavillas.com\/de\/eigentum\/16-al-vent-by-almarina-villas\/\" target=\"_blank\">Al Vent - By Almarina Villas<\/a>\n\t\t\t\t\t\t\t\t\t\t<\/h5>\n\t\t\t\t\t\t\t\t\t<\/div>\n\t\t\t\t\t\t\t\t\t\n\t\t\t\t\t\t\t\t\t\t\t\t\t\t\t\t\t\t<div class=\"col-12\">\n\t\t\t\t\t\t\t\t\t\t<div class=\"_villas-365-property-summary\">\n\t\t\t\t\t\t\t\t\t\t\tVilla al Vent (J\u00e1vea) ist eine mediterrane Villa mit viel Charme, stilvoll eingerichtet und mit spektakul\u00e4rem Panoramablick auf das Meer, einem gro\u00dfen Poolbereich mit unglaublicher Aussicht, einem kleinen Veranstaltungsbereich mit Meerblick und einer...\t\t\t\t\t\t\t\t\t\t<\/div>\n\t\t\t\t\t\t\t\t\t<\/div>\n\t\t\t\t\t\t\t\t\t\n\t\t\t\t\t\t\t\t\t\t\t\t\t\t\t\t\t\t<div class=\"col-6\">\n\t\t\t\t\t\t\t\t\t\t<div class=\"_villas-365-property-rooms\">\n\t\t<span class=\"_villas-365-property-room\"><i class=\"_villas-365-property-room-icon fas fa-user\"><\/i> 8<\/span>\n\t\t<span class=\"_villas-365-property-room\"><i class=\"_villas-365-property-room-icon fas fa-bed\"><\/i> 4<\/span>\n\t\t<span class=\"_villas-365-property-room\"><i class=\"_villas-365-property-room-icon fas fa-bath\"><\/i> 3<\/span>\n\t\t<\/div>\n\t\t\t\t\t\t\t\t\t<\/div>\n\t\t\t\t\t\t\t\t\t\n\t\t\t\t\t\t\t\t\t<div class=\"col-6 text-right\">\n\t\t\t\t\t\t\t\t\t\t<a href=\"https:\/\/almarinavillas.com\/de\/eigentum\/16-al-vent-by-almarina-villas\/\" target=\"_blank\"\" class=\"_villas-365-property-button _villas-365-property-outline-button btn btn-outline-primary\">Reservieren<\/a>\n\t\t\t\t\t\t\t\t\t<\/div>\n\t\t\t\t\t\t\t\t<\/div>\n\t\t\t\t\t\t\t<\/div>\n\t\t\t\t\t\t<\/div>\n\t\t\t\t\t<\/div>\n\t\t\t\t<\/div>\n\t\t\t<\/div>\n\t\t<\/div>\n\t<\/div>\n<\/div>\t\t\t\t\t\t\t\t\t<\/div>\n\t\t\t\t\t\t\t\t<div class=\"_villas-365-property col-md mb-3\">\n\t\t\t\t\t\t\t\t\t\t\t<div class=\"_villas-365-property-inner\">\n\t<div class=\"row h-100\">\n\t\t<div class=\"col-12\">\n\t\t\t<div class=\"row\">\n\t\t\t\t<div class=\"col-12 mb-2\">\n\t\t\t\t\t<div class=\"_villas-365-property-image\">\n\t\t\t\t\t\t\t\t\t\t\t\t<div class=\"_villas-365-property-image-overlay\"><\/div>\n\t\t\t\t\t\t<a href=\"https:\/\/almarinavillas.com\/de\/eigentum\/54-ancora-by-almarina-villas\/\" class=\"unstyled-link _villas-365-property-image-link\" style=\"background-image:url('https:\/\/secure.365villas.com\/getimage\/uploads\/config\/alvaroaznar\/property\/gallery\/54\/20250610_125207_6763jpg.jpg');\" target=\"_blank\">\n\t\t\t\t\t\t\t<img decoding=\"async\" src=\"https:\/\/secure.365villas.com\/getimage\/uploads\/config\/alvaroaznar\/property\/gallery\/54\/20250610_125207_6763jpg.jpg\" alt=\"\" class=\"img-fluid d-block d-lg-none\">\n\t\t\t\t\t\t<\/a>\n\t\t\t\t\t\t\t\t\t\t\t\t\t\t\t\t\t\t\n\t\t\t\t\t\t\t\t\t\t\t\t<div class=\"_villas-365-property-price\" title=\"\u20ac212.00 per night, \u20ac1,484.00 per week\">\n\t\t\t\t\t\t\t<span class=\"_villas-365-property-price-from-text\">Von<\/span>\n\t\t\t\t\t\t\t<br><span class=\"_villas-365-property-price-value\">\u20ac212.00<\/span>\/nacht\t\t\t\t\t\t<\/div>\n\t\t\t\t\t\t\n\t\t\t\t\t\t\t\t\t\t\t\t\t<div class=\"_villas-365-property-save-button loading\" data-property-id=\"54\">\n\t<i class=\"fas fa-spinner fa-spin fa-fw _villas-365-property-save-button-icon _villas-365-property-save-spinner\"><\/i>\n\t<i class=\"far fa-heart fa-fw _villas-365-property-save-button-icon _villas-365-property-save-inactive\"><\/i>\n\t<i class=\"fas fa-heart fa-fw _villas-365-property-save-button-icon _villas-365-property-save-active\"><\/i>\n\t<\/div>\n\t\t\t\t\t\t\t\t\t\t\t<\/div>\n\t\t\t\t<\/div>\n\t\t\t\t<div class=\"col-12\">\n\t\t\t\t\t<div class=\"_villas-365-property-inner-text\">\n\t\t\t\t\t\t<div class=\"row h-100\">\n\t\t\t\t\t\t\t<div class=\"col-12\">\n\t\t\t\t\t\t\t\t<div class=\"row\">\n\t\t\t\t\t\t\t\t\t\t\t\t\t\t\t\t\t\t<div class=\"col-12\">\n\t\t\t\t\t\t\t\t\t\t<h5 class=\"_villas-365-property-name\">\n\t\t\t\t\t\t\t\t\t\t\t<a href=\"https:\/\/almarinavillas.com\/de\/eigentum\/54-ancora-by-almarina-villas\/\" target=\"_blank\">Ancora - By Almarina Villas<\/a>\n\t\t\t\t\t\t\t\t\t\t<\/h5>\n\t\t\t\t\t\t\t\t\t<\/div>\n\t\t\t\t\t\t\t\t\t\n\t\t\t\t\t\t\t\t\t\t\t\t\t\t\t\t\t\t<div class=\"col-12\">\n\t\t\t\t\t\t\t\t\t\t<div class=\"_villas-365-property-summary\">\n\t\t\t\t\t\t\t\t\t\t\tVilla Ancora (Moraira) ist eine Villa mit der charakteristischen Architektur der Mittelmeerk\u00fcste, die von abgerundeten Linien gepr\u00e4gt ist und durch eine sorgf\u00e4ltig gestaltete Dekoration im ibizenkischen Stil unterstrichen wird. Dank ihrer Privatsph\u00e4r...\t\t\t\t\t\t\t\t\t\t<\/div>\n\t\t\t\t\t\t\t\t\t<\/div>\n\t\t\t\t\t\t\t\t\t\n\t\t\t\t\t\t\t\t\t\t\t\t\t\t\t\t\t\t<div class=\"col-6\">\n\t\t\t\t\t\t\t\t\t\t<div class=\"_villas-365-property-rooms\">\n\t\t<span class=\"_villas-365-property-room\"><i class=\"_villas-365-property-room-icon fas fa-user\"><\/i> 6<\/span>\n\t\t<span class=\"_villas-365-property-room\"><i class=\"_villas-365-property-room-icon fas fa-bed\"><\/i> 3<\/span>\n\t\t<span class=\"_villas-365-property-room\"><i class=\"_villas-365-property-room-icon fas fa-bath\"><\/i> 2<\/span>\n\t\t<\/div>\n\t\t\t\t\t\t\t\t\t<\/div>\n\t\t\t\t\t\t\t\t\t\n\t\t\t\t\t\t\t\t\t<div class=\"col-6 text-right\">\n\t\t\t\t\t\t\t\t\t\t<a href=\"https:\/\/almarinavillas.com\/de\/eigentum\/54-ancora-by-almarina-villas\/\" target=\"_blank\"\" class=\"_villas-365-property-button _villas-365-property-outline-button btn btn-outline-primary\">Reservieren<\/a>\n\t\t\t\t\t\t\t\t\t<\/div>\n\t\t\t\t\t\t\t\t<\/div>\n\t\t\t\t\t\t\t<\/div>\n\t\t\t\t\t\t<\/div>\n\t\t\t\t\t<\/div>\n\t\t\t\t<\/div>\n\t\t\t<\/div>\n\t\t<\/div>\n\t<\/div>\n<\/div>\t\t\t\t\t\t\t\t\t<\/div>\n\t\t\t\t\t\t\t<\/div>\n\t\t\t\t\t\t<div class=\"row\">\n\t\t\t\t\t\t\t\t\t\t\t\t<div class=\"_villas-365-property col-md mb-3\">\n\t\t\t\t\t\t\t\t\t\t\t<div class=\"_villas-365-property-inner\">\n\t<div class=\"row h-100\">\n\t\t<div class=\"col-12\">\n\t\t\t<div class=\"row\">\n\t\t\t\t<div class=\"col-12 mb-2\">\n\t\t\t\t\t<div class=\"_villas-365-property-image\">\n\t\t\t\t\t\t\t\t\t\t\t\t<div class=\"_villas-365-property-image-overlay\"><\/div>\n\t\t\t\t\t\t<a href=\"https:\/\/almarinavillas.com\/de\/eigentum\/58-bahia-de-javea-managed-by-almarina-villas\/\" class=\"unstyled-link _villas-365-property-image-link\" style=\"background-image:url('https:\/\/secure.365villas.com\/getimage\/uploads\/config\/alvaroaznar\/property\/gallery\/58\/20260421_074429_1311jpg.jpg');\" target=\"_blank\">\n\t\t\t\t\t\t\t<img decoding=\"async\" src=\"https:\/\/secure.365villas.com\/getimage\/uploads\/config\/alvaroaznar\/property\/gallery\/58\/20260421_074429_1311jpg.jpg\" alt=\"\" class=\"img-fluid d-block d-lg-none\">\n\t\t\t\t\t\t<\/a>\n\t\t\t\t\t\t\t\t\t\t\t\t\t\t\t\t\t\t<a href=\"https:\/\/almarinavillas.com\/de\/unterkunft\/\" class=\"_villas-365-property-info-label _villas-365-property-discount\" target=\"_blank\">\n\t\t\t\t\t\t\t<div class=\"_villas-365-property-discount-label\">Werbeaktionen<\/div><div class=\"_villas-365-property-discount-icon\"><i class=\"fa fa-fw fa-info-circle\"><\/i><\/div><div class=\"_villas-365-property-discount-text\">Last minute discount<\/div>\n\t\t\t\t\t\t<\/a>\n\t\t\t\t\t\t\t\t\t\t\t\t\n\t\t\t\t\t\t\t\t\t\t\t\t<div class=\"_villas-365-property-price\" title=\"\u20ac367.00 per night, \u20ac2,569.00 per week\">\n\t\t\t\t\t\t\t<span class=\"_villas-365-property-price-from-text\">Von<\/span>\n\t\t\t\t\t\t\t<br><span class=\"_villas-365-property-price-value\">\u20ac367.00<\/span>\/nacht\t\t\t\t\t\t<\/div>\n\t\t\t\t\t\t\n\t\t\t\t\t\t\t\t\t\t\t\t\t<div class=\"_villas-365-property-save-button loading\" data-property-id=\"58\">\n\t<i class=\"fas fa-spinner fa-spin fa-fw _villas-365-property-save-button-icon _villas-365-property-save-spinner\"><\/i>\n\t<i class=\"far fa-heart fa-fw _villas-365-property-save-button-icon _villas-365-property-save-inactive\"><\/i>\n\t<i class=\"fas fa-heart fa-fw _villas-365-property-save-button-icon _villas-365-property-save-active\"><\/i>\n\t<\/div>\n\t\t\t\t\t\t\t\t\t\t\t<\/div>\n\t\t\t\t<\/div>\n\t\t\t\t<div class=\"col-12\">\n\t\t\t\t\t<div class=\"_villas-365-property-inner-text\">\n\t\t\t\t\t\t<div class=\"row h-100\">\n\t\t\t\t\t\t\t<div class=\"col-12\">\n\t\t\t\t\t\t\t\t<div class=\"row\">\n\t\t\t\t\t\t\t\t\t\t\t\t\t\t\t\t\t\t<div class=\"col-12\">\n\t\t\t\t\t\t\t\t\t\t<h5 class=\"_villas-365-property-name\">\n\t\t\t\t\t\t\t\t\t\t\t<a href=\"https:\/\/almarinavillas.com\/de\/eigentum\/58-bahia-de-javea-managed-by-almarina-villas\/\" target=\"_blank\">Bahia de Javea - Managed by Almarina Villas<\/a>\n\t\t\t\t\t\t\t\t\t\t<\/h5>\n\t\t\t\t\t\t\t\t\t<\/div>\n\t\t\t\t\t\t\t\t\t\n\t\t\t\t\t\t\t\t\t\t\t\t\t\t\t\t\t\t<div class=\"col-12\">\n\t\t\t\t\t\t\t\t\t\t<div class=\"_villas-365-property-summary\">\n\t\t\t\t\t\t\t\t\t\t\tDie Villa Bay de J\u00e1vea (J\u00e1vea) ist eine charmante, stilvoll eingerichtete Strandvilla mit spektakul\u00e4rem Panoramablick auf das Meer und einem gro\u00dfz\u00fcgigen Poolbereich. Sie befindet sich in traumhafter Lage, nur wenige Gehminuten von erstklassigen Resta...\t\t\t\t\t\t\t\t\t\t<\/div>\n\t\t\t\t\t\t\t\t\t<\/div>\n\t\t\t\t\t\t\t\t\t\n\t\t\t\t\t\t\t\t\t\t\t\t\t\t\t\t\t\t<div class=\"col-6\">\n\t\t\t\t\t\t\t\t\t\t<div class=\"_villas-365-property-rooms\">\n\t\t<span class=\"_villas-365-property-room\"><i class=\"_villas-365-property-room-icon fas fa-user\"><\/i> 8<\/span>\n\t\t<span class=\"_villas-365-property-room\"><i class=\"_villas-365-property-room-icon fas fa-bed\"><\/i> 5<\/span>\n\t\t<span class=\"_villas-365-property-room\"><i class=\"_villas-365-property-room-icon fas fa-bath\"><\/i> 3<\/span>\n\t\t<\/div>\n\t\t\t\t\t\t\t\t\t<\/div>\n\t\t\t\t\t\t\t\t\t\n\t\t\t\t\t\t\t\t\t<div class=\"col-6 text-right\">\n\t\t\t\t\t\t\t\t\t\t<a href=\"https:\/\/almarinavillas.com\/de\/eigentum\/58-bahia-de-javea-managed-by-almarina-villas\/\" target=\"_blank\"\" class=\"_villas-365-property-button _villas-365-property-outline-button btn btn-outline-primary\">Reservieren<\/a>\n\t\t\t\t\t\t\t\t\t<\/div>\n\t\t\t\t\t\t\t\t<\/div>\n\t\t\t\t\t\t\t<\/div>\n\t\t\t\t\t\t<\/div>\n\t\t\t\t\t<\/div>\n\t\t\t\t<\/div>\n\t\t\t<\/div>\n\t\t<\/div>\n\t<\/div>\n<\/div>\t\t\t\t\t\t\t\t\t<\/div>\n\t\t\t\t\t\t\t\t<div class=\"_villas-365-property col-md mb-3\">\n\t\t\t\t\t\t\t\t\t\t\t<div class=\"_villas-365-property-inner\">\n\t<div class=\"row h-100\">\n\t\t<div class=\"col-12\">\n\t\t\t<div class=\"row\">\n\t\t\t\t<div class=\"col-12 mb-2\">\n\t\t\t\t\t<div class=\"_villas-365-property-image\">\n\t\t\t\t\t\t\t\t\t\t\t\t<div class=\"_villas-365-property-image-overlay\"><\/div>\n\t\t\t\t\t\t<a href=\"https:\/\/almarinavillas.com\/de\/eigentum\/25-baha-del-portet-by-almarina-villas\/\" class=\"unstyled-link _villas-365-property-image-link\" style=\"background-image:url('https:\/\/secure.365villas.com\/getimage\/uploads\/config\/alvaroaznar\/property\/gallery\/25\/20250226_070832_9079jpg.jpg');\" target=\"_blank\">\n\t\t\t\t\t\t\t<img decoding=\"async\" src=\"https:\/\/secure.365villas.com\/getimage\/uploads\/config\/alvaroaznar\/property\/gallery\/25\/20250226_070832_9079jpg.jpg\" alt=\"\" class=\"img-fluid d-block d-lg-none\">\n\t\t\t\t\t\t<\/a>\n\t\t\t\t\t\t\t\t\t\t\t\t\t\t\t\t\t\t<a href=\"https:\/\/almarinavillas.com\/de\/unterkunft\/\" class=\"_villas-365-property-info-label _villas-365-property-discount\" target=\"_blank\">\n\t\t\t\t\t\t\t<div class=\"_villas-365-property-discount-label\">Werbeaktionen<\/div><div class=\"_villas-365-property-discount-icon\"><i class=\"fa fa-fw fa-info-circle\"><\/i><\/div><div class=\"_villas-365-property-discount-text\">2 discounts available<\/div>\n\t\t\t\t\t\t<\/a>\n\t\t\t\t\t\t\t\t\t\t\t\t\n\t\t\t\t\t\t\t\t\t\t\t\t<div class=\"_villas-365-property-price\" title=\"\u20ac115.00 per night, \u20ac805.00 per week\">\n\t\t\t\t\t\t\t<span class=\"_villas-365-property-price-from-text\">Von<\/span>\n\t\t\t\t\t\t\t<br><span class=\"_villas-365-property-price-value\">\u20ac115.00<\/span>\/nacht\t\t\t\t\t\t<\/div>\n\t\t\t\t\t\t\n\t\t\t\t\t\t\t\t\t\t\t\t\t<div class=\"_villas-365-property-save-button loading\" data-property-id=\"25\">\n\t<i class=\"fas fa-spinner fa-spin fa-fw _villas-365-property-save-button-icon _villas-365-property-save-spinner\"><\/i>\n\t<i class=\"far fa-heart fa-fw _villas-365-property-save-button-icon _villas-365-property-save-inactive\"><\/i>\n\t<i class=\"fas fa-heart fa-fw _villas-365-property-save-button-icon _villas-365-property-save-active\"><\/i>\n\t<\/div>\n\t\t\t\t\t\t\t\t\t\t\t<\/div>\n\t\t\t\t<\/div>\n\t\t\t\t<div class=\"col-12\">\n\t\t\t\t\t<div class=\"_villas-365-property-inner-text\">\n\t\t\t\t\t\t<div class=\"row h-100\">\n\t\t\t\t\t\t\t<div class=\"col-12\">\n\t\t\t\t\t\t\t\t<div class=\"row\">\n\t\t\t\t\t\t\t\t\t\t\t\t\t\t\t\t\t\t<div class=\"col-12\">\n\t\t\t\t\t\t\t\t\t\t<h5 class=\"_villas-365-property-name\">\n\t\t\t\t\t\t\t\t\t\t\t<a href=\"https:\/\/almarinavillas.com\/de\/eigentum\/25-baha-del-portet-by-almarina-villas\/\" target=\"_blank\">Bah\u00eda del Portet - By Almarina Villas<\/a>\n\t\t\t\t\t\t\t\t\t\t<\/h5>\n\t\t\t\t\t\t\t\t\t<\/div>\n\t\t\t\t\t\t\t\t\t\n\t\t\t\t\t\t\t\t\t\t\t\t\t\t\t\t\t\t<div class=\"col-12\">\n\t\t\t\t\t\t\t\t\t\t<div class=\"_villas-365-property-summary\">\n\t\t\t\t\t\t\t\t\t\t\tBah\u00eda del Portet (Moraira) ist ein ger\u00e4umiges und elegantes Penthouse-Apartment mit viel Charme und einer gro\u00dfen Terrasse mit unglaublichem Panoramablick auf den Strand El Portet. Es besticht au\u00dferdem durch seine hervorragende Lage, nur 650 Meter vom...\t\t\t\t\t\t\t\t\t\t<\/div>\n\t\t\t\t\t\t\t\t\t<\/div>\n\t\t\t\t\t\t\t\t\t\n\t\t\t\t\t\t\t\t\t\t\t\t\t\t\t\t\t\t<div class=\"col-6\">\n\t\t\t\t\t\t\t\t\t\t<div class=\"_villas-365-property-rooms\">\n\t\t<span class=\"_villas-365-property-room\"><i class=\"_villas-365-property-room-icon fas fa-user\"><\/i> 5<\/span>\n\t\t<span class=\"_villas-365-property-room\"><i class=\"_villas-365-property-room-icon fas fa-bed\"><\/i> 2<\/span>\n\t\t<span class=\"_villas-365-property-room\"><i class=\"_villas-365-property-room-icon fas fa-bath\"><\/i> 2<\/span>\n\t\t<\/div>\n\t\t\t\t\t\t\t\t\t<\/div>\n\t\t\t\t\t\t\t\t\t\n\t\t\t\t\t\t\t\t\t<div class=\"col-6 text-right\">\n\t\t\t\t\t\t\t\t\t\t<a href=\"https:\/\/almarinavillas.com\/de\/eigentum\/25-baha-del-portet-by-almarina-villas\/\" target=\"_blank\"\" class=\"_villas-365-property-button _villas-365-property-outline-button btn btn-outline-primary\">Reservieren<\/a>\n\t\t\t\t\t\t\t\t\t<\/div>\n\t\t\t\t\t\t\t\t<\/div>\n\t\t\t\t\t\t\t<\/div>\n\t\t\t\t\t\t<\/div>\n\t\t\t\t\t<\/div>\n\t\t\t\t<\/div>\n\t\t\t<\/div>\n\t\t<\/div>\n\t<\/div>\n<\/div>\t\t\t\t\t\t\t\t\t<\/div>\n\t\t\t\t\t\t\t\t<div class=\"_villas-365-property col-md mb-3\">\n\t\t\t\t\t\t\t\t\t\t\t<div class=\"_villas-365-property-inner\">\n\t<div class=\"row h-100\">\n\t\t<div class=\"col-12\">\n\t\t\t<div class=\"row\">\n\t\t\t\t<div class=\"col-12 mb-2\">\n\t\t\t\t\t<div class=\"_villas-365-property-image\">\n\t\t\t\t\t\t\t\t\t\t\t\t<div class=\"_villas-365-property-image-overlay\"><\/div>\n\t\t\t\t\t\t<a href=\"https:\/\/almarinavillas.com\/de\/eigentum\/23-balilos-4-by-almarina-villas\/\" class=\"unstyled-link _villas-365-property-image-link\" style=\"background-image:url('https:\/\/secure.365villas.com\/getimage\/uploads\/config\/alvaroaznar\/property\/gallery\/23\/20230509_011510jpg.jpg');\" target=\"_blank\">\n\t\t\t\t\t\t\t<img decoding=\"async\" src=\"https:\/\/secure.365villas.com\/getimage\/uploads\/config\/alvaroaznar\/property\/gallery\/23\/20230509_011510jpg.jpg\" alt=\"\" class=\"img-fluid d-block d-lg-none\">\n\t\t\t\t\t\t<\/a>\n\t\t\t\t\t\t\t\t\t\t\t\t\t\t\t\t\t\t<a href=\"https:\/\/almarinavillas.com\/de\/unterkunft\/\" class=\"_villas-365-property-info-label _villas-365-property-discount\" target=\"_blank\">\n\t\t\t\t\t\t\t<div class=\"_villas-365-property-discount-label\">Werbeaktionen<\/div><div class=\"_villas-365-property-discount-icon\"><i class=\"fa fa-fw fa-info-circle\"><\/i><\/div><div class=\"_villas-365-property-discount-text\">Last minute discount<\/div>\n\t\t\t\t\t\t<\/a>\n\t\t\t\t\t\t\t\t\t\t\t\t\n\t\t\t\t\t\t\t\t\t\t\t\t<div class=\"_villas-365-property-price\" title=\"\u20ac176.00 per night, \u20ac1,232.00 per week\">\n\t\t\t\t\t\t\t<span class=\"_villas-365-property-price-from-text\">Von<\/span>\n\t\t\t\t\t\t\t<br><span class=\"_villas-365-property-price-value\">\u20ac176.00<\/span>\/nacht\t\t\t\t\t\t<\/div>\n\t\t\t\t\t\t\n\t\t\t\t\t\t\t\t\t\t\t\t\t<div class=\"_villas-365-property-save-button loading\" data-property-id=\"23\">\n\t<i class=\"fas fa-spinner fa-spin fa-fw _villas-365-property-save-button-icon _villas-365-property-save-spinner\"><\/i>\n\t<i class=\"far fa-heart fa-fw _villas-365-property-save-button-icon _villas-365-property-save-inactive\"><\/i>\n\t<i class=\"fas fa-heart fa-fw _villas-365-property-save-button-icon _villas-365-property-save-active\"><\/i>\n\t<\/div>\n\t\t\t\t\t\t\t\t\t\t\t<\/div>\n\t\t\t\t<\/div>\n\t\t\t\t<div class=\"col-12\">\n\t\t\t\t\t<div class=\"_villas-365-property-inner-text\">\n\t\t\t\t\t\t<div class=\"row h-100\">\n\t\t\t\t\t\t\t<div class=\"col-12\">\n\t\t\t\t\t\t\t\t<div class=\"row\">\n\t\t\t\t\t\t\t\t\t\t\t\t\t\t\t\t\t\t<div class=\"col-12\">\n\t\t\t\t\t\t\t\t\t\t<h5 class=\"_villas-365-property-name\">\n\t\t\t\t\t\t\t\t\t\t\t<a href=\"https:\/\/almarinavillas.com\/de\/eigentum\/23-balilos-4-by-almarina-villas\/\" target=\"_blank\">Balilos 4 - By Almarina Villas<\/a>\n\t\t\t\t\t\t\t\t\t\t<\/h5>\n\t\t\t\t\t\t\t\t\t<\/div>\n\t\t\t\t\t\t\t\t\t\n\t\t\t\t\t\t\t\t\t\t\t\t\t\t\t\t\t\t<div class=\"col-12\">\n\t\t\t\t\t\t\t\t\t\t<div class=\"_villas-365-property-summary\">\n\t\t\t\t\t\t\t\t\t\t\tBabilos 4 (Moraira) ist eine moderne mediterrane Villa mit Pool und spektakul\u00e4rem Panoramablick auf das Meer. Die elegante Einrichtung wird Sie begeistern. Seine unglaubliche Lage macht es einzigartig, nur 50 Meter vom Strand, zahlreichen Restaurants...\t\t\t\t\t\t\t\t\t\t<\/div>\n\t\t\t\t\t\t\t\t\t<\/div>\n\t\t\t\t\t\t\t\t\t\n\t\t\t\t\t\t\t\t\t\t\t\t\t\t\t\t\t\t<div class=\"col-6\">\n\t\t\t\t\t\t\t\t\t\t<div class=\"_villas-365-property-rooms\">\n\t\t<span class=\"_villas-365-property-room\"><i class=\"_villas-365-property-room-icon fas fa-user\"><\/i> 4<\/span>\n\t\t<span class=\"_villas-365-property-room\"><i class=\"_villas-365-property-room-icon fas fa-bed\"><\/i> 2<\/span>\n\t\t<span class=\"_villas-365-property-room\"><i class=\"_villas-365-property-room-icon fas fa-bath\"><\/i> 2<\/span>\n\t\t<\/div>\n\t\t\t\t\t\t\t\t\t<\/div>\n\t\t\t\t\t\t\t\t\t\n\t\t\t\t\t\t\t\t\t<div class=\"col-6 text-right\">\n\t\t\t\t\t\t\t\t\t\t<a href=\"https:\/\/almarinavillas.com\/de\/eigentum\/23-balilos-4-by-almarina-villas\/\" target=\"_blank\"\" class=\"_villas-365-property-button _villas-365-property-outline-button btn btn-outline-primary\">Reservieren<\/a>\n\t\t\t\t\t\t\t\t\t<\/div>\n\t\t\t\t\t\t\t\t<\/div>\n\t\t\t\t\t\t\t<\/div>\n\t\t\t\t\t\t<\/div>\n\t\t\t\t\t<\/div>\n\t\t\t\t<\/div>\n\t\t\t<\/div>\n\t\t<\/div>\n\t<\/div>\n<\/div>\t\t\t\t\t\t\t\t\t<\/div>\n\t\t\t\t\t\t\t<\/div>\n\t\t\t\t\t\t<div class=\"row\">\n\t\t\t\t\t\t\t\t\t\t\t\t<div class=\"_villas-365-property col-md mb-3\">\n\t\t\t\t\t\t\t\t\t\t\t<div class=\"_villas-365-property-inner\">\n\t<div class=\"row h-100\">\n\t\t<div class=\"col-12\">\n\t\t\t<div class=\"row\">\n\t\t\t\t<div class=\"col-12 mb-2\">\n\t\t\t\t\t<div class=\"_villas-365-property-image\">\n\t\t\t\t\t\t\t\t\t\t\t\t<div class=\"_villas-365-property-image-overlay\"><\/div>\n\t\t\t\t\t\t<a href=\"https:\/\/almarinavillas.com\/de\/eigentum\/22-balilos-8-by-almarina-villas\/\" class=\"unstyled-link _villas-365-property-image-link\" style=\"background-image:url('https:\/\/secure.365villas.com\/getimage\/uploads\/config\/alvaroaznar\/property\/gallery\/22\/20250205_043319_2945jpg.jpg');\" target=\"_blank\">\n\t\t\t\t\t\t\t<img decoding=\"async\" src=\"https:\/\/secure.365villas.com\/getimage\/uploads\/config\/alvaroaznar\/property\/gallery\/22\/20250205_043319_2945jpg.jpg\" alt=\"\" class=\"img-fluid d-block d-lg-none\">\n\t\t\t\t\t\t<\/a>\n\t\t\t\t\t\t\t\t\t\t\t\t\t\t\t\t\t\t<a href=\"https:\/\/almarinavillas.com\/de\/unterkunft\/\" class=\"_villas-365-property-info-label _villas-365-property-discount\" target=\"_blank\">\n\t\t\t\t\t\t\t<div class=\"_villas-365-property-discount-label\">Werbeaktionen<\/div><div class=\"_villas-365-property-discount-icon\"><i class=\"fa fa-fw fa-info-circle\"><\/i><\/div><div class=\"_villas-365-property-discount-text\">Last minute discount<\/div>\n\t\t\t\t\t\t<\/a>\n\t\t\t\t\t\t\t\t\t\t\t\t\n\t\t\t\t\t\t\t\t\t\t\t\t<div class=\"_villas-365-property-price\" title=\"\u20ac299.00 per night, \u20ac2,093.00 per week\">\n\t\t\t\t\t\t\t<span class=\"_villas-365-property-price-from-text\">Von<\/span>\n\t\t\t\t\t\t\t<br><span class=\"_villas-365-property-price-value\">\u20ac299.00<\/span>\/nacht\t\t\t\t\t\t<\/div>\n\t\t\t\t\t\t\n\t\t\t\t\t\t\t\t\t\t\t\t\t<div class=\"_villas-365-property-save-button loading\" data-property-id=\"22\">\n\t<i class=\"fas fa-spinner fa-spin fa-fw _villas-365-property-save-button-icon _villas-365-property-save-spinner\"><\/i>\n\t<i class=\"far fa-heart fa-fw _villas-365-property-save-button-icon _villas-365-property-save-inactive\"><\/i>\n\t<i class=\"fas fa-heart fa-fw _villas-365-property-save-button-icon _villas-365-property-save-active\"><\/i>\n\t<\/div>\n\t\t\t\t\t\t\t\t\t\t\t<\/div>\n\t\t\t\t<\/div>\n\t\t\t\t<div class=\"col-12\">\n\t\t\t\t\t<div class=\"_villas-365-property-inner-text\">\n\t\t\t\t\t\t<div class=\"row h-100\">\n\t\t\t\t\t\t\t<div class=\"col-12\">\n\t\t\t\t\t\t\t\t<div class=\"row\">\n\t\t\t\t\t\t\t\t\t\t\t\t\t\t\t\t\t\t<div class=\"col-12\">\n\t\t\t\t\t\t\t\t\t\t<h5 class=\"_villas-365-property-name\">\n\t\t\t\t\t\t\t\t\t\t\t<a href=\"https:\/\/almarinavillas.com\/de\/eigentum\/22-balilos-8-by-almarina-villas\/\" target=\"_blank\">Balilos 8 - By Almarina Villas<\/a>\n\t\t\t\t\t\t\t\t\t\t<\/h5>\n\t\t\t\t\t\t\t\t\t<\/div>\n\t\t\t\t\t\t\t\t\t\n\t\t\t\t\t\t\t\t\t\t\t\t\t\t\t\t\t\t<div class=\"col-12\">\n\t\t\t\t\t\t\t\t\t\t<div class=\"_villas-365-property-summary\">\n\t\t\t\t\t\t\t\t\t\t\tBabilos 8 (Moraira) ist eine moderne mediterrane Villa mit Pool und spektakul\u00e4rem Panoramablick auf das Meer. Die elegante Einrichtung wird Sie begeistern. Seine unglaubliche Lage macht es einzigartig, nur 50 Meter vom Strand, zahlreichen Restaurants...\t\t\t\t\t\t\t\t\t\t<\/div>\n\t\t\t\t\t\t\t\t\t<\/div>\n\t\t\t\t\t\t\t\t\t\n\t\t\t\t\t\t\t\t\t\t\t\t\t\t\t\t\t\t<div class=\"col-6\">\n\t\t\t\t\t\t\t\t\t\t<div class=\"_villas-365-property-rooms\">\n\t\t<span class=\"_villas-365-property-room\"><i class=\"_villas-365-property-room-icon fas fa-user\"><\/i> 8<\/span>\n\t\t<span class=\"_villas-365-property-room\"><i class=\"_villas-365-property-room-icon fas fa-bed\"><\/i> 4<\/span>\n\t\t<span class=\"_villas-365-property-room\"><i class=\"_villas-365-property-room-icon fas fa-bath\"><\/i> 4<\/span>\n\t\t<\/div>\n\t\t\t\t\t\t\t\t\t<\/div>\n\t\t\t\t\t\t\t\t\t\n\t\t\t\t\t\t\t\t\t<div class=\"col-6 text-right\">\n\t\t\t\t\t\t\t\t\t\t<a href=\"https:\/\/almarinavillas.com\/de\/eigentum\/22-balilos-8-by-almarina-villas\/\" target=\"_blank\"\" class=\"_villas-365-property-button _villas-365-property-outline-button btn btn-outline-primary\">Reservieren<\/a>\n\t\t\t\t\t\t\t\t\t<\/div>\n\t\t\t\t\t\t\t\t<\/div>\n\t\t\t\t\t\t\t<\/div>\n\t\t\t\t\t\t<\/div>\n\t\t\t\t\t<\/div>\n\t\t\t\t<\/div>\n\t\t\t<\/div>\n\t\t<\/div>\n\t<\/div>\n<\/div>\t\t\t\t\t\t\t\t\t<\/div>\n\t\t\t\t\t\t\t\t<div class=\"_villas-365-property col-md mb-3\">\n\t\t\t\t\t\t\t\t\t\t\t<div class=\"_villas-365-property-inner\">\n\t<div class=\"row h-100\">\n\t\t<div class=\"col-12\">\n\t\t\t<div class=\"row\">\n\t\t\t\t<div class=\"col-12 mb-2\">\n\t\t\t\t\t<div class=\"_villas-365-property-image\">\n\t\t\t\t\t\t\t\t\t\t\t\t<div class=\"_villas-365-property-image-overlay\"><\/div>\n\t\t\t\t\t\t<a href=\"https:\/\/almarinavillas.com\/de\/eigentum\/36-bianca-by-almarina-villas\/\" class=\"unstyled-link _villas-365-property-image-link\" style=\"background-image:url('https:\/\/secure.365villas.com\/getimage\/uploads\/config\/alvaroaznar\/property\/gallery\/36\/20231125_014710_5250jpg.jpg');\" target=\"_blank\">\n\t\t\t\t\t\t\t<img decoding=\"async\" src=\"https:\/\/secure.365villas.com\/getimage\/uploads\/config\/alvaroaznar\/property\/gallery\/36\/20231125_014710_5250jpg.jpg\" alt=\"\" class=\"img-fluid d-block d-lg-none\">\n\t\t\t\t\t\t<\/a>\n\t\t\t\t\t\t\t\t\t\t\t\t\t\t\t\t\t\t<a href=\"https:\/\/almarinavillas.com\/de\/unterkunft\/\" class=\"_villas-365-property-info-label _villas-365-property-discount\" target=\"_blank\">\n\t\t\t\t\t\t\t<div class=\"_villas-365-property-discount-label\">Werbeaktionen<\/div><div class=\"_villas-365-property-discount-icon\"><i class=\"fa fa-fw fa-info-circle\"><\/i><\/div><div class=\"_villas-365-property-discount-text\">Last minute discount<\/div>\n\t\t\t\t\t\t<\/a>\n\t\t\t\t\t\t\t\t\t\t\t\t\n\t\t\t\t\t\t\t\t\t\t\t\t<div class=\"_villas-365-property-price\" title=\"\u20ac177.00 per night, \u20ac1,239.00 per week\">\n\t\t\t\t\t\t\t<span class=\"_villas-365-property-price-from-text\">Von<\/span>\n\t\t\t\t\t\t\t<br><span class=\"_villas-365-property-price-value\">\u20ac177.00<\/span>\/nacht\t\t\t\t\t\t<\/div>\n\t\t\t\t\t\t\n\t\t\t\t\t\t\t\t\t\t\t\t\t<div class=\"_villas-365-property-save-button loading\" data-property-id=\"36\">\n\t<i class=\"fas fa-spinner fa-spin fa-fw _villas-365-property-save-button-icon _villas-365-property-save-spinner\"><\/i>\n\t<i class=\"far fa-heart fa-fw _villas-365-property-save-button-icon _villas-365-property-save-inactive\"><\/i>\n\t<i class=\"fas fa-heart fa-fw _villas-365-property-save-button-icon _villas-365-property-save-active\"><\/i>\n\t<\/div>\n\t\t\t\t\t\t\t\t\t\t\t<\/div>\n\t\t\t\t<\/div>\n\t\t\t\t<div class=\"col-12\">\n\t\t\t\t\t<div class=\"_villas-365-property-inner-text\">\n\t\t\t\t\t\t<div class=\"row h-100\">\n\t\t\t\t\t\t\t<div class=\"col-12\">\n\t\t\t\t\t\t\t\t<div class=\"row\">\n\t\t\t\t\t\t\t\t\t\t\t\t\t\t\t\t\t\t<div class=\"col-12\">\n\t\t\t\t\t\t\t\t\t\t<h5 class=\"_villas-365-property-name\">\n\t\t\t\t\t\t\t\t\t\t\t<a href=\"https:\/\/almarinavillas.com\/de\/eigentum\/36-bianca-by-almarina-villas\/\" target=\"_blank\">Bianca - by Almarina Villas<\/a>\n\t\t\t\t\t\t\t\t\t\t<\/h5>\n\t\t\t\t\t\t\t\t\t<\/div>\n\t\t\t\t\t\t\t\t\t\n\t\t\t\t\t\t\t\t\t\t\t\t\t\t\t\t\t\t<div class=\"col-12\">\n\t\t\t\t\t\t\t\t\t\t<div class=\"_villas-365-property-summary\">\n\t\t\t\t\t\t\t\t\t\t\tVilla Bianca (Moraira) ist eine moderne Doppelhaush\u00e4lfte mit einer gro\u00dfen Sonnenterrasse mit Sonnenliegen und Grill, einem sch\u00f6nen privaten Pool und Meerblick. Die Lage ist einfach unglaublich, weniger als 300 Meter (4 Minuten zu Fu\u00df) vom Meer, Resta...\t\t\t\t\t\t\t\t\t\t<\/div>\n\t\t\t\t\t\t\t\t\t<\/div>\n\t\t\t\t\t\t\t\t\t\n\t\t\t\t\t\t\t\t\t\t\t\t\t\t\t\t\t\t<div class=\"col-6\">\n\t\t\t\t\t\t\t\t\t\t<div class=\"_villas-365-property-rooms\">\n\t\t<span class=\"_villas-365-property-room\"><i class=\"_villas-365-property-room-icon fas fa-user\"><\/i> 8<\/span>\n\t\t<span class=\"_villas-365-property-room\"><i class=\"_villas-365-property-room-icon fas fa-bed\"><\/i> 4<\/span>\n\t\t<span class=\"_villas-365-property-room\"><i class=\"_villas-365-property-room-icon fas fa-bath\"><\/i> 3<\/span>\n\t\t<\/div>\n\t\t\t\t\t\t\t\t\t<\/div>\n\t\t\t\t\t\t\t\t\t\n\t\t\t\t\t\t\t\t\t<div class=\"col-6 text-right\">\n\t\t\t\t\t\t\t\t\t\t<a href=\"https:\/\/almarinavillas.com\/de\/eigentum\/36-bianca-by-almarina-villas\/\" target=\"_blank\"\" class=\"_villas-365-property-button _villas-365-property-outline-button btn btn-outline-primary\">Reservieren<\/a>\n\t\t\t\t\t\t\t\t\t<\/div>\n\t\t\t\t\t\t\t\t<\/div>\n\t\t\t\t\t\t\t<\/div>\n\t\t\t\t\t\t<\/div>\n\t\t\t\t\t<\/div>\n\t\t\t\t<\/div>\n\t\t\t<\/div>\n\t\t<\/div>\n\t<\/div>\n<\/div>\t\t\t\t\t\t\t\t\t<\/div>\n\t\t\t\t\t\t\t\t<div class=\"_villas-365-property col-md mb-3\">\n\t\t\t\t\t\t\t\t\t\t\t<div class=\"_villas-365-property-inner\">\n\t<div class=\"row h-100\">\n\t\t<div class=\"col-12\">\n\t\t\t<div class=\"row\">\n\t\t\t\t<div class=\"col-12 mb-2\">\n\t\t\t\t\t<div class=\"_villas-365-property-image\">\n\t\t\t\t\t\t\t\t\t\t\t\t<div class=\"_villas-365-property-image-overlay\"><\/div>\n\t\t\t\t\t\t<a href=\"https:\/\/almarinavillas.com\/de\/eigentum\/41-botnico-by-almarina-villas\/\" class=\"unstyled-link _villas-365-property-image-link\" style=\"background-image:url('https:\/\/secure.365villas.com\/getimage\/uploads\/config\/alvaroaznar\/property\/gallery\/41\/20250218_002536_7550jpg.jpg');\" target=\"_blank\">\n\t\t\t\t\t\t\t<img decoding=\"async\" src=\"https:\/\/secure.365villas.com\/getimage\/uploads\/config\/alvaroaznar\/property\/gallery\/41\/20250218_002536_7550jpg.jpg\" alt=\"\" class=\"img-fluid d-block d-lg-none\">\n\t\t\t\t\t\t<\/a>\n\t\t\t\t\t\t\t\t\t\t\t\t\t\t\t\t\t\t<a href=\"https:\/\/almarinavillas.com\/de\/unterkunft\/\" class=\"_villas-365-property-info-label _villas-365-property-discount\" target=\"_blank\">\n\t\t\t\t\t\t\t<div class=\"_villas-365-property-discount-label\">Werbeaktionen<\/div><div class=\"_villas-365-property-discount-icon\"><i class=\"fa fa-fw fa-info-circle\"><\/i><\/div><div class=\"_villas-365-property-discount-text\">Last minute discount<\/div>\n\t\t\t\t\t\t<\/a>\n\t\t\t\t\t\t\t\t\t\t\t\t\n\t\t\t\t\t\t\t\t\t\t\t\t<div class=\"_villas-365-property-price\" title=\"\u20ac218.00 per night, \u20ac1,526.00 per week\">\n\t\t\t\t\t\t\t<span class=\"_villas-365-property-price-from-text\">Von<\/span>\n\t\t\t\t\t\t\t<br><span class=\"_villas-365-property-price-value\">\u20ac218.00<\/span>\/nacht\t\t\t\t\t\t<\/div>\n\t\t\t\t\t\t\n\t\t\t\t\t\t\t\t\t\t\t\t\t<div class=\"_villas-365-property-save-button loading\" data-property-id=\"41\">\n\t<i class=\"fas fa-spinner fa-spin fa-fw _villas-365-property-save-button-icon _villas-365-property-save-spinner\"><\/i>\n\t<i class=\"far fa-heart fa-fw _villas-365-property-save-button-icon _villas-365-property-save-inactive\"><\/i>\n\t<i class=\"fas fa-heart fa-fw _villas-365-property-save-button-icon _villas-365-property-save-active\"><\/i>\n\t<\/div>\n\t\t\t\t\t\t\t\t\t\t\t<\/div>\n\t\t\t\t<\/div>\n\t\t\t\t<div class=\"col-12\">\n\t\t\t\t\t<div class=\"_villas-365-property-inner-text\">\n\t\t\t\t\t\t<div class=\"row h-100\">\n\t\t\t\t\t\t\t<div class=\"col-12\">\n\t\t\t\t\t\t\t\t<div class=\"row\">\n\t\t\t\t\t\t\t\t\t\t\t\t\t\t\t\t\t\t<div class=\"col-12\">\n\t\t\t\t\t\t\t\t\t\t<h5 class=\"_villas-365-property-name\">\n\t\t\t\t\t\t\t\t\t\t\t<a href=\"https:\/\/almarinavillas.com\/de\/eigentum\/41-botnico-by-almarina-villas\/\" target=\"_blank\">Bot\u00e1nico - By Almarina Villas<\/a>\n\t\t\t\t\t\t\t\t\t\t<\/h5>\n\t\t\t\t\t\t\t\t\t<\/div>\n\t\t\t\t\t\t\t\t\t\n\t\t\t\t\t\t\t\t\t\t\t\t\t\t\t\t\t\t<div class=\"col-12\">\n\t\t\t\t\t\t\t\t\t\t<div class=\"_villas-365-property-summary\">\n\t\t\t\t\t\t\t\t\t\t\tDie Villa Bot\u00e1nico (Benissa) ist eine wundersch\u00f6ne Villa im mediterranen Stil mit einem bezaubernden Garten, einem beheizten Pool (gegen Aufpreis, siehe Bedingungen) und gro\u00dfz\u00fcgigen Terrassen sowie einer gepflegten Einrichtung im zeitgen\u00f6ssischen Sti...\t\t\t\t\t\t\t\t\t\t<\/div>\n\t\t\t\t\t\t\t\t\t<\/div>\n\t\t\t\t\t\t\t\t\t\n\t\t\t\t\t\t\t\t\t\t\t\t\t\t\t\t\t\t<div class=\"col-6\">\n\t\t\t\t\t\t\t\t\t\t<div class=\"_villas-365-property-rooms\">\n\t\t<span class=\"_villas-365-property-room\"><i class=\"_villas-365-property-room-icon fas fa-user\"><\/i> 10<\/span>\n\t\t<span class=\"_villas-365-property-room\"><i class=\"_villas-365-property-room-icon fas fa-bed\"><\/i> 5<\/span>\n\t\t<span class=\"_villas-365-property-room\"><i class=\"_villas-365-property-room-icon fas fa-bath\"><\/i> 3<\/span>\n\t\t<\/div>\n\t\t\t\t\t\t\t\t\t<\/div>\n\t\t\t\t\t\t\t\t\t\n\t\t\t\t\t\t\t\t\t<div class=\"col-6 text-right\">\n\t\t\t\t\t\t\t\t\t\t<a href=\"https:\/\/almarinavillas.com\/de\/eigentum\/41-botnico-by-almarina-villas\/\" target=\"_blank\"\" class=\"_villas-365-property-button _villas-365-property-outline-button btn btn-outline-primary\">Reservieren<\/a>\n\t\t\t\t\t\t\t\t\t<\/div>\n\t\t\t\t\t\t\t\t<\/div>\n\t\t\t\t\t\t\t<\/div>\n\t\t\t\t\t\t<\/div>\n\t\t\t\t\t<\/div>\n\t\t\t\t<\/div>\n\t\t\t<\/div>\n\t\t<\/div>\n\t<\/div>\n<\/div>\t\t\t\t\t\t\t\t\t<\/div>\n\t\t\t\t\t\t\t<\/div>\n\t\t\t\t\t\t<div class=\"row\">\n\t\t\t\t\t\t\t\t\t\t\t\t<div class=\"_villas-365-property col-md mb-3\">\n\t\t\t\t\t\t\t\t\t\t\t<div class=\"_villas-365-property-inner\">\n\t<div class=\"row h-100\">\n\t\t<div class=\"col-12\">\n\t\t\t<div class=\"row\">\n\t\t\t\t<div class=\"col-12 mb-2\">\n\t\t\t\t\t<div class=\"_villas-365-property-image\">\n\t\t\t\t\t\t\t\t\t\t\t\t<div class=\"_villas-365-property-image-overlay\"><\/div>\n\t\t\t\t\t\t<a href=\"https:\/\/almarinavillas.com\/de\/eigentum\/14-brisa-de-mar-by-almarina-villas\/\" class=\"unstyled-link _villas-365-property-image-link\" style=\"background-image:url('https:\/\/secure.365villas.com\/getimage\/uploads\/config\/alvaroaznar\/property\/gallery\/14\/20250206_071150_9997jpg.jpg');\" target=\"_blank\">\n\t\t\t\t\t\t\t<img decoding=\"async\" src=\"https:\/\/secure.365villas.com\/getimage\/uploads\/config\/alvaroaznar\/property\/gallery\/14\/20250206_071150_9997jpg.jpg\" alt=\"\" class=\"img-fluid d-block d-lg-none\">\n\t\t\t\t\t\t<\/a>\n\t\t\t\t\t\t\t\t\t\t\t\t\t\t\t\t\t\t<a href=\"https:\/\/almarinavillas.com\/de\/unterkunft\/\" class=\"_villas-365-property-info-label _villas-365-property-discount\" target=\"_blank\">\n\t\t\t\t\t\t\t<div class=\"_villas-365-property-discount-label\">Werbeaktionen<\/div><div class=\"_villas-365-property-discount-icon\"><i class=\"fa fa-fw fa-info-circle\"><\/i><\/div><div class=\"_villas-365-property-discount-text\">Last minute discount<\/div>\n\t\t\t\t\t\t<\/a>\n\t\t\t\t\t\t\t\t\t\t\t\t\n\t\t\t\t\t\t\t\t\t\t\t\t<div class=\"_villas-365-property-price\" title=\"\u20ac252.00 per night, \u20ac1,764.00 per week\">\n\t\t\t\t\t\t\t<span class=\"_villas-365-property-price-from-text\">Von<\/span>\n\t\t\t\t\t\t\t<br><span class=\"_villas-365-property-price-value\">\u20ac252.00<\/span>\/nacht\t\t\t\t\t\t<\/div>\n\t\t\t\t\t\t\n\t\t\t\t\t\t\t\t\t\t\t\t\t<div class=\"_villas-365-property-save-button loading\" data-property-id=\"14\">\n\t<i class=\"fas fa-spinner fa-spin fa-fw _villas-365-property-save-button-icon _villas-365-property-save-spinner\"><\/i>\n\t<i class=\"far fa-heart fa-fw _villas-365-property-save-button-icon _villas-365-property-save-inactive\"><\/i>\n\t<i class=\"fas fa-heart fa-fw _villas-365-property-save-button-icon _villas-365-property-save-active\"><\/i>\n\t<\/div>\n\t\t\t\t\t\t\t\t\t\t\t<\/div>\n\t\t\t\t<\/div>\n\t\t\t\t<div class=\"col-12\">\n\t\t\t\t\t<div class=\"_villas-365-property-inner-text\">\n\t\t\t\t\t\t<div class=\"row h-100\">\n\t\t\t\t\t\t\t<div class=\"col-12\">\n\t\t\t\t\t\t\t\t<div class=\"row\">\n\t\t\t\t\t\t\t\t\t\t\t\t\t\t\t\t\t\t<div class=\"col-12\">\n\t\t\t\t\t\t\t\t\t\t<h5 class=\"_villas-365-property-name\">\n\t\t\t\t\t\t\t\t\t\t\t<a href=\"https:\/\/almarinavillas.com\/de\/eigentum\/14-brisa-de-mar-by-almarina-villas\/\" target=\"_blank\">Brisa de Mar - By Almarina Villas<\/a>\n\t\t\t\t\t\t\t\t\t\t<\/h5>\n\t\t\t\t\t\t\t\t\t<\/div>\n\t\t\t\t\t\t\t\t\t\n\t\t\t\t\t\t\t\t\t\t\t\t\t\t\t\t\t\t<div class=\"col-12\">\n\t\t\t\t\t\t\t\t\t\t<div class=\"_villas-365-property-summary\">\n\t\t\t\t\t\t\t\t\t\t\tBrisa de Mar (Benissa) ist eine wundersch\u00f6ne und ger\u00e4umige Villa mit Pool in fantastischer Lage, nur 200 Meter (3 Gehminuten) vom Sandstrand La Fustera und 1 Gehminute von mehreren charmanten Restaurants und einem Supermarkt entfernt. Die Villa besti...\t\t\t\t\t\t\t\t\t\t<\/div>\n\t\t\t\t\t\t\t\t\t<\/div>\n\t\t\t\t\t\t\t\t\t\n\t\t\t\t\t\t\t\t\t\t\t\t\t\t\t\t\t\t<div class=\"col-6\">\n\t\t\t\t\t\t\t\t\t\t<div class=\"_villas-365-property-rooms\">\n\t\t<span class=\"_villas-365-property-room\"><i class=\"_villas-365-property-room-icon fas fa-user\"><\/i> 10<\/span>\n\t\t<span class=\"_villas-365-property-room\"><i class=\"_villas-365-property-room-icon fas fa-bed\"><\/i> 5<\/span>\n\t\t<span class=\"_villas-365-property-room\"><i class=\"_villas-365-property-room-icon fas fa-bath\"><\/i> 4<\/span>\n\t\t<\/div>\n\t\t\t\t\t\t\t\t\t<\/div>\n\t\t\t\t\t\t\t\t\t\n\t\t\t\t\t\t\t\t\t<div class=\"col-6 text-right\">\n\t\t\t\t\t\t\t\t\t\t<a href=\"https:\/\/almarinavillas.com\/de\/eigentum\/14-brisa-de-mar-by-almarina-villas\/\" target=\"_blank\"\" class=\"_villas-365-property-button _villas-365-property-outline-button btn btn-outline-primary\">Reservieren<\/a>\n\t\t\t\t\t\t\t\t\t<\/div>\n\t\t\t\t\t\t\t\t<\/div>\n\t\t\t\t\t\t\t<\/div>\n\t\t\t\t\t\t<\/div>\n\t\t\t\t\t<\/div>\n\t\t\t\t<\/div>\n\t\t\t<\/div>\n\t\t<\/div>\n\t<\/div>\n<\/div>\t\t\t\t\t\t\t\t\t<\/div>\n\t\t\t\t\t\t\t\t<div class=\"_villas-365-property col-md mb-3\">\n\t\t\t\t\t\t\t\t\t\t\t<div class=\"_villas-365-property-inner\">\n\t<div class=\"row h-100\">\n\t\t<div class=\"col-12\">\n\t\t\t<div class=\"row\">\n\t\t\t\t<div class=\"col-12 mb-2\">\n\t\t\t\t\t<div class=\"_villas-365-property-image\">\n\t\t\t\t\t\t\t\t\t\t\t\t<div class=\"_villas-365-property-image-overlay\"><\/div>\n\t\t\t\t\t\t<a href=\"https:\/\/almarinavillas.com\/de\/eigentum\/20-buenavista-by-almarina-villas\/\" class=\"unstyled-link _villas-365-property-image-link\" style=\"background-image:url('https:\/\/secure.365villas.com\/getimage\/uploads\/config\/alvaroaznar\/property\/gallery\/20\/20221021_041210jpg.jpg');\" target=\"_blank\">\n\t\t\t\t\t\t\t<img decoding=\"async\" src=\"https:\/\/secure.365villas.com\/getimage\/uploads\/config\/alvaroaznar\/property\/gallery\/20\/20221021_041210jpg.jpg\" alt=\"\" class=\"img-fluid d-block d-lg-none\">\n\t\t\t\t\t\t<\/a>\n\t\t\t\t\t\t\t\t\t\t\t\t\t\t\t\t\t\t<a href=\"https:\/\/almarinavillas.com\/de\/unterkunft\/\" class=\"_villas-365-property-info-label _villas-365-property-discount\" target=\"_blank\">\n\t\t\t\t\t\t\t<div class=\"_villas-365-property-discount-label\">Werbeaktionen<\/div><div class=\"_villas-365-property-discount-icon\"><i class=\"fa fa-fw fa-info-circle\"><\/i><\/div><div class=\"_villas-365-property-discount-text\">Last minute discount<\/div>\n\t\t\t\t\t\t<\/a>\n\t\t\t\t\t\t\t\t\t\t\t\t\n\t\t\t\t\t\t\t\t\t\t\t\t<div class=\"_villas-365-property-price\" title=\"\u20ac216.00 per night, \u20ac1,512.00 per week\">\n\t\t\t\t\t\t\t<span class=\"_villas-365-property-price-from-text\">Von<\/span>\n\t\t\t\t\t\t\t<br><span class=\"_villas-365-property-price-value\">\u20ac216.00<\/span>\/nacht\t\t\t\t\t\t<\/div>\n\t\t\t\t\t\t\n\t\t\t\t\t\t\t\t\t\t\t\t\t<div class=\"_villas-365-property-save-button loading\" data-property-id=\"20\">\n\t<i class=\"fas fa-spinner fa-spin fa-fw _villas-365-property-save-button-icon _villas-365-property-save-spinner\"><\/i>\n\t<i class=\"far fa-heart fa-fw _villas-365-property-save-button-icon _villas-365-property-save-inactive\"><\/i>\n\t<i class=\"fas fa-heart fa-fw _villas-365-property-save-button-icon _villas-365-property-save-active\"><\/i>\n\t<\/div>\n\t\t\t\t\t\t\t\t\t\t\t<\/div>\n\t\t\t\t<\/div>\n\t\t\t\t<div class=\"col-12\">\n\t\t\t\t\t<div class=\"_villas-365-property-inner-text\">\n\t\t\t\t\t\t<div class=\"row h-100\">\n\t\t\t\t\t\t\t<div class=\"col-12\">\n\t\t\t\t\t\t\t\t<div class=\"row\">\n\t\t\t\t\t\t\t\t\t\t\t\t\t\t\t\t\t\t<div class=\"col-12\">\n\t\t\t\t\t\t\t\t\t\t<h5 class=\"_villas-365-property-name\">\n\t\t\t\t\t\t\t\t\t\t\t<a href=\"https:\/\/almarinavillas.com\/de\/eigentum\/20-buenavista-by-almarina-villas\/\" target=\"_blank\">Buenavista - By Almarina Villas<\/a>\n\t\t\t\t\t\t\t\t\t\t<\/h5>\n\t\t\t\t\t\t\t\t\t<\/div>\n\t\t\t\t\t\t\t\t\t\n\t\t\t\t\t\t\t\t\t\t\t\t\t\t\t\t\t\t<div class=\"col-12\">\n\t\t\t\t\t\t\t\t\t\t<div class=\"_villas-365-property-summary\">\n\t\t\t\t\t\t\t\t\t\t\tBuenavista (Benissa) ist eine moderne Villa mit beheiztem Pool (extra, siehe Bedingungen) und herrlichem Blick auf das Meer und den Pinienwald von Benissa. Es verf\u00fcgt \u00fcber eine ausgezeichnete Terrasse, einen Chill-out-Bereich und einen Grillplatz. Si...\t\t\t\t\t\t\t\t\t\t<\/div>\n\t\t\t\t\t\t\t\t\t<\/div>\n\t\t\t\t\t\t\t\t\t\n\t\t\t\t\t\t\t\t\t\t\t\t\t\t\t\t\t\t<div class=\"col-6\">\n\t\t\t\t\t\t\t\t\t\t<div class=\"_villas-365-property-rooms\">\n\t\t<span class=\"_villas-365-property-room\"><i class=\"_villas-365-property-room-icon fas fa-user\"><\/i> 8<\/span>\n\t\t<span class=\"_villas-365-property-room\"><i class=\"_villas-365-property-room-icon fas fa-bed\"><\/i> 4<\/span>\n\t\t<span class=\"_villas-365-property-room\"><i class=\"_villas-365-property-room-icon fas fa-bath\"><\/i> 4<\/span>\n\t\t<\/div>\n\t\t\t\t\t\t\t\t\t<\/div>\n\t\t\t\t\t\t\t\t\t\n\t\t\t\t\t\t\t\t\t<div class=\"col-6 text-right\">\n\t\t\t\t\t\t\t\t\t\t<a href=\"https:\/\/almarinavillas.com\/de\/eigentum\/20-buenavista-by-almarina-villas\/\" target=\"_blank\"\" class=\"_villas-365-property-button _villas-365-property-outline-button btn btn-outline-primary\">Reservieren<\/a>\n\t\t\t\t\t\t\t\t\t<\/div>\n\t\t\t\t\t\t\t\t<\/div>\n\t\t\t\t\t\t\t<\/div>\n\t\t\t\t\t\t<\/div>\n\t\t\t\t\t<\/div>\n\t\t\t\t<\/div>\n\t\t\t<\/div>\n\t\t<\/div>\n\t<\/div>\n<\/div>\t\t\t\t\t\t\t\t\t<\/div>\n\t\t\t\t\t\t\t\t<div class=\"_villas-365-property col-md mb-3\">\n\t\t\t\t\t\t\t\t\t\t\t<div class=\"_villas-365-property-inner\">\n\t<div class=\"row h-100\">\n\t\t<div class=\"col-12\">\n\t\t\t<div class=\"row\">\n\t\t\t\t<div class=\"col-12 mb-2\">\n\t\t\t\t\t<div class=\"_villas-365-property-image\">\n\t\t\t\t\t\t\t\t\t\t\t\t<div class=\"_villas-365-property-image-overlay\"><\/div>\n\t\t\t\t\t\t<a href=\"https:\/\/almarinavillas.com\/de\/eigentum\/33-casa-peponi-by-almarina-villas\/\" class=\"unstyled-link _villas-365-property-image-link\" style=\"background-image:url('https:\/\/secure.365villas.com\/getimage\/uploads\/config\/alvaroaznar\/property\/gallery\/33\/20250211_072504_6541jpg.jpg');\" target=\"_blank\">\n\t\t\t\t\t\t\t<img decoding=\"async\" src=\"https:\/\/secure.365villas.com\/getimage\/uploads\/config\/alvaroaznar\/property\/gallery\/33\/20250211_072504_6541jpg.jpg\" alt=\"\" class=\"img-fluid d-block d-lg-none\">\n\t\t\t\t\t\t<\/a>\n\t\t\t\t\t\t\t\t\t\t\t\t\t\t\t\t\t\t<a href=\"https:\/\/almarinavillas.com\/de\/unterkunft\/\" class=\"_villas-365-property-info-label _villas-365-property-discount\" target=\"_blank\">\n\t\t\t\t\t\t\t<div class=\"_villas-365-property-discount-label\">Werbeaktionen<\/div><div class=\"_villas-365-property-discount-icon\"><i class=\"fa fa-fw fa-info-circle\"><\/i><\/div><div class=\"_villas-365-property-discount-text\">Last minute discount<\/div>\n\t\t\t\t\t\t<\/a>\n\t\t\t\t\t\t\t\t\t\t\t\t\n\t\t\t\t\t\t\t\t\t\t\t\t<div class=\"_villas-365-property-price\" title=\"\u20ac176.00 per night, \u20ac1,232.00 per week\">\n\t\t\t\t\t\t\t<span class=\"_villas-365-property-price-from-text\">Von<\/span>\n\t\t\t\t\t\t\t<br><span class=\"_villas-365-property-price-value\">\u20ac176.00<\/span>\/nacht\t\t\t\t\t\t<\/div>\n\t\t\t\t\t\t\n\t\t\t\t\t\t\t\t\t\t\t\t\t<div class=\"_villas-365-property-save-button loading\" data-property-id=\"33\">\n\t<i class=\"fas fa-spinner fa-spin fa-fw _villas-365-property-save-button-icon _villas-365-property-save-spinner\"><\/i>\n\t<i class=\"far fa-heart fa-fw _villas-365-property-save-button-icon _villas-365-property-save-inactive\"><\/i>\n\t<i class=\"fas fa-heart fa-fw _villas-365-property-save-button-icon _villas-365-property-save-active\"><\/i>\n\t<\/div>\n\t\t\t\t\t\t\t\t\t\t\t<\/div>\n\t\t\t\t<\/div>\n\t\t\t\t<div class=\"col-12\">\n\t\t\t\t\t<div class=\"_villas-365-property-inner-text\">\n\t\t\t\t\t\t<div class=\"row h-100\">\n\t\t\t\t\t\t\t<div class=\"col-12\">\n\t\t\t\t\t\t\t\t<div class=\"row\">\n\t\t\t\t\t\t\t\t\t\t\t\t\t\t\t\t\t\t<div class=\"col-12\">\n\t\t\t\t\t\t\t\t\t\t<h5 class=\"_villas-365-property-name\">\n\t\t\t\t\t\t\t\t\t\t\t<a href=\"https:\/\/almarinavillas.com\/de\/eigentum\/33-casa-peponi-by-almarina-villas\/\" target=\"_blank\">Casa Peponi - By Almarina Villas<\/a>\n\t\t\t\t\t\t\t\t\t\t<\/h5>\n\t\t\t\t\t\t\t\t\t<\/div>\n\t\t\t\t\t\t\t\t\t\n\t\t\t\t\t\t\t\t\t\t\t\t\t\t\t\t\t\t<div class=\"col-12\">\n\t\t\t\t\t\t\t\t\t\t<div class=\"_villas-365-property-summary\">\n\t\t\t\t\t\t\t\t\t\t\tVilla Casa Peponi (J\u00e1vea) ist eine Villa mit einem wundersch\u00f6nen Pool und einer gro\u00dfen Terrasse mit Blick auf das Meer, die Sie mit ihrer wundervollen Einrichtung bezaubern wird. Die gro\u00dfe Terrasse verf\u00fcgt \u00fcber einen fantastischen Grillbereich und ei...\t\t\t\t\t\t\t\t\t\t<\/div>\n\t\t\t\t\t\t\t\t\t<\/div>\n\t\t\t\t\t\t\t\t\t\n\t\t\t\t\t\t\t\t\t\t\t\t\t\t\t\t\t\t<div class=\"col-6\">\n\t\t\t\t\t\t\t\t\t\t<div class=\"_villas-365-property-rooms\">\n\t\t<span class=\"_villas-365-property-room\"><i class=\"_villas-365-property-room-icon fas fa-user\"><\/i> 6<\/span>\n\t\t<span class=\"_villas-365-property-room\"><i class=\"_villas-365-property-room-icon fas fa-bed\"><\/i> 3<\/span>\n\t\t<span class=\"_villas-365-property-room\"><i class=\"_villas-365-property-room-icon fas fa-bath\"><\/i> 2<\/span>\n\t\t<\/div>\n\t\t\t\t\t\t\t\t\t<\/div>\n\t\t\t\t\t\t\t\t\t\n\t\t\t\t\t\t\t\t\t<div class=\"col-6 text-right\">\n\t\t\t\t\t\t\t\t\t\t<a href=\"https:\/\/almarinavillas.com\/de\/eigentum\/33-casa-peponi-by-almarina-villas\/\" target=\"_blank\"\" class=\"_villas-365-property-button _villas-365-property-outline-button btn btn-outline-primary\">Reservieren<\/a>\n\t\t\t\t\t\t\t\t\t<\/div>\n\t\t\t\t\t\t\t\t<\/div>\n\t\t\t\t\t\t\t<\/div>\n\t\t\t\t\t\t<\/div>\n\t\t\t\t\t<\/div>\n\t\t\t\t<\/div>\n\t\t\t<\/div>\n\t\t<\/div>\n\t<\/div>\n<\/div>\t\t\t\t\t\t\t\t\t<\/div>\n\t\t\t\t\t\t\t<\/div>\n\t\t\t\t\t\t<div class=\"row\">\n\t\t\t\t\t\t\t\t\t\t\t\t<div class=\"_villas-365-property col-md mb-3\">\n\t\t\t\t\t\t\t\t\t\t\t<div class=\"_villas-365-property-inner\">\n\t<div class=\"row h-100\">\n\t\t<div class=\"col-12\">\n\t\t\t<div class=\"row\">\n\t\t\t\t<div class=\"col-12 mb-2\">\n\t\t\t\t\t<div class=\"_villas-365-property-image\">\n\t\t\t\t\t\t\t\t\t\t\t\t<div class=\"_villas-365-property-image-overlay\"><\/div>\n\t\t\t\t\t\t<a href=\"https:\/\/almarinavillas.com\/de\/eigentum\/42-el-faro-by-almarina-villas\/\" class=\"unstyled-link _villas-365-property-image-link\" style=\"background-image:url('https:\/\/secure.365villas.com\/getimage\/uploads\/config\/alvaroaznar\/property\/gallery\/42\/20250217_080615_9035jpg.jpg');\" target=\"_blank\">\n\t\t\t\t\t\t\t<img decoding=\"async\" src=\"https:\/\/secure.365villas.com\/getimage\/uploads\/config\/alvaroaznar\/property\/gallery\/42\/20250217_080615_9035jpg.jpg\" alt=\"\" class=\"img-fluid d-block d-lg-none\">\n\t\t\t\t\t\t<\/a>\n\t\t\t\t\t\t\t\t\t\t\t\t\t\t\t\t\t\t<a href=\"https:\/\/almarinavillas.com\/de\/unterkunft\/\" class=\"_villas-365-property-info-label _villas-365-property-discount\" target=\"_blank\">\n\t\t\t\t\t\t\t<div class=\"_villas-365-property-discount-label\">Werbeaktionen<\/div><div class=\"_villas-365-property-discount-icon\"><i class=\"fa fa-fw fa-info-circle\"><\/i><\/div><div class=\"_villas-365-property-discount-text\">Last minute discount<\/div>\n\t\t\t\t\t\t<\/a>\n\t\t\t\t\t\t\t\t\t\t\t\t\n\t\t\t\t\t\t\t\t\t\t\t\t<div class=\"_villas-365-property-price\" title=\"\u20ac291.00 per night, \u20ac2,037.00 per week\">\n\t\t\t\t\t\t\t<span class=\"_villas-365-property-price-from-text\">Von<\/span>\n\t\t\t\t\t\t\t<br><span class=\"_villas-365-property-price-value\">\u20ac291.00<\/span>\/nacht\t\t\t\t\t\t<\/div>\n\t\t\t\t\t\t\n\t\t\t\t\t\t\t\t\t\t\t\t\t<div class=\"_villas-365-property-save-button loading\" data-property-id=\"42\">\n\t<i class=\"fas fa-spinner fa-spin fa-fw _villas-365-property-save-button-icon _villas-365-property-save-spinner\"><\/i>\n\t<i class=\"far fa-heart fa-fw _villas-365-property-save-button-icon _villas-365-property-save-inactive\"><\/i>\n\t<i class=\"fas fa-heart fa-fw _villas-365-property-save-button-icon _villas-365-property-save-active\"><\/i>\n\t<\/div>\n\t\t\t\t\t\t\t\t\t\t\t<\/div>\n\t\t\t\t<\/div>\n\t\t\t\t<div class=\"col-12\">\n\t\t\t\t\t<div class=\"_villas-365-property-inner-text\">\n\t\t\t\t\t\t<div class=\"row h-100\">\n\t\t\t\t\t\t\t<div class=\"col-12\">\n\t\t\t\t\t\t\t\t<div class=\"row\">\n\t\t\t\t\t\t\t\t\t\t\t\t\t\t\t\t\t\t<div class=\"col-12\">\n\t\t\t\t\t\t\t\t\t\t<h5 class=\"_villas-365-property-name\">\n\t\t\t\t\t\t\t\t\t\t\t<a href=\"https:\/\/almarinavillas.com\/de\/eigentum\/42-el-faro-by-almarina-villas\/\" target=\"_blank\">El Faro - By Almarina Villas<\/a>\n\t\t\t\t\t\t\t\t\t\t<\/h5>\n\t\t\t\t\t\t\t\t\t<\/div>\n\t\t\t\t\t\t\t\t\t\n\t\t\t\t\t\t\t\t\t\t\t\t\t\t\t\t\t\t<div class=\"col-12\">\n\t\t\t\t\t\t\t\t\t\t<div class=\"_villas-365-property-summary\">\n\t\t\t\t\t\t\t\t\t\t\tEl Faro (J\u00e1vea) ist eine der Villen mit dem besten und unglaublichsten Meerblick, den Sie sowohl von der Terrasse als auch von allen Zimmern der Villa aus genie\u00dfen k\u00f6nnen. Ein einmaliges Erlebnis, das Sie ein Leben lang in Erinnerung behalten werden....\t\t\t\t\t\t\t\t\t\t<\/div>\n\t\t\t\t\t\t\t\t\t<\/div>\n\t\t\t\t\t\t\t\t\t\n\t\t\t\t\t\t\t\t\t\t\t\t\t\t\t\t\t\t<div class=\"col-6\">\n\t\t\t\t\t\t\t\t\t\t<div class=\"_villas-365-property-rooms\">\n\t\t<span class=\"_villas-365-property-room\"><i class=\"_villas-365-property-room-icon fas fa-user\"><\/i> 10<\/span>\n\t\t<span class=\"_villas-365-property-room\"><i class=\"_villas-365-property-room-icon fas fa-bed\"><\/i> 5<\/span>\n\t\t<span class=\"_villas-365-property-room\"><i class=\"_villas-365-property-room-icon fas fa-bath\"><\/i> 5<\/span>\n\t\t<\/div>\n\t\t\t\t\t\t\t\t\t<\/div>\n\t\t\t\t\t\t\t\t\t\n\t\t\t\t\t\t\t\t\t<div class=\"col-6 text-right\">\n\t\t\t\t\t\t\t\t\t\t<a href=\"https:\/\/almarinavillas.com\/de\/eigentum\/42-el-faro-by-almarina-villas\/\" target=\"_blank\"\" class=\"_villas-365-property-button _villas-365-property-outline-button btn btn-outline-primary\">Reservieren<\/a>\n\t\t\t\t\t\t\t\t\t<\/div>\n\t\t\t\t\t\t\t\t<\/div>\n\t\t\t\t\t\t\t<\/div>\n\t\t\t\t\t\t<\/div>\n\t\t\t\t\t<\/div>\n\t\t\t\t<\/div>\n\t\t\t<\/div>\n\t\t<\/div>\n\t<\/div>\n<\/div>\t\t\t\t\t\t\t\t\t<\/div>\n\t\t\t\t\t\t\t\t<div class=\"_villas-365-property col-md mb-3\">\n\t\t\t\t\t\t\t\t\t\t\t<div class=\"_villas-365-property-inner\">\n\t<div class=\"row h-100\">\n\t\t<div class=\"col-12\">\n\t\t\t<div class=\"row\">\n\t\t\t\t<div class=\"col-12 mb-2\">\n\t\t\t\t\t<div class=\"_villas-365-property-image\">\n\t\t\t\t\t\t\t\t\t\t\t\t<div class=\"_villas-365-property-image-overlay\"><\/div>\n\t\t\t\t\t\t<a href=\"https:\/\/almarinavillas.com\/de\/eigentum\/30-el-olivo-by-almarina-villas\/\" class=\"unstyled-link _villas-365-property-image-link\" style=\"background-image:url('https:\/\/secure.365villas.com\/getimage\/uploads\/config\/alvaroaznar\/property\/gallery\/30\/20250205_075656_7560jpg.jpg');\" target=\"_blank\">\n\t\t\t\t\t\t\t<img decoding=\"async\" src=\"https:\/\/secure.365villas.com\/getimage\/uploads\/config\/alvaroaznar\/property\/gallery\/30\/20250205_075656_7560jpg.jpg\" alt=\"\" class=\"img-fluid d-block d-lg-none\">\n\t\t\t\t\t\t<\/a>\n\t\t\t\t\t\t\t\t\t\t\t\t\t\t\t\t\t\t<a href=\"https:\/\/almarinavillas.com\/de\/unterkunft\/\" class=\"_villas-365-property-info-label _villas-365-property-discount\" target=\"_blank\">\n\t\t\t\t\t\t\t<div class=\"_villas-365-property-discount-label\">Werbeaktionen<\/div><div class=\"_villas-365-property-discount-icon\"><i class=\"fa fa-fw fa-info-circle\"><\/i><\/div><div class=\"_villas-365-property-discount-text\">2 discounts available<\/div>\n\t\t\t\t\t\t<\/a>\n\t\t\t\t\t\t\t\t\t\t\t\t\n\t\t\t\t\t\t\t\t\t\t\t\t<div class=\"_villas-365-property-price\" title=\"\u20ac200.00 per night, \u20ac1,400.00 per week\">\n\t\t\t\t\t\t\t<span class=\"_villas-365-property-price-from-text\">Von<\/span>\n\t\t\t\t\t\t\t<br><span class=\"_villas-365-property-price-value\">\u20ac200.00<\/span>\/nacht\t\t\t\t\t\t<\/div>\n\t\t\t\t\t\t\n\t\t\t\t\t\t\t\t\t\t\t\t\t<div class=\"_villas-365-property-save-button loading\" data-property-id=\"30\">\n\t<i class=\"fas fa-spinner fa-spin fa-fw _villas-365-property-save-button-icon _villas-365-property-save-spinner\"><\/i>\n\t<i class=\"far fa-heart fa-fw _villas-365-property-save-button-icon _villas-365-property-save-inactive\"><\/i>\n\t<i class=\"fas fa-heart fa-fw _villas-365-property-save-button-icon _villas-365-property-save-active\"><\/i>\n\t<\/div>\n\t\t\t\t\t\t\t\t\t\t\t<\/div>\n\t\t\t\t<\/div>\n\t\t\t\t<div class=\"col-12\">\n\t\t\t\t\t<div class=\"_villas-365-property-inner-text\">\n\t\t\t\t\t\t<div class=\"row h-100\">\n\t\t\t\t\t\t\t<div class=\"col-12\">\n\t\t\t\t\t\t\t\t<div class=\"row\">\n\t\t\t\t\t\t\t\t\t\t\t\t\t\t\t\t\t\t<div class=\"col-12\">\n\t\t\t\t\t\t\t\t\t\t<h5 class=\"_villas-365-property-name\">\n\t\t\t\t\t\t\t\t\t\t\t<a href=\"https:\/\/almarinavillas.com\/de\/eigentum\/30-el-olivo-by-almarina-villas\/\" target=\"_blank\">El Olivo - By Almarina Villas<\/a>\n\t\t\t\t\t\t\t\t\t\t<\/h5>\n\t\t\t\t\t\t\t\t\t<\/div>\n\t\t\t\t\t\t\t\t\t\n\t\t\t\t\t\t\t\t\t\t\t\t\t\t\t\t\t\t<div class=\"col-12\">\n\t\t\t\t\t\t\t\t\t\t<div class=\"_villas-365-property-summary\">\n\t\t\t\t\t\t\t\t\t\t\tVilla el Olivo (Moraira) ist eine moderne und komfortable Villa mit wundersch\u00f6ner Einrichtung im mediterranen Stil, einer gro\u00dfen Sonnenterrasse mit H\u00e4ngematten, einem wundersch\u00f6nen Pool und einem Grillbereich. Die Lage ist unglaublich, weniger als 30...\t\t\t\t\t\t\t\t\t\t<\/div>\n\t\t\t\t\t\t\t\t\t<\/div>\n\t\t\t\t\t\t\t\t\t\n\t\t\t\t\t\t\t\t\t\t\t\t\t\t\t\t\t\t<div class=\"col-6\">\n\t\t\t\t\t\t\t\t\t\t<div class=\"_villas-365-property-rooms\">\n\t\t<span class=\"_villas-365-property-room\"><i class=\"_villas-365-property-room-icon fas fa-user\"><\/i> 6<\/span>\n\t\t<span class=\"_villas-365-property-room\"><i class=\"_villas-365-property-room-icon fas fa-bed\"><\/i> 3<\/span>\n\t\t<span class=\"_villas-365-property-room\"><i class=\"_villas-365-property-room-icon fas fa-bath\"><\/i> 2<\/span>\n\t\t<\/div>\n\t\t\t\t\t\t\t\t\t<\/div>\n\t\t\t\t\t\t\t\t\t\n\t\t\t\t\t\t\t\t\t<div class=\"col-6 text-right\">\n\t\t\t\t\t\t\t\t\t\t<a href=\"https:\/\/almarinavillas.com\/de\/eigentum\/30-el-olivo-by-almarina-villas\/\" target=\"_blank\"\" class=\"_villas-365-property-button _villas-365-property-outline-button btn btn-outline-primary\">Reservieren<\/a>\n\t\t\t\t\t\t\t\t\t<\/div>\n\t\t\t\t\t\t\t\t<\/div>\n\t\t\t\t\t\t\t<\/div>\n\t\t\t\t\t\t<\/div>\n\t\t\t\t\t<\/div>\n\t\t\t\t<\/div>\n\t\t\t<\/div>\n\t\t<\/div>\n\t<\/div>\n<\/div>\t\t\t\t\t\t\t\t\t<\/div>\n\t\t\t\t\t\t\t\t<div class=\"_villas-365-property col-md mb-3\">\n\t\t\t\t\t\t\t\t\t\t\t<div class=\"_villas-365-property-inner\">\n\t<div class=\"row h-100\">\n\t\t<div class=\"col-12\">\n\t\t\t<div class=\"row\">\n\t\t\t\t<div class=\"col-12 mb-2\">\n\t\t\t\t\t<div class=\"_villas-365-property-image\">\n\t\t\t\t\t\t\t\t\t\t\t\t<div class=\"_villas-365-property-image-overlay\"><\/div>\n\t\t\t\t\t\t<a href=\"https:\/\/almarinavillas.com\/de\/eigentum\/35-el-paseo-by-almarina-villas\/\" class=\"unstyled-link _villas-365-property-image-link\" style=\"background-image:url('https:\/\/secure.365villas.com\/getimage\/uploads\/config\/alvaroaznar\/property\/gallery\/35\/20250218_073300_9195jpg.jpg');\" target=\"_blank\">\n\t\t\t\t\t\t\t<img decoding=\"async\" src=\"https:\/\/secure.365villas.com\/getimage\/uploads\/config\/alvaroaznar\/property\/gallery\/35\/20250218_073300_9195jpg.jpg\" alt=\"\" class=\"img-fluid d-block d-lg-none\">\n\t\t\t\t\t\t<\/a>\n\t\t\t\t\t\t\t\t\t\t\t\t\t\t\t\t\t\t<a href=\"https:\/\/almarinavillas.com\/de\/unterkunft\/\" class=\"_villas-365-property-info-label _villas-365-property-discount\" target=\"_blank\">\n\t\t\t\t\t\t\t<div class=\"_villas-365-property-discount-label\">Werbeaktionen<\/div><div class=\"_villas-365-property-discount-icon\"><i class=\"fa fa-fw fa-info-circle\"><\/i><\/div><div class=\"_villas-365-property-discount-text\">Last minute discount<\/div>\n\t\t\t\t\t\t<\/a>\n\t\t\t\t\t\t\t\t\t\t\t\t\n\t\t\t\t\t\t\t\t\t\t\t\t<div class=\"_villas-365-property-price\" title=\"\u20ac177.00 per night, \u20ac1,239.00 per week\">\n\t\t\t\t\t\t\t<span class=\"_villas-365-property-price-from-text\">Von<\/span>\n\t\t\t\t\t\t\t<br><span class=\"_villas-365-property-price-value\">\u20ac177.00<\/span>\/nacht\t\t\t\t\t\t<\/div>\n\t\t\t\t\t\t\n\t\t\t\t\t\t\t\t\t\t\t\t\t<div class=\"_villas-365-property-save-button loading\" data-property-id=\"35\">\n\t<i class=\"fas fa-spinner fa-spin fa-fw _villas-365-property-save-button-icon _villas-365-property-save-spinner\"><\/i>\n\t<i class=\"far fa-heart fa-fw _villas-365-property-save-button-icon _villas-365-property-save-inactive\"><\/i>\n\t<i class=\"fas fa-heart fa-fw _villas-365-property-save-button-icon _villas-365-property-save-active\"><\/i>\n\t<\/div>\n\t\t\t\t\t\t\t\t\t\t\t<\/div>\n\t\t\t\t<\/div>\n\t\t\t\t<div class=\"col-12\">\n\t\t\t\t\t<div class=\"_villas-365-property-inner-text\">\n\t\t\t\t\t\t<div class=\"row h-100\">\n\t\t\t\t\t\t\t<div class=\"col-12\">\n\t\t\t\t\t\t\t\t<div class=\"row\">\n\t\t\t\t\t\t\t\t\t\t\t\t\t\t\t\t\t\t<div class=\"col-12\">\n\t\t\t\t\t\t\t\t\t\t<h5 class=\"_villas-365-property-name\">\n\t\t\t\t\t\t\t\t\t\t\t<a href=\"https:\/\/almarinavillas.com\/de\/eigentum\/35-el-paseo-by-almarina-villas\/\" target=\"_blank\">El Paseo - By Almarina Villas<\/a>\n\t\t\t\t\t\t\t\t\t\t<\/h5>\n\t\t\t\t\t\t\t\t\t<\/div>\n\t\t\t\t\t\t\t\t\t\n\t\t\t\t\t\t\t\t\t\t\t\t\t\t\t\t\t\t<div class=\"col-12\">\n\t\t\t\t\t\t\t\t\t\t<div class=\"_villas-365-property-summary\">\n\t\t\t\t\t\t\t\t\t\t\tVilla el Paseo (Moraira) ist eine moderne Doppelhaush\u00e4lfte im wundersch\u00f6nen mediterranen Stil mit gro\u00dfer Sonnenterrasse, Grill und sch\u00f6nem privaten Pool mit Meerblick. Es hat eine unglaubliche Lage, weniger als 300 Meter vom Meer, Restaurants und Ges...\t\t\t\t\t\t\t\t\t\t<\/div>\n\t\t\t\t\t\t\t\t\t<\/div>\n\t\t\t\t\t\t\t\t\t\n\t\t\t\t\t\t\t\t\t\t\t\t\t\t\t\t\t\t<div class=\"col-6\">\n\t\t\t\t\t\t\t\t\t\t<div class=\"_villas-365-property-rooms\">\n\t\t<span class=\"_villas-365-property-room\"><i class=\"_villas-365-property-room-icon fas fa-user\"><\/i> 8<\/span>\n\t\t<span class=\"_villas-365-property-room\"><i class=\"_villas-365-property-room-icon fas fa-bed\"><\/i> 4<\/span>\n\t\t<span class=\"_villas-365-property-room\"><i class=\"_villas-365-property-room-icon fas fa-bath\"><\/i> 3<\/span>\n\t\t<\/div>\n\t\t\t\t\t\t\t\t\t<\/div>\n\t\t\t\t\t\t\t\t\t\n\t\t\t\t\t\t\t\t\t<div class=\"col-6 text-right\">\n\t\t\t\t\t\t\t\t\t\t<a href=\"https:\/\/almarinavillas.com\/de\/eigentum\/35-el-paseo-by-almarina-villas\/\" target=\"_blank\"\" class=\"_villas-365-property-button _villas-365-property-outline-button btn btn-outline-primary\">Reservieren<\/a>\n\t\t\t\t\t\t\t\t\t<\/div>\n\t\t\t\t\t\t\t\t<\/div>\n\t\t\t\t\t\t\t<\/div>\n\t\t\t\t\t\t<\/div>\n\t\t\t\t\t<\/div>\n\t\t\t\t<\/div>\n\t\t\t<\/div>\n\t\t<\/div>\n\t<\/div>\n<\/div>\t\t\t\t\t\t\t\t\t<\/div>\n\t\t\t\t\t\t\t<\/div>\n\t\t\t\t\t\t<div class=\"row\">\n\t\t\t\t\t\t\t\t\t\t\t\t<div class=\"_villas-365-property col-md mb-3\">\n\t\t\t\t\t\t\t\t\t\t\t<div class=\"_villas-365-property-inner\">\n\t<div class=\"row h-100\">\n\t\t<div class=\"col-12\">\n\t\t\t<div class=\"row\">\n\t\t\t\t<div class=\"col-12 mb-2\">\n\t\t\t\t\t<div class=\"_villas-365-property-image\">\n\t\t\t\t\t\t\t\t\t\t\t\t<div class=\"_villas-365-property-image-overlay\"><\/div>\n\t\t\t\t\t\t<a href=\"https:\/\/almarinavillas.com\/de\/eigentum\/19-el-portet-by-almarina-villas\/\" class=\"unstyled-link _villas-365-property-image-link\" style=\"background-image:url('https:\/\/secure.365villas.com\/getimage\/uploads\/config\/alvaroaznar\/property\/gallery\/19\/20250211_065907_6487jpg.jpg');\" target=\"_blank\">\n\t\t\t\t\t\t\t<img decoding=\"async\" src=\"https:\/\/secure.365villas.com\/getimage\/uploads\/config\/alvaroaznar\/property\/gallery\/19\/20250211_065907_6487jpg.jpg\" alt=\"\" class=\"img-fluid d-block d-lg-none\">\n\t\t\t\t\t\t<\/a>\n\t\t\t\t\t\t\t\t\t\t\t\t\t\t\t\t\t\t\n\t\t\t\t\t\t\t\t\t\t\t\t<div class=\"_villas-365-property-price\" title=\"\u20ac233.00 per night, \u20ac1,631.00 per week\">\n\t\t\t\t\t\t\t<span class=\"_villas-365-property-price-from-text\">Von<\/span>\n\t\t\t\t\t\t\t<br><span class=\"_villas-365-property-price-value\">\u20ac233.00<\/span>\/nacht\t\t\t\t\t\t<\/div>\n\t\t\t\t\t\t\n\t\t\t\t\t\t\t\t\t\t\t\t\t<div class=\"_villas-365-property-save-button loading\" data-property-id=\"19\">\n\t<i class=\"fas fa-spinner fa-spin fa-fw _villas-365-property-save-button-icon _villas-365-property-save-spinner\"><\/i>\n\t<i class=\"far fa-heart fa-fw _villas-365-property-save-button-icon _villas-365-property-save-inactive\"><\/i>\n\t<i class=\"fas fa-heart fa-fw _villas-365-property-save-button-icon _villas-365-property-save-active\"><\/i>\n\t<\/div>\n\t\t\t\t\t\t\t\t\t\t\t<\/div>\n\t\t\t\t<\/div>\n\t\t\t\t<div class=\"col-12\">\n\t\t\t\t\t<div class=\"_villas-365-property-inner-text\">\n\t\t\t\t\t\t<div class=\"row h-100\">\n\t\t\t\t\t\t\t<div class=\"col-12\">\n\t\t\t\t\t\t\t\t<div class=\"row\">\n\t\t\t\t\t\t\t\t\t\t\t\t\t\t\t\t\t\t<div class=\"col-12\">\n\t\t\t\t\t\t\t\t\t\t<h5 class=\"_villas-365-property-name\">\n\t\t\t\t\t\t\t\t\t\t\t<a href=\"https:\/\/almarinavillas.com\/de\/eigentum\/19-el-portet-by-almarina-villas\/\" target=\"_blank\">El Portet - By Almarina Villas<\/a>\n\t\t\t\t\t\t\t\t\t\t<\/h5>\n\t\t\t\t\t\t\t\t\t<\/div>\n\t\t\t\t\t\t\t\t\t\n\t\t\t\t\t\t\t\t\t\t\t\t\t\t\t\t\t\t<div class=\"col-12\">\n\t\t\t\t\t\t\t\t\t\t<div class=\"_villas-365-property-summary\">\n\t\t\t\t\t\t\t\t\t\t\tVilla el Portet (Moraira) ist eine wundersch\u00f6ne Villa mit authentischem mediterranem Lebensstil, einem Poolbereich, einem Grill und einer Chill-out-Zone auf dem Dach. Es besticht au\u00dferdem durch seine unglaubliche Lage, nur wenige Gehminuten vom Stran...\t\t\t\t\t\t\t\t\t\t<\/div>\n\t\t\t\t\t\t\t\t\t<\/div>\n\t\t\t\t\t\t\t\t\t\n\t\t\t\t\t\t\t\t\t\t\t\t\t\t\t\t\t\t<div class=\"col-6\">\n\t\t\t\t\t\t\t\t\t\t<div class=\"_villas-365-property-rooms\">\n\t\t<span class=\"_villas-365-property-room\"><i class=\"_villas-365-property-room-icon fas fa-user\"><\/i> 9<\/span>\n\t\t<span class=\"_villas-365-property-room\"><i class=\"_villas-365-property-room-icon fas fa-bed\"><\/i> 4<\/span>\n\t\t<span class=\"_villas-365-property-room\"><i class=\"_villas-365-property-room-icon fas fa-bath\"><\/i> 3<\/span>\n\t\t<\/div>\n\t\t\t\t\t\t\t\t\t<\/div>\n\t\t\t\t\t\t\t\t\t\n\t\t\t\t\t\t\t\t\t<div class=\"col-6 text-right\">\n\t\t\t\t\t\t\t\t\t\t<a href=\"https:\/\/almarinavillas.com\/de\/eigentum\/19-el-portet-by-almarina-villas\/\" target=\"_blank\"\" class=\"_villas-365-property-button _villas-365-property-outline-button btn btn-outline-primary\">Reservieren<\/a>\n\t\t\t\t\t\t\t\t\t<\/div>\n\t\t\t\t\t\t\t\t<\/div>\n\t\t\t\t\t\t\t<\/div>\n\t\t\t\t\t\t<\/div>\n\t\t\t\t\t<\/div>\n\t\t\t\t<\/div>\n\t\t\t<\/div>\n\t\t<\/div>\n\t<\/div>\n<\/div>\t\t\t\t\t\t\t\t\t<\/div>\n\t\t\t\t\t\t\t\t<div class=\"_villas-365-property col-md mb-3\">\n\t\t\t\t\t\t\t\t\t\t\t<div class=\"_villas-365-property-inner\">\n\t<div class=\"row h-100\">\n\t\t<div class=\"col-12\">\n\t\t\t<div class=\"row\">\n\t\t\t\t<div class=\"col-12 mb-2\">\n\t\t\t\t\t<div class=\"_villas-365-property-image\">\n\t\t\t\t\t\t\t\t\t\t\t\t<div class=\"_villas-365-property-image-overlay\"><\/div>\n\t\t\t\t\t\t<a href=\"https:\/\/almarinavillas.com\/de\/eigentum\/29-la-calita-by-almarina-villas\/\" class=\"unstyled-link _villas-365-property-image-link\" style=\"background-image:url('https:\/\/secure.365villas.com\/getimage\/uploads\/config\/alvaroaznar\/property\/gallery\/29\/20230708_012459_2563jpg.jpg');\" target=\"_blank\">\n\t\t\t\t\t\t\t<img decoding=\"async\" src=\"https:\/\/secure.365villas.com\/getimage\/uploads\/config\/alvaroaznar\/property\/gallery\/29\/20230708_012459_2563jpg.jpg\" alt=\"\" class=\"img-fluid d-block d-lg-none\">\n\t\t\t\t\t\t<\/a>\n\t\t\t\t\t\t\t\t\t\t\t\t\t\t\t\t\t\t<a href=\"https:\/\/almarinavillas.com\/de\/unterkunft\/\" class=\"_villas-365-property-info-label _villas-365-property-discount\" target=\"_blank\">\n\t\t\t\t\t\t\t<div class=\"_villas-365-property-discount-label\">Werbeaktionen<\/div><div class=\"_villas-365-property-discount-icon\"><i class=\"fa fa-fw fa-info-circle\"><\/i><\/div><div class=\"_villas-365-property-discount-text\">ESPECIAL ABRIL Y MAYO 20% DTO \/ APRIL &amp; MARCH SPECIAL 20%<\/div>\n\t\t\t\t\t\t<\/a>\n\t\t\t\t\t\t\t\t\t\t\t\t\n\t\t\t\t\t\t\t\t\t\t\t\t<div class=\"_villas-365-property-price\" title=\"\u20ac193.00 per night, \u20ac1,351.00 per week\">\n\t\t\t\t\t\t\t<span class=\"_villas-365-property-price-from-text\">Von<\/span>\n\t\t\t\t\t\t\t<br><span class=\"_villas-365-property-price-value\">\u20ac193.00<\/span>\/nacht\t\t\t\t\t\t<\/div>\n\t\t\t\t\t\t\n\t\t\t\t\t\t\t\t\t\t\t\t\t<div class=\"_villas-365-property-save-button loading\" data-property-id=\"29\">\n\t<i class=\"fas fa-spinner fa-spin fa-fw _villas-365-property-save-button-icon _villas-365-property-save-spinner\"><\/i>\n\t<i class=\"far fa-heart fa-fw _villas-365-property-save-button-icon _villas-365-property-save-inactive\"><\/i>\n\t<i class=\"fas fa-heart fa-fw _villas-365-property-save-button-icon _villas-365-property-save-active\"><\/i>\n\t<\/div>\n\t\t\t\t\t\t\t\t\t\t\t<\/div>\n\t\t\t\t<\/div>\n\t\t\t\t<div class=\"col-12\">\n\t\t\t\t\t<div class=\"_villas-365-property-inner-text\">\n\t\t\t\t\t\t<div class=\"row h-100\">\n\t\t\t\t\t\t\t<div class=\"col-12\">\n\t\t\t\t\t\t\t\t<div class=\"row\">\n\t\t\t\t\t\t\t\t\t\t\t\t\t\t\t\t\t\t<div class=\"col-12\">\n\t\t\t\t\t\t\t\t\t\t<h5 class=\"_villas-365-property-name\">\n\t\t\t\t\t\t\t\t\t\t\t<a href=\"https:\/\/almarinavillas.com\/de\/eigentum\/29-la-calita-by-almarina-villas\/\" target=\"_blank\">La Calita - By Almarina Villas<\/a>\n\t\t\t\t\t\t\t\t\t\t<\/h5>\n\t\t\t\t\t\t\t\t\t<\/div>\n\t\t\t\t\t\t\t\t\t\n\t\t\t\t\t\t\t\t\t\t\t\t\t\t\t\t\t\t<div class=\"col-12\">\n\t\t\t\t\t\t\t\t\t\t<div class=\"_villas-365-property-summary\">\n\t\t\t\t\t\t\t\t\t\t\tVilla la Calita (Moraira) ist eine moderne, komfortable und sch\u00f6ne mediterrane Villa mit einer gro\u00dfen Terrasse, einem Solarium mit H\u00e4ngematten, einem Swimmingpool und einem Grill. Der Vorteil einer unglaublichen Lage, nur 300 Meter (4 Minuten zu Fu\u00df)...\t\t\t\t\t\t\t\t\t\t<\/div>\n\t\t\t\t\t\t\t\t\t<\/div>\n\t\t\t\t\t\t\t\t\t\n\t\t\t\t\t\t\t\t\t\t\t\t\t\t\t\t\t\t<div class=\"col-6\">\n\t\t\t\t\t\t\t\t\t\t<div class=\"_villas-365-property-rooms\">\n\t\t<span class=\"_villas-365-property-room\"><i class=\"_villas-365-property-room-icon fas fa-user\"><\/i> 6<\/span>\n\t\t<span class=\"_villas-365-property-room\"><i class=\"_villas-365-property-room-icon fas fa-bed\"><\/i> 3<\/span>\n\t\t<span class=\"_villas-365-property-room\"><i class=\"_villas-365-property-room-icon fas fa-bath\"><\/i> 2<\/span>\n\t\t<\/div>\n\t\t\t\t\t\t\t\t\t<\/div>\n\t\t\t\t\t\t\t\t\t\n\t\t\t\t\t\t\t\t\t<div class=\"col-6 text-right\">\n\t\t\t\t\t\t\t\t\t\t<a href=\"https:\/\/almarinavillas.com\/de\/eigentum\/29-la-calita-by-almarina-villas\/\" target=\"_blank\"\" class=\"_villas-365-property-button _villas-365-property-outline-button btn btn-outline-primary\">Reservieren<\/a>\n\t\t\t\t\t\t\t\t\t<\/div>\n\t\t\t\t\t\t\t\t<\/div>\n\t\t\t\t\t\t\t<\/div>\n\t\t\t\t\t\t<\/div>\n\t\t\t\t\t<\/div>\n\t\t\t\t<\/div>\n\t\t\t<\/div>\n\t\t<\/div>\n\t<\/div>\n<\/div>\t\t\t\t\t\t\t\t\t<\/div>\n\t\t\t\t\t\t\t\t<div class=\"_villas-365-property col-md mb-3\">\n\t\t\t\t\t\t\t\t\t\t\t<div class=\"_villas-365-property-inner\">\n\t<div class=\"row h-100\">\n\t\t<div class=\"col-12\">\n\t\t\t<div class=\"row\">\n\t\t\t\t<div class=\"col-12 mb-2\">\n\t\t\t\t\t<div class=\"_villas-365-property-image\">\n\t\t\t\t\t\t\t\t\t\t\t\t<div class=\"_villas-365-property-image-overlay\"><\/div>\n\t\t\t\t\t\t<a href=\"https:\/\/almarinavillas.com\/de\/eigentum\/5-la-calma-by-almarina-villas\/\" class=\"unstyled-link _villas-365-property-image-link\" style=\"background-image:url('https:\/\/secure.365villas.com\/getimage\/uploads\/config\/alvaroaznar\/property\/gallery\/5\/20250218_031043_990jpg.jpg');\" target=\"_blank\">\n\t\t\t\t\t\t\t<img decoding=\"async\" src=\"https:\/\/secure.365villas.com\/getimage\/uploads\/config\/alvaroaznar\/property\/gallery\/5\/20250218_031043_990jpg.jpg\" alt=\"\" class=\"img-fluid d-block d-lg-none\">\n\t\t\t\t\t\t<\/a>\n\t\t\t\t\t\t\t\t\t\t\t\t\t\t\t\t\t\t<a href=\"https:\/\/almarinavillas.com\/de\/unterkunft\/\" class=\"_villas-365-property-info-label _villas-365-property-discount\" target=\"_blank\">\n\t\t\t\t\t\t\t<div class=\"_villas-365-property-discount-label\">Werbeaktionen<\/div><div class=\"_villas-365-property-discount-icon\"><i class=\"fa fa-fw fa-info-circle\"><\/i><\/div><div class=\"_villas-365-property-discount-text\">Last minute discount<\/div>\n\t\t\t\t\t\t<\/a>\n\t\t\t\t\t\t\t\t\t\t\t\t\n\t\t\t\t\t\t\t\t\t\t\t\t<div class=\"_villas-365-property-price\" title=\"\u20ac183.00 per night, \u20ac1,281.00 per week\">\n\t\t\t\t\t\t\t<span class=\"_villas-365-property-price-from-text\">Von<\/span>\n\t\t\t\t\t\t\t<br><span class=\"_villas-365-property-price-value\">\u20ac183.00<\/span>\/nacht\t\t\t\t\t\t<\/div>\n\t\t\t\t\t\t\n\t\t\t\t\t\t\t\t\t\t\t\t\t<div class=\"_villas-365-property-save-button loading\" data-property-id=\"5\">\n\t<i class=\"fas fa-spinner fa-spin fa-fw _villas-365-property-save-button-icon _villas-365-property-save-spinner\"><\/i>\n\t<i class=\"far fa-heart fa-fw _villas-365-property-save-button-icon _villas-365-property-save-inactive\"><\/i>\n\t<i class=\"fas fa-heart fa-fw _villas-365-property-save-button-icon _villas-365-property-save-active\"><\/i>\n\t<\/div>\n\t\t\t\t\t\t\t\t\t\t\t<\/div>\n\t\t\t\t<\/div>\n\t\t\t\t<div class=\"col-12\">\n\t\t\t\t\t<div class=\"_villas-365-property-inner-text\">\n\t\t\t\t\t\t<div class=\"row h-100\">\n\t\t\t\t\t\t\t<div class=\"col-12\">\n\t\t\t\t\t\t\t\t<div class=\"row\">\n\t\t\t\t\t\t\t\t\t\t\t\t\t\t\t\t\t\t<div class=\"col-12\">\n\t\t\t\t\t\t\t\t\t\t<h5 class=\"_villas-365-property-name\">\n\t\t\t\t\t\t\t\t\t\t\t<a href=\"https:\/\/almarinavillas.com\/de\/eigentum\/5-la-calma-by-almarina-villas\/\" target=\"_blank\">La Calma - By Almarina Villas<\/a>\n\t\t\t\t\t\t\t\t\t\t<\/h5>\n\t\t\t\t\t\t\t\t\t<\/div>\n\t\t\t\t\t\t\t\t\t\n\t\t\t\t\t\t\t\t\t\t\t\t\t\t\t\t\t\t<div class=\"col-12\">\n\t\t\t\t\t\t\t\t\t\t<div class=\"_villas-365-property-summary\">\n\t\t\t\t\t\t\t\t\t\t\tVilla La Calma (Moraira) ist eine moderne mediterrane Villa in idealer Lage, 6 Gehminuten vom Sandstrand von Les Platgetes, mehreren charmanten Restaurants und Annehmlichkeiten wie einer Apotheke, einer B\u00e4ckerei und Imbissbuden entfernt. Ihr Haustier...\t\t\t\t\t\t\t\t\t\t<\/div>\n\t\t\t\t\t\t\t\t\t<\/div>\n\t\t\t\t\t\t\t\t\t\n\t\t\t\t\t\t\t\t\t\t\t\t\t\t\t\t\t\t<div class=\"col-6\">\n\t\t\t\t\t\t\t\t\t\t<div class=\"_villas-365-property-rooms\">\n\t\t<span class=\"_villas-365-property-room\"><i class=\"_villas-365-property-room-icon fas fa-user\"><\/i> 6<\/span>\n\t\t<span class=\"_villas-365-property-room\"><i class=\"_villas-365-property-room-icon fas fa-bed\"><\/i> 3<\/span>\n\t\t<span class=\"_villas-365-property-room\"><i class=\"_villas-365-property-room-icon fas fa-bath\"><\/i> 2<\/span>\n\t\t<\/div>\n\t\t\t\t\t\t\t\t\t<\/div>\n\t\t\t\t\t\t\t\t\t\n\t\t\t\t\t\t\t\t\t<div class=\"col-6 text-right\">\n\t\t\t\t\t\t\t\t\t\t<a href=\"https:\/\/almarinavillas.com\/de\/eigentum\/5-la-calma-by-almarina-villas\/\" target=\"_blank\"\" class=\"_villas-365-property-button _villas-365-property-outline-button btn btn-outline-primary\">Reservieren<\/a>\n\t\t\t\t\t\t\t\t\t<\/div>\n\t\t\t\t\t\t\t\t<\/div>\n\t\t\t\t\t\t\t<\/div>\n\t\t\t\t\t\t<\/div>\n\t\t\t\t\t<\/div>\n\t\t\t\t<\/div>\n\t\t\t<\/div>\n\t\t<\/div>\n\t<\/div>\n<\/div>\t\t\t\t\t\t\t\t\t<\/div>\n\t\t\t\t\t\t\t<\/div>\n\t\t\t\t\t\t<div class=\"row\">\n\t\t\t\t\t\t\t\t\t\t\t\t<div class=\"_villas-365-property col-md mb-3\">\n\t\t\t\t\t\t\t\t\t\t\t<div class=\"_villas-365-property-inner\">\n\t<div class=\"row h-100\">\n\t\t<div class=\"col-12\">\n\t\t\t<div class=\"row\">\n\t\t\t\t<div class=\"col-12 mb-2\">\n\t\t\t\t\t<div class=\"_villas-365-property-image\">\n\t\t\t\t\t\t\t\t\t\t\t\t<div class=\"_villas-365-property-image-overlay\"><\/div>\n\t\t\t\t\t\t<a href=\"https:\/\/almarinavillas.com\/de\/eigentum\/1-la-mar-by-almarina-villas\/\" class=\"unstyled-link _villas-365-property-image-link\" style=\"background-image:url('https:\/\/secure.365villas.com\/getimage\/uploads\/config\/alvaroaznar\/property\/gallery\/1\/20250622_061229_4965jpg.jpg');\" target=\"_blank\">\n\t\t\t\t\t\t\t<img decoding=\"async\" src=\"https:\/\/secure.365villas.com\/getimage\/uploads\/config\/alvaroaznar\/property\/gallery\/1\/20250622_061229_4965jpg.jpg\" alt=\"\" class=\"img-fluid d-block d-lg-none\">\n\t\t\t\t\t\t<\/a>\n\t\t\t\t\t\t\t\t\t\t\t\t\t\t\t\t\t\t\n\t\t\t\t\t\t\t\t\t\t\t\t<div class=\"_villas-365-property-price\" title=\"\u20ac369.00 per night, \u20ac2,583.00 per week\">\n\t\t\t\t\t\t\t<span class=\"_villas-365-property-price-from-text\">Von<\/span>\n\t\t\t\t\t\t\t<br><span class=\"_villas-365-property-price-value\">\u20ac369.00<\/span>\/nacht\t\t\t\t\t\t<\/div>\n\t\t\t\t\t\t\n\t\t\t\t\t\t\t\t\t\t\t\t\t<div class=\"_villas-365-property-save-button loading\" data-property-id=\"1\">\n\t<i class=\"fas fa-spinner fa-spin fa-fw _villas-365-property-save-button-icon _villas-365-property-save-spinner\"><\/i>\n\t<i class=\"far fa-heart fa-fw _villas-365-property-save-button-icon _villas-365-property-save-inactive\"><\/i>\n\t<i class=\"fas fa-heart fa-fw _villas-365-property-save-button-icon _villas-365-property-save-active\"><\/i>\n\t<\/div>\n\t\t\t\t\t\t\t\t\t\t\t<\/div>\n\t\t\t\t<\/div>\n\t\t\t\t<div class=\"col-12\">\n\t\t\t\t\t<div class=\"_villas-365-property-inner-text\">\n\t\t\t\t\t\t<div class=\"row h-100\">\n\t\t\t\t\t\t\t<div class=\"col-12\">\n\t\t\t\t\t\t\t\t<div class=\"row\">\n\t\t\t\t\t\t\t\t\t\t\t\t\t\t\t\t\t\t<div class=\"col-12\">\n\t\t\t\t\t\t\t\t\t\t<h5 class=\"_villas-365-property-name\">\n\t\t\t\t\t\t\t\t\t\t\t<a href=\"https:\/\/almarinavillas.com\/de\/eigentum\/1-la-mar-by-almarina-villas\/\" target=\"_blank\">La Mar - By Almarina Villas<\/a>\n\t\t\t\t\t\t\t\t\t\t<\/h5>\n\t\t\t\t\t\t\t\t\t<\/div>\n\t\t\t\t\t\t\t\t\t\n\t\t\t\t\t\t\t\t\t\t\t\t\t\t\t\t\t\t<div class=\"col-12\">\n\t\t\t\t\t\t\t\t\t\t<div class=\"_villas-365-property-summary\">\n\t\t\t\t\t\t\t\t\t\t\tVilla La Mar (Benissa) ist eine wundersch\u00f6ne Villa mit Meerblick und einer einzigartigen Lage, nur 220 Meter (3 Gehminuten) vom Sandstrand von La Fustera, fantastischen Restaurants und mehreren Superm\u00e4rkten entfernt. Es verf\u00fcgt \u00fcber eine durchdachte...\t\t\t\t\t\t\t\t\t\t<\/div>\n\t\t\t\t\t\t\t\t\t<\/div>\n\t\t\t\t\t\t\t\t\t\n\t\t\t\t\t\t\t\t\t\t\t\t\t\t\t\t\t\t<div class=\"col-6\">\n\t\t\t\t\t\t\t\t\t\t<div class=\"_villas-365-property-rooms\">\n\t\t<span class=\"_villas-365-property-room\"><i class=\"_villas-365-property-room-icon fas fa-user\"><\/i> 14<\/span>\n\t\t<span class=\"_villas-365-property-room\"><i class=\"_villas-365-property-room-icon fas fa-bed\"><\/i> 6<\/span>\n\t\t<span class=\"_villas-365-property-room\"><i class=\"_villas-365-property-room-icon fas fa-bath\"><\/i> 6<\/span>\n\t\t<\/div>\n\t\t\t\t\t\t\t\t\t<\/div>\n\t\t\t\t\t\t\t\t\t\n\t\t\t\t\t\t\t\t\t<div class=\"col-6 text-right\">\n\t\t\t\t\t\t\t\t\t\t<a href=\"https:\/\/almarinavillas.com\/de\/eigentum\/1-la-mar-by-almarina-villas\/\" target=\"_blank\"\" class=\"_villas-365-property-button _villas-365-property-outline-button btn btn-outline-primary\">Reservieren<\/a>\n\t\t\t\t\t\t\t\t\t<\/div>\n\t\t\t\t\t\t\t\t<\/div>\n\t\t\t\t\t\t\t<\/div>\n\t\t\t\t\t\t<\/div>\n\t\t\t\t\t<\/div>\n\t\t\t\t<\/div>\n\t\t\t<\/div>\n\t\t<\/div>\n\t<\/div>\n<\/div>\t\t\t\t\t\t\t\t\t<\/div>\n\t\t\t\t\t\t\t\t<div class=\"_villas-365-property col-md mb-3\">\n\t\t\t\t\t\t\t\t\t\t\t<div class=\"_villas-365-property-inner\">\n\t<div class=\"row h-100\">\n\t\t<div class=\"col-12\">\n\t\t\t<div class=\"row\">\n\t\t\t\t<div class=\"col-12 mb-2\">\n\t\t\t\t\t<div class=\"_villas-365-property-image\">\n\t\t\t\t\t\t\t\t\t\t\t\t<div class=\"_villas-365-property-image-overlay\"><\/div>\n\t\t\t\t\t\t<a href=\"https:\/\/almarinavillas.com\/de\/eigentum\/34-mar-y-cel-by-almarina-villas\/\" class=\"unstyled-link _villas-365-property-image-link\" style=\"background-image:url('https:\/\/secure.365villas.com\/getimage\/uploads\/config\/alvaroaznar\/property\/gallery\/34\/20250221_041410_4337jpg.jpg');\" target=\"_blank\">\n\t\t\t\t\t\t\t<img decoding=\"async\" src=\"https:\/\/secure.365villas.com\/getimage\/uploads\/config\/alvaroaznar\/property\/gallery\/34\/20250221_041410_4337jpg.jpg\" alt=\"\" class=\"img-fluid d-block d-lg-none\">\n\t\t\t\t\t\t<\/a>\n\t\t\t\t\t\t\t\t\t\t\t\t\t\t\t\t\t\t<a href=\"https:\/\/almarinavillas.com\/de\/unterkunft\/\" class=\"_villas-365-property-info-label _villas-365-property-discount\" target=\"_blank\">\n\t\t\t\t\t\t\t<div class=\"_villas-365-property-discount-label\">Werbeaktionen<\/div><div class=\"_villas-365-property-discount-icon\"><i class=\"fa fa-fw fa-info-circle\"><\/i><\/div><div class=\"_villas-365-property-discount-text\">Last minute discount<\/div>\n\t\t\t\t\t\t<\/a>\n\t\t\t\t\t\t\t\t\t\t\t\t\n\t\t\t\t\t\t\t\t\t\t\t\t<div class=\"_villas-365-property-price\" title=\"\u20ac311.00 per night, \u20ac2,177.00 per week\">\n\t\t\t\t\t\t\t<span class=\"_villas-365-property-price-from-text\">Von<\/span>\n\t\t\t\t\t\t\t<br><span class=\"_villas-365-property-price-value\">\u20ac311.00<\/span>\/nacht\t\t\t\t\t\t<\/div>\n\t\t\t\t\t\t\n\t\t\t\t\t\t\t\t\t\t\t\t\t<div class=\"_villas-365-property-save-button loading\" data-property-id=\"34\">\n\t<i class=\"fas fa-spinner fa-spin fa-fw _villas-365-property-save-button-icon _villas-365-property-save-spinner\"><\/i>\n\t<i class=\"far fa-heart fa-fw _villas-365-property-save-button-icon _villas-365-property-save-inactive\"><\/i>\n\t<i class=\"fas fa-heart fa-fw _villas-365-property-save-button-icon _villas-365-property-save-active\"><\/i>\n\t<\/div>\n\t\t\t\t\t\t\t\t\t\t\t<\/div>\n\t\t\t\t<\/div>\n\t\t\t\t<div class=\"col-12\">\n\t\t\t\t\t<div class=\"_villas-365-property-inner-text\">\n\t\t\t\t\t\t<div class=\"row h-100\">\n\t\t\t\t\t\t\t<div class=\"col-12\">\n\t\t\t\t\t\t\t\t<div class=\"row\">\n\t\t\t\t\t\t\t\t\t\t\t\t\t\t\t\t\t\t<div class=\"col-12\">\n\t\t\t\t\t\t\t\t\t\t<h5 class=\"_villas-365-property-name\">\n\t\t\t\t\t\t\t\t\t\t\t<a href=\"https:\/\/almarinavillas.com\/de\/eigentum\/34-mar-y-cel-by-almarina-villas\/\" target=\"_blank\">Mar y Cel - By Almarina Villas<\/a>\n\t\t\t\t\t\t\t\t\t\t<\/h5>\n\t\t\t\t\t\t\t\t\t<\/div>\n\t\t\t\t\t\t\t\t\t\n\t\t\t\t\t\t\t\t\t\t\t\t\t\t\t\t\t\t<div class=\"col-12\">\n\t\t\t\t\t\t\t\t\t\t<div class=\"_villas-365-property-summary\">\n\t\t\t\t\t\t\t\t\t\t\tMar y Cel (Moraira) ist eine sch\u00f6ne, ger\u00e4umige Villa mit Meerblick, nur 50 Meter vom wundersch\u00f6nen Sandstrand El Portet und seinen Restaurants entfernt. Seine mediterrane Einrichtung vermittelt ein wunderbares Gef\u00fchl der Ruhe. Die Etagenbetten werden...\t\t\t\t\t\t\t\t\t\t<\/div>\n\t\t\t\t\t\t\t\t\t<\/div>\n\t\t\t\t\t\t\t\t\t\n\t\t\t\t\t\t\t\t\t\t\t\t\t\t\t\t\t\t<div class=\"col-6\">\n\t\t\t\t\t\t\t\t\t\t<div class=\"_villas-365-property-rooms\">\n\t\t<span class=\"_villas-365-property-room\"><i class=\"_villas-365-property-room-icon fas fa-user\"><\/i> 12<\/span>\n\t\t<span class=\"_villas-365-property-room\"><i class=\"_villas-365-property-room-icon fas fa-bed\"><\/i> 5<\/span>\n\t\t<span class=\"_villas-365-property-room\"><i class=\"_villas-365-property-room-icon fas fa-bath\"><\/i> 5<\/span>\n\t\t<\/div>\n\t\t\t\t\t\t\t\t\t<\/div>\n\t\t\t\t\t\t\t\t\t\n\t\t\t\t\t\t\t\t\t<div class=\"col-6 text-right\">\n\t\t\t\t\t\t\t\t\t\t<a href=\"https:\/\/almarinavillas.com\/de\/eigentum\/34-mar-y-cel-by-almarina-villas\/\" target=\"_blank\"\" class=\"_villas-365-property-button _villas-365-property-outline-button btn btn-outline-primary\">Reservieren<\/a>\n\t\t\t\t\t\t\t\t\t<\/div>\n\t\t\t\t\t\t\t\t<\/div>\n\t\t\t\t\t\t\t<\/div>\n\t\t\t\t\t\t<\/div>\n\t\t\t\t\t<\/div>\n\t\t\t\t<\/div>\n\t\t\t<\/div>\n\t\t<\/div>\n\t<\/div>\n<\/div>\t\t\t\t\t\t\t\t\t<\/div>\n\t\t\t\t\t\t\t\t<div class=\"_villas-365-property col-md mb-3\">\n\t\t\t\t\t\t\t\t\t\t\t<div class=\"_villas-365-property-inner\">\n\t<div class=\"row h-100\">\n\t\t<div class=\"col-12\">\n\t\t\t<div class=\"row\">\n\t\t\t\t<div class=\"col-12 mb-2\">\n\t\t\t\t\t<div class=\"_villas-365-property-image\">\n\t\t\t\t\t\t\t\t\t\t\t\t<div class=\"_villas-365-property-image-overlay\"><\/div>\n\t\t\t\t\t\t<a href=\"https:\/\/almarinavillas.com\/de\/eigentum\/6-mareta-by-almarina-villas\/\" class=\"unstyled-link _villas-365-property-image-link\" style=\"background-image:url('https:\/\/secure.365villas.com\/getimage\/uploads\/config\/alvaroaznar\/property\/gallery\/6\/20250218_034444_2757jpg.jpg');\" target=\"_blank\">\n\t\t\t\t\t\t\t<img decoding=\"async\" src=\"https:\/\/secure.365villas.com\/getimage\/uploads\/config\/alvaroaznar\/property\/gallery\/6\/20250218_034444_2757jpg.jpg\" alt=\"\" class=\"img-fluid d-block d-lg-none\">\n\t\t\t\t\t\t<\/a>\n\t\t\t\t\t\t\t\t\t\t\t\t\t\t\t\t\t\t<a href=\"https:\/\/almarinavillas.com\/de\/unterkunft\/\" class=\"_villas-365-property-info-label _villas-365-property-discount\" target=\"_blank\">\n\t\t\t\t\t\t\t<div class=\"_villas-365-property-discount-label\">Werbeaktionen<\/div><div class=\"_villas-365-property-discount-icon\"><i class=\"fa fa-fw fa-info-circle\"><\/i><\/div><div class=\"_villas-365-property-discount-text\">Last minute discount<\/div>\n\t\t\t\t\t\t<\/a>\n\t\t\t\t\t\t\t\t\t\t\t\t\n\t\t\t\t\t\t\t\t\t\t\t\t<div class=\"_villas-365-property-price\" title=\"\u20ac180.00 per night, \u20ac1,260.00 per week\">\n\t\t\t\t\t\t\t<span class=\"_villas-365-property-price-from-text\">Von<\/span>\n\t\t\t\t\t\t\t<br><span class=\"_villas-365-property-price-value\">\u20ac180.00<\/span>\/nacht\t\t\t\t\t\t<\/div>\n\t\t\t\t\t\t\n\t\t\t\t\t\t\t\t\t\t\t\t\t<div class=\"_villas-365-property-save-button loading\" data-property-id=\"6\">\n\t<i class=\"fas fa-spinner fa-spin fa-fw _villas-365-property-save-button-icon _villas-365-property-save-spinner\"><\/i>\n\t<i class=\"far fa-heart fa-fw _villas-365-property-save-button-icon _villas-365-property-save-inactive\"><\/i>\n\t<i class=\"fas fa-heart fa-fw _villas-365-property-save-button-icon _villas-365-property-save-active\"><\/i>\n\t<\/div>\n\t\t\t\t\t\t\t\t\t\t\t<\/div>\n\t\t\t\t<\/div>\n\t\t\t\t<div class=\"col-12\">\n\t\t\t\t\t<div class=\"_villas-365-property-inner-text\">\n\t\t\t\t\t\t<div class=\"row h-100\">\n\t\t\t\t\t\t\t<div class=\"col-12\">\n\t\t\t\t\t\t\t\t<div class=\"row\">\n\t\t\t\t\t\t\t\t\t\t\t\t\t\t\t\t\t\t<div class=\"col-12\">\n\t\t\t\t\t\t\t\t\t\t<h5 class=\"_villas-365-property-name\">\n\t\t\t\t\t\t\t\t\t\t\t<a href=\"https:\/\/almarinavillas.com\/de\/eigentum\/6-mareta-by-almarina-villas\/\" target=\"_blank\">Mareta - By Almarina Villas<\/a>\n\t\t\t\t\t\t\t\t\t\t<\/h5>\n\t\t\t\t\t\t\t\t\t<\/div>\n\t\t\t\t\t\t\t\t\t\n\t\t\t\t\t\t\t\t\t\t\t\t\t\t\t\t\t\t<div class=\"col-12\">\n\t\t\t\t\t\t\t\t\t\t<div class=\"_villas-365-property-summary\">\n\t\t\t\t\t\t\t\t\t\t\tVilla Mareta (Moraira) ist eine moderne Villa mit mediterranem Charme und perfekter Lage, 5 Gehminuten vom Strand Les Playetes und dem Restaurant- und Unterhaltungsviertel sowie 10 Minuten vom Strand L&#039;Ampolla entfernt. Es verf\u00fcgt au\u00dferdem \u00fcber zwei...\t\t\t\t\t\t\t\t\t\t<\/div>\n\t\t\t\t\t\t\t\t\t<\/div>\n\t\t\t\t\t\t\t\t\t\n\t\t\t\t\t\t\t\t\t\t\t\t\t\t\t\t\t\t<div class=\"col-6\">\n\t\t\t\t\t\t\t\t\t\t<div class=\"_villas-365-property-rooms\">\n\t\t<span class=\"_villas-365-property-room\"><i class=\"_villas-365-property-room-icon fas fa-user\"><\/i> 6<\/span>\n\t\t<span class=\"_villas-365-property-room\"><i class=\"_villas-365-property-room-icon fas fa-bed\"><\/i> 3<\/span>\n\t\t<span class=\"_villas-365-property-room\"><i class=\"_villas-365-property-room-icon fas fa-bath\"><\/i> 2<\/span>\n\t\t<\/div>\n\t\t\t\t\t\t\t\t\t<\/div>\n\t\t\t\t\t\t\t\t\t\n\t\t\t\t\t\t\t\t\t<div class=\"col-6 text-right\">\n\t\t\t\t\t\t\t\t\t\t<a href=\"https:\/\/almarinavillas.com\/de\/eigentum\/6-mareta-by-almarina-villas\/\" target=\"_blank\"\" class=\"_villas-365-property-button _villas-365-property-outline-button btn btn-outline-primary\">Reservieren<\/a>\n\t\t\t\t\t\t\t\t\t<\/div>\n\t\t\t\t\t\t\t\t<\/div>\n\t\t\t\t\t\t\t<\/div>\n\t\t\t\t\t\t<\/div>\n\t\t\t\t\t<\/div>\n\t\t\t\t<\/div>\n\t\t\t<\/div>\n\t\t<\/div>\n\t<\/div>\n<\/div>\t\t\t\t\t\t\t\t\t<\/div>\n\t\t\t\t\t\t\t<\/div>\n\t\t\t\t\t\t<div class=\"row\">\n\t\t\t\t\t\t\t\t\t\t\t\t<div class=\"_villas-365-property col-md mb-3\">\n\t\t\t\t\t\t\t\t\t\t\t<div class=\"_villas-365-property-inner\">\n\t<div class=\"row h-100\">\n\t\t<div class=\"col-12\">\n\t\t\t<div class=\"row\">\n\t\t\t\t<div class=\"col-12 mb-2\">\n\t\t\t\t\t<div class=\"_villas-365-property-image\">\n\t\t\t\t\t\t\t\t\t\t\t\t<div class=\"_villas-365-property-image-overlay\"><\/div>\n\t\t\t\t\t\t<a href=\"https:\/\/almarinavillas.com\/de\/eigentum\/32-moraira-bay-6-by-almarina-villas\/\" class=\"unstyled-link _villas-365-property-image-link\" style=\"background-image:url('https:\/\/secure.365villas.com\/getimage\/uploads\/config\/alvaroaznar\/property\/gallery\/32\/20250211_042842_2551jpg.jpg');\" target=\"_blank\">\n\t\t\t\t\t\t\t<img decoding=\"async\" src=\"https:\/\/secure.365villas.com\/getimage\/uploads\/config\/alvaroaznar\/property\/gallery\/32\/20250211_042842_2551jpg.jpg\" alt=\"\" class=\"img-fluid d-block d-lg-none\">\n\t\t\t\t\t\t<\/a>\n\t\t\t\t\t\t\t\t\t\t\t\t\t\t\t\t\t\t<a href=\"https:\/\/almarinavillas.com\/de\/unterkunft\/\" class=\"_villas-365-property-info-label _villas-365-property-discount\" target=\"_blank\">\n\t\t\t\t\t\t\t<div class=\"_villas-365-property-discount-label\">Werbeaktionen<\/div><div class=\"_villas-365-property-discount-icon\"><i class=\"fa fa-fw fa-info-circle\"><\/i><\/div><div class=\"_villas-365-property-discount-text\">Last minute discount<\/div>\n\t\t\t\t\t\t<\/a>\n\t\t\t\t\t\t\t\t\t\t\t\t\n\t\t\t\t\t\t\t\t\t\t\t\t<div class=\"_villas-365-property-price\" title=\"\u20ac174.00 per night, \u20ac1,218.00 per week\">\n\t\t\t\t\t\t\t<span class=\"_villas-365-property-price-from-text\">Von<\/span>\n\t\t\t\t\t\t\t<br><span class=\"_villas-365-property-price-value\">\u20ac174.00<\/span>\/nacht\t\t\t\t\t\t<\/div>\n\t\t\t\t\t\t\n\t\t\t\t\t\t\t\t\t\t\t\t\t<div class=\"_villas-365-property-save-button loading\" data-property-id=\"32\">\n\t<i class=\"fas fa-spinner fa-spin fa-fw _villas-365-property-save-button-icon _villas-365-property-save-spinner\"><\/i>\n\t<i class=\"far fa-heart fa-fw _villas-365-property-save-button-icon _villas-365-property-save-inactive\"><\/i>\n\t<i class=\"fas fa-heart fa-fw _villas-365-property-save-button-icon _villas-365-property-save-active\"><\/i>\n\t<\/div>\n\t\t\t\t\t\t\t\t\t\t\t<\/div>\n\t\t\t\t<\/div>\n\t\t\t\t<div class=\"col-12\">\n\t\t\t\t\t<div class=\"_villas-365-property-inner-text\">\n\t\t\t\t\t\t<div class=\"row h-100\">\n\t\t\t\t\t\t\t<div class=\"col-12\">\n\t\t\t\t\t\t\t\t<div class=\"row\">\n\t\t\t\t\t\t\t\t\t\t\t\t\t\t\t\t\t\t<div class=\"col-12\">\n\t\t\t\t\t\t\t\t\t\t<h5 class=\"_villas-365-property-name\">\n\t\t\t\t\t\t\t\t\t\t\t<a href=\"https:\/\/almarinavillas.com\/de\/eigentum\/32-moraira-bay-6-by-almarina-villas\/\" target=\"_blank\">Moraira Bay - By Almarina Villas<\/a>\n\t\t\t\t\t\t\t\t\t\t<\/h5>\n\t\t\t\t\t\t\t\t\t<\/div>\n\t\t\t\t\t\t\t\t\t\n\t\t\t\t\t\t\t\t\t\t\t\t\t\t\t\t\t\t<div class=\"col-12\">\n\t\t\t\t\t\t\t\t\t\t<div class=\"_villas-365-property-summary\">\n\t\t\t\t\t\t\t\t\t\t\tDie Bucht von Moraira (Moraira) hat einen einzigartigen Charme. Von der gro\u00dfen Terrasse aus k\u00f6nnen Sie die unglaubliche Aussicht auf das Meer genie\u00dfen, begleitet vom Rauschen des Meeres, das sanft vor Ihnen bricht. Die Lage ist unglaublich, nur 50 m...\t\t\t\t\t\t\t\t\t\t<\/div>\n\t\t\t\t\t\t\t\t\t<\/div>\n\t\t\t\t\t\t\t\t\t\n\t\t\t\t\t\t\t\t\t\t\t\t\t\t\t\t\t\t<div class=\"col-6\">\n\t\t\t\t\t\t\t\t\t\t<div class=\"_villas-365-property-rooms\">\n\t\t<span class=\"_villas-365-property-room\"><i class=\"_villas-365-property-room-icon fas fa-user\"><\/i> 6<\/span>\n\t\t<span class=\"_villas-365-property-room\"><i class=\"_villas-365-property-room-icon fas fa-bed\"><\/i> 3<\/span>\n\t\t<span class=\"_villas-365-property-room\"><i class=\"_villas-365-property-room-icon fas fa-bath\"><\/i> 2<\/span>\n\t\t<\/div>\n\t\t\t\t\t\t\t\t\t<\/div>\n\t\t\t\t\t\t\t\t\t\n\t\t\t\t\t\t\t\t\t<div class=\"col-6 text-right\">\n\t\t\t\t\t\t\t\t\t\t<a href=\"https:\/\/almarinavillas.com\/de\/eigentum\/32-moraira-bay-6-by-almarina-villas\/\" target=\"_blank\"\" class=\"_villas-365-property-button _villas-365-property-outline-button btn btn-outline-primary\">Reservieren<\/a>\n\t\t\t\t\t\t\t\t\t<\/div>\n\t\t\t\t\t\t\t\t<\/div>\n\t\t\t\t\t\t\t<\/div>\n\t\t\t\t\t\t<\/div>\n\t\t\t\t\t<\/div>\n\t\t\t\t<\/div>\n\t\t\t<\/div>\n\t\t<\/div>\n\t<\/div>\n<\/div>\t\t\t\t\t\t\t\t\t<\/div>\n\t\t\t\t\t\t\t\t<div class=\"_villas-365-property col-md mb-3\">\n\t\t\t\t\t\t\t\t\t\t\t<div class=\"_villas-365-property-inner\">\n\t<div class=\"row h-100\">\n\t\t<div class=\"col-12\">\n\t\t\t<div class=\"row\">\n\t\t\t\t<div class=\"col-12 mb-2\">\n\t\t\t\t\t<div class=\"_villas-365-property-image\">\n\t\t\t\t\t\t\t\t\t\t\t\t<div class=\"_villas-365-property-image-overlay\"><\/div>\n\t\t\t\t\t\t<a href=\"https:\/\/almarinavillas.com\/de\/eigentum\/38-puerto-del-sol-by-almarina-villas\/\" class=\"unstyled-link _villas-365-property-image-link\" style=\"background-image:url('https:\/\/secure.365villas.com\/getimage\/uploads\/config\/alvaroaznar\/property\/gallery\/38\/20250225_045126_8803jpg.jpg');\" target=\"_blank\">\n\t\t\t\t\t\t\t<img decoding=\"async\" src=\"https:\/\/secure.365villas.com\/getimage\/uploads\/config\/alvaroaznar\/property\/gallery\/38\/20250225_045126_8803jpg.jpg\" alt=\"\" class=\"img-fluid d-block d-lg-none\">\n\t\t\t\t\t\t<\/a>\n\t\t\t\t\t\t\t\t\t\t\t\t\t\t\t\t\t\t<a href=\"https:\/\/almarinavillas.com\/de\/unterkunft\/\" class=\"_villas-365-property-info-label _villas-365-property-discount\" target=\"_blank\">\n\t\t\t\t\t\t\t<div class=\"_villas-365-property-discount-label\">Werbeaktionen<\/div><div class=\"_villas-365-property-discount-icon\"><i class=\"fa fa-fw fa-info-circle\"><\/i><\/div><div class=\"_villas-365-property-discount-text\">Last minute discount<\/div>\n\t\t\t\t\t\t<\/a>\n\t\t\t\t\t\t\t\t\t\t\t\t\n\t\t\t\t\t\t\t\t\t\t\t\t<div class=\"_villas-365-property-price\" title=\"\u20ac292.00 per night, \u20ac2,044.00 per week\">\n\t\t\t\t\t\t\t<span class=\"_villas-365-property-price-from-text\">Von<\/span>\n\t\t\t\t\t\t\t<br><span class=\"_villas-365-property-price-value\">\u20ac292.00<\/span>\/nacht\t\t\t\t\t\t<\/div>\n\t\t\t\t\t\t\n\t\t\t\t\t\t\t\t\t\t\t\t\t<div class=\"_villas-365-property-save-button loading\" data-property-id=\"38\">\n\t<i class=\"fas fa-spinner fa-spin fa-fw _villas-365-property-save-button-icon _villas-365-property-save-spinner\"><\/i>\n\t<i class=\"far fa-heart fa-fw _villas-365-property-save-button-icon _villas-365-property-save-inactive\"><\/i>\n\t<i class=\"fas fa-heart fa-fw _villas-365-property-save-button-icon _villas-365-property-save-active\"><\/i>\n\t<\/div>\n\t\t\t\t\t\t\t\t\t\t\t<\/div>\n\t\t\t\t<\/div>\n\t\t\t\t<div class=\"col-12\">\n\t\t\t\t\t<div class=\"_villas-365-property-inner-text\">\n\t\t\t\t\t\t<div class=\"row h-100\">\n\t\t\t\t\t\t\t<div class=\"col-12\">\n\t\t\t\t\t\t\t\t<div class=\"row\">\n\t\t\t\t\t\t\t\t\t\t\t\t\t\t\t\t\t\t<div class=\"col-12\">\n\t\t\t\t\t\t\t\t\t\t<h5 class=\"_villas-365-property-name\">\n\t\t\t\t\t\t\t\t\t\t\t<a href=\"https:\/\/almarinavillas.com\/de\/eigentum\/38-puerto-del-sol-by-almarina-villas\/\" target=\"_blank\">Puerto del Sol - By Almarina Villas<\/a>\n\t\t\t\t\t\t\t\t\t\t<\/h5>\n\t\t\t\t\t\t\t\t\t<\/div>\n\t\t\t\t\t\t\t\t\t\n\t\t\t\t\t\t\t\t\t\t\t\t\t\t\t\t\t\t<div class=\"col-12\">\n\t\t\t\t\t\t\t\t\t\t<div class=\"_villas-365-property-summary\">\n\t\t\t\t\t\t\t\t\t\t\tPuerto del Sol (Moraira) ist eine mediterrane Villa mit einer unglaublichen Lage und Aussicht, nur 2 Gehminuten vom Strand Playa del Portet und dem Restaurantviertel entfernt. Die gro\u00dfe Terrasse bietet einen atemberaubenden Panoramablick auf das Meer...\t\t\t\t\t\t\t\t\t\t<\/div>\n\t\t\t\t\t\t\t\t\t<\/div>\n\t\t\t\t\t\t\t\t\t\n\t\t\t\t\t\t\t\t\t\t\t\t\t\t\t\t\t\t<div class=\"col-6\">\n\t\t\t\t\t\t\t\t\t\t<div class=\"_villas-365-property-rooms\">\n\t\t<span class=\"_villas-365-property-room\"><i class=\"_villas-365-property-room-icon fas fa-user\"><\/i> 8<\/span>\n\t\t<span class=\"_villas-365-property-room\"><i class=\"_villas-365-property-room-icon fas fa-bed\"><\/i> 4<\/span>\n\t\t<span class=\"_villas-365-property-room\"><i class=\"_villas-365-property-room-icon fas fa-bath\"><\/i> 3<\/span>\n\t\t<\/div>\n\t\t\t\t\t\t\t\t\t<\/div>\n\t\t\t\t\t\t\t\t\t\n\t\t\t\t\t\t\t\t\t<div class=\"col-6 text-right\">\n\t\t\t\t\t\t\t\t\t\t<a href=\"https:\/\/almarinavillas.com\/de\/eigentum\/38-puerto-del-sol-by-almarina-villas\/\" target=\"_blank\"\" class=\"_villas-365-property-button _villas-365-property-outline-button btn btn-outline-primary\">Reservieren<\/a>\n\t\t\t\t\t\t\t\t\t<\/div>\n\t\t\t\t\t\t\t\t<\/div>\n\t\t\t\t\t\t\t<\/div>\n\t\t\t\t\t\t<\/div>\n\t\t\t\t\t<\/div>\n\t\t\t\t<\/div>\n\t\t\t<\/div>\n\t\t<\/div>\n\t<\/div>\n<\/div>\t\t\t\t\t\t\t\t\t<\/div>\n\t\t\t\t\t\t\t\t<div class=\"_villas-365-property col-md mb-3\">\n\t\t\t\t\t\t\t\t\t\t\t<div class=\"_villas-365-property-inner\">\n\t<div class=\"row h-100\">\n\t\t<div class=\"col-12\">\n\t\t\t<div class=\"row\">\n\t\t\t\t<div class=\"col-12 mb-2\">\n\t\t\t\t\t<div class=\"_villas-365-property-image\">\n\t\t\t\t\t\t\t\t\t\t\t\t<div class=\"_villas-365-property-image-overlay\"><\/div>\n\t\t\t\t\t\t<a href=\"https:\/\/almarinavillas.com\/de\/eigentum\/18-romero-by-almarina-villas\/\" class=\"unstyled-link _villas-365-property-image-link\" style=\"background-image:url('https:\/\/secure.365villas.com\/getimage\/uploads\/config\/alvaroaznar\/property\/gallery\/18\/20250206_070340_8708jpg.jpg');\" target=\"_blank\">\n\t\t\t\t\t\t\t<img decoding=\"async\" src=\"https:\/\/secure.365villas.com\/getimage\/uploads\/config\/alvaroaznar\/property\/gallery\/18\/20250206_070340_8708jpg.jpg\" alt=\"\" class=\"img-fluid d-block d-lg-none\">\n\t\t\t\t\t\t<\/a>\n\t\t\t\t\t\t\t\t\t\t\t\t\t\t\t\t\t\t<a href=\"https:\/\/almarinavillas.com\/de\/unterkunft\/\" class=\"_villas-365-property-info-label _villas-365-property-discount\" target=\"_blank\">\n\t\t\t\t\t\t\t<div class=\"_villas-365-property-discount-label\">Werbeaktionen<\/div><div class=\"_villas-365-property-discount-icon\"><i class=\"fa fa-fw fa-info-circle\"><\/i><\/div><div class=\"_villas-365-property-discount-text\">Last minute discount<\/div>\n\t\t\t\t\t\t<\/a>\n\t\t\t\t\t\t\t\t\t\t\t\t\n\t\t\t\t\t\t\t\t\t\t\t\t<div class=\"_villas-365-property-price\" title=\"\u20ac210.00 per night, \u20ac1,470.00 per week\">\n\t\t\t\t\t\t\t<span class=\"_villas-365-property-price-from-text\">Von<\/span>\n\t\t\t\t\t\t\t<br><span class=\"_villas-365-property-price-value\">\u20ac210.00<\/span>\/nacht\t\t\t\t\t\t<\/div>\n\t\t\t\t\t\t\n\t\t\t\t\t\t\t\t\t\t\t\t\t<div class=\"_villas-365-property-save-button loading\" data-property-id=\"18\">\n\t<i class=\"fas fa-spinner fa-spin fa-fw _villas-365-property-save-button-icon _villas-365-property-save-spinner\"><\/i>\n\t<i class=\"far fa-heart fa-fw _villas-365-property-save-button-icon _villas-365-property-save-inactive\"><\/i>\n\t<i class=\"fas fa-heart fa-fw _villas-365-property-save-button-icon _villas-365-property-save-active\"><\/i>\n\t<\/div>\n\t\t\t\t\t\t\t\t\t\t\t<\/div>\n\t\t\t\t<\/div>\n\t\t\t\t<div class=\"col-12\">\n\t\t\t\t\t<div class=\"_villas-365-property-inner-text\">\n\t\t\t\t\t\t<div class=\"row h-100\">\n\t\t\t\t\t\t\t<div class=\"col-12\">\n\t\t\t\t\t\t\t\t<div class=\"row\">\n\t\t\t\t\t\t\t\t\t\t\t\t\t\t\t\t\t\t<div class=\"col-12\">\n\t\t\t\t\t\t\t\t\t\t<h5 class=\"_villas-365-property-name\">\n\t\t\t\t\t\t\t\t\t\t\t<a href=\"https:\/\/almarinavillas.com\/de\/eigentum\/18-romero-by-almarina-villas\/\" target=\"_blank\">Romero - By Almarina Villas<\/a>\n\t\t\t\t\t\t\t\t\t\t<\/h5>\n\t\t\t\t\t\t\t\t\t<\/div>\n\t\t\t\t\t\t\t\t\t\n\t\t\t\t\t\t\t\t\t\t\t\t\t\t\t\t\t\t<div class=\"col-12\">\n\t\t\t\t\t\t\t\t\t\t<div class=\"_villas-365-property-summary\">\n\t\t\t\t\t\t\t\t\t\t\tCasa Romero (Benissa) ist eine wundersch\u00f6ne mediterrane Villa, elegant und sehr gem\u00fctlich, mit unglaublichem Meerblick von der ger\u00e4umigen Terrasse und dem fantastischen Grill- und Chill-out-Bereich. Es verf\u00fcgt au\u00dferdem \u00fcber einen gro\u00dfen Pool mit Kind...\t\t\t\t\t\t\t\t\t\t<\/div>\n\t\t\t\t\t\t\t\t\t<\/div>\n\t\t\t\t\t\t\t\t\t\n\t\t\t\t\t\t\t\t\t\t\t\t\t\t\t\t\t\t<div class=\"col-6\">\n\t\t\t\t\t\t\t\t\t\t<div class=\"_villas-365-property-rooms\">\n\t\t<span class=\"_villas-365-property-room\"><i class=\"_villas-365-property-room-icon fas fa-user\"><\/i> 8<\/span>\n\t\t<span class=\"_villas-365-property-room\"><i class=\"_villas-365-property-room-icon fas fa-bed\"><\/i> 4<\/span>\n\t\t<span class=\"_villas-365-property-room\"><i class=\"_villas-365-property-room-icon fas fa-bath\"><\/i> 3<\/span>\n\t\t<\/div>\n\t\t\t\t\t\t\t\t\t<\/div>\n\t\t\t\t\t\t\t\t\t\n\t\t\t\t\t\t\t\t\t<div class=\"col-6 text-right\">\n\t\t\t\t\t\t\t\t\t\t<a href=\"https:\/\/almarinavillas.com\/de\/eigentum\/18-romero-by-almarina-villas\/\" target=\"_blank\"\" class=\"_villas-365-property-button _villas-365-property-outline-button btn btn-outline-primary\">Reservieren<\/a>\n\t\t\t\t\t\t\t\t\t<\/div>\n\t\t\t\t\t\t\t\t<\/div>\n\t\t\t\t\t\t\t<\/div>\n\t\t\t\t\t\t<\/div>\n\t\t\t\t\t<\/div>\n\t\t\t\t<\/div>\n\t\t\t<\/div>\n\t\t<\/div>\n\t<\/div>\n<\/div>\t\t\t\t\t\t\t\t\t<\/div>\n\t\t\t\t\t\t\t<\/div>\n\t\t\t\t\t\t<div class=\"row\">\n\t\t\t\t\t\t\t\t\t\t\t\t<div class=\"_villas-365-property col-md mb-3\">\n\t\t\t\t\t\t\t\t\t\t\t<div class=\"_villas-365-property-inner\">\n\t<div class=\"row h-100\">\n\t\t<div class=\"col-12\">\n\t\t\t<div class=\"row\">\n\t\t\t\t<div class=\"col-12 mb-2\">\n\t\t\t\t\t<div class=\"_villas-365-property-image\">\n\t\t\t\t\t\t\t\t\t\t\t\t<div class=\"_villas-365-property-image-overlay\"><\/div>\n\t\t\t\t\t\t<a href=\"https:\/\/almarinavillas.com\/de\/eigentum\/17-son-de-mar-by-almarina-villas\/\" class=\"unstyled-link _villas-365-property-image-link\" style=\"background-image:url('https:\/\/secure.365villas.com\/getimage\/uploads\/config\/alvaroaznar\/property\/gallery\/17\/20220718_120415jpg.jpg');\" target=\"_blank\">\n\t\t\t\t\t\t\t<img decoding=\"async\" src=\"https:\/\/secure.365villas.com\/getimage\/uploads\/config\/alvaroaznar\/property\/gallery\/17\/20220718_120415jpg.jpg\" alt=\"\" class=\"img-fluid d-block d-lg-none\">\n\t\t\t\t\t\t<\/a>\n\t\t\t\t\t\t\t\t\t\t\t\t\t\t\t\t\t\t<a href=\"https:\/\/almarinavillas.com\/de\/unterkunft\/\" class=\"_villas-365-property-info-label _villas-365-property-discount\" target=\"_blank\">\n\t\t\t\t\t\t\t<div class=\"_villas-365-property-discount-label\">Werbeaktionen<\/div><div class=\"_villas-365-property-discount-icon\"><i class=\"fa fa-fw fa-info-circle\"><\/i><\/div><div class=\"_villas-365-property-discount-text\">Last minute discount<\/div>\n\t\t\t\t\t\t<\/a>\n\t\t\t\t\t\t\t\t\t\t\t\t\n\t\t\t\t\t\t\t\t\t\t\t\t<div class=\"_villas-365-property-price\" title=\"\u20ac174.00 per night, \u20ac1,218.00 per week\">\n\t\t\t\t\t\t\t<span class=\"_villas-365-property-price-from-text\">Von<\/span>\n\t\t\t\t\t\t\t<br><span class=\"_villas-365-property-price-value\">\u20ac174.00<\/span>\/nacht\t\t\t\t\t\t<\/div>\n\t\t\t\t\t\t\n\t\t\t\t\t\t\t\t\t\t\t\t\t<div class=\"_villas-365-property-save-button loading\" data-property-id=\"17\">\n\t<i class=\"fas fa-spinner fa-spin fa-fw _villas-365-property-save-button-icon _villas-365-property-save-spinner\"><\/i>\n\t<i class=\"far fa-heart fa-fw _villas-365-property-save-button-icon _villas-365-property-save-inactive\"><\/i>\n\t<i class=\"fas fa-heart fa-fw _villas-365-property-save-button-icon _villas-365-property-save-active\"><\/i>\n\t<\/div>\n\t\t\t\t\t\t\t\t\t\t\t<\/div>\n\t\t\t\t<\/div>\n\t\t\t\t<div class=\"col-12\">\n\t\t\t\t\t<div class=\"_villas-365-property-inner-text\">\n\t\t\t\t\t\t<div class=\"row h-100\">\n\t\t\t\t\t\t\t<div class=\"col-12\">\n\t\t\t\t\t\t\t\t<div class=\"row\">\n\t\t\t\t\t\t\t\t\t\t\t\t\t\t\t\t\t\t<div class=\"col-12\">\n\t\t\t\t\t\t\t\t\t\t<h5 class=\"_villas-365-property-name\">\n\t\t\t\t\t\t\t\t\t\t\t<a href=\"https:\/\/almarinavillas.com\/de\/eigentum\/17-son-de-mar-by-almarina-villas\/\" target=\"_blank\">Son de Mar - By Almarina Villas<\/a>\n\t\t\t\t\t\t\t\t\t\t<\/h5>\n\t\t\t\t\t\t\t\t\t<\/div>\n\t\t\t\t\t\t\t\t\t\n\t\t\t\t\t\t\t\t\t\t\t\t\t\t\t\t\t\t<div class=\"col-12\">\n\t\t\t\t\t\t\t\t\t\t<div class=\"_villas-365-property-summary\">\n\t\t\t\t\t\t\t\t\t\t\tSon de Mar (J\u00e1vea) ist eine Villa mit Meerblick und dem Charme authentischer mediterraner D\u00f6rfer. Es ist wundersch\u00f6n im ibizenkischen Stil eingerichtet und hat eine unglaubliche Lage: 10 Gehminuten vom Strand \u201eLa Gravel\u201c und dem Viertel mit den Resta...\t\t\t\t\t\t\t\t\t\t<\/div>\n\t\t\t\t\t\t\t\t\t<\/div>\n\t\t\t\t\t\t\t\t\t\n\t\t\t\t\t\t\t\t\t\t\t\t\t\t\t\t\t\t<div class=\"col-6\">\n\t\t\t\t\t\t\t\t\t\t<div class=\"_villas-365-property-rooms\">\n\t\t<span class=\"_villas-365-property-room\"><i class=\"_villas-365-property-room-icon fas fa-user\"><\/i> 8<\/span>\n\t\t<span class=\"_villas-365-property-room\"><i class=\"_villas-365-property-room-icon fas fa-bed\"><\/i> 3<\/span>\n\t\t<span class=\"_villas-365-property-room\"><i class=\"_villas-365-property-room-icon fas fa-bath\"><\/i> 3<\/span>\n\t\t<\/div>\n\t\t\t\t\t\t\t\t\t<\/div>\n\t\t\t\t\t\t\t\t\t\n\t\t\t\t\t\t\t\t\t<div class=\"col-6 text-right\">\n\t\t\t\t\t\t\t\t\t\t<a href=\"https:\/\/almarinavillas.com\/de\/eigentum\/17-son-de-mar-by-almarina-villas\/\" target=\"_blank\"\" class=\"_villas-365-property-button _villas-365-property-outline-button btn btn-outline-primary\">Reservieren<\/a>\n\t\t\t\t\t\t\t\t\t<\/div>\n\t\t\t\t\t\t\t\t<\/div>\n\t\t\t\t\t\t\t<\/div>\n\t\t\t\t\t\t<\/div>\n\t\t\t\t\t<\/div>\n\t\t\t\t<\/div>\n\t\t\t<\/div>\n\t\t<\/div>\n\t<\/div>\n<\/div>\t\t\t\t\t\t\t\t\t<\/div>\n\t\t\t\t\t\t\t\t<div class=\"_villas-365-property col-md mb-3\">\n\t\t\t\t\t\t\t\t\t\t\t<div class=\"_villas-365-property-inner\">\n\t<div class=\"row h-100\">\n\t\t<div class=\"col-12\">\n\t\t\t<div class=\"row\">\n\t\t\t\t<div class=\"col-12 mb-2\">\n\t\t\t\t\t<div class=\"_villas-365-property-image\">\n\t\t\t\t\t\t\t\t\t\t\t\t<div class=\"_villas-365-property-image-overlay\"><\/div>\n\t\t\t\t\t\t<a href=\"https:\/\/almarinavillas.com\/de\/eigentum\/24-the-sea-views-by-almarina-villas\/\" class=\"unstyled-link _villas-365-property-image-link\" style=\"background-image:url('https:\/\/secure.365villas.com\/getimage\/uploads\/config\/alvaroaznar\/property\/gallery\/24\/20250425_074959_5312jpg.jpg');\" target=\"_blank\">\n\t\t\t\t\t\t\t<img decoding=\"async\" src=\"https:\/\/secure.365villas.com\/getimage\/uploads\/config\/alvaroaznar\/property\/gallery\/24\/20250425_074959_5312jpg.jpg\" alt=\"\" class=\"img-fluid d-block d-lg-none\">\n\t\t\t\t\t\t<\/a>\n\t\t\t\t\t\t\t\t\t\t\t\t\t\t\t\t\t\t<a href=\"https:\/\/almarinavillas.com\/de\/unterkunft\/\" class=\"_villas-365-property-info-label _villas-365-property-discount\" target=\"_blank\">\n\t\t\t\t\t\t\t<div class=\"_villas-365-property-discount-label\">Werbeaktionen<\/div><div class=\"_villas-365-property-discount-icon\"><i class=\"fa fa-fw fa-info-circle\"><\/i><\/div><div class=\"_villas-365-property-discount-text\">Last minute discount<\/div>\n\t\t\t\t\t\t<\/a>\n\t\t\t\t\t\t\t\t\t\t\t\t\n\t\t\t\t\t\t\t\t\t\t\t\t<div class=\"_villas-365-property-price\" title=\"\u20ac236.00 per night, \u20ac1,652.00 per week\">\n\t\t\t\t\t\t\t<span class=\"_villas-365-property-price-from-text\">Von<\/span>\n\t\t\t\t\t\t\t<br><span class=\"_villas-365-property-price-value\">\u20ac236.00<\/span>\/nacht\t\t\t\t\t\t<\/div>\n\t\t\t\t\t\t\n\t\t\t\t\t\t\t\t\t\t\t\t\t<div class=\"_villas-365-property-save-button loading\" data-property-id=\"24\">\n\t<i class=\"fas fa-spinner fa-spin fa-fw _villas-365-property-save-button-icon _villas-365-property-save-spinner\"><\/i>\n\t<i class=\"far fa-heart fa-fw _villas-365-property-save-button-icon _villas-365-property-save-inactive\"><\/i>\n\t<i class=\"fas fa-heart fa-fw _villas-365-property-save-button-icon _villas-365-property-save-active\"><\/i>\n\t<\/div>\n\t\t\t\t\t\t\t\t\t\t\t<\/div>\n\t\t\t\t<\/div>\n\t\t\t\t<div class=\"col-12\">\n\t\t\t\t\t<div class=\"_villas-365-property-inner-text\">\n\t\t\t\t\t\t<div class=\"row h-100\">\n\t\t\t\t\t\t\t<div class=\"col-12\">\n\t\t\t\t\t\t\t\t<div class=\"row\">\n\t\t\t\t\t\t\t\t\t\t\t\t\t\t\t\t\t\t<div class=\"col-12\">\n\t\t\t\t\t\t\t\t\t\t<h5 class=\"_villas-365-property-name\">\n\t\t\t\t\t\t\t\t\t\t\t<a href=\"https:\/\/almarinavillas.com\/de\/eigentum\/24-the-sea-views-by-almarina-villas\/\" target=\"_blank\">The Sea Views - By Almarina Villas<\/a>\n\t\t\t\t\t\t\t\t\t\t<\/h5>\n\t\t\t\t\t\t\t\t\t<\/div>\n\t\t\t\t\t\t\t\t\t\n\t\t\t\t\t\t\t\t\t\t\t\t\t\t\t\t\t\t<div class=\"col-12\">\n\t\t\t\t\t\t\t\t\t\t<div class=\"_villas-365-property-summary\">\n\t\t\t\t\t\t\t\t\t\t\tDas Ferienhaus \u201eSea Views (Moraira)\u201c ist ein einzigartiges Anwesen mit einer gro\u00dfen Terrasse und einem atemberaubenden Blick auf die Bucht von Moraira. Die Lage, nur 300 Meter vom Sandstrand El Portet und den besten Restaurants entfernt, macht es zum...\t\t\t\t\t\t\t\t\t\t<\/div>\n\t\t\t\t\t\t\t\t\t<\/div>\n\t\t\t\t\t\t\t\t\t\n\t\t\t\t\t\t\t\t\t\t\t\t\t\t\t\t\t\t<div class=\"col-6\">\n\t\t\t\t\t\t\t\t\t\t<div class=\"_villas-365-property-rooms\">\n\t\t<span class=\"_villas-365-property-room\"><i class=\"_villas-365-property-room-icon fas fa-user\"><\/i> 8<\/span>\n\t\t<span class=\"_villas-365-property-room\"><i class=\"_villas-365-property-room-icon fas fa-bed\"><\/i> 4<\/span>\n\t\t<span class=\"_villas-365-property-room\"><i class=\"_villas-365-property-room-icon fas fa-bath\"><\/i> 3<\/span>\n\t\t<\/div>\n\t\t\t\t\t\t\t\t\t<\/div>\n\t\t\t\t\t\t\t\t\t\n\t\t\t\t\t\t\t\t\t<div class=\"col-6 text-right\">\n\t\t\t\t\t\t\t\t\t\t<a href=\"https:\/\/almarinavillas.com\/de\/eigentum\/24-the-sea-views-by-almarina-villas\/\" target=\"_blank\"\" class=\"_villas-365-property-button _villas-365-property-outline-button btn btn-outline-primary\">Reservieren<\/a>\n\t\t\t\t\t\t\t\t\t<\/div>\n\t\t\t\t\t\t\t\t<\/div>\n\t\t\t\t\t\t\t<\/div>\n\t\t\t\t\t\t<\/div>\n\t\t\t\t\t<\/div>\n\t\t\t\t<\/div>\n\t\t\t<\/div>\n\t\t<\/div>\n\t<\/div>\n<\/div>\t\t\t\t\t\t\t\t\t<\/div>\n\t\t\t\t\t\t\t\t<div class=\" col-md mb-3\">\n\t\t\t\t\t\t\t\t\t<\/div>\n\t\t\t\t\t\t\t<\/div>\n\t\t\t\t\t\n\t\t\t<\/div>\n<\/div>\n<\/p>\n","protected":false},"author":1,"featured_media":0,"parent":0,"menu_order":8,"comment_status":"closed","ping_status":"closed","template":"","meta":{"_et_pb_use_builder":"on","_et_pb_old_content":"","_et_gb_content_width":"","inline_featured_image":false,"footnotes":""},"class_list":["post-3838","page","type-page","status-publish","hentry"],"yoast_head":"<!-- This site is optimized with the Yoast SEO Premium plugin v24.1 (Yoast SEO v26.6) - https:\/\/yoast.com\/wordpress\/plugins\/seo\/ -->\n<title>Unterkunft - ALMARINA VILLAS<\/title>\n<meta name=\"robots\" content=\"index, follow, max-snippet:-1, max-image-preview:large, max-video-preview:-1\" \/>\n<link rel=\"canonical\" href=\"https:\/\/almarinavillas.com\/de\/unterkunft\/\" \/>\n<meta property=\"og:locale\" content=\"de_DE\" \/>\n<meta property=\"og:type\" content=\"article\" \/>\n<meta property=\"og:title\" content=\"Unterkunft\" \/>\n<meta property=\"og:url\" content=\"https:\/\/almarinavillas.com\/de\/unterkunft\/\" \/>\n<meta property=\"og:site_name\" content=\"ALMARINA VILLAS\" \/>\n<meta property=\"article:modified_time\" content=\"2025-04-25T11:46:37+00:00\" \/>\n<meta name=\"twitter:card\" content=\"summary_large_image\" \/>\n<meta name=\"twitter:description\" content=\"[365-villas-search style=&quot;full&quot; showfilter=&quot;true&quot; location=&quot;searchpage&quot;][365-villas-properties-list showsavebutton=&quot;true&quot;]\" \/>\n<meta name=\"twitter:label1\" content=\"Gesch\u00e4tzte Lesezeit\" \/>\n\t<meta name=\"twitter:data1\" content=\"21\u00a0Minuten\" \/>\n<script type=\"application\/ld+json\" class=\"yoast-schema-graph\">{\"@context\":\"https:\/\/schema.org\",\"@graph\":[{\"@type\":\"WebPage\",\"@id\":\"https:\/\/almarinavillas.com\/de\/unterkunft\/\",\"url\":\"https:\/\/almarinavillas.com\/de\/unterkunft\/\",\"name\":\"Unterkunft - ALMARINA VILLAS\",\"isPartOf\":{\"@id\":\"https:\/\/almarinavillas.com\/de\/#website\"},\"datePublished\":\"2022-09-26T14:43:16+00:00\",\"dateModified\":\"2025-04-25T11:46:37+00:00\",\"breadcrumb\":{\"@id\":\"https:\/\/almarinavillas.com\/de\/unterkunft\/#breadcrumb\"},\"inLanguage\":\"de\",\"potentialAction\":[{\"@type\":\"ReadAction\",\"target\":[\"https:\/\/almarinavillas.com\/de\/unterkunft\/\"]}]},{\"@type\":\"BreadcrumbList\",\"@id\":\"https:\/\/almarinavillas.com\/de\/unterkunft\/#breadcrumb\",\"itemListElement\":[{\"@type\":\"ListItem\",\"position\":1,\"name\":\"Home\",\"item\":\"https:\/\/almarinavillas.com\/de\/\"},{\"@type\":\"ListItem\",\"position\":2,\"name\":\"Unterkunft\"}]},{\"@type\":\"WebSite\",\"@id\":\"https:\/\/almarinavillas.com\/de\/#website\",\"url\":\"https:\/\/almarinavillas.com\/de\/\",\"name\":\"Riviera Theme\",\"description\":\"A unique luxury villa rental experience\",\"publisher\":{\"@id\":\"https:\/\/almarinavillas.com\/de\/#organization\"},\"potentialAction\":[{\"@type\":\"SearchAction\",\"target\":{\"@type\":\"EntryPoint\",\"urlTemplate\":\"https:\/\/almarinavillas.com\/de\/?s={search_term_string}\"},\"query-input\":{\"@type\":\"PropertyValueSpecification\",\"valueRequired\":true,\"valueName\":\"search_term_string\"}}],\"inLanguage\":\"de\"},{\"@type\":\"Organization\",\"@id\":\"https:\/\/almarinavillas.com\/de\/#organization\",\"name\":\"LujoVillas\",\"url\":\"https:\/\/almarinavillas.com\/de\/\",\"logo\":{\"@type\":\"ImageObject\",\"inLanguage\":\"de\",\"@id\":\"https:\/\/almarinavillas.com\/de\/#\/schema\/logo\/image\/\",\"url\":\"https:\/\/demo1.riviera.365villas.com\/wp-content\/uploads\/sites\/21\/2022\/09\/lujo-logo-black.svg\",\"contentUrl\":\"https:\/\/demo1.riviera.365villas.com\/wp-content\/uploads\/sites\/21\/2022\/09\/lujo-logo-black.svg\",\"width\":\"1024\",\"height\":\"1024\",\"caption\":\"LujoVillas\"},\"image\":{\"@id\":\"https:\/\/almarinavillas.com\/de\/#\/schema\/logo\/image\/\"}}]}<\/script>\n<!-- \/ Yoast SEO Premium plugin. -->","yoast_head_json":{"title":"Unterkunft - ALMARINA VILLAS","robots":{"index":"index","follow":"follow","max-snippet":"max-snippet:-1","max-image-preview":"max-image-preview:large","max-video-preview":"max-video-preview:-1"},"canonical":"https:\/\/almarinavillas.com\/de\/unterkunft\/","og_locale":"de_DE","og_type":"article","og_title":"Unterkunft","og_url":"https:\/\/almarinavillas.com\/de\/unterkunft\/","og_site_name":"ALMARINA VILLAS","article_modified_time":"2025-04-25T11:46:37+00:00","twitter_card":"summary_large_image","twitter_description":"[365-villas-search style=\"full\" showfilter=\"true\" location=\"searchpage\"][365-villas-properties-list showsavebutton=\"true\"]","twitter_misc":{"Gesch\u00e4tzte Lesezeit":"21\u00a0Minuten"},"schema":{"@context":"https:\/\/schema.org","@graph":[{"@type":"WebPage","@id":"https:\/\/almarinavillas.com\/de\/unterkunft\/","url":"https:\/\/almarinavillas.com\/de\/unterkunft\/","name":"Unterkunft - ALMARINA VILLAS","isPartOf":{"@id":"https:\/\/almarinavillas.com\/de\/#website"},"datePublished":"2022-09-26T14:43:16+00:00","dateModified":"2025-04-25T11:46:37+00:00","breadcrumb":{"@id":"https:\/\/almarinavillas.com\/de\/unterkunft\/#breadcrumb"},"inLanguage":"de","potentialAction":[{"@type":"ReadAction","target":["https:\/\/almarinavillas.com\/de\/unterkunft\/"]}]},{"@type":"BreadcrumbList","@id":"https:\/\/almarinavillas.com\/de\/unterkunft\/#breadcrumb","itemListElement":[{"@type":"ListItem","position":1,"name":"Home","item":"https:\/\/almarinavillas.com\/de\/"},{"@type":"ListItem","position":2,"name":"Unterkunft"}]},{"@type":"WebSite","@id":"https:\/\/almarinavillas.com\/de\/#website","url":"https:\/\/almarinavillas.com\/de\/","name":"Riviera Theme","description":"A unique luxury villa rental experience","publisher":{"@id":"https:\/\/almarinavillas.com\/de\/#organization"},"potentialAction":[{"@type":"SearchAction","target":{"@type":"EntryPoint","urlTemplate":"https:\/\/almarinavillas.com\/de\/?s={search_term_string}"},"query-input":{"@type":"PropertyValueSpecification","valueRequired":true,"valueName":"search_term_string"}}],"inLanguage":"de"},{"@type":"Organization","@id":"https:\/\/almarinavillas.com\/de\/#organization","name":"LujoVillas","url":"https:\/\/almarinavillas.com\/de\/","logo":{"@type":"ImageObject","inLanguage":"de","@id":"https:\/\/almarinavillas.com\/de\/#\/schema\/logo\/image\/","url":"https:\/\/demo1.riviera.365villas.com\/wp-content\/uploads\/sites\/21\/2022\/09\/lujo-logo-black.svg","contentUrl":"https:\/\/demo1.riviera.365villas.com\/wp-content\/uploads\/sites\/21\/2022\/09\/lujo-logo-black.svg","width":"1024","height":"1024","caption":"LujoVillas"},"image":{"@id":"https:\/\/almarinavillas.com\/de\/#\/schema\/logo\/image\/"}}]}},"_links":{"self":[{"href":"https:\/\/almarinavillas.com\/de\/wp-json\/wp\/v2\/pages\/3838","targetHints":{"allow":["GET"]}}],"collection":[{"href":"https:\/\/almarinavillas.com\/de\/wp-json\/wp\/v2\/pages"}],"about":[{"href":"https:\/\/almarinavillas.com\/de\/wp-json\/wp\/v2\/types\/page"}],"author":[{"embeddable":true,"href":"https:\/\/almarinavillas.com\/de\/wp-json\/wp\/v2\/users\/1"}],"replies":[{"embeddable":true,"href":"https:\/\/almarinavillas.com\/de\/wp-json\/wp\/v2\/comments?post=3838"}],"version-history":[{"count":8,"href":"https:\/\/almarinavillas.com\/de\/wp-json\/wp\/v2\/pages\/3838\/revisions"}],"predecessor-version":[{"id":4315,"href":"https:\/\/almarinavillas.com\/de\/wp-json\/wp\/v2\/pages\/3838\/revisions\/4315"}],"wp:attachment":[{"href":"https:\/\/almarinavillas.com\/de\/wp-json\/wp\/v2\/media?parent=3838"}],"curies":[{"name":"wp","href":"https:\/\/api.w.org\/{rel}","templated":true}]}}